{"id":4,"date":"2017-08-22T10:28:29","date_gmt":"2017-08-22T10:28:29","guid":{"rendered":"http:\/\/serverlocal.aupex.org\/wordpress\/?page_id=4"},"modified":"2026-02-12T08:46:33","modified_gmt":"2026-02-12T08:46:33","slug":"inicio","status":"publish","type":"page","link":"https:\/\/cultura.aupex.org\/talleresliterarios\/","title":{"rendered":""},"content":{"rendered":"<div id=\"pl-4\"  class=\"panel-layout\" ><div id=\"pg-4-0\"  class=\"panel-grid panel-no-style\" ><div id=\"pgc-4-0-0\"  class=\"panel-grid-cell\" ><div id=\"panel-4-0-0-0\" class=\"so-panel widget widget_sow-editor panel-first-child panel-last-child\" data-index=\"0\" ><div\n\t\t\t\n\t\t\tclass=\"so-widget-sow-editor so-widget-sow-editor-base\"\n\t\t\t\n\t\t>\n<div class=\"siteorigin-widget-tinymce textwidget\">\n\t<h1 style=\"text-align: center;\">Actualidad<\/h1>\n<hr \/>\n\r\n\t\t<div class=\"sp_wpspwpost_static wpspw-design-2 wpspw-grid-3 wpspw-clearfix \">\r\n\r\n\t\t\t\r\n<div class=\"wpspw-post-grid wpspw-medium-4 wpspw-columns first\">\r\n\t<div class=\"wpspw-post-grid-content  \">\r\n\r\n\t\t\t\t\t<div class=\"wpspw-post-image-bg\">\r\n\t\t\t\t<a href=\"https:\/\/cultura.aupex.org\/talleresliterarios\/index.php\/2020\/04\/23\/aupex-presenta-la-antologia-del-taller-de-la-poesia-y-el-relato-2017-2018\/\">\r\n\t\t\t\t\t<img decoding=\"async\" src=\"https:\/\/i0.wp.com\/cultura.aupex.org\/talleresliterarios\/wp-content\/uploads\/2020\/04\/antologia1718.jpg?fit=572%2C792&#038;ssl=1\" alt=\"AUPEX presenta la \u00abAntolog\u00eda del Taller de la Poes\u00eda y el Relato 2017-2018\u00bb\" \/>\r\n\t\t\t\t<\/a>\r\n\t\t\t\t\t\t\t\t\t<div class=\"wpspw-post-date\">\r\n\t\t\t\t\t\t23 abril, 2020\t\t\t\t\t<\/div>\r\n\t\t\t\t\t\t\t<\/div>\r\n\t\t\r\n\t\t<div class=\"wpspw-post-details-wrapper\">\r\n\t\t\t\t\t\t\t<div class=\"wpspw-post-categories\"><a href=\"https:\/\/cultura.aupex.org\/talleresliterarios\/index.php\/category\/noticias\/\">Noticias<\/a><\/div>\r\n\t\t\t\r\n\t\t\t<h2 class=\"wpspw-post-title\">\r\n\t\t\t\t<a href=\"https:\/\/cultura.aupex.org\/talleresliterarios\/index.php\/2020\/04\/23\/aupex-presenta-la-antologia-del-taller-de-la-poesia-y-el-relato-2017-2018\/\">AUPEX presenta la \u00abAntolog\u00eda del Taller de la Poes\u00eda y el Relato 2017-2018\u00bb<\/a>\r\n\t\t\t<\/h2>\r\n\r\n\t\t\t\t\t<\/div>\r\n\t<\/div>\r\n<\/div>\r\n<div class=\"wpspw-post-grid wpspw-medium-4 wpspw-columns \">\r\n\t<div class=\"wpspw-post-grid-content  \">\r\n\r\n\t\t\t\t\t<div class=\"wpspw-post-image-bg\">\r\n\t\t\t\t<a href=\"https:\/\/cultura.aupex.org\/talleresliterarios\/index.php\/2020\/03\/10\/x-concurso-de-poesias-y-narraciones-breves-poeta-juan-ramos-2020\/\">\r\n\t\t\t\t\t<img decoding=\"async\" src=\"https:\/\/i0.wp.com\/cultura.aupex.org\/talleresliterarios\/wp-content\/uploads\/2020\/03\/JUAN-RAMOS.jpg?fit=490%2C578&#038;ssl=1\" alt=\"X Concurso de poes\u00edas y narraciones breves \u00abPoeta, Juan Ramos 2020\u00bb\" \/>\r\n\t\t\t\t<\/a>\r\n\t\t\t\t\t\t\t\t\t<div class=\"wpspw-post-date\">\r\n\t\t\t\t\t\t10 marzo, 2020\t\t\t\t\t<\/div>\r\n\t\t\t\t\t\t\t<\/div>\r\n\t\t\r\n\t\t<div class=\"wpspw-post-details-wrapper\">\r\n\t\t\t\t\t\t\t<div class=\"wpspw-post-categories\"><a href=\"https:\/\/cultura.aupex.org\/talleresliterarios\/index.php\/category\/certamenes-y-concursos-literarios\/\">Cert\u00e1menes y concursos literarios<\/a><\/div>\r\n\t\t\t\r\n\t\t\t<h2 class=\"wpspw-post-title\">\r\n\t\t\t\t<a href=\"https:\/\/cultura.aupex.org\/talleresliterarios\/index.php\/2020\/03\/10\/x-concurso-de-poesias-y-narraciones-breves-poeta-juan-ramos-2020\/\">X Concurso de poes\u00edas y narraciones breves \u00abPoeta, Juan Ramos 2020\u00bb<\/a>\r\n\t\t\t<\/h2>\r\n\r\n\t\t\t\t\t\t\t<div class=\"wpswp-post-tags\">Tags: <a href=\"https:\/\/cultura.aupex.org\/talleresliterarios\/index.php\/tag\/arroyo-de-la-luz\/\" rel=\"tag\">Arroyo de la Luz<\/a>, <a href=\"https:\/\/cultura.aupex.org\/talleresliterarios\/index.php\/tag\/breve\/\" rel=\"tag\">breve<\/a>, <a href=\"https:\/\/cultura.aupex.org\/talleresliterarios\/index.php\/tag\/certamen\/\" rel=\"tag\">certamen<\/a>, <a href=\"https:\/\/cultura.aupex.org\/talleresliterarios\/index.php\/tag\/concurso\/\" rel=\"tag\">concurso<\/a>, <a href=\"https:\/\/cultura.aupex.org\/talleresliterarios\/index.php\/tag\/juan-ramos\/\" rel=\"tag\">Juan Ramos<\/a>, <a href=\"https:\/\/cultura.aupex.org\/talleresliterarios\/index.php\/tag\/narracion\/\" rel=\"tag\">narraci\u00f3n<\/a>, <a href=\"https:\/\/cultura.aupex.org\/talleresliterarios\/index.php\/tag\/poesia\/\" rel=\"tag\">Poes\u00eda<\/a><\/div>\r\n\t\t\t\t\t<\/div>\r\n\t<\/div>\r\n<\/div>\r\n<div class=\"wpspw-post-grid wpspw-medium-4 wpspw-columns \">\r\n\t<div class=\"wpspw-post-grid-content  \">\r\n\r\n\t\t\t\t\t<div class=\"wpspw-post-image-bg\">\r\n\t\t\t\t<a href=\"https:\/\/cultura.aupex.org\/talleresliterarios\/index.php\/2019\/10\/03\/aupex-abre-las-inscripciones-para-los-talleres-literarios-de-2019\/\">\r\n\t\t\t\t\t<img decoding=\"async\" src=\"https:\/\/i0.wp.com\/cultura.aupex.org\/talleresliterarios\/wp-content\/uploads\/2019\/10\/UPA_CursoPoesiaTeatro_portada.jpg?fit=1240%2C1753&#038;ssl=1\" alt=\"AUPEX abre las inscripciones para los Talleres literarios de 2019\" \/>\r\n\t\t\t\t<\/a>\r\n\t\t\t\t\t\t\t\t\t<div class=\"wpspw-post-date\">\r\n\t\t\t\t\t\t3 octubre, 2019\t\t\t\t\t<\/div>\r\n\t\t\t\t\t\t\t<\/div>\r\n\t\t\r\n\t\t<div class=\"wpspw-post-details-wrapper\">\r\n\t\t\t\t\t\t\t<div class=\"wpspw-post-categories\"><a href=\"https:\/\/cultura.aupex.org\/talleresliterarios\/index.php\/category\/general\/\">General<\/a><\/div>\r\n\t\t\t\r\n\t\t\t<h2 class=\"wpspw-post-title\">\r\n\t\t\t\t<a href=\"https:\/\/cultura.aupex.org\/talleresliterarios\/index.php\/2019\/10\/03\/aupex-abre-las-inscripciones-para-los-talleres-literarios-de-2019\/\">AUPEX abre las inscripciones para los Talleres literarios de 2019<\/a>\r\n\t\t\t<\/h2>\r\n\r\n\t\t\t\t\t<\/div>\r\n\t<\/div>\r\n<\/div>\r\n<div class=\"wpspw-post-grid wpspw-medium-4 wpspw-columns first\">\r\n\t<div class=\"wpspw-post-grid-content  \">\r\n\r\n\t\t\t\t\t<div class=\"wpspw-post-image-bg\">\r\n\t\t\t\t<a href=\"https:\/\/cultura.aupex.org\/talleresliterarios\/index.php\/2019\/09\/10\/ada-salas-recibe-la-medalla-de-extremadura\/\">\r\n\t\t\t\t\t<img decoding=\"async\" src=\"https:\/\/i0.wp.com\/cultura.aupex.org\/talleresliterarios\/wp-content\/uploads\/2019\/10\/ada.jpg?fit=800%2C533&#038;ssl=1\" alt=\"Ada Salas recibe la Medalla de Extremadura\" \/>\r\n\t\t\t\t<\/a>\r\n\t\t\t\t\t\t\t\t\t<div class=\"wpspw-post-date\">\r\n\t\t\t\t\t\t10 septiembre, 2019\t\t\t\t\t<\/div>\r\n\t\t\t\t\t\t\t<\/div>\r\n\t\t\r\n\t\t<div class=\"wpspw-post-details-wrapper\">\r\n\t\t\t\t\t\t\t<div class=\"wpspw-post-categories\"><a href=\"https:\/\/cultura.aupex.org\/talleresliterarios\/index.php\/category\/general\/\">General<\/a><\/div>\r\n\t\t\t\r\n\t\t\t<h2 class=\"wpspw-post-title\">\r\n\t\t\t\t<a href=\"https:\/\/cultura.aupex.org\/talleresliterarios\/index.php\/2019\/09\/10\/ada-salas-recibe-la-medalla-de-extremadura\/\">Ada Salas recibe la Medalla de Extremadura<\/a>\r\n\t\t\t<\/h2>\r\n\r\n\t\t\t\t\t<\/div>\r\n\t<\/div>\r\n<\/div>\r\n<div class=\"wpspw-post-grid wpspw-medium-4 wpspw-columns \">\r\n\t<div class=\"wpspw-post-grid-content  \">\r\n\r\n\t\t\t\t\t<div class=\"wpspw-post-image-bg\">\r\n\t\t\t\t<a href=\"https:\/\/cultura.aupex.org\/talleresliterarios\/index.php\/2019\/06\/18\/xvi-premio-de-textos-teatrales-raul-moreno-fatex-2019-y-xi-premio-de-textos-teatrales-de-autor-extremeno-fatex-2019\/\">\r\n\t\t\t\t\t<img decoding=\"async\" src=\"https:\/\/i0.wp.com\/cultura.aupex.org\/talleresliterarios\/wp-content\/uploads\/2019\/06\/fatex.jpg?fit=1280%2C852&#038;ssl=1\" alt=\"XVI Premio de Textos Teatrales Ra\u00fal Moreno FATEX 2019 y XI Premio de Textos Teatrales de Autor Extreme\u00f1o FATEX 2019\" \/>\r\n\t\t\t\t<\/a>\r\n\t\t\t\t\t\t\t\t\t<div class=\"wpspw-post-date\">\r\n\t\t\t\t\t\t18 junio, 2019\t\t\t\t\t<\/div>\r\n\t\t\t\t\t\t\t<\/div>\r\n\t\t\r\n\t\t<div class=\"wpspw-post-details-wrapper\">\r\n\t\t\t\t\t\t\t<div class=\"wpspw-post-categories\"><a href=\"https:\/\/cultura.aupex.org\/talleresliterarios\/index.php\/category\/certamenes-y-concursos-literarios\/\">Cert\u00e1menes y concursos literarios<\/a><\/div>\r\n\t\t\t\r\n\t\t\t<h2 class=\"wpspw-post-title\">\r\n\t\t\t\t<a href=\"https:\/\/cultura.aupex.org\/talleresliterarios\/index.php\/2019\/06\/18\/xvi-premio-de-textos-teatrales-raul-moreno-fatex-2019-y-xi-premio-de-textos-teatrales-de-autor-extremeno-fatex-2019\/\">XVI Premio de Textos Teatrales Ra\u00fal Moreno FATEX 2019 y XI Premio de Textos Teatrales de Autor Extreme\u00f1o FATEX 2019<\/a>\r\n\t\t\t<\/h2>\r\n\r\n\t\t\t\t\t<\/div>\r\n\t<\/div>\r\n<\/div>\r\n<div class=\"wpspw-post-grid wpspw-medium-4 wpspw-columns \">\r\n\t<div class=\"wpspw-post-grid-content  \">\r\n\r\n\t\t\t\t\t<div class=\"wpspw-post-image-bg\">\r\n\t\t\t\t<a href=\"https:\/\/cultura.aupex.org\/talleresliterarios\/index.php\/2019\/01\/15\/16-personajes-que-maravillan-y-miguel-de-cervantes\/\">\r\n\t\t\t\t\t<img decoding=\"async\" src=\"https:\/\/i0.wp.com\/cultura.aupex.org\/talleresliterarios\/wp-content\/uploads\/2019\/01\/cervantes.jpeg?fit=630%2C390&#038;ssl=1\" alt=\"16 personajes que maravillan&#8230; y Miguel de Cervantes\" \/>\r\n\t\t\t\t<\/a>\r\n\t\t\t\t\t\t\t\t\t<div class=\"wpspw-post-date\">\r\n\t\t\t\t\t\t15 enero, 2019\t\t\t\t\t<\/div>\r\n\t\t\t\t\t\t\t<\/div>\r\n\t\t\r\n\t\t<div class=\"wpspw-post-details-wrapper\">\r\n\t\t\t\t\t\t\t<div class=\"wpspw-post-categories\"><a href=\"https:\/\/cultura.aupex.org\/talleresliterarios\/index.php\/category\/eventos\/\">Eventos<\/a><\/div>\r\n\t\t\t\r\n\t\t\t<h2 class=\"wpspw-post-title\">\r\n\t\t\t\t<a href=\"https:\/\/cultura.aupex.org\/talleresliterarios\/index.php\/2019\/01\/15\/16-personajes-que-maravillan-y-miguel-de-cervantes\/\">16 personajes que maravillan&#8230; y Miguel de Cervantes<\/a>\r\n\t\t\t<\/h2>\r\n\r\n\t\t\t\t\t\t\t<div class=\"wpswp-post-tags\">Tags: <a href=\"https:\/\/cultura.aupex.org\/talleresliterarios\/index.php\/tag\/exposiciones\/\" rel=\"tag\">exposiciones<\/a><\/div>\r\n\t\t\t\t\t<\/div>\r\n\t<\/div>\r\n<\/div>\r\n\t\t\t\t\t\t\t<div class=\"wpspw_pagination wpspw-numeric wpspw-clearfix\">\r\n\t\t\t\t\t<span aria-current=\"page\" class=\"page-numbers current\">1<\/span>\n<a class=\"page-numbers\" href=\"https:\/\/cultura.aupex.org\/talleresliterarios\/index.php\/wp-json\/wp\/v2\/pages\/4\/page\/2\/\">2<\/a>\n<a class=\"page-numbers\" href=\"https:\/\/cultura.aupex.org\/talleresliterarios\/index.php\/wp-json\/wp\/v2\/pages\/4\/page\/3\/\">3<\/a>\n<span class=\"page-numbers dots\">&hellip;<\/span>\n<a class=\"page-numbers\" href=\"https:\/\/cultura.aupex.org\/talleresliterarios\/index.php\/wp-json\/wp\/v2\/pages\/4\/page\/6\/\">6<\/a>\n<a class=\"next page-numbers\" href=\"https:\/\/cultura.aupex.org\/talleresliterarios\/index.php\/wp-json\/wp\/v2\/pages\/4\/page\/2\/\">Next &raquo;<\/a>\t\t\t\t<\/div>\r\n\t\t\t\t\t<\/div>\r\n\r\n\t\n<\/div>\n<\/div><\/div><\/div><\/div><div id=\"pg-4-1\"  class=\"panel-grid panel-has-style\" ><div id=\"presentacion\" class=\"panel-row-style panel-row-style-for-4-1\" ><div id=\"pgc-4-1-0\"  class=\"panel-grid-cell\" ><div id=\"panel-4-1-0-0\" class=\"so-panel widget widget_sow-headline panel-first-child\" data-index=\"1\" ><div\n\t\t\t\n\t\t\tclass=\"so-widget-sow-headline so-widget-sow-headline-default-ea0af4cf39ae-483\"\n\t\t\t\n\t\t><div class=\"sow-headline-container \">\n\t\t\t\t\t\t\t<h1 class=\"sow-headline\">\n\t\t\t\t\t\tPresentaci\u00f3n\t\t\t\t\t\t<\/h1>\n\t\t\t\t\t\t\t\t\t\t\t<div class=\"decoration\">\n\t\t\t\t\t\t<div class=\"decoration-inside\"><\/div>\n\t\t\t\t\t<\/div>\n\t\t\t\t\t<\/div>\n<\/div><\/div><div id=\"panel-4-1-0-1\" class=\"so-panel widget widget_sow-editor panel-last-child\" data-index=\"2\" ><div\n\t\t\t\n\t\t\tclass=\"so-widget-sow-editor so-widget-sow-editor-base\"\n\t\t\t\n\t\t>\n<div class=\"siteorigin-widget-tinymce textwidget\">\n\t<p><img data-attachment-id=\"309\" data-permalink=\"https:\/\/cultura.aupex.org\/talleresliterarios\/index.php\/inicio\/tliterarios16\/\" data-orig-file=\"https:\/\/i0.wp.com\/cultura.aupex.org\/talleresliterarios\/wp-content\/uploads\/2017\/08\/tliterarios17_oct_cartel.jpg?fit=994%2C1400&amp;ssl=1\" data-orig-size=\"994,1400\" data-comments-opened=\"0\" data-image-meta=\"{&quot;aperture&quot;:&quot;0&quot;,&quot;credit&quot;:&quot;&quot;,&quot;camera&quot;:&quot;&quot;,&quot;caption&quot;:&quot;&quot;,&quot;created_timestamp&quot;:&quot;0&quot;,&quot;copyright&quot;:&quot;&quot;,&quot;focal_length&quot;:&quot;0&quot;,&quot;iso&quot;:&quot;0&quot;,&quot;shutter_speed&quot;:&quot;0&quot;,&quot;title&quot;:&quot;tliterarios16&quot;,&quot;orientation&quot;:&quot;0&quot;}\" data-image-title=\"tliterarios16\" data-image-description=\"\" data-image-caption=\"\" data-large-file=\"https:\/\/i0.wp.com\/cultura.aupex.org\/talleresliterarios\/wp-content\/uploads\/2017\/08\/tliterarios17_oct_cartel.jpg?fit=640%2C901&amp;ssl=1\" data-recalc-dims=\"1\" loading=\"lazy\" decoding=\"async\" class=\"wp-image-309 size-medium alignleft\" src=\"https:\/\/i0.wp.com\/cultura.aupex.org\/talleresliterarios\/wp-content\/uploads\/2017\/08\/tliterarios17_oct_cartel.jpg?resize=213%2C300&#038;ssl=1\" alt=\"\" width=\"213\" height=\"300\" srcset=\"https:\/\/i0.wp.com\/cultura.aupex.org\/talleresliterarios\/wp-content\/uploads\/2017\/08\/tliterarios17_oct_cartel.jpg?resize=213%2C300&amp;ssl=1 213w, https:\/\/i0.wp.com\/cultura.aupex.org\/talleresliterarios\/wp-content\/uploads\/2017\/08\/tliterarios17_oct_cartel.jpg?resize=768%2C1082&amp;ssl=1 768w, https:\/\/i0.wp.com\/cultura.aupex.org\/talleresliterarios\/wp-content\/uploads\/2017\/08\/tliterarios17_oct_cartel.jpg?resize=727%2C1024&amp;ssl=1 727w, https:\/\/i0.wp.com\/cultura.aupex.org\/talleresliterarios\/wp-content\/uploads\/2017\/08\/tliterarios17_oct_cartel.jpg?resize=370%2C521&amp;ssl=1 370w, https:\/\/i0.wp.com\/cultura.aupex.org\/talleresliterarios\/wp-content\/uploads\/2017\/08\/tliterarios17_oct_cartel.jpg?w=994&amp;ssl=1 994w\" sizes=\"auto, (max-width: 213px) 100vw, 213px\" \/>La <strong>Red Regional de Talleres Literarios<\/strong>, hace posible el desarrollo de la sensibilidad literaria a trav\u00e9s del conocimiento, la pr\u00e1ctica, la creaci\u00f3n y la participaci\u00f3n en localidades extreme\u00f1as que carecen de esta oferta cultural o que est\u00e1n alejadas de grandes n\u00facleos de poblaci\u00f3n, en donde es m\u00e1s f\u00e1cil encontrar ambientes creativos y art\u00edsticos.<\/p>\n<p>Con este empe\u00f1o e ilusi\u00f3n, y con la aspiraci\u00f3n de atender las necesidades y deseos de los colectivos interesados por esta parte de la cultura en desarrollar la creatividad literaria y de crear espacios libres para ello, se crea esta Red de Talleres Literarios. Un proyecto en colaboraci\u00f3n con la Junta de Extremadura, ejecutado y coordinado por la Asociaci\u00f3n de Universidades Populares de Extremadura, e impartido por la Asociaci\u00f3n de Escritores Extreme\u00f1os.<\/p>\n<div>Los talleres literarios suponen el desarrollo de las inquietudes de todos los participantes, proporcionan espacios para el debate, la reflexi\u00f3n, el acuerdo, la acci\u00f3n, desde la que cada uno ejerce su capacidad creadora, compartiendo, preguntando, aprendiendo.<\/div>\n<div>\u00a0<\/div>\n<div>\u00a0<\/div>\n<p><!--<\/p>\n\n\n\n\n<h2>Objetivos<\/h2>\n\n\n\n\n<div>\n\n\n<p>Los objetivos b\u00e1sicos de nuestros Talleres Literarios son fomentar, encauzar y desarrollar la creatividad, as\u00ed como ampliar horizontes a quienes est\u00e1n lejos de los centros y ambientes literarios.<\/p>\n\n\n\n\n<ul>\n\n\n<li>Fomentar, encauzar y desarrollar la creatividad a trav\u00e9s de la escritura.<\/li>\n\n\n\n\n<li>Crear espacios libres y populares para la creaci\u00f3n literaria.<\/li>\n\n\n<\/ul>\n\n\n\n\n<p>Dentro de los objetivos espec\u00edficos que se persiguen:<\/p>\n\n\n\n\n<ul>\n\n\n<li>Conocer las exigencias b\u00e1sicas del relato y la poes\u00eda y sus posibilidades expresivas.<\/li>\n\n\n\n\n<li>Adquirir el placer de la escritura como expresi\u00f3n y comunicaci\u00f3n.<\/li>\n\n\n<\/ul>\n\n\n<\/div>\n\n\n<\/p>\n\n\n\n<p>--><\/p>\n<\/div>\n<\/div><\/div><\/div><\/div><\/div><div id=\"pg-4-2\"  class=\"panel-grid panel-no-style\" ><div id=\"pgc-4-2-0\"  class=\"panel-grid-cell\" ><div id=\"panel-4-2-0-0\" class=\"so-panel widget widget_sow-image panel-first-child panel-last-child\" data-index=\"3\" ><div\n\t\t\t\n\t\t\tclass=\"so-widget-sow-image so-widget-sow-image-default-8b5b6f678277-483\"\n\t\t\t\n\t\t>\n<div class=\"sow-image-container\">\n\t\t<img \n\tsrc=\"https:\/\/i0.wp.com\/cultura.aupex.org\/talleresliterarios\/wp-content\/uploads\/2017\/08\/hombre-escribiendo-r-1.jpg?fit=1200%2C500&amp;ssl=1\" width=\"1200\" height=\"500\" srcset=\"https:\/\/i0.wp.com\/cultura.aupex.org\/talleresliterarios\/wp-content\/uploads\/2017\/08\/hombre-escribiendo-r-1.jpg?w=1200&amp;ssl=1 1200w, https:\/\/i0.wp.com\/cultura.aupex.org\/talleresliterarios\/wp-content\/uploads\/2017\/08\/hombre-escribiendo-r-1.jpg?resize=300%2C125&amp;ssl=1 300w, https:\/\/i0.wp.com\/cultura.aupex.org\/talleresliterarios\/wp-content\/uploads\/2017\/08\/hombre-escribiendo-r-1.jpg?resize=768%2C320&amp;ssl=1 768w, https:\/\/i0.wp.com\/cultura.aupex.org\/talleresliterarios\/wp-content\/uploads\/2017\/08\/hombre-escribiendo-r-1.jpg?resize=1024%2C427&amp;ssl=1 1024w, https:\/\/i0.wp.com\/cultura.aupex.org\/talleresliterarios\/wp-content\/uploads\/2017\/08\/hombre-escribiendo-r-1.jpg?resize=370%2C154&amp;ssl=1 370w\" title=\"hombre-escribiendo-r\" alt=\"\" \t\tclass=\"so-widget-image\"\/>\n\t<\/div>\n\n<\/div><\/div><\/div><div id=\"pgc-4-2-1\"  class=\"panel-grid-cell\" ><div id=\"panel-4-2-1-0\" class=\"so-panel widget widget_sow-image panel-first-child panel-last-child\" data-index=\"4\" ><div\n\t\t\t\n\t\t\tclass=\"so-widget-sow-image so-widget-sow-image-default-dbf295114b96-483\"\n\t\t\t\n\t\t>\n<div class=\"sow-image-container\">\n\t\t<img \n\tsrc=\"https:\/\/i0.wp.com\/cultura.aupex.org\/talleresliterarios\/wp-content\/uploads\/2017\/08\/corazon-libro-r-1.jpg?fit=1200%2C500&amp;ssl=1\" width=\"1200\" height=\"500\" srcset=\"https:\/\/i0.wp.com\/cultura.aupex.org\/talleresliterarios\/wp-content\/uploads\/2017\/08\/corazon-libro-r-1.jpg?w=1200&amp;ssl=1 1200w, https:\/\/i0.wp.com\/cultura.aupex.org\/talleresliterarios\/wp-content\/uploads\/2017\/08\/corazon-libro-r-1.jpg?resize=300%2C125&amp;ssl=1 300w, https:\/\/i0.wp.com\/cultura.aupex.org\/talleresliterarios\/wp-content\/uploads\/2017\/08\/corazon-libro-r-1.jpg?resize=768%2C320&amp;ssl=1 768w, https:\/\/i0.wp.com\/cultura.aupex.org\/talleresliterarios\/wp-content\/uploads\/2017\/08\/corazon-libro-r-1.jpg?resize=1024%2C427&amp;ssl=1 1024w, https:\/\/i0.wp.com\/cultura.aupex.org\/talleresliterarios\/wp-content\/uploads\/2017\/08\/corazon-libro-r-1.jpg?resize=370%2C154&amp;ssl=1 370w\" title=\"corazon-libro-r\" alt=\"\" \t\tclass=\"so-widget-image\"\/>\n\t<\/div>\n\n<\/div><\/div><\/div><div id=\"pgc-4-2-2\"  class=\"panel-grid-cell\" ><div id=\"panel-4-2-2-0\" class=\"so-panel widget widget_sow-image panel-first-child panel-last-child\" data-index=\"5\" ><div\n\t\t\t\n\t\t\tclass=\"so-widget-sow-image so-widget-sow-image-default-8b5b6f678277-483\"\n\t\t\t\n\t\t>\n<div class=\"sow-image-container\">\n\t\t<img \n\tsrc=\"https:\/\/i0.wp.com\/cultura.aupex.org\/talleresliterarios\/wp-content\/uploads\/2017\/08\/leyendo2-r-1.jpg?fit=1200%2C498&amp;ssl=1\" width=\"1200\" height=\"498\" srcset=\"https:\/\/i0.wp.com\/cultura.aupex.org\/talleresliterarios\/wp-content\/uploads\/2017\/08\/leyendo2-r-1.jpg?w=1200&amp;ssl=1 1200w, https:\/\/i0.wp.com\/cultura.aupex.org\/talleresliterarios\/wp-content\/uploads\/2017\/08\/leyendo2-r-1.jpg?resize=300%2C125&amp;ssl=1 300w, https:\/\/i0.wp.com\/cultura.aupex.org\/talleresliterarios\/wp-content\/uploads\/2017\/08\/leyendo2-r-1.jpg?resize=768%2C319&amp;ssl=1 768w, https:\/\/i0.wp.com\/cultura.aupex.org\/talleresliterarios\/wp-content\/uploads\/2017\/08\/leyendo2-r-1.jpg?resize=1024%2C425&amp;ssl=1 1024w, https:\/\/i0.wp.com\/cultura.aupex.org\/talleresliterarios\/wp-content\/uploads\/2017\/08\/leyendo2-r-1.jpg?resize=370%2C154&amp;ssl=1 370w\" title=\"leyendo2-r\" alt=\"\" \t\tclass=\"so-widget-image\"\/>\n\t<\/div>\n\n<\/div><\/div><\/div><\/div><div id=\"pg-4-3\"  class=\"panel-grid panel-has-style\" ><div id=\"como\" class=\"panel-row-style panel-row-style-for-4-3\" ><div id=\"pgc-4-3-0\"  class=\"panel-grid-cell\" ><div id=\"panel-4-3-0-0\" class=\"so-panel widget widget_sow-headline panel-first-child\" data-index=\"6\" ><div\n\t\t\t\n\t\t\tclass=\"so-widget-sow-headline so-widget-sow-headline-default-ea0af4cf39ae-483\"\n\t\t\t\n\t\t><div class=\"sow-headline-container \">\n\t\t\t\t\t\t\t<h1 class=\"sow-headline\">\n\t\t\t\t\t\tContenidos y metodolog\u00eda\t\t\t\t\t\t<\/h1>\n\t\t\t\t\t\t\t\t\t\t\t<div class=\"decoration\">\n\t\t\t\t\t\t<div class=\"decoration-inside\"><\/div>\n\t\t\t\t\t<\/div>\n\t\t\t\t\t<\/div>\n<\/div><\/div><div id=\"panel-4-3-0-1\" class=\"so-panel widget widget_sow-editor panel-last-child\" data-index=\"7\" ><div id=\"como\" class=\"panel-widget-style panel-widget-style-for-4-3-0-1\" ><div\n\t\t\t\n\t\t\tclass=\"so-widget-sow-editor so-widget-sow-editor-base\"\n\t\t\t\n\t\t>\n<div class=\"siteorigin-widget-tinymce textwidget\">\n\t<p>En t\u00e9rminos generales, en los talleres se dan a conocer las exigencias b\u00e1sicas del relato y la poes\u00eda, as\u00ed como sus posibilidades expresivas. Del mismo modo, se pretende que los participantes adquieran el placer de la escritura como medio de expresi\u00f3n y comunicaci\u00f3n.<\/p>\n<p>Cada taller goza de unos contenidos espec\u00edficos dise\u00f1ados por los tutores que los imparten, atendiendo as\u00ed a las necesidades y nivel de conocimientos los participantes. No obstante, en t\u00e9rminos generales se realizar\u00e1n las siguientes actividades:<\/p>\n<ul>\n<li><strong>Lectura y conocimiento<\/strong>, a trav\u00e9s de ejemplos representativos, de estructuras gen\u00e9ricas, t\u00e9cnicas creativas y recursos para enriquecer los textos. La lectura es fundamental en el proceso de formaci\u00f3n de un escritor y por ello est\u00e1 muy presente en los talleres. Leer y releer a los grandes autores cl\u00e1sicos y contempor\u00e1neos.<\/li>\n<li><strong>Pr\u00e1cticas de lectura y escritura.<\/strong> Ejercicios de estilo. Al darle voz a los textos, \u00e9stos cobran vida, practicar la lectura en alto, para s\u00ed y para los dem\u00e1s, aporta una nueva visi\u00f3n de la escritura. A partir de las propuestas de escritura que acompa\u00f1an los materiales te\u00f3ricos se solicitan textos a los participantes. Estos ejercicios y los de todos los compa\u00f1eros ser\u00e1n la base de trabajo en clase.<\/li>\n<li><strong>Tutor\u00edas personalizadas<\/strong> en las que se corregir\u00e1n los originales de los alumnos y se ofrecer\u00e1n pautas para mejorarlos. Los textos que vayan surgiendo ser\u00e1n comentados por el grupo y analizados por el profesor. El comentario y an\u00e1lisis de los textos propios y de los dem\u00e1s hace que se desarrollen el criterio literario el sentido cr\u00edtico propio.<\/li>\n<\/ul>\n<p><strong>Los talleres presenciales<\/strong> gozan de entre 20 horas lectivas y est\u00e1n abiertos a sesiones con autores\/as invitados\/as, pretendiendo ser tambi\u00e9n un lugar de encuentro, de debate, de comentario de dificultades, de inquietudes, de intercambio de experiencias entre los asistentes.<\/p>\n<div>\n<p><strong>Los talleres virtuales<\/strong>, contar\u00e1n con 40 horas de formaci\u00f3n on-line y un seguimiento individualizado durante el taller que permite a los participantes ascender por distintas etapas cognitivas que culminan en la creaci\u00f3n de una obra literaria propia.<\/p>\n<div>La orientaci\u00f3n de la actividad no ser\u00e1 excesivamente te\u00f3rica ni dirigista. Se trata sobre todo de fomentar la pr\u00e1ctica y de corregir y comentar las producciones de los alumnos.<\/div>\n<div>Los talleres ser\u00e1n impartidos por escritores extreme\u00f1os con una larga y reconocida trayectoria en las materias que se imparten.<\/div>\n<div>\u00a0<\/div>\n<div>Como resultado del trabajo en los talleres, se publica cada a\u00f1o una Antolog\u00eda. En ella se recopilan los mejores trabajos de poes\u00eda y relato creados por los participantes en los talleres literarios. Editada por la Editora Regional de Extremadura, se presenta anualmente en el acto de clausura de los talleres (normalmente en el mes de abril del a\u00f1o siguiente) y se entrega a todos los participantes en los talleres literarios, las Universidades Populares y los tutores.<\/div>\n<div>\u00a0<\/div>\n<\/div>\n<\/div>\n<\/div><\/div><\/div><\/div><\/div><\/div><div id=\"pg-4-4\"  class=\"panel-grid panel-no-style\" ><div id=\"pgc-4-4-0\"  class=\"panel-grid-cell\" ><div id=\"panel-4-4-0-0\" class=\"so-panel widget widget_sow-image panel-first-child panel-last-child\" data-index=\"8\" ><div\n\t\t\t\n\t\t\tclass=\"so-widget-sow-image so-widget-sow-image-default-a258e6bfa2d8-483\"\n\t\t\t\n\t\t>\n<div class=\"sow-image-container\">\n\t\t<img \n\tsrc=\"https:\/\/i0.wp.com\/cultura.aupex.org\/talleresliterarios\/wp-content\/uploads\/2017\/08\/portati-papel2-r.jpg?fit=924%2C500&amp;ssl=1\" width=\"924\" height=\"500\" srcset=\"https:\/\/i0.wp.com\/cultura.aupex.org\/talleresliterarios\/wp-content\/uploads\/2017\/08\/portati-papel2-r.jpg?w=924&amp;ssl=1 924w, https:\/\/i0.wp.com\/cultura.aupex.org\/talleresliterarios\/wp-content\/uploads\/2017\/08\/portati-papel2-r.jpg?resize=300%2C162&amp;ssl=1 300w, https:\/\/i0.wp.com\/cultura.aupex.org\/talleresliterarios\/wp-content\/uploads\/2017\/08\/portati-papel2-r.jpg?resize=768%2C416&amp;ssl=1 768w, https:\/\/i0.wp.com\/cultura.aupex.org\/talleresliterarios\/wp-content\/uploads\/2017\/08\/portati-papel2-r.jpg?resize=370%2C200&amp;ssl=1 370w\" alt=\"\" \t\tclass=\"so-widget-image\"\/>\n\t<\/div>\n\n<\/div><\/div><\/div><\/div><div id=\"pg-4-5\"  class=\"panel-grid panel-no-style\" ><div id=\"pgc-4-5-0\"  class=\"panel-grid-cell\" ><div id=\"panel-4-5-0-0\" class=\"so-panel widget widget_sow-editor panel-first-child panel-last-child\" data-index=\"9\" ><div id=\"como\" class=\"panel-widget-style panel-widget-style-for-4-5-0-0\" ><div\n\t\t\t\n\t\t\tclass=\"so-widget-sow-editor so-widget-sow-editor-base\"\n\t\t\t\n\t\t>\n<div class=\"siteorigin-widget-tinymce textwidget\">\n\t<h3><strong>Talleres Virtuales<\/strong><\/h3>\n<p align=\"justify\">El Taller Literario Virtual se presenta como alternativa de participaci\u00f3n a los talleres que se realizar\u00e1n de forma presencial aprovechando las posibilidades y herramientas que nos ofrecen las nuevas tecnolog\u00edas.<\/p>\n<p align=\"justify\">El Taller Virtual est\u00e1 dirigido a todas aquellas personas que quieran disfrutar de la Literatura sin estar condicionado por factores como la ubicaci\u00f3n f\u00edsica de los talleres o el horario de los mismos, permitiendo tambi\u00e9n la continuaci\u00f3n del trabajo iniciado por alumnos en Talleres Literarios presenciales anteriores.<\/p>\n<p align=\"justify\">Podr\u00e1 participar en el Taller Virtual cualquier persona de cualquier nacionalidad y experiencia en el \u00e1mbito literario.<\/p>\n<p align=\"justify\"><strong>Metodolog\u00eda de los talleres on-line<\/strong><\/p>\n<p align=\"justify\">El curso est\u00e1 basado en la idea de aprender de forma activa, participando y resolviendo. Para ello, se apoya en la formaci\u00f3n on-line, sistema avanzado de aprendizaje a distancia a trav\u00e9s del uso extensivo del ordenador, las telecomunicaciones y las nuevas tecnolog\u00edas.<\/p>\n<p align=\"justify\">El programa se desarrolla en un entorno virtual, donde el alumnado encontrar\u00e1 los contenidos del curso y podr\u00e1 responder a las preguntas de evaluaci\u00f3n, podr\u00e1 interactuar con sus compa\u00f1eros\/as y consultar dudas con los tutores.<\/p>\n<p><strong>Procedimiento de inscripci\u00f3n y matr\u00edcula:<\/strong><\/p>\n<p>Las inscripciones han de hacerse a trav\u00e9s de la web Universidad Popular Abierta (<a class=\"moz-txt-link-freetext\" href=\"https:\/\/www.universidadpopularabierta.org\/moodle\/static\/taller-poesia-relato.html\">https:\/\/www.universidadpopularabierta.org\/moodle\/static\/taller-poesia-relato.html<\/a>) antes del 10 de octubre de 2019.<\/p>\n<p>El curso dar\u00e1 comienzo el 14 de octubre y se mantendr\u00e1 activo hasta el 13 de diciembre de 2019<\/p>\n<p>Los contenidos del curso se ir\u00e1n integrando gradualmente a trav\u00e9s de documentos y las herramientas necesarias para la consecuci\u00f3n de objetivos de cada sesi\u00f3n formativa, con el fin de facilitar a los\/as participantes la resoluci\u00f3n de las cuestiones planteadas. No es un curso te\u00f3rico ni dirigista, se basa sobre todo en la propuesta de pautas para la creaci\u00f3n, la participaci\u00f3n en foros, el an\u00e1lisis de textos propios y ajenos, la resoluci\u00f3n de dudas y el debate sobre temas de inter\u00e9s.<\/p>\n<p>Para la correcta realizaci\u00f3n del curso y como apoyo a los\/as participantes habr\u00e1 un administrador del sistema encargado de la resoluci\u00f3n de dudas generales (sobre el entorno moodle y su funcionamiento, recursos, subida de archivos, visualizaci\u00f3n de documentos y enlaces, participaci\u00f3n, etc.) y que har\u00e1 de intermediario con los diferentes tutores que dirigir\u00e1n los contenidos de los m\u00f3dulos.<\/p>\n<p>Al comienzo del curso habr\u00e1 un per\u00edodo de adaptaci\u00f3n de dos d\u00edas a la plataforma web, con el objetivo de que el\/la participante se familiarice con el entorno virtual.<\/p>\n<\/div>\n<\/div><\/div><\/div><\/div><\/div><div id=\"pg-4-6\"  class=\"panel-grid panel-no-style\" ><div id=\"pgc-4-6-0\"  class=\"panel-grid-cell\" ><div id=\"panel-4-6-0-0\" class=\"so-panel widget widget_sow-image panel-first-child panel-last-child\" data-index=\"10\" ><div\n\t\t\t\n\t\t\tclass=\"so-widget-sow-image so-widget-sow-image-default-8b5b6f678277-483\"\n\t\t\t\n\t\t>\n<div class=\"sow-image-container\">\n\t\t<img \n\tsrc=\"https:\/\/i0.wp.com\/cultura.aupex.org\/talleresliterarios\/wp-content\/uploads\/2017\/08\/chica-escribiendo-r-1.jpg?fit=594%2C300&amp;ssl=1\" width=\"594\" height=\"300\" srcset=\"https:\/\/i0.wp.com\/cultura.aupex.org\/talleresliterarios\/wp-content\/uploads\/2017\/08\/chica-escribiendo-r-1.jpg?w=594&amp;ssl=1 594w, https:\/\/i0.wp.com\/cultura.aupex.org\/talleresliterarios\/wp-content\/uploads\/2017\/08\/chica-escribiendo-r-1.jpg?resize=300%2C152&amp;ssl=1 300w, https:\/\/i0.wp.com\/cultura.aupex.org\/talleresliterarios\/wp-content\/uploads\/2017\/08\/chica-escribiendo-r-1.jpg?resize=370%2C187&amp;ssl=1 370w\" title=\"chica-escribiendo-r\" alt=\"\" \t\tclass=\"so-widget-image\"\/>\n\t<\/div>\n\n<\/div><\/div><\/div><div id=\"pgc-4-6-1\"  class=\"panel-grid-cell\" ><div id=\"panel-4-6-1-0\" class=\"so-panel widget widget_sow-image panel-first-child panel-last-child\" data-index=\"11\" ><div\n\t\t\t\n\t\t\tclass=\"so-widget-sow-image so-widget-sow-image-default-8b5b6f678277-483\"\n\t\t\t\n\t\t>\n<div class=\"sow-image-container\">\n\t\t<img \n\tsrc=\"https:\/\/i0.wp.com\/cultura.aupex.org\/talleresliterarios\/wp-content\/uploads\/2017\/08\/biblioteca-r.jpg?fit=600%2C300&amp;ssl=1\" width=\"600\" height=\"300\" srcset=\"https:\/\/i0.wp.com\/cultura.aupex.org\/talleresliterarios\/wp-content\/uploads\/2017\/08\/biblioteca-r.jpg?w=600&amp;ssl=1 600w, https:\/\/i0.wp.com\/cultura.aupex.org\/talleresliterarios\/wp-content\/uploads\/2017\/08\/biblioteca-r.jpg?resize=300%2C150&amp;ssl=1 300w, https:\/\/i0.wp.com\/cultura.aupex.org\/talleresliterarios\/wp-content\/uploads\/2017\/08\/biblioteca-r.jpg?resize=370%2C185&amp;ssl=1 370w\" alt=\"\" \t\tclass=\"so-widget-image\"\/>\n\t<\/div>\n\n<\/div><\/div><\/div><div id=\"pgc-4-6-2\"  class=\"panel-grid-cell\" ><div id=\"panel-4-6-2-0\" class=\"so-panel widget widget_sow-image panel-first-child panel-last-child\" data-index=\"12\" ><div\n\t\t\t\n\t\t\tclass=\"so-widget-sow-image so-widget-sow-image-default-8b5b6f678277-483\"\n\t\t\t\n\t\t>\n<div class=\"sow-image-container\">\n\t\t<img \n\tsrc=\"https:\/\/i0.wp.com\/cultura.aupex.org\/talleresliterarios\/wp-content\/uploads\/2017\/08\/maq-escribir2-r.jpg?fit=601%2C300&amp;ssl=1\" width=\"601\" height=\"300\" srcset=\"https:\/\/i0.wp.com\/cultura.aupex.org\/talleresliterarios\/wp-content\/uploads\/2017\/08\/maq-escribir2-r.jpg?w=601&amp;ssl=1 601w, https:\/\/i0.wp.com\/cultura.aupex.org\/talleresliterarios\/wp-content\/uploads\/2017\/08\/maq-escribir2-r.jpg?resize=300%2C150&amp;ssl=1 300w, https:\/\/i0.wp.com\/cultura.aupex.org\/talleresliterarios\/wp-content\/uploads\/2017\/08\/maq-escribir2-r.jpg?resize=370%2C185&amp;ssl=1 370w\" alt=\"\" \t\tclass=\"so-widget-image\"\/>\n\t<\/div>\n\n<\/div><\/div><\/div><div id=\"pgc-4-6-3\"  class=\"panel-grid-cell\" ><div id=\"panel-4-6-3-0\" class=\"so-panel widget widget_sow-image panel-first-child panel-last-child\" data-index=\"13\" ><div\n\t\t\t\n\t\t\tclass=\"so-widget-sow-image so-widget-sow-image-default-8b5b6f678277-483\"\n\t\t\t\n\t\t>\n<div class=\"sow-image-container\">\n\t\t<img \n\tsrc=\"https:\/\/i0.wp.com\/cultura.aupex.org\/talleresliterarios\/wp-content\/uploads\/2017\/08\/leyendo-r.jpg?fit=600%2C300&amp;ssl=1\" width=\"600\" height=\"300\" srcset=\"https:\/\/i0.wp.com\/cultura.aupex.org\/talleresliterarios\/wp-content\/uploads\/2017\/08\/leyendo-r.jpg?w=600&amp;ssl=1 600w, https:\/\/i0.wp.com\/cultura.aupex.org\/talleresliterarios\/wp-content\/uploads\/2017\/08\/leyendo-r.jpg?resize=300%2C150&amp;ssl=1 300w, https:\/\/i0.wp.com\/cultura.aupex.org\/talleresliterarios\/wp-content\/uploads\/2017\/08\/leyendo-r.jpg?resize=370%2C185&amp;ssl=1 370w\" alt=\"\" \t\tclass=\"so-widget-image\"\/>\n\t<\/div>\n\n<\/div><\/div><\/div><\/div><div id=\"pg-4-7\"  class=\"panel-grid panel-has-style\" ><div id=\"participar\" class=\"panel-row-style panel-row-style-for-4-7\" ><div id=\"pgc-4-7-0\"  class=\"panel-grid-cell\" ><div id=\"panel-4-7-0-0\" class=\"so-panel widget widget_sow-headline panel-first-child\" data-index=\"14\" ><div\n\t\t\t\n\t\t\tclass=\"so-widget-sow-headline so-widget-sow-headline-default-ea0af4cf39ae-483\"\n\t\t\t\n\t\t><div class=\"sow-headline-container \">\n\t\t\t\t\t\t\t<h1 class=\"sow-headline\">\n\t\t\t\t\t\tC\u00f3mo Participar\t\t\t\t\t\t<\/h1>\n\t\t\t\t\t\t\t\t\t\t\t<div class=\"decoration\">\n\t\t\t\t\t\t<div class=\"decoration-inside\"><\/div>\n\t\t\t\t\t<\/div>\n\t\t\t\t\t<\/div>\n<\/div><\/div><div id=\"panel-4-7-0-1\" class=\"so-panel widget widget_sow-editor panel-last-child\" data-index=\"15\" ><div\n\t\t\t\n\t\t\tclass=\"so-widget-sow-editor so-widget-sow-editor-base\"\n\t\t\t\n\t\t>\n<div class=\"siteorigin-widget-tinymce textwidget\">\n\t<ul>\n<li>Para participar en el Taller literario presencial solo hay que hacer la inscripci\u00f3n en los mismos a trav\u00e9s de las Universidades Populares. (Puedes consultar la informaci\u00f3n de contacto en la secci\u00f3n Localidades participantes)<\/li>\n<li>El la web Universidad Popular Abierta (<a class=\"moz-txt-link-freetext\" href=\"https:\/\/www.universidadpopularabierta.org\/moodle\/static\/taller-poesia-relato.html\">https:\/\/www.universidadpopularabierta.org\/moodle\/static\/taller-poesia-relato.html<\/a>), en el caso de los virtuales.<\/li>\n<li>Una vez hecha la inscripci\u00f3n, se avisar\u00e1 por correo electr\u00f3nico o tel\u00e9fono de la admisi\u00f3n en los mismos, de la fecha de comienzo del curso y el procedimiento a seguir para comenzar.<\/li>\n<\/ul>\n<\/div>\n<\/div><\/div><\/div><\/div><\/div><div id=\"pg-4-8\"  class=\"panel-grid panel-has-style\" ><div id=\"tutores\" class=\"panel-row-style panel-row-style-for-4-8\" ><div id=\"pgc-4-8-0\"  class=\"panel-grid-cell\" ><div id=\"panel-4-8-0-0\" class=\"so-panel widget widget_sow-headline panel-first-child\" data-index=\"16\" ><div\n\t\t\t\n\t\t\tclass=\"so-widget-sow-headline so-widget-sow-headline-default-ea0af4cf39ae-483\"\n\t\t\t\n\t\t><div class=\"sow-headline-container \">\n\t\t\t\t\t\t\t<h1 class=\"sow-headline\">\n\t\t\t\t\t\tTutores\t\t\t\t\t\t<\/h1>\n\t\t\t\t\t\t\t\t\t\t\t<div class=\"decoration\">\n\t\t\t\t\t\t<div class=\"decoration-inside\"><\/div>\n\t\t\t\t\t<\/div>\n\t\t\t\t\t<\/div>\n<\/div><\/div><div id=\"panel-4-8-0-1\" class=\"so-panel widget widget_sow-editor panel-last-child\" data-index=\"17\" ><div\n\t\t\t\n\t\t\tclass=\"so-widget-sow-editor so-widget-sow-editor-base\"\n\t\t\t\n\t\t>\n<div class=\"siteorigin-widget-tinymce textwidget\">\n\t<div>Encontrar a un buen maestro, un tutor, que ense\u00f1e a amar la literatura es una de las claves del proceso de aprendizaje. Un maestro que ense\u00f1e a admirar y a analizar las dificultades de la creaci\u00f3n. Un maestro que sepa transmitir, ense\u00f1ar y conquistar al alumno. Y sobre todo un maestro que conozca de primera mano los avatares del oficio.<\/div>\n<div><\/div>\n<div>A trav\u00e9s de la <strong>Asociaci\u00f3n de Escritores de Extremadura<\/strong> conseguimos que todos y cada uno de los Talleres de la Poes\u00eda y el Relato cuente con la direcci\u00f3n\u00a0 de un tutor que cumpla con estas caracter\u00edsticas.<\/div>\n<div><\/div>\n<div>A continuaci\u00f3n encontrar\u00e1s informaci\u00f3n sobre los tutores de este a\u00f1o y en la secci\u00f3n Ediciones pasadas todos los tutores y lectores invitados que han pasado por la Red Regional de Talleres Literarios.<\/div>\n<div><\/div>\n<div><strong>BELV\u00cdS DE MONROY: <a href=\"https:\/\/www.aeex.es\/autores\/bermejo-ana\/\" rel=\"noopener\" target=\"_blank\">Ana Bermejo<\/a> <\/strong><\/div>\n<div><strong>CABEZUELA DEL VALLE: <a href=\"https:\/\/www.aeex.es\/autores\/vaquero-salvador\/\" rel=\"noopener\" target=\"_blank\">Salvador Vaquero<\/a> <\/strong><\/div>\n<div><strong> M\u00c9RIDA (Relato): <a href=\"https:\/\/www.aeex.es\/autores\/rodriguez-sanchez-ana-isabel\/\" rel=\"noopener\" target=\"_blank\">Anabel Rodr\u00edguez<\/a> <\/strong><\/div>\n<div><strong> M\u00c9RIDA (Poes\u00eda): <a href=\"https:\/\/www.aeex.es\/autores\/orihuela-antonio\/\" rel=\"noopener\" target=\"_blank\">Antonio Orihuela<\/a> <\/strong><\/div>\n<div><strong>ESPARRAGOSA DE LARES: <a href=\"https:\/\/www.aeex.es\/autores\/cano-lopez-rafaela\/\" rel=\"noopener\" target=\"_blank\">Rafaela Cano<\/a> <\/strong><\/div>\n<div><strong> LLERENA: <a href=\"https:\/\/www.aeex.es\/autores\/garcia-fernandez-chus\/\" rel=\"noopener\" target=\"_blank\">Chus Garc\u00eda<\/a>  <\/strong><\/div>\n<div><strong> MIAJADAS: <a href=\"https:\/\/www.aeex.es\/autores\/pineda-pizarro-chelo\/\" rel=\"noopener\" target=\"_blank\">Chelo Pineda<\/a> <\/strong><\/div>\n<div><strong> TORREJONCILLO: <a href=\"https:\/\/www.aeex.es\/autores\/lopez-casero-rosa\/\" rel=\"noopener\" target=\"_blank\">Rosa L\u00f3pez Casero<\/a> <\/strong><\/div>\n<div><\/div><\/div>\n<\/div><\/div><\/div><\/div><\/div><div id=\"pg-4-9\"  class=\"panel-grid panel-has-style\" ><div id=\"localidades\" class=\"panel-row-style panel-row-style-for-4-9\" ><div id=\"pgc-4-9-0\"  class=\"panel-grid-cell\" ><div id=\"panel-4-9-0-0\" class=\"so-panel widget widget_sow-headline panel-first-child\" data-index=\"18\" ><div\n\t\t\t\n\t\t\tclass=\"so-widget-sow-headline so-widget-sow-headline-default-ea0af4cf39ae-483\"\n\t\t\t\n\t\t><div class=\"sow-headline-container \">\n\t\t\t\t\t\t\t<h1 class=\"sow-headline\">\n\t\t\t\t\t\tLocalidades\t\t\t\t\t\t<\/h1>\n\t\t\t\t\t\t\t\t\t\t\t<div class=\"decoration\">\n\t\t\t\t\t\t<div class=\"decoration-inside\"><\/div>\n\t\t\t\t\t<\/div>\n\t\t\t\t\t<\/div>\n<\/div><\/div><div id=\"panel-4-9-0-1\" class=\"so-panel widget widget_sow-editor panel-last-child\" data-index=\"19\" ><div\n\t\t\t\n\t\t\tclass=\"so-widget-sow-editor so-widget-sow-editor-base\"\n\t\t\t\n\t\t>\n<div class=\"siteorigin-widget-tinymce textwidget\">\n\t<p>Inscr\u00edbete en sus Universidades Populares:<\/p>\n<p><strong>BELV\u00cdS DE MONROY <\/strong> :  Universidad Popular | C\/ Escuelas s\/n<\/p>\n<p><strong>CABEZUELA DEL VALLE <\/strong>: Universidad Popular | Las Escuelas, 13.<\/p>\n<p><strong>M\u00c9RIDA <\/strong>:  Universidad Popular | Centro Cultural Alcazaba C\/ John Lennon 5, 2\u00aa planta<\/p>\n<p><strong>ESPARRAGOSA DE LARES <\/strong> :  Universidad Popular | C\/ Marcial Gonzalez 13 (Biblioteca)<\/p>\n<p><strong>LLERENA <\/strong> : Universidad Popular | Centro Cultural La Merced | C\/ Santiago, 88<\/p>\n<p><strong>MIAJADAS <\/strong>: Universidad Popular | CC Palacio Obispo Sol\u00eds | C\/ Real, s\/n<\/p>\n<p><strong>TORREJONCILLO <\/strong> :  Universidad Popular | C\/ Genaro Ramos 15<\/p>\n<\/div>\n<\/div><\/div><\/div><\/div><\/div><div id=\"pg-4-10\"  class=\"panel-grid panel-no-style\" ><div id=\"pgc-4-10-0\"  class=\"panel-grid-cell\" ><div id=\"panel-4-10-0-0\" class=\"so-panel widget widget_sow-image panel-first-child panel-last-child\" data-index=\"20\" ><div class=\"panel-widget-style panel-widget-style-for-4-10-0-0\" ><div\n\t\t\t\n\t\t\tclass=\"so-widget-sow-image so-widget-sow-image-default-8b5b6f678277-483\"\n\t\t\t\n\t\t>\n<div class=\"sow-image-container\">\n\t\t<img \n\tsrc=\"https:\/\/i0.wp.com\/cultura.aupex.org\/talleresliterarios\/wp-content\/uploads\/2024\/09\/1.png?fit=500%2C500&amp;ssl=1\" width=\"500\" height=\"500\" srcset=\"https:\/\/i0.wp.com\/cultura.aupex.org\/talleresliterarios\/wp-content\/uploads\/2024\/09\/1.png?w=500&amp;ssl=1 500w, https:\/\/i0.wp.com\/cultura.aupex.org\/talleresliterarios\/wp-content\/uploads\/2024\/09\/1.png?resize=300%2C300&amp;ssl=1 300w, https:\/\/i0.wp.com\/cultura.aupex.org\/talleresliterarios\/wp-content\/uploads\/2024\/09\/1.png?resize=150%2C150&amp;ssl=1 150w, https:\/\/i0.wp.com\/cultura.aupex.org\/talleresliterarios\/wp-content\/uploads\/2024\/09\/1.png?resize=370%2C370&amp;ssl=1 370w, https:\/\/i0.wp.com\/cultura.aupex.org\/talleresliterarios\/wp-content\/uploads\/2024\/09\/1.png?resize=120%2C120&amp;ssl=1 120w\" alt=\"\" \t\tclass=\"so-widget-image\"\/>\n\t<\/div>\n\n<\/div><\/div><\/div><\/div><div id=\"pgc-4-10-1\"  class=\"panel-grid-cell\" ><div id=\"panel-4-10-1-0\" class=\"so-panel widget widget_sow-image panel-first-child panel-last-child\" data-index=\"21\" ><div class=\"panel-widget-style panel-widget-style-for-4-10-1-0\" ><div\n\t\t\t\n\t\t\tclass=\"so-widget-sow-image so-widget-sow-image-default-8b5b6f678277-483\"\n\t\t\t\n\t\t>\n<div class=\"sow-image-container\">\n\t\t<img \n\tsrc=\"https:\/\/i0.wp.com\/cultura.aupex.org\/talleresliterarios\/wp-content\/uploads\/2024\/09\/2.png?fit=500%2C500&amp;ssl=1\" width=\"500\" height=\"500\" srcset=\"https:\/\/i0.wp.com\/cultura.aupex.org\/talleresliterarios\/wp-content\/uploads\/2024\/09\/2.png?w=500&amp;ssl=1 500w, https:\/\/i0.wp.com\/cultura.aupex.org\/talleresliterarios\/wp-content\/uploads\/2024\/09\/2.png?resize=300%2C300&amp;ssl=1 300w, https:\/\/i0.wp.com\/cultura.aupex.org\/talleresliterarios\/wp-content\/uploads\/2024\/09\/2.png?resize=150%2C150&amp;ssl=1 150w, https:\/\/i0.wp.com\/cultura.aupex.org\/talleresliterarios\/wp-content\/uploads\/2024\/09\/2.png?resize=370%2C370&amp;ssl=1 370w, https:\/\/i0.wp.com\/cultura.aupex.org\/talleresliterarios\/wp-content\/uploads\/2024\/09\/2.png?resize=120%2C120&amp;ssl=1 120w\" alt=\"\" \t\tclass=\"so-widget-image\"\/>\n\t<\/div>\n\n<\/div><\/div><\/div><\/div><div id=\"pgc-4-10-2\"  class=\"panel-grid-cell\" ><div id=\"panel-4-10-2-0\" class=\"so-panel widget widget_sow-image panel-first-child panel-last-child\" data-index=\"22\" ><div class=\"panel-widget-style panel-widget-style-for-4-10-2-0\" ><div\n\t\t\t\n\t\t\tclass=\"so-widget-sow-image so-widget-sow-image-default-8b5b6f678277-483\"\n\t\t\t\n\t\t>\n<div class=\"sow-image-container\">\n\t\t<img \n\tsrc=\"https:\/\/i0.wp.com\/cultura.aupex.org\/talleresliterarios\/wp-content\/uploads\/2024\/09\/03.png?fit=500%2C500&amp;ssl=1\" width=\"500\" height=\"500\" srcset=\"https:\/\/i0.wp.com\/cultura.aupex.org\/talleresliterarios\/wp-content\/uploads\/2024\/09\/03.png?w=500&amp;ssl=1 500w, https:\/\/i0.wp.com\/cultura.aupex.org\/talleresliterarios\/wp-content\/uploads\/2024\/09\/03.png?resize=300%2C300&amp;ssl=1 300w, https:\/\/i0.wp.com\/cultura.aupex.org\/talleresliterarios\/wp-content\/uploads\/2024\/09\/03.png?resize=150%2C150&amp;ssl=1 150w, https:\/\/i0.wp.com\/cultura.aupex.org\/talleresliterarios\/wp-content\/uploads\/2024\/09\/03.png?resize=370%2C370&amp;ssl=1 370w, https:\/\/i0.wp.com\/cultura.aupex.org\/talleresliterarios\/wp-content\/uploads\/2024\/09\/03.png?resize=120%2C120&amp;ssl=1 120w\" alt=\"\" \t\tclass=\"so-widget-image\"\/>\n\t<\/div>\n\n<\/div><\/div><\/div><\/div><div id=\"pgc-4-10-3\"  class=\"panel-grid-cell\" ><div id=\"panel-4-10-3-0\" class=\"so-panel widget widget_sow-image panel-first-child panel-last-child\" data-index=\"23\" ><div class=\"panel-widget-style panel-widget-style-for-4-10-3-0\" ><div\n\t\t\t\n\t\t\tclass=\"so-widget-sow-image so-widget-sow-image-default-8b5b6f678277-483\"\n\t\t\t\n\t\t>\n<div class=\"sow-image-container\">\n\t\t<img \n\tsrc=\"https:\/\/i0.wp.com\/cultura.aupex.org\/talleresliterarios\/wp-content\/uploads\/2024\/09\/04.png?fit=500%2C500&amp;ssl=1\" width=\"500\" height=\"500\" srcset=\"https:\/\/i0.wp.com\/cultura.aupex.org\/talleresliterarios\/wp-content\/uploads\/2024\/09\/04.png?w=500&amp;ssl=1 500w, https:\/\/i0.wp.com\/cultura.aupex.org\/talleresliterarios\/wp-content\/uploads\/2024\/09\/04.png?resize=300%2C300&amp;ssl=1 300w, https:\/\/i0.wp.com\/cultura.aupex.org\/talleresliterarios\/wp-content\/uploads\/2024\/09\/04.png?resize=150%2C150&amp;ssl=1 150w, https:\/\/i0.wp.com\/cultura.aupex.org\/talleresliterarios\/wp-content\/uploads\/2024\/09\/04.png?resize=370%2C370&amp;ssl=1 370w, https:\/\/i0.wp.com\/cultura.aupex.org\/talleresliterarios\/wp-content\/uploads\/2024\/09\/04.png?resize=120%2C120&amp;ssl=1 120w\" alt=\"\" \t\tclass=\"so-widget-image\"\/>\n\t<\/div>\n\n<\/div><\/div><\/div><\/div><\/div><div id=\"pg-4-11\"  class=\"panel-grid panel-no-style\" ><div id=\"pgc-4-11-0\"  class=\"panel-grid-cell\" ><div id=\"panel-4-11-0-0\" class=\"so-panel widget widget_sow-image panel-first-child panel-last-child\" data-index=\"24\" ><div class=\"panel-widget-style panel-widget-style-for-4-11-0-0\" ><div\n\t\t\t\n\t\t\tclass=\"so-widget-sow-image so-widget-sow-image-default-8b5b6f678277-483\"\n\t\t\t\n\t\t>\n<div class=\"sow-image-container\">\n\t\t<img \n\tsrc=\"https:\/\/i0.wp.com\/cultura.aupex.org\/talleresliterarios\/wp-content\/uploads\/2024\/09\/05.png?fit=500%2C500&amp;ssl=1\" width=\"500\" height=\"500\" srcset=\"https:\/\/i0.wp.com\/cultura.aupex.org\/talleresliterarios\/wp-content\/uploads\/2024\/09\/05.png?w=500&amp;ssl=1 500w, https:\/\/i0.wp.com\/cultura.aupex.org\/talleresliterarios\/wp-content\/uploads\/2024\/09\/05.png?resize=300%2C300&amp;ssl=1 300w, https:\/\/i0.wp.com\/cultura.aupex.org\/talleresliterarios\/wp-content\/uploads\/2024\/09\/05.png?resize=150%2C150&amp;ssl=1 150w, https:\/\/i0.wp.com\/cultura.aupex.org\/talleresliterarios\/wp-content\/uploads\/2024\/09\/05.png?resize=370%2C370&amp;ssl=1 370w, https:\/\/i0.wp.com\/cultura.aupex.org\/talleresliterarios\/wp-content\/uploads\/2024\/09\/05.png?resize=120%2C120&amp;ssl=1 120w\" alt=\"\" \t\tclass=\"so-widget-image\"\/>\n\t<\/div>\n\n<\/div><\/div><\/div><\/div><div id=\"pgc-4-11-1\"  class=\"panel-grid-cell\" ><div id=\"panel-4-11-1-0\" class=\"so-panel widget widget_sow-image panel-first-child panel-last-child\" data-index=\"25\" ><div class=\"panel-widget-style panel-widget-style-for-4-11-1-0\" ><div\n\t\t\t\n\t\t\tclass=\"so-widget-sow-image so-widget-sow-image-default-8b5b6f678277-483\"\n\t\t\t\n\t\t>\n<div class=\"sow-image-container\">\n\t\t<img \n\tsrc=\"https:\/\/i0.wp.com\/cultura.aupex.org\/talleresliterarios\/wp-content\/uploads\/2024\/09\/06.png?fit=500%2C500&amp;ssl=1\" width=\"500\" height=\"500\" srcset=\"https:\/\/i0.wp.com\/cultura.aupex.org\/talleresliterarios\/wp-content\/uploads\/2024\/09\/06.png?w=500&amp;ssl=1 500w, https:\/\/i0.wp.com\/cultura.aupex.org\/talleresliterarios\/wp-content\/uploads\/2024\/09\/06.png?resize=300%2C300&amp;ssl=1 300w, https:\/\/i0.wp.com\/cultura.aupex.org\/talleresliterarios\/wp-content\/uploads\/2024\/09\/06.png?resize=150%2C150&amp;ssl=1 150w, https:\/\/i0.wp.com\/cultura.aupex.org\/talleresliterarios\/wp-content\/uploads\/2024\/09\/06.png?resize=370%2C370&amp;ssl=1 370w, https:\/\/i0.wp.com\/cultura.aupex.org\/talleresliterarios\/wp-content\/uploads\/2024\/09\/06.png?resize=120%2C120&amp;ssl=1 120w\" alt=\"\" \t\tclass=\"so-widget-image\"\/>\n\t<\/div>\n\n<\/div><\/div><\/div><\/div><div id=\"pgc-4-11-2\"  class=\"panel-grid-cell panel-grid-cell-mobile-last\" ><div id=\"panel-4-11-2-0\" class=\"so-panel widget widget_sow-image panel-first-child panel-last-child\" data-index=\"26\" ><div class=\"panel-widget-style panel-widget-style-for-4-11-2-0\" ><div\n\t\t\t\n\t\t\tclass=\"so-widget-sow-image so-widget-sow-image-default-8b5b6f678277-483\"\n\t\t\t\n\t\t>\n<div class=\"sow-image-container\">\n\t\t<img \n\tsrc=\"https:\/\/i0.wp.com\/cultura.aupex.org\/talleresliterarios\/wp-content\/uploads\/2024\/09\/07.png?fit=500%2C500&amp;ssl=1\" width=\"500\" height=\"500\" srcset=\"https:\/\/i0.wp.com\/cultura.aupex.org\/talleresliterarios\/wp-content\/uploads\/2024\/09\/07.png?w=500&amp;ssl=1 500w, https:\/\/i0.wp.com\/cultura.aupex.org\/talleresliterarios\/wp-content\/uploads\/2024\/09\/07.png?resize=300%2C300&amp;ssl=1 300w, https:\/\/i0.wp.com\/cultura.aupex.org\/talleresliterarios\/wp-content\/uploads\/2024\/09\/07.png?resize=150%2C150&amp;ssl=1 150w, https:\/\/i0.wp.com\/cultura.aupex.org\/talleresliterarios\/wp-content\/uploads\/2024\/09\/07.png?resize=370%2C370&amp;ssl=1 370w, https:\/\/i0.wp.com\/cultura.aupex.org\/talleresliterarios\/wp-content\/uploads\/2024\/09\/07.png?resize=120%2C120&amp;ssl=1 120w\" alt=\"\" \t\tclass=\"so-widget-image\"\/>\n\t<\/div>\n\n<\/div><\/div><\/div><\/div><div id=\"pgc-4-11-3\"  class=\"panel-grid-cell panel-grid-cell-empty\" ><\/div><\/div><div id=\"pg-4-12\"  class=\"panel-grid panel-has-style\" ><div id=\"contacta\" class=\"panel-row-style panel-row-style-for-4-12\" ><div id=\"pgc-4-12-0\"  class=\"panel-grid-cell\" ><div id=\"panel-4-12-0-0\" class=\"so-panel widget widget_sow-editor panel-first-child panel-last-child\" data-index=\"27\" ><div\n\t\t\t\n\t\t\tclass=\"so-widget-sow-editor so-widget-sow-editor-base\"\n\t\t\t\n\t\t>\n<div class=\"siteorigin-widget-tinymce textwidget\">\n\t<hr \/>\n<h1>Contacta<\/h1>\n<hr \/>\n<p>Desde aqu\u00ed puedes mandarnos cualquier sugerencia o cualquier cosa que creas oportuna para, entre todos, mejorar.<\/p>\n<\/div>\n<\/div><\/div><\/div><\/div><\/div><div id=\"pg-4-13\"  class=\"panel-grid panel-no-style\" ><div id=\"pgc-4-13-0\"  class=\"panel-grid-cell\" ><div id=\"panel-4-13-0-0\" class=\"so-panel widget widget_sow-editor panel-first-child\" data-index=\"28\" ><div\n\t\t\t\n\t\t\tclass=\"so-widget-sow-editor so-widget-sow-editor-base\"\n\t\t\t\n\t\t>\n<div class=\"siteorigin-widget-tinymce textwidget\">\n\t<p><strong>AUPEX Badajoz<\/strong><br \/>\nAsociaci\u00f3n de Universidades Populares de Extremadura<br \/>\nVasco Nu\u00f1ex, 31 bajo<br \/>\nBadajoz 06001<br \/>\ntlf: 924207109 ext. 4<\/p>\n<hr \/>\n<p><strong>AUPEX C\u00e1ceres<\/strong><br \/>\nCREOFONTE<br \/>\nPlaza de los Toros, s\/n<br \/>\nCasar de C\u00e1ceres 10190<br \/>\ntlf: 655575991<br \/>\naupex@aupex.org<\/p>\n<\/div>\n<\/div><\/div><div id=\"panel-4-13-0-1\" class=\"so-panel widget widget_sow-google-map panel-last-child\" data-index=\"29\" ><div\n\t\t\t\n\t\t\tclass=\"so-widget-sow-google-map so-widget-sow-google-map-default-83f94ad66ed5-483\"\n\t\t\t\n\t\t>\n<div class=\"sow-google-map-canvas\"\n\tstyle=\"\"\n\tid=\"map-canvas-a4b22c2bcf39240bf6a4ab4e8d7c1a51\"\n\tdata-options=\"{&quot;address&quot;:&quot;Badajoz, Vasco N\\u00fa\\u00f1ez, 31&quot;,&quot;zoom&quot;:12,&quot;mobileZoom&quot;:12,&quot;gestureHandling&quot;:&quot;greedy&quot;,&quot;disableUi&quot;:false,&quot;markerIcon&quot;:false,&quot;markersDraggable&quot;:false,&quot;markerAtCenter&quot;:true,&quot;markerInfoDisplay&quot;:&quot;click&quot;,&quot;markerInfoMultiple&quot;:true,&quot;markerPositions&quot;:false,&quot;mapName&quot;:false,&quot;mapStyles&quot;:false,&quot;directions&quot;:&quot;&quot;,&quot;apiKey&quot;:&quot;AIzaSyD7bS3NmD-Ai0vaT7L-BvIBkWzE_ZDk5sE&quot;,&quot;breakpoint&quot;:780,&quot;id&quot;:&quot;69f72b&quot;}\"\n\tdata-fallback-image=\"{&quot;img&quot;:&quot;&quot;}\"><\/div>\n<\/div><\/div><\/div><div id=\"pgc-4-13-1\"  class=\"panel-grid-cell\" ><div id=\"panel-4-13-1-0\" class=\"so-panel widget widget_sow-contact-form panel-first-child\" data-index=\"30\" ><div\n\t\t\t\n\t\t\tclass=\"so-widget-sow-contact-form so-widget-sow-contact-form-default-1dceae4ce411-483\"\n\t\t\t\n\t\t>\t<form\n\t\taction=\"\/talleresliterarios\/index.php\/wp-json\/wp\/v2\/pages\/4\"\n\t\tmethod=\"POST\"\n\t\tclass=\"sow-contact-form\"\n\t\tid=\"contact-form-fe25\"\n\t>\n\n\t\t\n\t\t\t\t\t<div class=\"sow-form-field sow-form-field-name\">\n\t\t\t\t<label class=\"sow-form-field-label-above\" for=\"sow-contact-form-field-nombre-1\">\n\t\t\t\t<strong>\n\t\t\t\t\tNombre\t\t\t\t\t\t\t\t\t<\/strong>\n\t\t\t<\/label>\n\t\t\t\t\t\t\t<div class=\"sow-field-container\">\n\t\t\t\t\t\t\t<input\n\t\t\ttype=\"text\"\n\t\t\tname=\"nombre-1\"\n\t\t\tid=\"sow-contact-form-field-nombre-1\"\n\t\t\tvalue=\"\"\n\t\t\tclass=\"sow-text-field\"\n\t\t\t\t\t\t\t\t\/>\n\t\t\t\t\t\t<\/div>\n\t\t\t\t\t\t\t<\/div>\n\t\t\t\t\t\t<div class=\"sow-form-field sow-form-field-email\">\n\t\t\t\t<label class=\"sow-form-field-label-above\" for=\"sow-contact-form-field-email-1\">\n\t\t\t\t<strong>\n\t\t\t\t\tEmail\t\t\t\t\t\t\t\t\t<\/strong>\n\t\t\t<\/label>\n\t\t\t\t\t\t\t<div class=\"sow-field-container\">\n\t\t\t\t\t\t\t<input\n\t\t\ttype=\"email\"\n\t\t\tname=\"email-1\"\n\t\t\tid=\"sow-contact-form-field-email-1\"\n\t\t\tvalue=\"\"\n\t\t\tclass=\"sow-text-field\"\t\t\t\t\t\t\t\t\/>\n\t\t\t\t\t\t<\/div>\n\t\t\t\t\t\t\t<\/div>\n\t\t\t\t\t\t<div class=\"sow-form-field sow-form-field-subject\">\n\t\t\t\t<label class=\"sow-form-field-label-above\" for=\"sow-contact-form-field-asunto-1\">\n\t\t\t\t<strong>\n\t\t\t\t\tAsunto\t\t\t\t\t\t\t\t\t<\/strong>\n\t\t\t<\/label>\n\t\t\t\t\t\t\t<div class=\"sow-field-container\">\n\t\t\t\t\t\t\t<input\n\t\t\ttype=\"text\"\n\t\t\tname=\"asunto-1\"\n\t\t\tid=\"sow-contact-form-field-asunto-1\"\n\t\t\tvalue=\"\"\n\t\t\tclass=\"sow-text-field\"\n\t\t\t\t\t\t\t\t\/>\n\t\t\t\t\t\t<\/div>\n\t\t\t\t\t\t\t<\/div>\n\t\t\t\t\t\t<div class=\"sow-form-field sow-form-field-textarea\">\n\t\t\t\t<label class=\"sow-form-field-label-above\" for=\"sow-contact-form-field-mensaje-1\">\n\t\t\t\t<strong>\n\t\t\t\t\tMensaje\t\t\t\t\t\t\t\t\t<\/strong>\n\t\t\t<\/label>\n\t\t\t\t\t\t\t<div class=\"sow-field-container\">\n\t\t\t\t\t\t\t<textarea\n\t\t\tname=\"mensaje-1\"\n\t\t\tid=\"sow-contact-form-field-mensaje-1\"\n\t\t\trows=\"10\"\n\t\t\t\t\t\t\t\t><\/textarea>\n\t\t\t\t\t\t<\/div>\n\t\t\t\t\t\t\t<\/div>\n\t\t\t\n\t\t\t\t\t<div class=\"sow-recaptcha\"\n\t\t\t\t\t\t\t\t\tdata-config=\"{&quot;sitekey&quot;:&quot;6Lc760cUAAAAACxNgc148ZU8I1jY_8APwNTkUCrW&quot;,&quot;theme&quot;:&quot;light&quot;,&quot;type&quot;:&quot;image&quot;,&quot;size&quot;:&quot;normal&quot;}\"\n\t\t\t\t\t\t\t><\/div>\n\t\t\t\n\t\t<div class=\"sow-submit-wrapper \n\t\tsow-submit-styled\t\t\">\n\n\t\t\t<button\n\t\t\t\ttype=\"submit\"\n\t\t\t\tclass=\"sow-submit\n\t\t\t\t\t\t\t\t\"\n\t\t\t\t\t\t\t>\n\t\t\t\tEnviar\t\t\t<\/button>\n\t\t<\/div>\n\t\t\t\t<input\n\t\t\ttype=\"hidden\"\n\t\t\tname=\"instance_hash-1\"\n\t\t\tvalue=\"fe255b97\"\n\t\t\/>\n\n\t\t<input type=\"hidden\" id=\"_wpnonce\" name=\"_wpnonce\" value=\"2e8a36dc2c\" \/><input type=\"hidden\" name=\"_wp_http_referer\" value=\"\/talleresliterarios\/index.php\/wp-json\/wp\/v2\/pages\/4\" \/>\t<\/form>\n\t<\/div><\/div><div id=\"panel-4-13-1-1\" class=\"so-panel widget widget_text panel-last-child\" data-index=\"31\" >\t\t\t<div class=\"textwidget\"><p><a href=\"https:\/\/www.aupex.org\/politica-privacidad.php\" target=\"_blank\" rel=\"noopener\">Pol\u00edtica de privacidad<\/a><\/p>\n<\/div>\n\t\t<\/div><\/div><\/div><\/div>","protected":false},"excerpt":{"rendered":"<p>Actualidad La Red Regional de Talleres Literarios, hace posible el desarrollo de la sensibilidad literaria a trav\u00e9s del conocimiento, la pr\u00e1ctica, la creaci\u00f3n y la participaci\u00f3n en localidades extreme\u00f1as que carecen de esta oferta cultural o que est\u00e1n alejadas de grandes n\u00facleos de poblaci\u00f3n, en donde es m\u00e1s f\u00e1cil encontrar ambientes creativos y art\u00edsticos. Con [&hellip;]<\/p>\n","protected":false},"author":1,"featured_media":0,"parent":0,"menu_order":0,"comment_status":"closed","ping_status":"closed","template":"","meta":{"jetpack_post_was_ever_published":false,"footnotes":""},"class_list":["post-4","page","type-page","status-publish","hentry"],"jetpack_sharing_enabled":true,"jetpack_shortlink":"https:\/\/wp.me\/PaMDlf-4","jetpack-related-posts":[],"_links":{"self":[{"href":"https:\/\/cultura.aupex.org\/talleresliterarios\/index.php\/wp-json\/wp\/v2\/pages\/4","targetHints":{"allow":["GET"]}}],"collection":[{"href":"https:\/\/cultura.aupex.org\/talleresliterarios\/index.php\/wp-json\/wp\/v2\/pages"}],"about":[{"href":"https:\/\/cultura.aupex.org\/talleresliterarios\/index.php\/wp-json\/wp\/v2\/types\/page"}],"author":[{"embeddable":true,"href":"https:\/\/cultura.aupex.org\/talleresliterarios\/index.php\/wp-json\/wp\/v2\/users\/1"}],"replies":[{"embeddable":true,"href":"https:\/\/cultura.aupex.org\/talleresliterarios\/index.php\/wp-json\/wp\/v2\/comments?post=4"}],"version-history":[{"count":214,"href":"https:\/\/cultura.aupex.org\/talleresliterarios\/index.php\/wp-json\/wp\/v2\/pages\/4\/revisions"}],"predecessor-version":[{"id":626,"href":"https:\/\/cultura.aupex.org\/talleresliterarios\/index.php\/wp-json\/wp\/v2\/pages\/4\/revisions\/626"}],"wp:attachment":[{"href":"https:\/\/cultura.aupex.org\/talleresliterarios\/index.php\/wp-json\/wp\/v2\/media?parent=4"}],"curies":[{"name":"wp","href":"https:\/\/api.w.org\/{rel}","templated":true}]}}