{"id":1255,"date":"2023-03-29T07:30:00","date_gmt":"2023-03-29T07:30:00","guid":{"rendered":"https:\/\/cultura.aupex.org\/operarural\/?page_id=1255"},"modified":"2026-01-14T13:19:02","modified_gmt":"2026-01-14T13:19:02","slug":"opera-rural","status":"publish","type":"page","link":"https:\/\/cultura.aupex.org\/operarural\/","title":{"rendered":"\u00d3pera Rural"},"content":{"rendered":"\t\t<div data-elementor-type=\"wp-page\" data-elementor-id=\"1255\" class=\"elementor elementor-1255\">\n\t\t\t\t\t\t<section class=\"elementor-section elementor-top-section elementor-element elementor-element-b4bd8cb elementor-hidden-desktop elementor-hidden-tablet elementor-hidden-mobile elementor-section-boxed elementor-section-height-default elementor-section-height-default\" data-id=\"b4bd8cb\" data-element_type=\"section\" data-e-type=\"section\" data-settings=\"{&quot;background_background&quot;:&quot;video&quot;,&quot;background_video_link&quot;:&quot;https:\\\/\\\/youtu.be\\\/S8IbZ8338rs&quot;,&quot;background_video_start&quot;:438,&quot;background_video_end&quot;:460,&quot;background_play_on_mobile&quot;:&quot;yes&quot;}\">\n\t\t\t\t\t\t\t\t<div class=\"elementor-background-video-container\">\n\t\t\t\t\t\t\t\t\t\t\t\t\t<div class=\"elementor-background-video-embed\" role=\"presentation\"><\/div>\n\t\t\t\t\t\t\t\t\t\t\t\t<\/div>\n\t\t\t\t\t\t\t\t\t<div class=\"elementor-background-overlay\"><\/div>\n\t\t\t\t\t\t\t<div class=\"elementor-container elementor-column-gap-no\">\n\t\t\t\t\t<div class=\"elementor-column elementor-col-33 elementor-top-column elementor-element elementor-element-0718eb4\" data-id=\"0718eb4\" data-element_type=\"column\" data-e-type=\"column\">\n\t\t\t<div class=\"elementor-widget-wrap\">\n\t\t\t\t\t\t\t<\/div>\n\t\t<\/div>\n\t\t\t\t<div class=\"elementor-column elementor-col-33 elementor-top-column elementor-element elementor-element-379640d\" data-id=\"379640d\" data-element_type=\"column\" data-e-type=\"column\">\n\t\t\t<div class=\"elementor-widget-wrap\">\n\t\t\t\t\t\t\t<\/div>\n\t\t<\/div>\n\t\t\t\t<div class=\"elementor-column elementor-col-33 elementor-top-column elementor-element elementor-element-ff4c85c\" data-id=\"ff4c85c\" data-element_type=\"column\" data-e-type=\"column\">\n\t\t\t<div class=\"elementor-widget-wrap\">\n\t\t\t\t\t\t\t<\/div>\n\t\t<\/div>\n\t\t\t\t\t<\/div>\n\t\t<\/section>\n\t\t\t\t<section class=\"elementor-section elementor-top-section elementor-element elementor-element-27dfc3b3 elementor-section-content-middle elementor-section-full_width elementor-section-height-default elementor-section-height-default\" data-id=\"27dfc3b3\" data-element_type=\"section\" data-e-type=\"section\" data-settings=\"{&quot;background_background&quot;:&quot;classic&quot;,&quot;shape_divider_bottom&quot;:&quot;opacity-tilt&quot;}\">\n\t\t\t\t\t<div class=\"elementor-shape elementor-shape-bottom\" aria-hidden=\"true\" data-negative=\"false\">\n\t\t\t<svg xmlns=\"http:\/\/www.w3.org\/2000\/svg\" viewBox=\"0 0 2600 131.1\" preserveAspectRatio=\"none\">\n\t<path class=\"elementor-shape-fill\" d=\"M0 0L2600 0 2600 69.1 0 0z\"\/>\n\t<path class=\"elementor-shape-fill\" style=\"opacity:0.5\" d=\"M0 0L2600 0 2600 69.1 0 69.1z\"\/>\n\t<path class=\"elementor-shape-fill\" style=\"opacity:0.25\" d=\"M2600 0L0 0 0 130.1 2600 69.1z\"\/>\n<\/svg>\t\t<\/div>\n\t\t\t\t\t<div class=\"elementor-container elementor-column-gap-no\">\n\t\t\t\t\t<div class=\"elementor-column elementor-col-100 elementor-top-column elementor-element elementor-element-1c1745d1\" data-id=\"1c1745d1\" data-element_type=\"column\" data-e-type=\"column\">\n\t\t\t<div class=\"elementor-widget-wrap elementor-element-populated\">\n\t\t\t\t\t\t<div class=\"elementor-element elementor-element-98287d0 elementor-widget elementor-widget-spacer\" data-id=\"98287d0\" data-element_type=\"widget\" data-e-type=\"widget\" data-widget_type=\"spacer.default\">\n\t\t\t\t<div class=\"elementor-widget-container\">\n\t\t\t\t\t\t\t<div class=\"elementor-spacer\">\n\t\t\t<div class=\"elementor-spacer-inner\"><\/div>\n\t\t<\/div>\n\t\t\t\t\t\t<\/div>\n\t\t\t\t<\/div>\n\t\t\t\t\t<\/div>\n\t\t<\/div>\n\t\t\t\t\t<\/div>\n\t\t<\/section>\n\t\t\t\t<section class=\"elementor-section elementor-top-section elementor-element elementor-element-b8ec043 elementor-section-boxed elementor-section-height-default elementor-section-height-default\" data-id=\"b8ec043\" data-element_type=\"section\" data-e-type=\"section\" data-settings=\"{&quot;background_background&quot;:&quot;gradient&quot;}\">\n\t\t\t\t\t\t\t<div class=\"elementor-background-overlay\"><\/div>\n\t\t\t\t\t\t\t<div class=\"elementor-container elementor-column-gap-no\">\n\t\t\t\t\t<div class=\"elementor-column elementor-col-33 elementor-top-column elementor-element elementor-element-c7f7e92\" data-id=\"c7f7e92\" data-element_type=\"column\" data-e-type=\"column\">\n\t\t\t<div class=\"elementor-widget-wrap elementor-element-populated\">\n\t\t\t\t\t\t<div class=\"elementor-element elementor-element-1cf0f96 elementor-widget__width-initial elementor-widget elementor-widget-image\" data-id=\"1cf0f96\" data-element_type=\"widget\" data-e-type=\"widget\" data-widget_type=\"image.default\">\n\t\t\t\t<div class=\"elementor-widget-container\">\n\t\t\t\t\t\t\t\t\t\t\t\t\t\t\t<img fetchpriority=\"high\" decoding=\"async\" width=\"800\" height=\"773\" src=\"https:\/\/cultura.aupex.org\/operarural\/wp-content\/uploads\/2023\/02\/OR_Logo-1024x990.png\" class=\"attachment-large size-large wp-image-1978\" alt=\"\" srcset=\"https:\/\/cultura.aupex.org\/operarural\/wp-content\/uploads\/2023\/02\/OR_Logo-1024x990.png 1024w, https:\/\/cultura.aupex.org\/operarural\/wp-content\/uploads\/2023\/02\/OR_Logo-600x580.png 600w, https:\/\/cultura.aupex.org\/operarural\/wp-content\/uploads\/2023\/02\/OR_Logo-300x290.png 300w, https:\/\/cultura.aupex.org\/operarural\/wp-content\/uploads\/2023\/02\/OR_Logo-768x743.png 768w, https:\/\/cultura.aupex.org\/operarural\/wp-content\/uploads\/2023\/02\/OR_Logo-1536x1485.png 1536w, https:\/\/cultura.aupex.org\/operarural\/wp-content\/uploads\/2023\/02\/OR_Logo-2048x1980.png 2048w\" sizes=\"(max-width: 800px) 100vw, 800px\" \/>\t\t\t\t\t\t\t\t\t\t\t\t\t\t\t<\/div>\n\t\t\t\t<\/div>\n\t\t\t\t<div class=\"elementor-element elementor-element-63a0df7 elementor-widget elementor-widget-image\" data-id=\"63a0df7\" data-element_type=\"widget\" data-e-type=\"widget\" data-widget_type=\"image.default\">\n\t\t\t\t<div class=\"elementor-widget-container\">\n\t\t\t\t\t\t\t\t\t\t\t\t\t\t\t\t<a href=\"https:\/\/cultura.aupex.org\/operarural\/wp-content\/uploads\/2025\/07\/cartel_operarural_A3-scaled.jpg\" data-elementor-open-lightbox=\"yes\" data-elementor-lightbox-title=\"cartel_operarural_A3\" data-e-action-hash=\"#elementor-action%3Aaction%3Dlightbox%26settings%3DeyJpZCI6NDY3NiwidXJsIjoiaHR0cHM6XC9cL2N1bHR1cmEuYXVwZXgub3JnXC9vcGVyYXJ1cmFsXC93cC1jb250ZW50XC91cGxvYWRzXC8yMDI1XC8wN1wvY2FydGVsX29wZXJhcnVyYWxfQTMtc2NhbGVkLmpwZyJ9\">\n\t\t\t\t\t\t\t<img decoding=\"async\" src=\"https:\/\/cultura.aupex.org\/operarural\/wp-content\/uploads\/elementor\/thumbs\/cartel_operarural_A3-scaled-r87k0ap9id0fooul4sows9k956dk2j05qklbsorpu8.jpg\" title=\"cartel_operarural_A3\" alt=\"cartel_operarural_A3\" loading=\"lazy\" \/>\t\t\t\t\t\t\t\t<\/a>\n\t\t\t\t\t\t\t\t\t\t\t\t\t\t\t<\/div>\n\t\t\t\t<\/div>\n\t\t\t\t\t<\/div>\n\t\t<\/div>\n\t\t\t\t<div class=\"elementor-column elementor-col-33 elementor-top-column elementor-element elementor-element-e81e4b5\" data-id=\"e81e4b5\" data-element_type=\"column\" data-e-type=\"column\">\n\t\t\t<div class=\"elementor-widget-wrap\">\n\t\t\t\t\t\t\t<\/div>\n\t\t<\/div>\n\t\t\t\t<div class=\"elementor-column elementor-col-33 elementor-top-column elementor-element elementor-element-cdcd482\" data-id=\"cdcd482\" data-element_type=\"column\" data-e-type=\"column\">\n\t\t\t<div class=\"elementor-widget-wrap elementor-element-populated\">\n\t\t\t\t\t\t<div class=\"elementor-element elementor-element-533be9e elementor-widget elementor-widget-text-editor\" data-id=\"533be9e\" data-element_type=\"widget\" data-e-type=\"widget\" data-widget_type=\"text-editor.default\">\n\t\t\t\t<div class=\"elementor-widget-container\">\n\t\t\t\t\t\t\t\t\t<p>Con dos ediciones a sus espaldas, \u00d3pera Rural, el proyecto de sensibilizaci\u00f3n y difusi\u00f3n de la \u00f3pera en el \u00e1mbito rural impulsado por AUPEX y la Diputaci\u00f3n de Badajoz, se ha consolidado como una de las propuestas art\u00edsticas, divulgativas y culturales de mayor impacto en la poblaci\u00f3n rural extreme\u00f1a. Por tercer a\u00f1o consecutivo, y tras el \u00e9xito cosechado por el proyecto en ediciones anteriores, AUPEX plantea acciones y actividades en torno a la \u00f3pera desde una perspectiva participativa, comunitaria, inclusiva y sostenible.<\/p>\t\t\t\t\t\t\t\t<\/div>\n\t\t\t\t<\/div>\n\t\t\t\t<div class=\"elementor-element elementor-element-9705a71 elementor-widget elementor-widget-text-editor\" data-id=\"9705a71\" data-element_type=\"widget\" data-e-type=\"widget\" data-widget_type=\"text-editor.default\">\n\t\t\t\t<div class=\"elementor-widget-container\">\n\t\t\t\t\t\t\t\t\t<p>Este a\u00f1o el programa se acerca a la Mancomunidad de la Serena &#8211; Vegas Altas,teniendo como como acompa\u00f1amiento a la representaci\u00f3n de Una noche en la \u00f3pera, dentro del programa \u00d3pera Rural de AUPEX y en el marco del Plan de acci\u00f3n cultural en la provincia de Badajoz que desarrolla AUPEX en colaboraci\u00f3n con la Diputaci\u00f3n de Badajoz.<\/p>\t\t\t\t\t\t\t\t<\/div>\n\t\t\t\t<\/div>\n\t\t\t\t<div class=\"elementor-element elementor-element-416704f elementor-widget elementor-widget-text-editor\" data-id=\"416704f\" data-element_type=\"widget\" data-e-type=\"widget\" data-widget_type=\"text-editor.default\">\n\t\t\t\t<div class=\"elementor-widget-container\">\n\t\t\t\t\t\t\t\t\t<p>De este modo, \u00d3pera Rural no s\u00f3lo lleva la \u00f3pera a aquellos lugares en los que habitualmente no se ofrece, sino que adem\u00e1s crea din\u00e1micas de participaci\u00f3n que involucran a la poblaci\u00f3n en la producci\u00f3n a trav\u00e9s de propuestas relacionadas con la misma, como pueden ser las diversas convocatorias, charlas, talleres y pr\u00e1cticas in situ. El objetivo es facilitar la participaci\u00f3n activa de todas las personas en acciones relacionadas con la l\u00edrica en la provincia de Badajoz.<\/p>\t\t\t\t\t\t\t\t<\/div>\n\t\t\t\t<\/div>\n\t\t\t\t<div class=\"elementor-element elementor-element-1764ce6 elementor-widget elementor-widget-text-editor\" data-id=\"1764ce6\" data-element_type=\"widget\" data-e-type=\"widget\" data-widget_type=\"text-editor.default\">\n\t\t\t\t<div class=\"elementor-widget-container\">\n\t\t\t\t\t\t\t\t\t<p>Este a\u00f1o el programa se acerca a la Mancomunidad de la Serena &#8211; Vegas Altas, teniendo a Valdivia como localidad principal y acogedora tanto del montaje art\u00edstico musical, como de actividades educativas, formativas y divulgativas que llegar\u00e1n a toda la poblaci\u00f3n. El programa tambi\u00e9n incluye actividades de acercamiento y difusi\u00f3n en los municipios de Zurbar\u00e1n, Enterr\u00edos y Villanueva de la Serena, y convocatorias abiertas al cualquier persona de la provincia. El proyecto culminar\u00e1 con la representaci\u00f3n de la \u00f3pera el d\u00eda 22 de noviembre, en la Casa de la Cultura de Valdivia (Badajoz). La obra elegida este a\u00f1o es Una noche en la \u00f3pera, escrita y dirigida por \u00c1ngel Jim\u00e9nez, una divertida y elegante producci\u00f3n l\u00edrica ambientada en el Nueva York de 1934, que combina escenas c\u00e9lebres de la \u00f3pera bufa con personajes de la Comedia del Arte. Un espect\u00e1culo en tres actos, pensado para emocionar y acercar el bel canto al p\u00fablico general, con m\u00fasica de Mozart, Rossini o Donizetti y una cuidada puesta en escena.<\/p>\t\t\t\t\t\t\t\t<\/div>\n\t\t\t\t<\/div>\n\t\t\t\t\t<\/div>\n\t\t<\/div>\n\t\t\t\t\t<\/div>\n\t\t<\/section>\n\t\t\t\t<section class=\"elementor-section elementor-top-section elementor-element elementor-element-37812fc elementor-section-boxed elementor-section-height-default elementor-section-height-default\" data-id=\"37812fc\" data-element_type=\"section\" data-e-type=\"section\" data-settings=\"{&quot;background_background&quot;:&quot;video&quot;,&quot;background_video_link&quot;:&quot;https:\\\/\\\/cultura.aupex.org\\\/operarural\\\/wp-content\\\/uploads\\\/2023\\\/03\\\/video-opera.mp4&quot;,&quot;background_video_start&quot;:30,&quot;background_video_end&quot;:50,&quot;background_play_on_mobile&quot;:&quot;yes&quot;}\">\n\t\t\t\t\t\t\t\t<div class=\"elementor-background-video-container\">\n\t\t\t\t\t\t\t\t\t\t\t\t\t<video class=\"elementor-background-video-hosted\" role=\"presentation\" autoplay muted playsinline loop><\/video>\n\t\t\t\t\t\t\t\t\t\t\t<\/div>\n\t\t\t\t\t\t\t\t\t<div class=\"elementor-background-overlay\"><\/div>\n\t\t\t\t\t\t\t<div class=\"elementor-container elementor-column-gap-no\">\n\t\t\t\t\t<div class=\"elementor-column elementor-col-100 elementor-top-column elementor-element elementor-element-099ae03\" data-id=\"099ae03\" data-element_type=\"column\" data-e-type=\"column\">\n\t\t\t<div class=\"elementor-widget-wrap elementor-element-populated\">\n\t\t\t\t\t\t<div class=\"elementor-element elementor-element-0ca21ff elementor-widget elementor-widget-video\" data-id=\"0ca21ff\" data-element_type=\"widget\" data-e-type=\"widget\" data-settings=\"{&quot;youtube_url&quot;:&quot;https:\\\/\\\/youtu.be\\\/66rZb3PCRb8&quot;,&quot;video_type&quot;:&quot;youtube&quot;,&quot;controls&quot;:&quot;yes&quot;}\" data-widget_type=\"video.default\">\n\t\t\t\t<div class=\"elementor-widget-container\">\n\t\t\t\t\t\t\t<div class=\"elementor-wrapper elementor-open-inline\">\n\t\t\t<div class=\"elementor-video\"><\/div>\t\t<\/div>\n\t\t\t\t\t\t<\/div>\n\t\t\t\t<\/div>\n\t\t\t\t\t<\/div>\n\t\t<\/div>\n\t\t\t\t\t<\/div>\n\t\t<\/section>\n\t\t\t\t<section class=\"elementor-section elementor-top-section elementor-element elementor-element-2510e1c elementor-section-boxed elementor-section-height-default elementor-section-height-default\" data-id=\"2510e1c\" data-element_type=\"section\" data-e-type=\"section\">\n\t\t\t\t\t\t<div class=\"elementor-container elementor-column-gap-default\">\n\t\t\t\t\t<div class=\"elementor-column elementor-col-100 elementor-top-column elementor-element elementor-element-fd6dd74\" data-id=\"fd6dd74\" data-element_type=\"column\" data-e-type=\"column\">\n\t\t\t<div class=\"elementor-widget-wrap elementor-element-populated\">\n\t\t\t\t\t\t<section class=\"elementor-section elementor-inner-section elementor-element elementor-element-38f4a43 elementor-section-full_width elementor-section-content-middle elementor-section-height-default elementor-section-height-default\" data-id=\"38f4a43\" data-element_type=\"section\" data-e-type=\"section\" data-settings=\"{&quot;background_background&quot;:&quot;classic&quot;}\">\n\t\t\t\t\t\t<div class=\"elementor-container elementor-column-gap-no\">\n\t\t\t\t\t<div class=\"elementor-column elementor-col-50 elementor-inner-column elementor-element elementor-element-7292531\" data-id=\"7292531\" data-element_type=\"column\" data-e-type=\"column\">\n\t\t\t<div class=\"elementor-widget-wrap elementor-element-populated\">\n\t\t\t\t\t\t<div class=\"elementor-element elementor-element-b1c1afd elementor-widget__width-initial elementor-widget elementor-widget-text-editor\" data-id=\"b1c1afd\" data-element_type=\"widget\" data-e-type=\"widget\" data-widget_type=\"text-editor.default\">\n\t\t\t\t<div class=\"elementor-widget-container\">\n\t\t\t\t\t\t\t\t\t<p>\u00d3pera Rural supone un paso m\u00e1s en la tarea ya emprendida por la Diputaci\u00f3n de Badajoz con su proyecto \u00d3pera joven, llevando la \u00f3pera a zonas rurales que habitualmente no disfrutan de este tipo de oferta cultural e invitando a la poblaci\u00f3n de estas localidades a conocer, participar y disfrutar de la l\u00edrica.<\/p><p>Uno de sus objetivos estrat\u00e9gicos es la sensibilizaci\u00f3n y el acercamiento de la \u00f3pera a la ciudadan\u00eda como proyecto vertebrador de las artes. Para ello, este a\u00f1o se han puesto en marcha diferentes actividades cuyo objetivo es acercar el conocimiento de la \u00f3pera desde distintas perspectivas y de manera integral entre la poblaci\u00f3n, partiendo desde la propia obra propuesta de espect\u00e1culo (que incluye fragmentos de distintas \u00f3peras bufas), adem\u00e1s de promover actividades que favorezcan el conocimiento de dichas \u00f3peras y los personajes de la comedia del arte, ya sea a trav\u00e9s de la ilustraci\u00f3n, la edici\u00f3n, la m\u00fasica, el cuento o el encuentro con artistas y especialistas en \u00f3pera. Adem\u00e1s, este a\u00f1o se incluye la posibilidad de asistir a \u201censayos abiertos\u201d con la finalidad de conocer c\u00f3mo es el trabajo de los profesionales implicados desde dentro.<\/p><p>Estas actividades paralelas est\u00e1n abiertas a todos los sectores de la poblaci\u00f3n y se desarrollar\u00e1n en las localidades indicadas entre los meses de septiembre y noviembre de 2025.<\/p>\t\t\t\t\t\t\t\t<\/div>\n\t\t\t\t<\/div>\n\t\t\t\t\t<\/div>\n\t\t<\/div>\n\t\t\t\t<div class=\"elementor-column elementor-col-50 elementor-inner-column elementor-element elementor-element-d3398ec\" data-id=\"d3398ec\" data-element_type=\"column\" data-e-type=\"column\">\n\t\t\t<div class=\"elementor-widget-wrap elementor-element-populated\">\n\t\t\t\t\t\t<div class=\"elementor-element elementor-element-298a258 elementor-widget elementor-widget-image\" data-id=\"298a258\" data-element_type=\"widget\" data-e-type=\"widget\" data-widget_type=\"image.default\">\n\t\t\t\t<div class=\"elementor-widget-container\">\n\t\t\t\t\t\t\t\t\t\t\t\t\t\t\t<img decoding=\"async\" width=\"800\" height=\"773\" src=\"https:\/\/cultura.aupex.org\/operarural\/wp-content\/uploads\/2023\/02\/ORLogo-1024x990.png\" class=\"attachment-large size-large wp-image-1966\" alt=\"\" srcset=\"https:\/\/cultura.aupex.org\/operarural\/wp-content\/uploads\/2023\/02\/ORLogo-1024x990.png 1024w, https:\/\/cultura.aupex.org\/operarural\/wp-content\/uploads\/2023\/02\/ORLogo-600x580.png 600w, https:\/\/cultura.aupex.org\/operarural\/wp-content\/uploads\/2023\/02\/ORLogo-300x290.png 300w, https:\/\/cultura.aupex.org\/operarural\/wp-content\/uploads\/2023\/02\/ORLogo-768x742.png 768w\" sizes=\"(max-width: 800px) 100vw, 800px\" \/>\t\t\t\t\t\t\t\t\t\t\t\t\t\t\t<\/div>\n\t\t\t\t<\/div>\n\t\t\t\t\t<\/div>\n\t\t<\/div>\n\t\t\t\t\t<\/div>\n\t\t<\/section>\n\t\t\t\t<section class=\"elementor-section elementor-inner-section elementor-element elementor-element-5da9e94 elementor-section-boxed elementor-section-height-default elementor-section-height-default\" data-id=\"5da9e94\" data-element_type=\"section\" data-e-type=\"section\" data-settings=\"{&quot;background_background&quot;:&quot;classic&quot;}\">\n\t\t\t\t\t\t<div class=\"elementor-container elementor-column-gap-no\">\n\t\t\t\t\t<div class=\"elementor-column elementor-col-100 elementor-inner-column elementor-element elementor-element-e8c4006\" data-id=\"e8c4006\" data-element_type=\"column\" data-e-type=\"column\">\n\t\t\t<div class=\"elementor-widget-wrap elementor-element-populated\">\n\t\t\t\t\t\t<div class=\"elementor-element elementor-element-32fdc30 elementor-widget elementor-widget-heading\" data-id=\"32fdc30\" data-element_type=\"widget\" data-e-type=\"widget\" data-widget_type=\"heading.default\">\n\t\t\t\t<div class=\"elementor-widget-container\">\n\t\t\t\t\t<h2 class=\"elementor-heading-title elementor-size-default\">Estreno<\/h2>\t\t\t\t<\/div>\n\t\t\t\t<\/div>\n\t\t\t\t<div class=\"elementor-element elementor-element-8a1412a elementor-widget-divider--view-line elementor-widget elementor-widget-divider\" data-id=\"8a1412a\" data-element_type=\"widget\" data-e-type=\"widget\" data-widget_type=\"divider.default\">\n\t\t\t\t<div class=\"elementor-widget-container\">\n\t\t\t\t\t\t\t<div class=\"elementor-divider\">\n\t\t\t<span class=\"elementor-divider-separator\">\n\t\t\t\t\t\t<\/span>\n\t\t<\/div>\n\t\t\t\t\t\t<\/div>\n\t\t\t\t<\/div>\n\t\t\t\t\t<\/div>\n\t\t<\/div>\n\t\t\t\t\t<\/div>\n\t\t<\/section>\n\t\t\t\t<section class=\"elementor-section elementor-inner-section elementor-element elementor-element-7311d91 elementor-section-content-top elementor-section-boxed elementor-section-height-default elementor-section-height-default\" data-id=\"7311d91\" data-element_type=\"section\" data-e-type=\"section\" data-settings=\"{&quot;background_background&quot;:&quot;classic&quot;}\">\n\t\t\t\t\t\t<div class=\"elementor-container elementor-column-gap-wide\">\n\t\t\t\t\t<div class=\"elementor-column elementor-col-50 elementor-inner-column elementor-element elementor-element-9a8d493\" data-id=\"9a8d493\" data-element_type=\"column\" data-e-type=\"column\" data-settings=\"{&quot;background_background&quot;:&quot;classic&quot;}\">\n\t\t\t<div class=\"elementor-widget-wrap elementor-element-populated\">\n\t\t\t\t\t\t<div class=\"elementor-element elementor-element-c59f3ca elementor-widget elementor-widget-spacer\" data-id=\"c59f3ca\" data-element_type=\"widget\" data-e-type=\"widget\" data-widget_type=\"spacer.default\">\n\t\t\t\t<div class=\"elementor-widget-container\">\n\t\t\t\t\t\t\t<div class=\"elementor-spacer\">\n\t\t\t<div class=\"elementor-spacer-inner\"><\/div>\n\t\t<\/div>\n\t\t\t\t\t\t<\/div>\n\t\t\t\t<\/div>\n\t\t\t\t<div class=\"elementor-element elementor-element-adc2188 elementor-widget elementor-widget-image\" data-id=\"adc2188\" data-element_type=\"widget\" data-e-type=\"widget\" data-widget_type=\"image.default\">\n\t\t\t\t<div class=\"elementor-widget-container\">\n\t\t\t\t\t\t\t\t\t\t\t\t\t\t\t\t<a href=\"https:\/\/cultura.aupex.org\/operarural\/wp-content\/uploads\/2025\/06\/I-CONVOCATORIA-ILUSTRACION-OPERA-PRINTS.pdf\" target=\"_blank\">\n\t\t\t\t\t\t\t<img decoding=\"async\" width=\"717\" height=\"1024\" src=\"https:\/\/cultura.aupex.org\/operarural\/wp-content\/uploads\/2025\/11\/OR25_CARTEL-UNA-NOCHE-EN-LA-OPERA-717x1024.jpg\" class=\"attachment-large size-large wp-image-4742\" alt=\"\" srcset=\"https:\/\/cultura.aupex.org\/operarural\/wp-content\/uploads\/2025\/11\/OR25_CARTEL-UNA-NOCHE-EN-LA-OPERA-717x1024.jpg 717w, https:\/\/cultura.aupex.org\/operarural\/wp-content\/uploads\/2025\/11\/OR25_CARTEL-UNA-NOCHE-EN-LA-OPERA-210x300.jpg 210w, https:\/\/cultura.aupex.org\/operarural\/wp-content\/uploads\/2025\/11\/OR25_CARTEL-UNA-NOCHE-EN-LA-OPERA-768x1097.jpg 768w, https:\/\/cultura.aupex.org\/operarural\/wp-content\/uploads\/2025\/11\/OR25_CARTEL-UNA-NOCHE-EN-LA-OPERA-1075x1536.jpg 1075w, https:\/\/cultura.aupex.org\/operarural\/wp-content\/uploads\/2025\/11\/OR25_CARTEL-UNA-NOCHE-EN-LA-OPERA-1433x2048.jpg 1433w, https:\/\/cultura.aupex.org\/operarural\/wp-content\/uploads\/2025\/11\/OR25_CARTEL-UNA-NOCHE-EN-LA-OPERA-scaled.jpg 1792w\" sizes=\"(max-width: 717px) 100vw, 717px\" \/>\t\t\t\t\t\t\t\t<\/a>\n\t\t\t\t\t\t\t\t\t\t\t\t\t\t\t<\/div>\n\t\t\t\t<\/div>\n\t\t\t\t<div class=\"elementor-element elementor-element-762a7c5 elementor-widget elementor-widget-button\" data-id=\"762a7c5\" data-element_type=\"widget\" data-e-type=\"widget\" data-widget_type=\"button.default\">\n\t\t\t\t<div class=\"elementor-widget-container\">\n\t\t\t\t\t\t\t\t\t<div class=\"elementor-button-wrapper\">\n\t\t\t\t\t<a class=\"elementor-button elementor-button-link elementor-size-sm\" href=\"https:\/\/cultura.aupex.org\/operarural\/wp-content\/uploads\/2025\/11\/LIBRETO_Unanocheenlaopera_final.pdf\" target=\"_blank\">\n\t\t\t\t\t\t<span class=\"elementor-button-content-wrapper\">\n\t\t\t\t\t\t\t\t\t<span class=\"elementor-button-text\">Descarga el libreto con toda la informaci\u00f3n en PDF<\/span>\n\t\t\t\t\t<\/span>\n\t\t\t\t\t<\/a>\n\t\t\t\t<\/div>\n\t\t\t\t\t\t\t\t<\/div>\n\t\t\t\t<\/div>\n\t\t\t\t\t<\/div>\n\t\t<\/div>\n\t\t\t\t<div class=\"elementor-column elementor-col-50 elementor-inner-column elementor-element elementor-element-6575156\" data-id=\"6575156\" data-element_type=\"column\" data-e-type=\"column\">\n\t\t\t<div class=\"elementor-widget-wrap elementor-element-populated\">\n\t\t\t\t\t\t<div class=\"elementor-element elementor-element-0b91c62 elementor-widget elementor-widget-spacer\" data-id=\"0b91c62\" data-element_type=\"widget\" data-e-type=\"widget\" data-widget_type=\"spacer.default\">\n\t\t\t\t<div class=\"elementor-widget-container\">\n\t\t\t\t\t\t\t<div class=\"elementor-spacer\">\n\t\t\t<div class=\"elementor-spacer-inner\"><\/div>\n\t\t<\/div>\n\t\t\t\t\t\t<\/div>\n\t\t\t\t<\/div>\n\t\t\t\t<div class=\"elementor-element elementor-element-ec42a90 elementor-widget elementor-widget-heading\" data-id=\"ec42a90\" data-element_type=\"widget\" data-e-type=\"widget\" data-widget_type=\"heading.default\">\n\t\t\t\t<div class=\"elementor-widget-container\">\n\t\t\t\t\t<h2 class=\"elementor-heading-title elementor-size-default\">UNA NOCHE EN LA \u00d3PERA<\/h2>\t\t\t\t<\/div>\n\t\t\t\t<\/div>\n\t\t\t\t<div class=\"elementor-element elementor-element-6dbe331 elementor-widget__width-initial elementor-widget elementor-widget-text-editor\" data-id=\"6dbe331\" data-element_type=\"widget\" data-e-type=\"widget\" data-widget_type=\"text-editor.default\">\n\t\t\t\t<div class=\"elementor-widget-container\">\n\t\t\t\t\t\t\t\t\t<p>Escrito por \u00c1ngel Jim\u00e9nez<br \/><strong>VALDIVIA (Badajoz)<\/strong><br \/>22 de noviembre de 2025<br \/>21:30 horas<\/p>\t\t\t\t\t\t\t\t<\/div>\n\t\t\t\t<\/div>\n\t\t\t\t<div class=\"elementor-element elementor-element-4bfd65f elementor-widget-divider--view-line elementor-widget elementor-widget-divider\" data-id=\"4bfd65f\" data-element_type=\"widget\" data-e-type=\"widget\" data-widget_type=\"divider.default\">\n\t\t\t\t<div class=\"elementor-widget-container\">\n\t\t\t\t\t\t\t<div class=\"elementor-divider\">\n\t\t\t<span class=\"elementor-divider-separator\">\n\t\t\t\t\t\t<\/span>\n\t\t<\/div>\n\t\t\t\t\t\t<\/div>\n\t\t\t\t<\/div>\n\t\t\t\t<div class=\"elementor-element elementor-element-00e2d84 elementor-widget__width-initial elementor-widget elementor-widget-text-editor\" data-id=\"00e2d84\" data-element_type=\"widget\" data-e-type=\"widget\" data-widget_type=\"text-editor.default\">\n\t\t\t\t<div class=\"elementor-widget-container\">\n\t\t\t\t\t\t\t\t\t<p>Una noche en la \u00f3pera es un delicioso e interesante montaje con formato y estructura de una \u00f3pera en tres actos. Se representa este pasticcio con el objetivo de dar a conocer el bel canto a trav\u00e9s de uno de los g\u00e9neros m\u00e1s importantes en la historia de la m\u00fasica: la \u00f3pera bufa.<\/p><p>Homenajeando a la m\u00edtica pel\u00edcula de los Hermanos Marx, con olor a a\u00f1os 30 del pasado siglo, recreamos con personajes de la comedia del arte algunas de las p\u00e1ginas de la historia de la \u00f3pera m\u00e1s hermosas, asombrosas y disparatadas de este dif\u00edcil g\u00e9nero oper\u00edstico.<\/p><p>Aunque este proyecto est\u00e1 dirigido a todas las personas amantes de la l\u00edrica, hemos puesto especial inter\u00e9s a quienes no tienen habitualmente contacto con la \u00f3pera. Para ello, con un marcado car\u00e1cter teatral, se desarrollar\u00e1 una puesta en escena divertida y vistosa, acorde -con el m\u00e1ximo respeto t\u00e9cnico y musical- a sus ediciones originales, a trav\u00e9s de escenas y arias con especial belleza dentro del g\u00e9nero.<\/p>\t\t\t\t\t\t\t\t<\/div>\n\t\t\t\t<\/div>\n\t\t\t\t<div class=\"elementor-element elementor-element-efc2500 elementor-widget-divider--view-line elementor-widget elementor-widget-divider\" data-id=\"efc2500\" data-element_type=\"widget\" data-e-type=\"widget\" data-widget_type=\"divider.default\">\n\t\t\t\t<div class=\"elementor-widget-container\">\n\t\t\t\t\t\t\t<div class=\"elementor-divider\">\n\t\t\t<span class=\"elementor-divider-separator\">\n\t\t\t\t\t\t<\/span>\n\t\t<\/div>\n\t\t\t\t\t\t<\/div>\n\t\t\t\t<\/div>\n\t\t\t\t<div class=\"elementor-element elementor-element-882326c elementor-align-left elementor-widget elementor-widget-button\" data-id=\"882326c\" data-element_type=\"widget\" data-e-type=\"widget\" data-widget_type=\"button.default\">\n\t\t\t\t<div class=\"elementor-widget-container\">\n\t\t\t\t\t\t\t\t\t<div class=\"elementor-button-wrapper\">\n\t\t\t\t\t<a class=\"elementor-button elementor-button-link elementor-size-sm\" href=\"https:\/\/docs.google.com\/forms\/d\/e\/1FAIpQLSfoivIF_2EVGeWrEvm2SduLjQB5blFVThrEkd1OnFQrhD6gZg\/viewform?pli=1\" target=\"_blank\">\n\t\t\t\t\t\t<span class=\"elementor-button-content-wrapper\">\n\t\t\t\t\t\t<span class=\"elementor-button-icon\">\n\t\t\t\t<i aria-hidden=\"true\" class=\"jki jki-hand-paper\"><\/i>\t\t\t<\/span>\n\t\t\t\t\t\t\t\t\t<span class=\"elementor-button-text\">Inscripci\u00f3n para asistencia a ensayo general d\u00eda 21\/11\/2025 a las 21:30 horas destinada a Centros educativos de la provincia de Badajoz y programadores\/as culturales.<\/span>\n\t\t\t\t\t<\/span>\n\t\t\t\t\t<\/a>\n\t\t\t\t<\/div>\n\t\t\t\t\t\t\t\t<\/div>\n\t\t\t\t<\/div>\n\t\t\t\t\t<\/div>\n\t\t<\/div>\n\t\t\t\t\t<\/div>\n\t\t<\/section>\n\t\t\t\t<section class=\"elementor-section elementor-inner-section elementor-element elementor-element-435e9cf elementor-section-content-top elementor-section-boxed elementor-section-height-default elementor-section-height-default\" data-id=\"435e9cf\" data-element_type=\"section\" data-e-type=\"section\" data-settings=\"{&quot;background_background&quot;:&quot;classic&quot;}\">\n\t\t\t\t\t\t<div class=\"elementor-container elementor-column-gap-wide\">\n\t\t\t\t\t<div class=\"elementor-column elementor-col-100 elementor-inner-column elementor-element elementor-element-68fe88e\" data-id=\"68fe88e\" data-element_type=\"column\" data-e-type=\"column\">\n\t\t\t<div class=\"elementor-widget-wrap elementor-element-populated\">\n\t\t\t\t\t\t<div class=\"elementor-element elementor-element-d6cc87e elementor-widget elementor-widget-heading\" data-id=\"d6cc87e\" data-element_type=\"widget\" data-e-type=\"widget\" data-widget_type=\"heading.default\">\n\t\t\t\t<div class=\"elementor-widget-container\">\n\t\t\t\t\t<h3 class=\"elementor-heading-title elementor-size-default\">SINOPSIS<\/h3>\t\t\t\t<\/div>\n\t\t\t\t<\/div>\n\t\t\t\t<div class=\"elementor-element elementor-element-46efcfb elementor-widget__width-initial elementor-widget elementor-widget-text-editor\" data-id=\"46efcfb\" data-element_type=\"widget\" data-e-type=\"widget\" data-widget_type=\"text-editor.default\">\n\t\t\t\t<div class=\"elementor-widget-container\">\n\t\t\t\t\t\t\t\t\t<p>Nueva York, noviembre de 1934, v\u00edspera del D\u00eda de Acci\u00f3n de Gracias. La econom\u00eda comienza a remontar poco a poco tras la crisis de 1929. Belcore, un arrogante capit\u00e1n jubilado, conoce a una familia migrante de la Sicilia italiana. Va a casarse con Rosaura, una joven y bella costurera de Lower East Side con pocos recursos econ\u00f3micos. Est\u00e1 enamorada de Lelio, un inteligente empleado de la construcci\u00f3n, idealista pero con mala suerte, quien junto a otros invitados y con la idea de asistir a una funci\u00f3n de la \u00f3pera Rigoletto de Giuseppe Verdi, asisten at\u00f3nitos a la celebraci\u00f3n del compromiso en el restaurante del antiguo Metropolitan \u00d3pera House de la Calle 39. Durante la funci\u00f3n, Lelio, anegado de celos, persigue por todas partes a Rosaura. Los invitados saben que el matrimonio no tiene sentido y tratan de deshacerlo con una disparatada idea\u2026 Pahola.<\/p>\t\t\t\t\t\t\t\t<\/div>\n\t\t\t\t<\/div>\n\t\t\t\t<div class=\"elementor-element elementor-element-f08f36c elementor-widget-divider--view-line elementor-widget elementor-widget-divider\" data-id=\"f08f36c\" data-element_type=\"widget\" data-e-type=\"widget\" data-widget_type=\"divider.default\">\n\t\t\t\t<div class=\"elementor-widget-container\">\n\t\t\t\t\t\t\t<div class=\"elementor-divider\">\n\t\t\t<span class=\"elementor-divider-separator\">\n\t\t\t\t\t\t<\/span>\n\t\t<\/div>\n\t\t\t\t\t\t<\/div>\n\t\t\t\t<\/div>\n\t\t\t\t<div class=\"elementor-element elementor-element-abe4ec0 elementor-widget elementor-widget-heading\" data-id=\"abe4ec0\" data-element_type=\"widget\" data-e-type=\"widget\" data-widget_type=\"heading.default\">\n\t\t\t\t<div class=\"elementor-widget-container\">\n\t\t\t\t\t<h3 class=\"elementor-heading-title elementor-size-default\">PROGRAMA<\/h3>\t\t\t\t<\/div>\n\t\t\t\t<\/div>\n\t\t\t\t<div class=\"elementor-element elementor-element-6b50753 elementor-widget__width-initial elementor-widget elementor-widget-text-editor\" data-id=\"6b50753\" data-element_type=\"widget\" data-e-type=\"widget\" data-widget_type=\"text-editor.default\">\n\t\t\t\t<div class=\"elementor-widget-container\">\n\t\t\t\t\t\t\t\t\t<p><strong>Duraci\u00f3n<\/strong>: 100 minutos aproximadamente.<\/p>\t\t\t\t\t\t\t\t<\/div>\n\t\t\t\t<\/div>\n\t\t\t\t<div class=\"elementor-element elementor-element-e8e1182 elementor-tabs-view-horizontal elementor-widget elementor-widget-tabs\" data-id=\"e8e1182\" data-element_type=\"widget\" data-e-type=\"widget\" data-widget_type=\"tabs.default\">\n\t\t\t\t<div class=\"elementor-widget-container\">\n\t\t\t\t\t\t\t<div class=\"elementor-tabs\">\n\t\t\t<div class=\"elementor-tabs-wrapper\" role=\"tablist\" >\n\t\t\t\t\t\t\t\t\t<div id=\"elementor-tab-title-2441\" class=\"elementor-tab-title elementor-tab-desktop-title\" aria-selected=\"true\" data-tab=\"1\" role=\"tab\" tabindex=\"0\" aria-controls=\"elementor-tab-content-2441\" aria-expanded=\"false\"><b>Primer acto<\/b> \/ 32\u201951\u2019\u2019<\/div>\n\t\t\t\t\t\t\t\t\t<div id=\"elementor-tab-title-2442\" class=\"elementor-tab-title elementor-tab-desktop-title\" aria-selected=\"false\" data-tab=\"2\" role=\"tab\" tabindex=\"-1\" aria-controls=\"elementor-tab-content-2442\" aria-expanded=\"false\"><b>Segundo acto<\/b> \/ 24\u201958\u2019<\/div>\n\t\t\t\t\t\t\t\t\t<div id=\"elementor-tab-title-2443\" class=\"elementor-tab-title elementor-tab-desktop-title\" aria-selected=\"false\" data-tab=\"3\" role=\"tab\" tabindex=\"-1\" aria-controls=\"elementor-tab-content-2443\" aria-expanded=\"false\"><b>Tercer acto<\/b> \/ 35\u201918\u2019\u2019<\/div>\n\t\t\t\t\t\t\t<\/div>\n\t\t\t<div class=\"elementor-tabs-content-wrapper\" role=\"tablist\" aria-orientation=\"vertical\">\n\t\t\t\t\t\t\t\t\t<div class=\"elementor-tab-title elementor-tab-mobile-title\" aria-selected=\"true\" data-tab=\"1\" role=\"tab\" tabindex=\"0\" aria-controls=\"elementor-tab-content-2441\" aria-expanded=\"false\"><b>Primer acto<\/b> \/ 32\u201951\u2019\u2019<\/div>\n\t\t\t\t\t<div id=\"elementor-tab-content-2441\" class=\"elementor-tab-content elementor-clearfix\" data-tab=\"1\" role=\"tabpanel\" aria-labelledby=\"elementor-tab-title-2441\" tabindex=\"0\" hidden=\"false\"><table width=\"584\" cellspacing=\"0\" cellpadding=\"7\">\n<tbody>\n<tr valign=\"top\">\n<td width=\"379\"><span style=\"font-size: small;\"><span style=\"font-family: Times New Roman, serif;\"><span style=\"font-size: medium;\"><i>As time goes by<\/i><\/span><\/span><\/span>\n\n<span style=\"font-size: small;\"><span style=\"font-family: Times New Roman, serif;\"><span style=\"font-size: medium;\">Piano<\/span><\/span><\/span><\/td>\n<td width=\"175\"><span style=\"font-size: small;\"><span style=\"font-family: Times New Roman, serif;\"><span style=\"font-size: medium;\">Herman Hupfeld<\/span><\/span><\/span><\/td>\n<\/tr>\n<tr valign=\"top\">\n<td width=\"379\"><span style=\"font-size: small;\"><span style=\"font-family: Times New Roman, serif;\"><span style=\"font-size: medium;\"><b>Le nozze di Figaro<\/b><\/span><\/span> <\/span>\n\n<span style=\"font-size: small;\"><span style=\"font-family: Times New Roman, serif;\"><span style=\"font-size: medium;\"><i>Finale (Andante)<\/i><\/span><\/span><\/span>\n\n<span style=\"font-size: small;\"><span style=\"font-family: Times New Roman, serif;\"><span style=\"font-size: medium;\">Solistas y coro<\/span><\/span><\/span><\/td>\n<td width=\"175\"><span style=\"font-size: small;\"><span style=\"font-family: Times New Roman, serif;\"><span style=\"font-size: medium;\">W. A. Mozart<\/span><\/span><\/span><\/td>\n<\/tr>\n<tr valign=\"top\">\n<td width=\"379\"><span style=\"font-size: small;\"><span style=\"font-family: Times New Roman, serif;\"><span style=\"font-size: medium;\"><b>L\u2019elisir d\u2019amore<\/b><\/span><\/span> <\/span>\n\n<span style=\"font-size: small;\"><span style=\"font-family: Times New Roman, serif;\"><span style=\"font-size: medium;\"><i>Bel conforto al mietirore<\/i><\/span><\/span><\/span>\n\n<span style=\"font-size: small;\"><span style=\"font-family: Times New Roman, serif;\"><span style=\"font-size: medium;\">(Allegretto, Cavatina Nemorino, Allegretto, Pi\u00f9 mosso, Pi\u00f9 Allegro)<\/span><\/span><\/span>\n\n<span style=\"font-size: small;\"><span style=\"font-family: Times New Roman, serif;\"><span style=\"font-size: medium;\">Solistas y coro<\/span><\/span><\/span><\/td>\n<td width=\"175\"><span style=\"font-size: small;\"><span style=\"font-family: Times New Roman, serif;\"><span style=\"font-size: medium;\">G. Donizetti<\/span><\/span><\/span><\/td>\n<\/tr>\n<tr valign=\"top\">\n<td width=\"379\"><span style=\"font-size: small;\"><span style=\"font-family: Times New Roman, serif;\"><span style=\"font-size: medium;\"><i>Come Paride vezzoso<\/i><\/span><\/span><\/span>\n\n<span style=\"font-size: small;\"><span style=\"font-family: Times New Roman, serif;\"><span style=\"font-size: medium;\">Cavatina de Belcore<\/span><\/span><\/span><\/td>\n<td width=\"175\"><span style=\"font-size: small;\"><span style=\"font-family: Times New Roman, serif;\"><span style=\"font-size: medium;\">G. Donizetti<\/span><\/span><\/span><\/td>\n<\/tr>\n<tr valign=\"top\">\n<td width=\"379\"><span style=\"font-size: small;\"><span style=\"font-family: Times New Roman, serif;\"><span style=\"font-size: medium;\"><b>Don Pasquale<\/b><\/span><\/span> <\/span>\n\n<span style=\"font-size: small;\"><span style=\"font-family: Times New Roman, serif;\"><span style=\"font-size: medium;\"><i>Cavatina de Norina<\/i><\/span><\/span><\/span><\/td>\n<td width=\"175\"><span style=\"font-size: small;\"><span style=\"font-family: Times New Roman, serif;\"><span style=\"font-size: medium;\">G. Donizetti<\/span><\/span><\/span><\/td>\n<\/tr>\n<tr valign=\"top\">\n<td width=\"379\"><span style=\"font-size: small;\"><span style=\"font-family: Times New Roman, serif;\"><span style=\"font-size: medium;\"><b>L\u2019elisir d\u2019amore<\/b><\/span><\/span> <\/span>\n\n<span style=\"font-size: small;\"><span style=\"font-family: Times New Roman, serif;\"><span style=\"font-size: medium;\"><i>Una furtiva lagrima<\/i><\/span><\/span><i> <\/i><\/span>\n\n<span style=\"font-size: small;\"><span style=\"font-family: Times New Roman, serif;\"><span style=\"font-size: medium;\">Nemorino<\/span><\/span><\/span><\/td>\n<td width=\"175\"><span style=\"font-size: small;\"><span style=\"font-family: Times New Roman, serif;\"><span style=\"font-size: medium;\">G. Donizetti<\/span><\/span><\/span><\/td>\n<\/tr>\n<tr valign=\"top\">\n<td width=\"379\"><span style=\"font-size: small;\"><span style=\"font-family: Times New Roman, serif;\"><span style=\"font-size: medium;\"><b>La Italiana en Argel<\/b><\/span><\/span><\/span>\n\n<span style=\"font-size: small; color: #ffffff;\"><span style=\"font-family: Times New Roman, serif;\"><span style=\"font-size: medium;\"><i>Ah, quando fia\u2026<\/i><\/span><\/span><\/span>\n\n<span style=\"font-size: small; color: #ffffff;\"><span style=\"font-family: Times New Roman, serif;\"><span style=\"font-size: medium;\"><i>Se inclinassi a prender moglie<\/i><\/span><\/span><\/span>\n\n<span style=\"font-size: small;\"><span style=\"font-family: Times New Roman, serif;\"><span style=\"font-size: medium;\">Recitativo e Duetto<\/span><\/span><\/span>\n\n<span style=\"font-size: small;\"><span style=\"font-family: Times New Roman, serif;\"><span style=\"font-size: medium;\">Lindoro, Mustaf\u00e1 y coro<\/span><\/span><\/span><\/td>\n<td width=\"175\"><span style=\"font-size: small;\"><span style=\"font-family: Times New Roman, serif;\"><span style=\"font-size: medium;\">G. Rossini<\/span><\/span><\/span><\/td>\n<\/tr>\n<tr valign=\"top\">\n<td width=\"379\"><span style=\"font-size: small;\"><span style=\"font-family: Times New Roman, serif;\"><span style=\"font-size: medium;\"><b>La fille du r\u00e8giment<\/b><\/span><\/span><\/span>\n\n<span style=\"font-size: small;\"><span style=\"font-family: Times New Roman, serif;\"><span style=\"font-size: medium;\"><i>Il faut partir<\/i><\/span><\/span><\/span>\n\n<span style=\"font-size: small;\"><span style=\"font-family: Times New Roman, serif;\"><span style=\"font-size: medium;\">Rosaura y coro<\/span><\/span><\/span><\/td>\n<td width=\"175\"><span style=\"font-size: small;\"><span style=\"font-family: Times New Roman, serif;\"><span style=\"font-size: medium;\">G. Donizetti<\/span><\/span><\/span><\/td>\n<\/tr>\n<\/tbody>\n<\/table><\/div>\n\t\t\t\t\t\t\t\t\t<div class=\"elementor-tab-title elementor-tab-mobile-title\" aria-selected=\"false\" data-tab=\"2\" role=\"tab\" tabindex=\"-1\" aria-controls=\"elementor-tab-content-2442\" aria-expanded=\"false\"><b>Segundo acto<\/b> \/ 24\u201958\u2019<\/div>\n\t\t\t\t\t<div id=\"elementor-tab-content-2442\" class=\"elementor-tab-content elementor-clearfix\" data-tab=\"2\" role=\"tabpanel\" aria-labelledby=\"elementor-tab-title-2442\" tabindex=\"0\" hidden=\"hidden\"><center><\/center><table width=\"586\" cellspacing=\"0\" cellpadding=\"7\"><tbody><tr valign=\"top\"><td width=\"278\"><p><span style=\"font-size: small;\"><span style=\"font-family: Times New Roman, serif;\"><span style=\"font-size: medium;\"><b>Don Pasquale<\/b><\/span><\/span> <\/span><\/p><p><span style=\"font-size: small;\"><span style=\"font-family: Times New Roman, serif;\"><span style=\"font-size: medium;\"><i>E il dottor non si vede!<\/i><\/span><\/span><\/span><\/p><p><span style=\"font-size: small;\"><span style=\"font-family: Times New Roman, serif;\"><span style=\"font-size: medium;\">Recitativo e duetto<\/span><\/span><\/span><\/p><p><span style=\"font-size: small;\"><span style=\"font-family: Times New Roman, serif;\"><span style=\"font-size: medium;\"><i>Via da brava<\/i><\/span><\/span><\/span><\/p><p><span style=\"font-size: small;\"><span style=\"font-family: Times New Roman, serif;\"><span style=\"font-size: medium;\">(Scena e terzetto)<\/span><\/span><\/span><\/p><\/td><td width=\"278\"><p><span style=\"font-size: small;\"><span style=\"font-family: Times New Roman, serif;\"><span style=\"font-size: medium;\">G. Donizetti<\/span><\/span><\/span><\/p><\/td><\/tr><tr valign=\"top\"><td width=\"278\"><p><span style=\"font-size: small;\"><span style=\"font-family: Times New Roman, serif;\"><span style=\"font-size: medium;\"><b>Il barbierte di Siviglia<\/b><\/span><\/span> <span style=\"font-family: Times New Roman, serif;\"><span style=\"font-size: medium;\"><i>Finale II<\/i><\/span><\/span><\/span><\/p><p><span style=\"font-size: small;\"><span style=\"font-family: Times New Roman, serif;\"><span style=\"font-size: medium;\">Solistas y coro<\/span><\/span><\/span><\/p><\/td><td width=\"278\"><p><span style=\"font-size: small;\"><span style=\"font-family: Times New Roman, serif;\"><span style=\"font-size: medium;\">G. Rossini<\/span><\/span><\/span><\/p><\/td><\/tr><\/tbody><\/table><\/div>\n\t\t\t\t\t\t\t\t\t<div class=\"elementor-tab-title elementor-tab-mobile-title\" aria-selected=\"false\" data-tab=\"3\" role=\"tab\" tabindex=\"-1\" aria-controls=\"elementor-tab-content-2443\" aria-expanded=\"false\"><b>Tercer acto<\/b> \/ 35\u201918\u2019\u2019<\/div>\n\t\t\t\t\t<div id=\"elementor-tab-content-2443\" class=\"elementor-tab-content elementor-clearfix\" data-tab=\"3\" role=\"tabpanel\" aria-labelledby=\"elementor-tab-title-2443\" tabindex=\"0\" hidden=\"hidden\"><center><\/center>\n<table width=\"584\" cellspacing=\"0\" cellpadding=\"7\">\n<tbody>\n<tr valign=\"top\">\n<td width=\"365\"><span style=\"font-size: small;\"><span style=\"font-family: Times New Roman, serif;\"><span style=\"font-size: medium;\"><b>L\u2019elisir d\u2019amore<\/b><\/span><\/span> <span style=\"font-family: Times New Roman, serif;\"><span style=\"font-size: medium;\"><i>Sari\u00e0 Possibile<\/i><\/span><\/span><\/span>\n\n<span style=\"font-size: small;\"><span style=\"font-family: Times New Roman, serif;\"><span style=\"font-size: medium;\">Coro femenino<\/span><\/span><\/span><\/td>\n<td width=\"189\"><span style=\"font-size: small;\"><span style=\"font-family: Times New Roman, serif;\"><span style=\"font-size: medium;\">G. Donizetti<\/span><\/span><\/span><\/td>\n<\/tr>\n<tr valign=\"top\">\n<td width=\"365\"><span style=\"font-size: small;\"><span style=\"font-family: Times New Roman, serif;\"><span style=\"font-size: medium;\"><b>Duetto buffo di due Gatti<\/b><\/span><\/span><span style=\"font-family: Times New Roman, serif;\"><span style=\"font-size: medium;\"> Belcore y Pah\u00f3la<\/span><\/span><\/span><\/td>\n<td width=\"189\"><span style=\"font-size: small;\"><span style=\"font-family: Times New Roman, serif;\"><span style=\"font-size: medium;\">G. Rossini<\/span><\/span><\/span><\/td>\n<\/tr>\n<tr valign=\"top\">\n<td width=\"365\"><span style=\"font-size: small;\"><span style=\"font-family: Times New Roman, serif;\"><span style=\"font-size: medium;\"><i>As time goes by<\/i><\/span><\/span> <\/span>\n\n<span style=\"font-size: small;\"><span style=\"font-family: Times New Roman, serif;\"><span style=\"font-size: medium;\">Haly<\/span><\/span><\/span><\/td>\n<td width=\"189\"><span style=\"font-size: medium; font-family: Times New Roman, serif;\"\"><span style=\"\">H. Hupfeld<\/span><\/span><\/td>\n<\/tr>\n<tr valign=\"top\">\n<td width=\"365\"><span style=\"font-size: small;\"><span style=\"font-family: Times New Roman, serif;\"><span style=\"font-size: medium;\"><b>Don Pasquale<\/b><\/span><\/span> <\/span>\n\n<span style=\"font-size: small;\"><span style=\"font-family: Times New Roman, serif;\"><span style=\"font-size: medium;\"><i>E rimasto l\u00e0 impietrato<\/i><\/span><\/span><\/span>\n\n<span style=\"font-size: small;\"><span style=\"font-family: Times New Roman, serif;\"><span style=\"font-size: medium;\">Quartetto<\/span><\/span><\/span><\/td>\n<td width=\"189\"><span style=\"font-size: small;\"><span style=\"font-family: Times New Roman, serif;\"><span style=\"font-size: medium;\">G. Donizetti<\/span><\/span><\/span><\/td>\n<\/tr>\n<tr valign=\"top\">\n<td width=\"365\"><span style=\"font-size: small;\"><span style=\"font-family: Times New Roman, serif;\"><span style=\"font-size: medium;\"><b>Don Pasquale<\/b><\/span><\/span><\/span>\n\n<span style=\"font-size: small;\"><span style=\"font-family: Times New Roman, serif;\"><span style=\"font-size: medium;\"><i>Che interminabile andirivieni<\/i><\/span><\/span><\/span>\n\n<span style=\"font-size: small;\"><span style=\"font-family: Times New Roman, serif;\"><span style=\"font-size: medium;\">Coro<\/span><\/span><\/span><\/td>\n<td width=\"189\"><span style=\"font-size: small;\"><span style=\"font-family: Times New Roman, serif;\"><span style=\"font-size: medium;\">G. Donizetti<\/span><\/span><\/span><\/td>\n<\/tr>\n<tr valign=\"top\">\n<td width=\"365\"><span style=\"font-size: small;\"><span style=\"font-family: Times New Roman, serif;\"><span style=\"font-size: medium;\"><b>Don Pasquale<\/b><\/span><\/span><\/span>\n\n<span style=\"font-size: small;\"><span style=\"font-family: Times New Roman, serif;\"><span style=\"font-size: medium;\"><i>Cheti, cheti immantinente<\/i><\/span><\/span><\/span>\n\n<span style=\"font-size: small;\"><span style=\"font-family: Times New Roman, serif;\"><span style=\"font-size: medium;\">(Recitativo e duetto)<\/span><\/span><\/span><\/td>\n<td width=\"189\"><span style=\"font-size: small;\"><span style=\"font-family: Times New Roman, serif;\"><span style=\"font-size: medium;\">G. Donizetti<\/span><\/span><\/span><\/td>\n<\/tr>\n<tr valign=\"top\">\n<td width=\"365\"><span style=\"font-size: small;\"><span style=\"font-family: Times New Roman, serif;\"><span style=\"font-size: medium;\"><b>L\u2019elisir d\u2019amore<\/b><\/span><\/span><\/span>\n\n<span style=\"font-size: small;\"><span style=\"font-family: Times New Roman, serif;\"><span style=\"font-size: medium;\"><i>Della crudele isotta<\/i><\/span><\/span><i> <\/i><\/span>\n\n<span style=\"font-size: small;\"><span style=\"font-family: Times New Roman, serif;\"><span style=\"font-size: medium;\">Norina y Coro<\/span><\/span><\/span><\/td>\n<td width=\"189\"><span style=\"font-size: small;\"><span style=\"font-family: Times New Roman, serif;\"><span style=\"font-size: medium;\">G. Donizetti<\/span><\/span><\/span><\/td>\n<\/tr>\n<tr valign=\"top\">\n<td width=\"365\"><span style=\"font-size: small;\"><span style=\"font-family: Times New Roman, serif;\"><span style=\"font-size: medium;\"><b>Le nozze di Figaro<\/b><\/span><\/span> <span style=\"font-family: Times New Roman, serif;\"><span style=\"font-size: medium;\"><i>Finale (Andante, Allegro assai)<\/i><\/span><\/span><\/span>\n\n<span style=\"font-size: small;\"><span style=\"font-family: Times New Roman, serif;\"><span style=\"font-size: medium;\">Solistas y coro<\/span><\/span><\/span><\/td>\n<td width=\"189\"><span style=\"font-size: small;\"><span style=\"font-family: Times New Roman, serif;\"><span style=\"font-size: medium;\">W. A. Mozart<\/span><\/span><\/span><\/td>\n<\/tr>\n<\/tbody>\n<\/table><\/div>\n\t\t\t\t\t\t\t<\/div>\n\t\t<\/div>\n\t\t\t\t\t\t<\/div>\n\t\t\t\t<\/div>\n\t\t\t\t<div class=\"elementor-element elementor-element-c0f5151 elementor-widget-divider--view-line elementor-widget elementor-widget-divider\" data-id=\"c0f5151\" data-element_type=\"widget\" data-e-type=\"widget\" data-widget_type=\"divider.default\">\n\t\t\t\t<div class=\"elementor-widget-container\">\n\t\t\t\t\t\t\t<div class=\"elementor-divider\">\n\t\t\t<span class=\"elementor-divider-separator\">\n\t\t\t\t\t\t<\/span>\n\t\t<\/div>\n\t\t\t\t\t\t<\/div>\n\t\t\t\t<\/div>\n\t\t\t\t\t<\/div>\n\t\t<\/div>\n\t\t\t\t\t<\/div>\n\t\t<\/section>\n\t\t\t\t<section class=\"elementor-section elementor-inner-section elementor-element elementor-element-20447b5 elementor-section-content-top elementor-section-boxed elementor-section-height-default elementor-section-height-default\" data-id=\"20447b5\" data-element_type=\"section\" data-e-type=\"section\">\n\t\t\t\t\t\t<div class=\"elementor-container elementor-column-gap-default\">\n\t\t\t\t\t<div class=\"elementor-column elementor-col-100 elementor-inner-column elementor-element elementor-element-6485cbf\" data-id=\"6485cbf\" data-element_type=\"column\" data-e-type=\"column\">\n\t\t\t<div class=\"elementor-widget-wrap elementor-element-populated\">\n\t\t\t\t\t\t<div class=\"elementor-element elementor-element-fc35d99 elementor-widget elementor-widget-heading\" data-id=\"fc35d99\" data-element_type=\"widget\" data-e-type=\"widget\" data-widget_type=\"heading.default\">\n\t\t\t\t<div class=\"elementor-widget-container\">\n\t\t\t\t\t<h3 class=\"elementor-heading-title elementor-size-default\">PERSONAJES<\/h3>\t\t\t\t<\/div>\n\t\t\t\t<\/div>\n\t\t\t\t\t<\/div>\n\t\t<\/div>\n\t\t\t\t\t<\/div>\n\t\t<\/section>\n\t\t\t\t<section class=\"elementor-section elementor-inner-section elementor-element elementor-element-49525f3 elementor-section-content-top elementor-section-boxed elementor-section-height-default elementor-section-height-default\" data-id=\"49525f3\" data-element_type=\"section\" data-e-type=\"section\">\n\t\t\t\t\t\t<div class=\"elementor-container elementor-column-gap-default\">\n\t\t\t\t\t<div class=\"elementor-column elementor-col-25 elementor-inner-column elementor-element elementor-element-c8f691d\" data-id=\"c8f691d\" data-element_type=\"column\" data-e-type=\"column\">\n\t\t\t<div class=\"elementor-widget-wrap elementor-element-populated\">\n\t\t\t\t\t\t<div class=\"elementor-element elementor-element-0c20c71 elementor-widget elementor-widget-image\" data-id=\"0c20c71\" data-element_type=\"widget\" data-e-type=\"widget\" data-widget_type=\"image.default\">\n\t\t\t\t<div class=\"elementor-widget-container\">\n\t\t\t\t\t\t\t\t\t\t\t\t\t\t\t<img loading=\"lazy\" decoding=\"async\" width=\"300\" height=\"300\" src=\"https:\/\/cultura.aupex.org\/operarural\/wp-content\/uploads\/2025\/11\/belcore-300x300.png\" class=\"attachment-medium size-medium wp-image-4830\" alt=\"\" srcset=\"https:\/\/cultura.aupex.org\/operarural\/wp-content\/uploads\/2025\/11\/belcore-300x300.png 300w, https:\/\/cultura.aupex.org\/operarural\/wp-content\/uploads\/2025\/11\/belcore-150x150.png 150w, https:\/\/cultura.aupex.org\/operarural\/wp-content\/uploads\/2025\/11\/belcore.png 678w\" sizes=\"(max-width: 300px) 100vw, 300px\" \/>\t\t\t\t\t\t\t\t\t\t\t\t\t\t\t<\/div>\n\t\t\t\t<\/div>\n\t\t\t\t<div class=\"elementor-element elementor-element-55cdd52 elementor-align-center elementor-icon-list--layout-traditional elementor-list-item-link-full_width elementor-widget elementor-widget-icon-list\" data-id=\"55cdd52\" data-element_type=\"widget\" data-e-type=\"widget\" data-widget_type=\"icon-list.default\">\n\t\t\t\t<div class=\"elementor-widget-container\">\n\t\t\t\t\t\t\t<ul class=\"elementor-icon-list-items\">\n\t\t\t\t\t\t\t<li class=\"elementor-icon-list-item\">\n\t\t\t\t\t\t\t\t\t\t\t<span class=\"elementor-icon-list-icon\">\n\t\t\t\t\t\t\t<i aria-hidden=\"true\" class=\"fas fa-check\"><\/i>\t\t\t\t\t\t<\/span>\n\t\t\t\t\t\t\t\t\t\t<span class=\"elementor-icon-list-text\"><b>IL CAPITANO<\/b> \/ Jos\u00e9 Miguel Torres<\/span>\n\t\t\t\t\t\t\t\t\t<\/li>\n\t\t\t\t\t\t\t\t<li class=\"elementor-icon-list-item\">\n\t\t\t\t\t\t\t\t\t\t\t<span class=\"elementor-icon-list-icon\">\n\t\t\t\t\t\t\t<i aria-hidden=\"true\" class=\"fas fa-times\"><\/i>\t\t\t\t\t\t<\/span>\n\t\t\t\t\t\t\t\t\t\t<span class=\"elementor-icon-list-text\">Llamado Belcore. Militar retirado y poseedor de una pensi\u00f3n millonaria. T\u00edo de Lelio<\/span>\n\t\t\t\t\t\t\t\t\t<\/li>\n\t\t\t\t\t\t\t\t<li class=\"elementor-icon-list-item\">\n\t\t\t\t\t\t\t\t\t\t\t<span class=\"elementor-icon-list-icon\">\n\t\t\t\t\t\t\t<i aria-hidden=\"true\" class=\"fas fa-dot-circle\"><\/i>\t\t\t\t\t\t<\/span>\n\t\t\t\t\t\t\t\t\t\t<span class=\"elementor-icon-list-text\">Bar\u00edtono<\/span>\n\t\t\t\t\t\t\t\t\t<\/li>\n\t\t\t\t\t\t<\/ul>\n\t\t\t\t\t\t<\/div>\n\t\t\t\t<\/div>\n\t\t\t\t\t<\/div>\n\t\t<\/div>\n\t\t\t\t<div class=\"elementor-column elementor-col-25 elementor-inner-column elementor-element elementor-element-7782da5\" data-id=\"7782da5\" data-element_type=\"column\" data-e-type=\"column\">\n\t\t\t<div class=\"elementor-widget-wrap elementor-element-populated\">\n\t\t\t\t\t\t<div class=\"elementor-element elementor-element-b7cc512 elementor-widget elementor-widget-image\" data-id=\"b7cc512\" data-element_type=\"widget\" data-e-type=\"widget\" data-widget_type=\"image.default\">\n\t\t\t\t<div class=\"elementor-widget-container\">\n\t\t\t\t\t\t\t\t\t\t\t\t\t\t\t<img loading=\"lazy\" decoding=\"async\" width=\"300\" height=\"300\" src=\"https:\/\/cultura.aupex.org\/operarural\/wp-content\/uploads\/2025\/11\/rosaura-300x300.png\" class=\"attachment-medium size-medium wp-image-4804\" alt=\"\" srcset=\"https:\/\/cultura.aupex.org\/operarural\/wp-content\/uploads\/2025\/11\/rosaura-300x300.png 300w, https:\/\/cultura.aupex.org\/operarural\/wp-content\/uploads\/2025\/11\/rosaura-1024x1024.png 1024w, https:\/\/cultura.aupex.org\/operarural\/wp-content\/uploads\/2025\/11\/rosaura-150x150.png 150w, https:\/\/cultura.aupex.org\/operarural\/wp-content\/uploads\/2025\/11\/rosaura-768x769.png 768w, https:\/\/cultura.aupex.org\/operarural\/wp-content\/uploads\/2025\/11\/rosaura.png 1200w\" sizes=\"(max-width: 300px) 100vw, 300px\" \/>\t\t\t\t\t\t\t\t\t\t\t\t\t\t\t<\/div>\n\t\t\t\t<\/div>\n\t\t\t\t<div class=\"elementor-element elementor-element-336815e elementor-align-center elementor-icon-list--layout-traditional elementor-list-item-link-full_width elementor-widget elementor-widget-icon-list\" data-id=\"336815e\" data-element_type=\"widget\" data-e-type=\"widget\" data-widget_type=\"icon-list.default\">\n\t\t\t\t<div class=\"elementor-widget-container\">\n\t\t\t\t\t\t\t<ul class=\"elementor-icon-list-items\">\n\t\t\t\t\t\t\t<li class=\"elementor-icon-list-item\">\n\t\t\t\t\t\t\t\t\t\t\t<span class=\"elementor-icon-list-icon\">\n\t\t\t\t\t\t\t<i aria-hidden=\"true\" class=\"fas fa-check\"><\/i>\t\t\t\t\t\t<\/span>\n\t\t\t\t\t\t\t\t\t\t<span class=\"elementor-icon-list-text\"><b>ROSAURA<\/b> \/ Inmaculada Almeda<\/span>\n\t\t\t\t\t\t\t\t\t<\/li>\n\t\t\t\t\t\t\t\t<li class=\"elementor-icon-list-item\">\n\t\t\t\t\t\t\t\t\t\t\t<span class=\"elementor-icon-list-icon\">\n\t\t\t\t\t\t\t<i aria-hidden=\"true\" class=\"fas fa-times\"><\/i>\t\t\t\t\t\t<\/span>\n\t\t\t\t\t\t\t\t\t\t<span class=\"elementor-icon-list-text\">Joven costurera, enamorada de Lelio y hermana de Graziano<\/span>\n\t\t\t\t\t\t\t\t\t<\/li>\n\t\t\t\t\t\t\t\t<li class=\"elementor-icon-list-item\">\n\t\t\t\t\t\t\t\t\t\t\t<span class=\"elementor-icon-list-icon\">\n\t\t\t\t\t\t\t<i aria-hidden=\"true\" class=\"fas fa-dot-circle\"><\/i>\t\t\t\t\t\t<\/span>\n\t\t\t\t\t\t\t\t\t\t<span class=\"elementor-icon-list-text\">Soprano<\/span>\n\t\t\t\t\t\t\t\t\t<\/li>\n\t\t\t\t\t\t<\/ul>\n\t\t\t\t\t\t<\/div>\n\t\t\t\t<\/div>\n\t\t\t\t\t<\/div>\n\t\t<\/div>\n\t\t\t\t<div class=\"elementor-column elementor-col-25 elementor-inner-column elementor-element elementor-element-1b05913\" data-id=\"1b05913\" data-element_type=\"column\" data-e-type=\"column\">\n\t\t\t<div class=\"elementor-widget-wrap elementor-element-populated\">\n\t\t\t\t\t\t<div class=\"elementor-element elementor-element-f403b1b elementor-widget elementor-widget-image\" data-id=\"f403b1b\" data-element_type=\"widget\" data-e-type=\"widget\" data-widget_type=\"image.default\">\n\t\t\t\t<div class=\"elementor-widget-container\">\n\t\t\t\t\t\t\t\t\t\t\t\t\t\t\t<img loading=\"lazy\" decoding=\"async\" width=\"300\" height=\"300\" src=\"https:\/\/cultura.aupex.org\/operarural\/wp-content\/uploads\/2025\/11\/elena-cardenas-300x300.jpg\" class=\"attachment-medium size-medium wp-image-4803\" alt=\"\" srcset=\"https:\/\/cultura.aupex.org\/operarural\/wp-content\/uploads\/2025\/11\/elena-cardenas-300x300.jpg 300w, https:\/\/cultura.aupex.org\/operarural\/wp-content\/uploads\/2025\/11\/elena-cardenas-150x150.jpg 150w, https:\/\/cultura.aupex.org\/operarural\/wp-content\/uploads\/2025\/11\/elena-cardenas.jpg 594w\" sizes=\"(max-width: 300px) 100vw, 300px\" \/>\t\t\t\t\t\t\t\t\t\t\t\t\t\t\t<\/div>\n\t\t\t\t<\/div>\n\t\t\t\t<div class=\"elementor-element elementor-element-2057599 elementor-align-center elementor-icon-list--layout-traditional elementor-list-item-link-full_width elementor-widget elementor-widget-icon-list\" data-id=\"2057599\" data-element_type=\"widget\" data-e-type=\"widget\" data-widget_type=\"icon-list.default\">\n\t\t\t\t<div class=\"elementor-widget-container\">\n\t\t\t\t\t\t\t<ul class=\"elementor-icon-list-items\">\n\t\t\t\t\t\t\t<li class=\"elementor-icon-list-item\">\n\t\t\t\t\t\t\t\t\t\t\t<span class=\"elementor-icon-list-icon\">\n\t\t\t\t\t\t\t<i aria-hidden=\"true\" class=\"fas fa-check\"><\/i>\t\t\t\t\t\t<\/span>\n\t\t\t\t\t\t\t\t\t\t<span class=\"elementor-icon-list-text\"><b>BERTA<\/b> \/ Elena C\u00e1rdenas<\/span>\n\t\t\t\t\t\t\t\t\t<\/li>\n\t\t\t\t\t\t\t\t<li class=\"elementor-icon-list-item\">\n\t\t\t\t\t\t\t\t\t\t\t<span class=\"elementor-icon-list-icon\">\n\t\t\t\t\t\t\t<i aria-hidden=\"true\" class=\"fas fa-times\"><\/i>\t\t\t\t\t\t<\/span>\n\t\t\t\t\t\t\t\t\t\t<span class=\"elementor-icon-list-text\">Amiga de Rosaura y novia de Haly<\/span>\n\t\t\t\t\t\t\t\t\t<\/li>\n\t\t\t\t\t\t\t\t<li class=\"elementor-icon-list-item\">\n\t\t\t\t\t\t\t\t\t\t\t<span class=\"elementor-icon-list-icon\">\n\t\t\t\t\t\t\t<i aria-hidden=\"true\" class=\"fas fa-dot-circle\"><\/i>\t\t\t\t\t\t<\/span>\n\t\t\t\t\t\t\t\t\t\t<span class=\"elementor-icon-list-text\">Soprano<\/span>\n\t\t\t\t\t\t\t\t\t<\/li>\n\t\t\t\t\t\t<\/ul>\n\t\t\t\t\t\t<\/div>\n\t\t\t\t<\/div>\n\t\t\t\t\t<\/div>\n\t\t<\/div>\n\t\t\t\t<div class=\"elementor-column elementor-col-25 elementor-inner-column elementor-element elementor-element-319c47c\" data-id=\"319c47c\" data-element_type=\"column\" data-e-type=\"column\">\n\t\t\t<div class=\"elementor-widget-wrap elementor-element-populated\">\n\t\t\t\t\t\t<div class=\"elementor-element elementor-element-1cb07a1 elementor-widget elementor-widget-image\" data-id=\"1cb07a1\" data-element_type=\"widget\" data-e-type=\"widget\" data-widget_type=\"image.default\">\n\t\t\t\t<div class=\"elementor-widget-container\">\n\t\t\t\t\t\t\t\t\t\t\t\t\t\t\t<img loading=\"lazy\" decoding=\"async\" width=\"300\" height=\"300\" src=\"https:\/\/cultura.aupex.org\/operarural\/wp-content\/uploads\/2025\/11\/Lelio-300x300.jpeg\" class=\"attachment-medium size-medium wp-image-4805\" alt=\"\" srcset=\"https:\/\/cultura.aupex.org\/operarural\/wp-content\/uploads\/2025\/11\/Lelio-300x300.jpeg 300w, https:\/\/cultura.aupex.org\/operarural\/wp-content\/uploads\/2025\/11\/Lelio-1024x1024.jpeg 1024w, https:\/\/cultura.aupex.org\/operarural\/wp-content\/uploads\/2025\/11\/Lelio-150x150.jpeg 150w, https:\/\/cultura.aupex.org\/operarural\/wp-content\/uploads\/2025\/11\/Lelio-768x767.jpeg 768w, https:\/\/cultura.aupex.org\/operarural\/wp-content\/uploads\/2025\/11\/Lelio.jpeg 1535w\" sizes=\"(max-width: 300px) 100vw, 300px\" \/>\t\t\t\t\t\t\t\t\t\t\t\t\t\t\t<\/div>\n\t\t\t\t<\/div>\n\t\t\t\t<div class=\"elementor-element elementor-element-93b89d7 elementor-align-center elementor-icon-list--layout-traditional elementor-list-item-link-full_width elementor-widget elementor-widget-icon-list\" data-id=\"93b89d7\" data-element_type=\"widget\" data-e-type=\"widget\" data-widget_type=\"icon-list.default\">\n\t\t\t\t<div class=\"elementor-widget-container\">\n\t\t\t\t\t\t\t<ul class=\"elementor-icon-list-items\">\n\t\t\t\t\t\t\t<li class=\"elementor-icon-list-item\">\n\t\t\t\t\t\t\t\t\t\t\t<span class=\"elementor-icon-list-icon\">\n\t\t\t\t\t\t\t<i aria-hidden=\"true\" class=\"fas fa-check\"><\/i>\t\t\t\t\t\t<\/span>\n\t\t\t\t\t\t\t\t\t\t<span class=\"elementor-icon-list-text\"><b>LELIO<\/b> \/ Victror Jim\u00e9nez<\/span>\n\t\t\t\t\t\t\t\t\t<\/li>\n\t\t\t\t\t\t\t\t<li class=\"elementor-icon-list-item\">\n\t\t\t\t\t\t\t\t\t\t\t<span class=\"elementor-icon-list-icon\">\n\t\t\t\t\t\t\t<i aria-hidden=\"true\" class=\"fas fa-times\"><\/i>\t\t\t\t\t\t<\/span>\n\t\t\t\t\t\t\t\t\t\t<span class=\"elementor-icon-list-text\">Joven enamorado de Rosaura<\/span>\n\t\t\t\t\t\t\t\t\t<\/li>\n\t\t\t\t\t\t\t\t<li class=\"elementor-icon-list-item\">\n\t\t\t\t\t\t\t\t\t\t\t<span class=\"elementor-icon-list-icon\">\n\t\t\t\t\t\t\t<i aria-hidden=\"true\" class=\"fas fa-dot-circle\"><\/i>\t\t\t\t\t\t<\/span>\n\t\t\t\t\t\t\t\t\t\t<span class=\"elementor-icon-list-text\">Tenor<\/span>\n\t\t\t\t\t\t\t\t\t<\/li>\n\t\t\t\t\t\t<\/ul>\n\t\t\t\t\t\t<\/div>\n\t\t\t\t<\/div>\n\t\t\t\t\t<\/div>\n\t\t<\/div>\n\t\t\t\t\t<\/div>\n\t\t<\/section>\n\t\t\t\t<section class=\"elementor-section elementor-inner-section elementor-element elementor-element-d59662d elementor-section-content-top elementor-section-boxed elementor-section-height-default elementor-section-height-default\" data-id=\"d59662d\" data-element_type=\"section\" data-e-type=\"section\">\n\t\t\t\t\t\t<div class=\"elementor-container elementor-column-gap-default\">\n\t\t\t\t\t<div class=\"elementor-column elementor-col-25 elementor-inner-column elementor-element elementor-element-1cf246a\" data-id=\"1cf246a\" data-element_type=\"column\" data-e-type=\"column\">\n\t\t\t<div class=\"elementor-widget-wrap elementor-element-populated\">\n\t\t\t\t\t\t<div class=\"elementor-element elementor-element-8d6260e elementor-widget elementor-widget-image\" data-id=\"8d6260e\" data-element_type=\"widget\" data-e-type=\"widget\" data-widget_type=\"image.default\">\n\t\t\t\t<div class=\"elementor-widget-container\">\n\t\t\t\t\t\t\t\t\t\t\t\t\t\t\t<img loading=\"lazy\" decoding=\"async\" width=\"300\" height=\"300\" src=\"https:\/\/cultura.aupex.org\/operarural\/wp-content\/uploads\/2025\/11\/IMG_6416-2-300x300.jpg\" class=\"attachment-medium size-medium wp-image-4806\" alt=\"\" srcset=\"https:\/\/cultura.aupex.org\/operarural\/wp-content\/uploads\/2025\/11\/IMG_6416-2-300x300.jpg 300w, https:\/\/cultura.aupex.org\/operarural\/wp-content\/uploads\/2025\/11\/IMG_6416-2-1024x1024.jpg 1024w, https:\/\/cultura.aupex.org\/operarural\/wp-content\/uploads\/2025\/11\/IMG_6416-2-150x150.jpg 150w, https:\/\/cultura.aupex.org\/operarural\/wp-content\/uploads\/2025\/11\/IMG_6416-2-768x767.jpg 768w, https:\/\/cultura.aupex.org\/operarural\/wp-content\/uploads\/2025\/11\/IMG_6416-2-1536x1536.jpg 1536w, https:\/\/cultura.aupex.org\/operarural\/wp-content\/uploads\/2025\/11\/IMG_6416-2-2048x2046.jpg 2048w\" sizes=\"(max-width: 300px) 100vw, 300px\" \/>\t\t\t\t\t\t\t\t\t\t\t\t\t\t\t<\/div>\n\t\t\t\t<\/div>\n\t\t\t\t<div class=\"elementor-element elementor-element-6e5107f elementor-align-center elementor-icon-list--layout-traditional elementor-list-item-link-full_width elementor-widget elementor-widget-icon-list\" data-id=\"6e5107f\" data-element_type=\"widget\" data-e-type=\"widget\" data-widget_type=\"icon-list.default\">\n\t\t\t\t<div class=\"elementor-widget-container\">\n\t\t\t\t\t\t\t<ul class=\"elementor-icon-list-items\">\n\t\t\t\t\t\t\t<li class=\"elementor-icon-list-item\">\n\t\t\t\t\t\t\t\t\t\t\t<span class=\"elementor-icon-list-icon\">\n\t\t\t\t\t\t\t<i aria-hidden=\"true\" class=\"fas fa-check\"><\/i>\t\t\t\t\t\t<\/span>\n\t\t\t\t\t\t\t\t\t\t<span class=\"elementor-icon-list-text\"><b>GRAZZIANO<\/b> \/ \u00c1ngel Jim\u00e9nez<\/span>\n\t\t\t\t\t\t\t\t\t<\/li>\n\t\t\t\t\t\t\t\t<li class=\"elementor-icon-list-item\">\n\t\t\t\t\t\t\t\t\t\t\t<span class=\"elementor-icon-list-icon\">\n\t\t\t\t\t\t\t<i aria-hidden=\"true\" class=\"fas fa-times\"><\/i>\t\t\t\t\t\t<\/span>\n\t\t\t\t\t\t\t\t\t\t<span class=\"elementor-icon-list-text\">Doctor y amigo de Il capitano<\/span>\n\t\t\t\t\t\t\t\t\t<\/li>\n\t\t\t\t\t\t\t\t<li class=\"elementor-icon-list-item\">\n\t\t\t\t\t\t\t\t\t\t\t<span class=\"elementor-icon-list-icon\">\n\t\t\t\t\t\t\t<i aria-hidden=\"true\" class=\"fas fa-dot-circle\"><\/i>\t\t\t\t\t\t<\/span>\n\t\t\t\t\t\t\t\t\t\t<span class=\"elementor-icon-list-text\">Bar\u00edtono<\/span>\n\t\t\t\t\t\t\t\t\t<\/li>\n\t\t\t\t\t\t<\/ul>\n\t\t\t\t\t\t<\/div>\n\t\t\t\t<\/div>\n\t\t\t\t\t<\/div>\n\t\t<\/div>\n\t\t\t\t<div class=\"elementor-column elementor-col-25 elementor-inner-column elementor-element elementor-element-6720798\" data-id=\"6720798\" data-element_type=\"column\" data-e-type=\"column\">\n\t\t\t<div class=\"elementor-widget-wrap elementor-element-populated\">\n\t\t\t\t\t\t<div class=\"elementor-element elementor-element-e38aa00 elementor-widget elementor-widget-image\" data-id=\"e38aa00\" data-element_type=\"widget\" data-e-type=\"widget\" data-widget_type=\"image.default\">\n\t\t\t\t<div class=\"elementor-widget-container\">\n\t\t\t\t\t\t\t\t\t\t\t\t\t\t\t<img loading=\"lazy\" decoding=\"async\" width=\"300\" height=\"300\" src=\"https:\/\/cultura.aupex.org\/operarural\/wp-content\/uploads\/2025\/11\/Benji-1-300x300.jpg\" class=\"attachment-medium size-medium wp-image-4807\" alt=\"\" srcset=\"https:\/\/cultura.aupex.org\/operarural\/wp-content\/uploads\/2025\/11\/Benji-1-300x300.jpg 300w, https:\/\/cultura.aupex.org\/operarural\/wp-content\/uploads\/2025\/11\/Benji-1-1024x1024.jpg 1024w, https:\/\/cultura.aupex.org\/operarural\/wp-content\/uploads\/2025\/11\/Benji-1-150x150.jpg 150w, https:\/\/cultura.aupex.org\/operarural\/wp-content\/uploads\/2025\/11\/Benji-1-768x768.jpg 768w, https:\/\/cultura.aupex.org\/operarural\/wp-content\/uploads\/2025\/11\/Benji-1.jpg 1129w\" sizes=\"(max-width: 300px) 100vw, 300px\" \/>\t\t\t\t\t\t\t\t\t\t\t\t\t\t\t<\/div>\n\t\t\t\t<\/div>\n\t\t\t\t<div class=\"elementor-element elementor-element-fb039cf elementor-align-center elementor-icon-list--layout-traditional elementor-list-item-link-full_width elementor-widget elementor-widget-icon-list\" data-id=\"fb039cf\" data-element_type=\"widget\" data-e-type=\"widget\" data-widget_type=\"icon-list.default\">\n\t\t\t\t<div class=\"elementor-widget-container\">\n\t\t\t\t\t\t\t<ul class=\"elementor-icon-list-items\">\n\t\t\t\t\t\t\t<li class=\"elementor-icon-list-item\">\n\t\t\t\t\t\t\t\t\t\t\t<span class=\"elementor-icon-list-icon\">\n\t\t\t\t\t\t\t<i aria-hidden=\"true\" class=\"fas fa-check\"><\/i>\t\t\t\t\t\t<\/span>\n\t\t\t\t\t\t\t\t\t\t<span class=\"elementor-icon-list-text\"><b>HALY \/ PAOLA<\/b> \/ Benji Est\u00e9vez<\/span>\n\t\t\t\t\t\t\t\t\t<\/li>\n\t\t\t\t\t\t\t\t<li class=\"elementor-icon-list-item\">\n\t\t\t\t\t\t\t\t\t\t\t<span class=\"elementor-icon-list-icon\">\n\t\t\t\t\t\t\t<i aria-hidden=\"true\" class=\"fas fa-times\"><\/i>\t\t\t\t\t\t<\/span>\n\t\t\t\t\t\t\t\t\t\t<span class=\"elementor-icon-list-text\">Asistente de Il capitano, novio de Berta<\/span>\n\t\t\t\t\t\t\t\t\t<\/li>\n\t\t\t\t\t\t\t\t<li class=\"elementor-icon-list-item\">\n\t\t\t\t\t\t\t\t\t\t\t<span class=\"elementor-icon-list-icon\">\n\t\t\t\t\t\t\t<i aria-hidden=\"true\" class=\"fas fa-dot-circle\"><\/i>\t\t\t\t\t\t<\/span>\n\t\t\t\t\t\t\t\t\t\t<span class=\"elementor-icon-list-text\">Tenor<\/span>\n\t\t\t\t\t\t\t\t\t<\/li>\n\t\t\t\t\t\t<\/ul>\n\t\t\t\t\t\t<\/div>\n\t\t\t\t<\/div>\n\t\t\t\t\t<\/div>\n\t\t<\/div>\n\t\t\t\t<div class=\"elementor-column elementor-col-25 elementor-inner-column elementor-element elementor-element-ab03aa4\" data-id=\"ab03aa4\" data-element_type=\"column\" data-e-type=\"column\">\n\t\t\t<div class=\"elementor-widget-wrap elementor-element-populated\">\n\t\t\t\t\t\t<div class=\"elementor-element elementor-element-388f3d2 elementor-widget elementor-widget-image\" data-id=\"388f3d2\" data-element_type=\"widget\" data-e-type=\"widget\" data-widget_type=\"image.default\">\n\t\t\t\t<div class=\"elementor-widget-container\">\n\t\t\t\t\t\t\t\t\t\t\t\t\t\t\t<img loading=\"lazy\" decoding=\"async\" width=\"300\" height=\"300\" src=\"https:\/\/cultura.aupex.org\/operarural\/wp-content\/uploads\/2025\/11\/isabella-300x300.jpeg\" class=\"attachment-medium size-medium wp-image-4808\" alt=\"\" srcset=\"https:\/\/cultura.aupex.org\/operarural\/wp-content\/uploads\/2025\/11\/isabella-300x300.jpeg 300w, https:\/\/cultura.aupex.org\/operarural\/wp-content\/uploads\/2025\/11\/isabella-150x150.jpeg 150w, https:\/\/cultura.aupex.org\/operarural\/wp-content\/uploads\/2025\/11\/isabella-768x767.jpeg 768w, https:\/\/cultura.aupex.org\/operarural\/wp-content\/uploads\/2025\/11\/isabella.jpeg 876w\" sizes=\"(max-width: 300px) 100vw, 300px\" \/>\t\t\t\t\t\t\t\t\t\t\t\t\t\t\t<\/div>\n\t\t\t\t<\/div>\n\t\t\t\t<div class=\"elementor-element elementor-element-429cd7a elementor-align-center elementor-icon-list--layout-traditional elementor-list-item-link-full_width elementor-widget elementor-widget-icon-list\" data-id=\"429cd7a\" data-element_type=\"widget\" data-e-type=\"widget\" data-widget_type=\"icon-list.default\">\n\t\t\t\t<div class=\"elementor-widget-container\">\n\t\t\t\t\t\t\t<ul class=\"elementor-icon-list-items\">\n\t\t\t\t\t\t\t<li class=\"elementor-icon-list-item\">\n\t\t\t\t\t\t\t\t\t\t\t<span class=\"elementor-icon-list-icon\">\n\t\t\t\t\t\t\t<i aria-hidden=\"true\" class=\"fas fa-check\"><\/i>\t\t\t\t\t\t<\/span>\n\t\t\t\t\t\t\t\t\t\t<span class=\"elementor-icon-list-text\"><b>ISABELLA<\/b> \/ Patricia Santos<\/span>\n\t\t\t\t\t\t\t\t\t<\/li>\n\t\t\t\t\t\t\t\t<li class=\"elementor-icon-list-item\">\n\t\t\t\t\t\t\t\t\t\t\t<span class=\"elementor-icon-list-icon\">\n\t\t\t\t\t\t\t<i aria-hidden=\"true\" class=\"fas fa-times\"><\/i>\t\t\t\t\t\t<\/span>\n\t\t\t\t\t\t\t\t\t\t<span class=\"elementor-icon-list-text\">Amiga de Rosaura y de Il capitano<\/span>\n\t\t\t\t\t\t\t\t\t<\/li>\n\t\t\t\t\t\t\t\t<li class=\"elementor-icon-list-item\">\n\t\t\t\t\t\t\t\t\t\t\t<span class=\"elementor-icon-list-icon\">\n\t\t\t\t\t\t\t<i aria-hidden=\"true\" class=\"fas fa-dot-circle\"><\/i>\t\t\t\t\t\t<\/span>\n\t\t\t\t\t\t\t\t\t\t<span class=\"elementor-icon-list-text\">Soprano<\/span>\n\t\t\t\t\t\t\t\t\t<\/li>\n\t\t\t\t\t\t<\/ul>\n\t\t\t\t\t\t<\/div>\n\t\t\t\t<\/div>\n\t\t\t\t\t<\/div>\n\t\t<\/div>\n\t\t\t\t<div class=\"elementor-column elementor-col-25 elementor-inner-column elementor-element elementor-element-ec970f2\" data-id=\"ec970f2\" data-element_type=\"column\" data-e-type=\"column\">\n\t\t\t<div class=\"elementor-widget-wrap elementor-element-populated\">\n\t\t\t\t\t\t<div class=\"elementor-element elementor-element-67b1539 elementor-widget elementor-widget-image\" data-id=\"67b1539\" data-element_type=\"widget\" data-e-type=\"widget\" data-widget_type=\"image.default\">\n\t\t\t\t<div class=\"elementor-widget-container\">\n\t\t\t\t\t\t\t\t\t\t\t\t\t\t\t<img loading=\"lazy\" decoding=\"async\" width=\"300\" height=\"300\" src=\"https:\/\/cultura.aupex.org\/operarural\/wp-content\/uploads\/2025\/11\/fausto-300x300.jpeg\" class=\"attachment-medium size-medium wp-image-4809\" alt=\"\" srcset=\"https:\/\/cultura.aupex.org\/operarural\/wp-content\/uploads\/2025\/11\/fausto-300x300.jpeg 300w, https:\/\/cultura.aupex.org\/operarural\/wp-content\/uploads\/2025\/11\/fausto-1024x1024.jpeg 1024w, https:\/\/cultura.aupex.org\/operarural\/wp-content\/uploads\/2025\/11\/fausto-150x150.jpeg 150w, https:\/\/cultura.aupex.org\/operarural\/wp-content\/uploads\/2025\/11\/fausto-768x768.jpeg 768w, https:\/\/cultura.aupex.org\/operarural\/wp-content\/uploads\/2025\/11\/fausto.jpeg 1252w\" sizes=\"(max-width: 300px) 100vw, 300px\" \/>\t\t\t\t\t\t\t\t\t\t\t\t\t\t\t<\/div>\n\t\t\t\t<\/div>\n\t\t\t\t<div class=\"elementor-element elementor-element-f3227af elementor-align-center elementor-icon-list--layout-traditional elementor-list-item-link-full_width elementor-widget elementor-widget-icon-list\" data-id=\"f3227af\" data-element_type=\"widget\" data-e-type=\"widget\" data-widget_type=\"icon-list.default\">\n\t\t\t\t<div class=\"elementor-widget-container\">\n\t\t\t\t\t\t\t<ul class=\"elementor-icon-list-items\">\n\t\t\t\t\t\t\t<li class=\"elementor-icon-list-item\">\n\t\t\t\t\t\t\t\t\t\t\t<span class=\"elementor-icon-list-icon\">\n\t\t\t\t\t\t\t<i aria-hidden=\"true\" class=\"fas fa-check\"><\/i>\t\t\t\t\t\t<\/span>\n\t\t\t\t\t\t\t\t\t\t<span class=\"elementor-icon-list-text\"><b>FAUSTO<\/b> \/ C\u00e9sar M\u00e1rquez <\/span>\n\t\t\t\t\t\t\t\t\t<\/li>\n\t\t\t\t\t\t\t\t<li class=\"elementor-icon-list-item\">\n\t\t\t\t\t\t\t\t\t\t\t<span class=\"elementor-icon-list-icon\">\n\t\t\t\t\t\t\t<i aria-hidden=\"true\" class=\"fas fa-times\"><\/i>\t\t\t\t\t\t<\/span>\n\t\t\t\t\t\t\t\t\t\t<span class=\"elementor-icon-list-text\">Jefe del restaurante<\/span>\n\t\t\t\t\t\t\t\t\t<\/li>\n\t\t\t\t\t\t\t\t<li class=\"elementor-icon-list-item\">\n\t\t\t\t\t\t\t\t\t\t\t<span class=\"elementor-icon-list-icon\">\n\t\t\t\t\t\t\t<i aria-hidden=\"true\" class=\"fas fa-dot-circle\"><\/i>\t\t\t\t\t\t<\/span>\n\t\t\t\t\t\t\t\t\t\t<span class=\"elementor-icon-list-text\">Bar\u00edtono<\/span>\n\t\t\t\t\t\t\t\t\t<\/li>\n\t\t\t\t\t\t<\/ul>\n\t\t\t\t\t\t<\/div>\n\t\t\t\t<\/div>\n\t\t\t\t\t<\/div>\n\t\t<\/div>\n\t\t\t\t\t<\/div>\n\t\t<\/section>\n\t\t\t\t<section class=\"elementor-section elementor-inner-section elementor-element elementor-element-0104ee9 elementor-section-content-top elementor-section-boxed elementor-section-height-default elementor-section-height-default\" data-id=\"0104ee9\" data-element_type=\"section\" data-e-type=\"section\">\n\t\t\t\t\t\t<div class=\"elementor-container elementor-column-gap-default\">\n\t\t\t\t\t<div class=\"elementor-column elementor-col-25 elementor-inner-column elementor-element elementor-element-8309962\" data-id=\"8309962\" data-element_type=\"column\" data-e-type=\"column\">\n\t\t\t<div class=\"elementor-widget-wrap elementor-element-populated\">\n\t\t\t\t\t\t<div class=\"elementor-element elementor-element-5ba74a5 elementor-widget elementor-widget-image\" data-id=\"5ba74a5\" data-element_type=\"widget\" data-e-type=\"widget\" data-widget_type=\"image.default\">\n\t\t\t\t<div class=\"elementor-widget-container\">\n\t\t\t\t\t\t\t\t\t\t\t\t\t\t\t<img loading=\"lazy\" decoding=\"async\" width=\"300\" height=\"300\" src=\"https:\/\/cultura.aupex.org\/operarural\/wp-content\/uploads\/2025\/11\/semplice-300x300.jpeg\" class=\"attachment-medium size-medium wp-image-4810\" alt=\"\" srcset=\"https:\/\/cultura.aupex.org\/operarural\/wp-content\/uploads\/2025\/11\/semplice-300x300.jpeg 300w, https:\/\/cultura.aupex.org\/operarural\/wp-content\/uploads\/2025\/11\/semplice-150x150.jpeg 150w, https:\/\/cultura.aupex.org\/operarural\/wp-content\/uploads\/2025\/11\/semplice.jpeg 659w\" sizes=\"(max-width: 300px) 100vw, 300px\" \/>\t\t\t\t\t\t\t\t\t\t\t\t\t\t\t<\/div>\n\t\t\t\t<\/div>\n\t\t\t\t<div class=\"elementor-element elementor-element-90ac7c9 elementor-align-center elementor-icon-list--layout-traditional elementor-list-item-link-full_width elementor-widget elementor-widget-icon-list\" data-id=\"90ac7c9\" data-element_type=\"widget\" data-e-type=\"widget\" data-widget_type=\"icon-list.default\">\n\t\t\t\t<div class=\"elementor-widget-container\">\n\t\t\t\t\t\t\t<ul class=\"elementor-icon-list-items\">\n\t\t\t\t\t\t\t<li class=\"elementor-icon-list-item\">\n\t\t\t\t\t\t\t\t\t\t\t<span class=\"elementor-icon-list-icon\">\n\t\t\t\t\t\t\t<i aria-hidden=\"true\" class=\"fas fa-check\"><\/i>\t\t\t\t\t\t<\/span>\n\t\t\t\t\t\t\t\t\t\t<span class=\"elementor-icon-list-text\"><b>SEMPLICE<\/b> \/ Irene Rosado<\/span>\n\t\t\t\t\t\t\t\t\t<\/li>\n\t\t\t\t\t\t\t\t<li class=\"elementor-icon-list-item\">\n\t\t\t\t\t\t\t\t\t\t\t<span class=\"elementor-icon-list-icon\">\n\t\t\t\t\t\t\t<i aria-hidden=\"true\" class=\"fas fa-times\"><\/i>\t\t\t\t\t\t<\/span>\n\t\t\t\t\t\t\t\t\t\t<span class=\"elementor-icon-list-text\">Amiga de Rosaura<\/span>\n\t\t\t\t\t\t\t\t\t<\/li>\n\t\t\t\t\t\t\t\t<li class=\"elementor-icon-list-item\">\n\t\t\t\t\t\t\t\t\t\t\t<span class=\"elementor-icon-list-icon\">\n\t\t\t\t\t\t\t<i aria-hidden=\"true\" class=\"fas fa-dot-circle\"><\/i>\t\t\t\t\t\t<\/span>\n\t\t\t\t\t\t\t\t\t\t<span class=\"elementor-icon-list-text\">Actriz \/ Soprano<\/span>\n\t\t\t\t\t\t\t\t\t<\/li>\n\t\t\t\t\t\t<\/ul>\n\t\t\t\t\t\t<\/div>\n\t\t\t\t<\/div>\n\t\t\t\t\t<\/div>\n\t\t<\/div>\n\t\t\t\t<div class=\"elementor-column elementor-col-25 elementor-inner-column elementor-element elementor-element-915863c\" data-id=\"915863c\" data-element_type=\"column\" data-e-type=\"column\">\n\t\t\t<div class=\"elementor-widget-wrap elementor-element-populated\">\n\t\t\t\t\t\t<div class=\"elementor-element elementor-element-e0845a0 elementor-widget elementor-widget-image\" data-id=\"e0845a0\" data-element_type=\"widget\" data-e-type=\"widget\" data-widget_type=\"image.default\">\n\t\t\t\t<div class=\"elementor-widget-container\">\n\t\t\t\t\t\t\t\t\t\t\t\t\t\t\t<img loading=\"lazy\" decoding=\"async\" width=\"300\" height=\"300\" src=\"https:\/\/cultura.aupex.org\/operarural\/wp-content\/uploads\/2025\/11\/una-300x300.jpeg\" class=\"attachment-medium size-medium wp-image-4811\" alt=\"\" srcset=\"https:\/\/cultura.aupex.org\/operarural\/wp-content\/uploads\/2025\/11\/una-300x300.jpeg 300w, https:\/\/cultura.aupex.org\/operarural\/wp-content\/uploads\/2025\/11\/una-150x150.jpeg 150w, https:\/\/cultura.aupex.org\/operarural\/wp-content\/uploads\/2025\/11\/una.jpeg 681w\" sizes=\"(max-width: 300px) 100vw, 300px\" \/>\t\t\t\t\t\t\t\t\t\t\t\t\t\t\t<\/div>\n\t\t\t\t<\/div>\n\t\t\t\t<div class=\"elementor-element elementor-element-f010cb0 elementor-align-center elementor-icon-list--layout-traditional elementor-list-item-link-full_width elementor-widget elementor-widget-icon-list\" data-id=\"f010cb0\" data-element_type=\"widget\" data-e-type=\"widget\" data-widget_type=\"icon-list.default\">\n\t\t\t\t<div class=\"elementor-widget-container\">\n\t\t\t\t\t\t\t<ul class=\"elementor-icon-list-items\">\n\t\t\t\t\t\t\t<li class=\"elementor-icon-list-item\">\n\t\t\t\t\t\t\t\t\t\t\t<span class=\"elementor-icon-list-icon\">\n\t\t\t\t\t\t\t<i aria-hidden=\"true\" class=\"fas fa-check\"><\/i>\t\t\t\t\t\t<\/span>\n\t\t\t\t\t\t\t\t\t\t<span class=\"elementor-icon-list-text\"><b>T\u00cdMIDA<\/b> \/ Alba Guerra<\/span>\n\t\t\t\t\t\t\t\t\t<\/li>\n\t\t\t\t\t\t\t\t<li class=\"elementor-icon-list-item\">\n\t\t\t\t\t\t\t\t\t\t\t<span class=\"elementor-icon-list-icon\">\n\t\t\t\t\t\t\t<i aria-hidden=\"true\" class=\"fas fa-times\"><\/i>\t\t\t\t\t\t<\/span>\n\t\t\t\t\t\t\t\t\t\t<span class=\"elementor-icon-list-text\">Amiga de Rosaura<\/span>\n\t\t\t\t\t\t\t\t\t<\/li>\n\t\t\t\t\t\t\t\t<li class=\"elementor-icon-list-item\">\n\t\t\t\t\t\t\t\t\t\t\t<span class=\"elementor-icon-list-icon\">\n\t\t\t\t\t\t\t<i aria-hidden=\"true\" class=\"fas fa-dot-circle\"><\/i>\t\t\t\t\t\t<\/span>\n\t\t\t\t\t\t\t\t\t\t<span class=\"elementor-icon-list-text\">Actriz \/ Soprano<\/span>\n\t\t\t\t\t\t\t\t\t<\/li>\n\t\t\t\t\t\t<\/ul>\n\t\t\t\t\t\t<\/div>\n\t\t\t\t<\/div>\n\t\t\t\t\t<\/div>\n\t\t<\/div>\n\t\t\t\t<div class=\"elementor-column elementor-col-25 elementor-inner-column elementor-element elementor-element-e9916ff\" data-id=\"e9916ff\" data-element_type=\"column\" data-e-type=\"column\">\n\t\t\t<div class=\"elementor-widget-wrap elementor-element-populated\">\n\t\t\t\t\t\t<div class=\"elementor-element elementor-element-cdacbba elementor-widget elementor-widget-image\" data-id=\"cdacbba\" data-element_type=\"widget\" data-e-type=\"widget\" data-widget_type=\"image.default\">\n\t\t\t\t<div class=\"elementor-widget-container\">\n\t\t\t\t\t\t\t\t\t\t\t\t\t\t\t<img loading=\"lazy\" decoding=\"async\" width=\"300\" height=\"300\" src=\"https:\/\/cultura.aupex.org\/operarural\/wp-content\/uploads\/2025\/11\/watford-300x300.jpeg\" class=\"attachment-medium size-medium wp-image-4812\" alt=\"\" srcset=\"https:\/\/cultura.aupex.org\/operarural\/wp-content\/uploads\/2025\/11\/watford-300x300.jpeg 300w, https:\/\/cultura.aupex.org\/operarural\/wp-content\/uploads\/2025\/11\/watford-150x150.jpeg 150w, https:\/\/cultura.aupex.org\/operarural\/wp-content\/uploads\/2025\/11\/watford.jpeg 677w\" sizes=\"(max-width: 300px) 100vw, 300px\" \/>\t\t\t\t\t\t\t\t\t\t\t\t\t\t\t<\/div>\n\t\t\t\t<\/div>\n\t\t\t\t<div class=\"elementor-element elementor-element-cd2de9d elementor-align-center elementor-icon-list--layout-traditional elementor-list-item-link-full_width elementor-widget elementor-widget-icon-list\" data-id=\"cd2de9d\" data-element_type=\"widget\" data-e-type=\"widget\" data-widget_type=\"icon-list.default\">\n\t\t\t\t<div class=\"elementor-widget-container\">\n\t\t\t\t\t\t\t<ul class=\"elementor-icon-list-items\">\n\t\t\t\t\t\t\t<li class=\"elementor-icon-list-item\">\n\t\t\t\t\t\t\t\t\t\t\t<span class=\"elementor-icon-list-icon\">\n\t\t\t\t\t\t\t<i aria-hidden=\"true\" class=\"fas fa-check\"><\/i>\t\t\t\t\t\t<\/span>\n\t\t\t\t\t\t\t\t\t\t<span class=\"elementor-icon-list-text\"><b>Srta. WATERFORD<\/b> \/ Selena Portillo<\/span>\n\t\t\t\t\t\t\t\t\t<\/li>\n\t\t\t\t\t\t\t\t<li class=\"elementor-icon-list-item\">\n\t\t\t\t\t\t\t\t\t\t\t<span class=\"elementor-icon-list-icon\">\n\t\t\t\t\t\t\t<i aria-hidden=\"true\" class=\"fas fa-times\"><\/i>\t\t\t\t\t\t<\/span>\n\t\t\t\t\t\t\t\t\t\t<span class=\"elementor-icon-list-text\">Amiga de Rosaura<\/span>\n\t\t\t\t\t\t\t\t\t<\/li>\n\t\t\t\t\t\t\t\t<li class=\"elementor-icon-list-item\">\n\t\t\t\t\t\t\t\t\t\t\t<span class=\"elementor-icon-list-icon\">\n\t\t\t\t\t\t\t<i aria-hidden=\"true\" class=\"fas fa-dot-circle\"><\/i>\t\t\t\t\t\t<\/span>\n\t\t\t\t\t\t\t\t\t\t<span class=\"elementor-icon-list-text\">Actriz \/ Soprano<\/span>\n\t\t\t\t\t\t\t\t\t<\/li>\n\t\t\t\t\t\t<\/ul>\n\t\t\t\t\t\t<\/div>\n\t\t\t\t<\/div>\n\t\t\t\t\t<\/div>\n\t\t<\/div>\n\t\t\t\t<div class=\"elementor-column elementor-col-25 elementor-inner-column elementor-element elementor-element-a92f515\" data-id=\"a92f515\" data-element_type=\"column\" data-e-type=\"column\">\n\t\t\t<div class=\"elementor-widget-wrap\">\n\t\t\t\t\t\t\t<\/div>\n\t\t<\/div>\n\t\t\t\t\t<\/div>\n\t\t<\/section>\n\t\t\t\t<section class=\"elementor-section elementor-inner-section elementor-element elementor-element-70cfb12 elementor-section-content-top elementor-section-boxed elementor-section-height-default elementor-section-height-default\" data-id=\"70cfb12\" data-element_type=\"section\" data-e-type=\"section\">\n\t\t\t\t\t\t<div class=\"elementor-container elementor-column-gap-default\">\n\t\t\t\t\t<div class=\"elementor-column elementor-col-100 elementor-inner-column elementor-element elementor-element-88e8714\" data-id=\"88e8714\" data-element_type=\"column\" data-e-type=\"column\">\n\t\t\t<div class=\"elementor-widget-wrap\">\n\t\t\t\t\t\t\t<\/div>\n\t\t<\/div>\n\t\t\t\t\t<\/div>\n\t\t<\/section>\n\t\t\t\t<div class=\"elementor-element elementor-element-68d9a39 elementor-widget-divider--view-line elementor-widget elementor-widget-divider\" data-id=\"68d9a39\" data-element_type=\"widget\" data-e-type=\"widget\" data-widget_type=\"divider.default\">\n\t\t\t\t<div class=\"elementor-widget-container\">\n\t\t\t\t\t\t\t<div class=\"elementor-divider\">\n\t\t\t<span class=\"elementor-divider-separator\">\n\t\t\t\t\t\t<\/span>\n\t\t<\/div>\n\t\t\t\t\t\t<\/div>\n\t\t\t\t<\/div>\n\t\t\t\t<section class=\"elementor-section elementor-inner-section elementor-element elementor-element-8513bcd elementor-section-content-middle elementor-section-boxed elementor-section-height-default elementor-section-height-default\" data-id=\"8513bcd\" data-element_type=\"section\" data-e-type=\"section\" data-settings=\"{&quot;background_background&quot;:&quot;classic&quot;,&quot;shape_divider_bottom&quot;:&quot;opacity-tilt&quot;}\">\n\t\t\t\t\t<div class=\"elementor-shape elementor-shape-bottom\" aria-hidden=\"true\" data-negative=\"false\">\n\t\t\t<svg xmlns=\"http:\/\/www.w3.org\/2000\/svg\" viewBox=\"0 0 2600 131.1\" preserveAspectRatio=\"none\">\n\t<path class=\"elementor-shape-fill\" d=\"M0 0L2600 0 2600 69.1 0 0z\"\/>\n\t<path class=\"elementor-shape-fill\" style=\"opacity:0.5\" d=\"M0 0L2600 0 2600 69.1 0 69.1z\"\/>\n\t<path class=\"elementor-shape-fill\" style=\"opacity:0.25\" d=\"M2600 0L0 0 0 130.1 2600 69.1z\"\/>\n<\/svg>\t\t<\/div>\n\t\t\t\t\t<div class=\"elementor-container elementor-column-gap-wide\">\n\t\t\t\t\t<div class=\"elementor-column elementor-col-100 elementor-inner-column elementor-element elementor-element-c990da1\" data-id=\"c990da1\" data-element_type=\"column\" data-e-type=\"column\" data-settings=\"{&quot;background_background&quot;:&quot;classic&quot;}\">\n\t\t\t<div class=\"elementor-widget-wrap elementor-element-populated\">\n\t\t\t\t\t\t<div class=\"elementor-element elementor-element-e16d684 elementor-widget elementor-widget-spacer\" data-id=\"e16d684\" data-element_type=\"widget\" data-e-type=\"widget\" data-widget_type=\"spacer.default\">\n\t\t\t\t<div class=\"elementor-widget-container\">\n\t\t\t\t\t\t\t<div class=\"elementor-spacer\">\n\t\t\t<div class=\"elementor-spacer-inner\"><\/div>\n\t\t<\/div>\n\t\t\t\t\t\t<\/div>\n\t\t\t\t<\/div>\n\t\t\t\t<div class=\"elementor-element elementor-element-dd05dbe elementor-widget elementor-widget-heading\" data-id=\"dd05dbe\" data-element_type=\"widget\" data-e-type=\"widget\" data-widget_type=\"heading.default\">\n\t\t\t\t<div class=\"elementor-widget-container\">\n\t\t\t\t\t<h2 class=\"elementor-heading-title elementor-size-default\">Compa\u00f1\u00eda l\u00edrica ECABA<\/h2>\t\t\t\t<\/div>\n\t\t\t\t<\/div>\n\t\t\t\t\t<\/div>\n\t\t<\/div>\n\t\t\t\t\t<\/div>\n\t\t<\/section>\n\t\t\t\t<section class=\"elementor-section elementor-inner-section elementor-element elementor-element-781cdf9 elementor-section-content-top elementor-section-boxed elementor-section-height-default elementor-section-height-default\" data-id=\"781cdf9\" data-element_type=\"section\" data-e-type=\"section\" data-settings=\"{&quot;background_background&quot;:&quot;classic&quot;}\">\n\t\t\t\t\t\t<div class=\"elementor-container elementor-column-gap-wide\">\n\t\t\t\t\t<div class=\"elementor-column elementor-col-20 elementor-inner-column elementor-element elementor-element-f5b8a97\" data-id=\"f5b8a97\" data-element_type=\"column\" data-e-type=\"column\" data-settings=\"{&quot;background_background&quot;:&quot;classic&quot;}\">\n\t\t\t<div class=\"elementor-widget-wrap elementor-element-populated\">\n\t\t\t\t\t\t<div class=\"elementor-element elementor-element-b7b4ff2 elementor-widget elementor-widget-heading\" data-id=\"b7b4ff2\" data-element_type=\"widget\" data-e-type=\"widget\" data-widget_type=\"heading.default\">\n\t\t\t\t<div class=\"elementor-widget-container\">\n\t\t\t\t\t<h3 class=\"elementor-heading-title elementor-size-default\">Sopranos<\/h3>\t\t\t\t<\/div>\n\t\t\t\t<\/div>\n\t\t\t\t<div class=\"elementor-element elementor-element-3a72f38 elementor-widget__width-initial elementor-widget elementor-widget-text-editor\" data-id=\"3a72f38\" data-element_type=\"widget\" data-e-type=\"widget\" data-widget_type=\"text-editor.default\">\n\t\t\t\t<div class=\"elementor-widget-container\">\n\t\t\t\t\t\t\t\t\t<p>Elena C\u00e1rdenas<br \/>Patricia Santos<br \/>Inmaculada Almeda<br \/>Alba Fern\u00e1ndez<br \/>Irene Rosado<br \/>Mar G\u00f3mez<\/p>\t\t\t\t\t\t\t\t<\/div>\n\t\t\t\t<\/div>\n\t\t\t\t<div class=\"elementor-element elementor-element-fd0072b elementor-widget elementor-widget-spacer\" data-id=\"fd0072b\" data-element_type=\"widget\" data-e-type=\"widget\" data-widget_type=\"spacer.default\">\n\t\t\t\t<div class=\"elementor-widget-container\">\n\t\t\t\t\t\t\t<div class=\"elementor-spacer\">\n\t\t\t<div class=\"elementor-spacer-inner\"><\/div>\n\t\t<\/div>\n\t\t\t\t\t\t<\/div>\n\t\t\t\t<\/div>\n\t\t\t\t\t<\/div>\n\t\t<\/div>\n\t\t\t\t<div class=\"elementor-column elementor-col-20 elementor-inner-column elementor-element elementor-element-1597b33\" data-id=\"1597b33\" data-element_type=\"column\" data-e-type=\"column\" data-settings=\"{&quot;background_background&quot;:&quot;classic&quot;}\">\n\t\t\t<div class=\"elementor-widget-wrap elementor-element-populated\">\n\t\t\t\t\t\t<div class=\"elementor-element elementor-element-789c135 elementor-widget elementor-widget-heading\" data-id=\"789c135\" data-element_type=\"widget\" data-e-type=\"widget\" data-widget_type=\"heading.default\">\n\t\t\t\t<div class=\"elementor-widget-container\">\n\t\t\t\t\t<h3 class=\"elementor-heading-title elementor-size-default\">Tenores<\/h3>\t\t\t\t<\/div>\n\t\t\t\t<\/div>\n\t\t\t\t<div class=\"elementor-element elementor-element-1b5522e elementor-widget__width-initial elementor-widget elementor-widget-text-editor\" data-id=\"1b5522e\" data-element_type=\"widget\" data-e-type=\"widget\" data-widget_type=\"text-editor.default\">\n\t\t\t\t<div class=\"elementor-widget-container\">\n\t\t\t\t\t\t\t\t\t<p>Benji Est\u00e9vez<br \/>C\u00e9sar M\u00e1rquez<br \/>Juan Pedro Mart\u00edn<br \/>Marcos Tapia<br \/>Manuel Jaramillo<\/p>\t\t\t\t\t\t\t\t<\/div>\n\t\t\t\t<\/div>\n\t\t\t\t<div class=\"elementor-element elementor-element-0848d0d elementor-widget elementor-widget-spacer\" data-id=\"0848d0d\" data-element_type=\"widget\" data-e-type=\"widget\" data-widget_type=\"spacer.default\">\n\t\t\t\t<div class=\"elementor-widget-container\">\n\t\t\t\t\t\t\t<div class=\"elementor-spacer\">\n\t\t\t<div class=\"elementor-spacer-inner\"><\/div>\n\t\t<\/div>\n\t\t\t\t\t\t<\/div>\n\t\t\t\t<\/div>\n\t\t\t\t\t<\/div>\n\t\t<\/div>\n\t\t\t\t<div class=\"elementor-column elementor-col-20 elementor-inner-column elementor-element elementor-element-681b13a\" data-id=\"681b13a\" data-element_type=\"column\" data-e-type=\"column\" data-settings=\"{&quot;background_background&quot;:&quot;classic&quot;}\">\n\t\t\t<div class=\"elementor-widget-wrap elementor-element-populated\">\n\t\t\t\t\t\t<div class=\"elementor-element elementor-element-6719807 elementor-widget elementor-widget-spacer\" data-id=\"6719807\" data-element_type=\"widget\" data-e-type=\"widget\" data-widget_type=\"spacer.default\">\n\t\t\t\t<div class=\"elementor-widget-container\">\n\t\t\t\t\t\t\t<div class=\"elementor-spacer\">\n\t\t\t<div class=\"elementor-spacer-inner\"><\/div>\n\t\t<\/div>\n\t\t\t\t\t\t<\/div>\n\t\t\t\t<\/div>\n\t\t\t\t<div class=\"elementor-element elementor-element-f7b20d2 elementor-widget elementor-widget-image\" data-id=\"f7b20d2\" data-element_type=\"widget\" data-e-type=\"widget\" data-widget_type=\"image.default\">\n\t\t\t\t<div class=\"elementor-widget-container\">\n\t\t\t\t\t\t\t\t\t\t\t\t\t\t\t<img loading=\"lazy\" decoding=\"async\" width=\"475\" height=\"102\" src=\"https:\/\/cultura.aupex.org\/operarural\/wp-content\/uploads\/2023\/03\/logo-ecaba-blanco.png\" class=\"attachment-large size-large wp-image-2009\" alt=\"\" srcset=\"https:\/\/cultura.aupex.org\/operarural\/wp-content\/uploads\/2023\/03\/logo-ecaba-blanco.png 475w, https:\/\/cultura.aupex.org\/operarural\/wp-content\/uploads\/2023\/03\/logo-ecaba-blanco-300x64.png 300w\" sizes=\"(max-width: 475px) 100vw, 475px\" \/>\t\t\t\t\t\t\t\t\t\t\t\t\t\t\t<\/div>\n\t\t\t\t<\/div>\n\t\t\t\t\t<\/div>\n\t\t<\/div>\n\t\t\t\t<div class=\"elementor-column elementor-col-20 elementor-inner-column elementor-element elementor-element-2062b69\" data-id=\"2062b69\" data-element_type=\"column\" data-e-type=\"column\" data-settings=\"{&quot;background_background&quot;:&quot;classic&quot;}\">\n\t\t\t<div class=\"elementor-widget-wrap elementor-element-populated\">\n\t\t\t\t\t\t<div class=\"elementor-element elementor-element-b9ed85f elementor-widget elementor-widget-heading\" data-id=\"b9ed85f\" data-element_type=\"widget\" data-e-type=\"widget\" data-widget_type=\"heading.default\">\n\t\t\t\t<div class=\"elementor-widget-container\">\n\t\t\t\t\t<h3 class=\"elementor-heading-title elementor-size-default\">Contraltos<\/h3>\t\t\t\t<\/div>\n\t\t\t\t<\/div>\n\t\t\t\t<div class=\"elementor-element elementor-element-c4182cb elementor-widget__width-initial elementor-widget elementor-widget-text-editor\" data-id=\"c4182cb\" data-element_type=\"widget\" data-e-type=\"widget\" data-widget_type=\"text-editor.default\">\n\t\t\t\t<div class=\"elementor-widget-container\">\n\t\t\t\t\t\t\t\t\t<p>Ana Rosa Moreno <br \/>Arantza Tejerina<br \/>Inmaculada Guill\u00e9n<br \/>Chon Pastor<br \/>Selena Portillo<br \/>Paula Ria\u00f1o<\/p>\t\t\t\t\t\t\t\t<\/div>\n\t\t\t\t<\/div>\n\t\t\t\t<div class=\"elementor-element elementor-element-4ed15a6 elementor-widget elementor-widget-spacer\" data-id=\"4ed15a6\" data-element_type=\"widget\" data-e-type=\"widget\" data-widget_type=\"spacer.default\">\n\t\t\t\t<div class=\"elementor-widget-container\">\n\t\t\t\t\t\t\t<div class=\"elementor-spacer\">\n\t\t\t<div class=\"elementor-spacer-inner\"><\/div>\n\t\t<\/div>\n\t\t\t\t\t\t<\/div>\n\t\t\t\t<\/div>\n\t\t\t\t\t<\/div>\n\t\t<\/div>\n\t\t\t\t<div class=\"elementor-column elementor-col-20 elementor-inner-column elementor-element elementor-element-8a34c83\" data-id=\"8a34c83\" data-element_type=\"column\" data-e-type=\"column\" data-settings=\"{&quot;background_background&quot;:&quot;classic&quot;}\">\n\t\t\t<div class=\"elementor-widget-wrap elementor-element-populated\">\n\t\t\t\t\t\t<div class=\"elementor-element elementor-element-243f1ae elementor-widget elementor-widget-heading\" data-id=\"243f1ae\" data-element_type=\"widget\" data-e-type=\"widget\" data-widget_type=\"heading.default\">\n\t\t\t\t<div class=\"elementor-widget-container\">\n\t\t\t\t\t<h3 class=\"elementor-heading-title elementor-size-default\">Bajos<\/h3>\t\t\t\t<\/div>\n\t\t\t\t<\/div>\n\t\t\t\t<div class=\"elementor-element elementor-element-bc14722 elementor-widget__width-initial elementor-widget elementor-widget-text-editor\" data-id=\"bc14722\" data-element_type=\"widget\" data-e-type=\"widget\" data-widget_type=\"text-editor.default\">\n\t\t\t\t<div class=\"elementor-widget-container\">\n\t\t\t\t\t\t\t\t\t<p>\u00c1ngel Jim\u00e9nez <br \/>Jos\u00e9 Miguel Torres <\/p>\t\t\t\t\t\t\t\t<\/div>\n\t\t\t\t<\/div>\n\t\t\t\t<div class=\"elementor-element elementor-element-ce16f6a elementor-widget elementor-widget-spacer\" data-id=\"ce16f6a\" data-element_type=\"widget\" data-e-type=\"widget\" data-widget_type=\"spacer.default\">\n\t\t\t\t<div class=\"elementor-widget-container\">\n\t\t\t\t\t\t\t<div class=\"elementor-spacer\">\n\t\t\t<div class=\"elementor-spacer-inner\"><\/div>\n\t\t<\/div>\n\t\t\t\t\t\t<\/div>\n\t\t\t\t<\/div>\n\t\t\t\t\t<\/div>\n\t\t<\/div>\n\t\t\t\t\t<\/div>\n\t\t<\/section>\n\t\t\t\t<section class=\"elementor-section elementor-inner-section elementor-element elementor-element-299cf9d elementor-section-content-top elementor-section-boxed elementor-section-height-default elementor-section-height-default\" data-id=\"299cf9d\" data-element_type=\"section\" data-e-type=\"section\" data-settings=\"{&quot;background_background&quot;:&quot;classic&quot;}\">\n\t\t\t\t\t\t<div class=\"elementor-container elementor-column-gap-wide\">\n\t\t\t\t\t<div class=\"elementor-column elementor-col-100 elementor-inner-column elementor-element elementor-element-76ee6c1\" data-id=\"76ee6c1\" data-element_type=\"column\" data-e-type=\"column\" data-settings=\"{&quot;background_background&quot;:&quot;classic&quot;}\">\n\t\t\t<div class=\"elementor-widget-wrap elementor-element-populated\">\n\t\t\t\t\t\t<div class=\"elementor-element elementor-element-46dc8d0 elementor-widget-divider--view-line elementor-widget elementor-widget-divider\" data-id=\"46dc8d0\" data-element_type=\"widget\" data-e-type=\"widget\" data-widget_type=\"divider.default\">\n\t\t\t\t<div class=\"elementor-widget-container\">\n\t\t\t\t\t\t\t<div class=\"elementor-divider\">\n\t\t\t<span class=\"elementor-divider-separator\">\n\t\t\t\t\t\t<\/span>\n\t\t<\/div>\n\t\t\t\t\t\t<\/div>\n\t\t\t\t<\/div>\n\t\t\t\t<div class=\"elementor-element elementor-element-99dd1b8 elementor-widget elementor-widget-heading\" data-id=\"99dd1b8\" data-element_type=\"widget\" data-e-type=\"widget\" data-widget_type=\"heading.default\">\n\t\t\t\t<div class=\"elementor-widget-container\">\n\t\t\t\t\t<h3 class=\"elementor-heading-title elementor-size-default\">Equipo t\u00e9cnico<\/h3>\t\t\t\t<\/div>\n\t\t\t\t<\/div>\n\t\t\t\t<div class=\"elementor-element elementor-element-676b051 elementor-widget__width-initial elementor-widget elementor-widget-text-editor\" data-id=\"676b051\" data-element_type=\"widget\" data-e-type=\"widget\" data-widget_type=\"text-editor.default\">\n\t\t\t\t<div class=\"elementor-widget-container\">\n\t\t\t\t\t\t\t\t\t<p>Producci\u00f3n t\u00e9cnica y ejecutiva: AUPEX<br \/><span style=\"color: #999999;\">Producci\u00f3n art\u00edstica: Centro de Investigaciones para la Voz y la M\u00fasica (CIVM)<\/span><br \/>Director musical y escena: \u00c1ngel Jim\u00e9nez<br \/><span style=\"color: #999999;\">Ayudante de direcci\u00f3n: Juan Ignacio Mortera<\/span><br \/>Pianista solista: Jos\u00e9 Alberto Sancho<br \/><span style=\"color: #999999;\">Pianista repasadora: Paula Linde<\/span><br \/>Videoescena: Nuria Prieto<br \/><span style=\"color: #999999;\">Iluminaci\u00f3n: Fran Cordero<\/span><br \/>Caracterizaci\u00f3n: Bel\u00e9n Mendo<br \/><span style=\"color: #999999;\">Escenograf\u00eda: CIVM Extremadura<\/span><br \/>Indumentaria: CIVM Extremadura<br \/><span style=\"color: #999999;\">T\u00e9cnicos de vestuario: Selena Portillo \/ C\u00e9sar M\u00e1rquez<\/span><br \/>Ayudantes de producci\u00f3n: Alberto Puerto \/ Ana B\u00e1ez \/ Juli\u00e1n Puerto<br \/><span style=\"color: #999999;\">Coordinaci\u00f3n: LANZARTE<\/span><br \/>Dise\u00f1o de imagen y libreto: Remedios Creativos<br \/><span style=\"color: #999999;\">Dise\u00f1o de programa de mano: Creativa Estudio y participantes del taller \u201cDel caos al libreto\u201d<\/span><\/p>\t\t\t\t\t\t\t\t<\/div>\n\t\t\t\t<\/div>\n\t\t\t\t<div class=\"elementor-element elementor-element-cfdf926 elementor-widget elementor-widget-spacer\" data-id=\"cfdf926\" data-element_type=\"widget\" data-e-type=\"widget\" data-widget_type=\"spacer.default\">\n\t\t\t\t<div class=\"elementor-widget-container\">\n\t\t\t\t\t\t\t<div class=\"elementor-spacer\">\n\t\t\t<div class=\"elementor-spacer-inner\"><\/div>\n\t\t<\/div>\n\t\t\t\t\t\t<\/div>\n\t\t\t\t<\/div>\n\t\t\t\t\t<\/div>\n\t\t<\/div>\n\t\t\t\t\t<\/div>\n\t\t<\/section>\n\t\t\t\t<section class=\"elementor-section elementor-inner-section elementor-element elementor-element-21f9f3a elementor-section-boxed elementor-section-height-default elementor-section-height-default\" data-id=\"21f9f3a\" data-element_type=\"section\" data-e-type=\"section\" data-settings=\"{&quot;background_background&quot;:&quot;classic&quot;}\">\n\t\t\t\t\t\t<div class=\"elementor-container elementor-column-gap-no\">\n\t\t\t\t\t<div class=\"elementor-column elementor-col-100 elementor-inner-column elementor-element elementor-element-c9fff13\" data-id=\"c9fff13\" data-element_type=\"column\" data-e-type=\"column\">\n\t\t\t<div class=\"elementor-widget-wrap elementor-element-populated\">\n\t\t\t\t\t\t<div class=\"elementor-element elementor-element-2769bb9 elementor-widget elementor-widget-heading\" data-id=\"2769bb9\" data-element_type=\"widget\" data-e-type=\"widget\" data-widget_type=\"heading.default\">\n\t\t\t\t<div class=\"elementor-widget-container\">\n\t\t\t\t\t<h2 class=\"elementor-heading-title elementor-size-default\">Programa de actividades<\/h2>\t\t\t\t<\/div>\n\t\t\t\t<\/div>\n\t\t\t\t<div class=\"elementor-element elementor-element-717e133 elementor-widget-divider--view-line elementor-widget elementor-widget-divider\" data-id=\"717e133\" data-element_type=\"widget\" data-e-type=\"widget\" data-widget_type=\"divider.default\">\n\t\t\t\t<div class=\"elementor-widget-container\">\n\t\t\t\t\t\t\t<div class=\"elementor-divider\">\n\t\t\t<span class=\"elementor-divider-separator\">\n\t\t\t\t\t\t<\/span>\n\t\t<\/div>\n\t\t\t\t\t\t<\/div>\n\t\t\t\t<\/div>\n\t\t\t\t\t<\/div>\n\t\t<\/div>\n\t\t\t\t\t<\/div>\n\t\t<\/section>\n\t\t\t\t<section class=\"elementor-section elementor-inner-section elementor-element elementor-element-a0e05bb elementor-section-content-middle elementor-section-boxed elementor-section-height-default elementor-section-height-default\" data-id=\"a0e05bb\" data-element_type=\"section\" data-e-type=\"section\" data-settings=\"{&quot;background_background&quot;:&quot;classic&quot;}\">\n\t\t\t\t\t\t<div class=\"elementor-container elementor-column-gap-wide\">\n\t\t\t\t\t<div class=\"elementor-column elementor-col-50 elementor-inner-column elementor-element elementor-element-1e4e748\" data-id=\"1e4e748\" data-element_type=\"column\" data-e-type=\"column\" data-settings=\"{&quot;background_background&quot;:&quot;classic&quot;}\">\n\t\t\t<div class=\"elementor-widget-wrap elementor-element-populated\">\n\t\t\t\t\t\t<div class=\"elementor-element elementor-element-fc536c8 elementor-widget elementor-widget-spacer\" data-id=\"fc536c8\" data-element_type=\"widget\" data-e-type=\"widget\" data-widget_type=\"spacer.default\">\n\t\t\t\t<div class=\"elementor-widget-container\">\n\t\t\t\t\t\t\t<div class=\"elementor-spacer\">\n\t\t\t<div class=\"elementor-spacer-inner\"><\/div>\n\t\t<\/div>\n\t\t\t\t\t\t<\/div>\n\t\t\t\t<\/div>\n\t\t\t\t<div class=\"elementor-element elementor-element-4a4a275 elementor-widget elementor-widget-image\" data-id=\"4a4a275\" data-element_type=\"widget\" data-e-type=\"widget\" data-widget_type=\"image.default\">\n\t\t\t\t<div class=\"elementor-widget-container\">\n\t\t\t\t\t\t\t\t\t\t\t\t\t\t\t\t<a href=\"https:\/\/cultura.aupex.org\/operarural\/wp-content\/uploads\/2025\/06\/I-CONVOCATORIA-ILUSTRACION-OPERA-PRINTS.pdf\" target=\"_blank\">\n\t\t\t\t\t\t\t<img loading=\"lazy\" decoding=\"async\" width=\"724\" height=\"1024\" src=\"https:\/\/cultura.aupex.org\/operarural\/wp-content\/uploads\/2025\/06\/Captura-de-pantalla-2025-06-27-a-las-10.08.53-724x1024.png\" class=\"attachment-large size-large wp-image-4591\" alt=\"\" srcset=\"https:\/\/cultura.aupex.org\/operarural\/wp-content\/uploads\/2025\/06\/Captura-de-pantalla-2025-06-27-a-las-10.08.53-724x1024.png 724w, https:\/\/cultura.aupex.org\/operarural\/wp-content\/uploads\/2025\/06\/Captura-de-pantalla-2025-06-27-a-las-10.08.53-212x300.png 212w, https:\/\/cultura.aupex.org\/operarural\/wp-content\/uploads\/2025\/06\/Captura-de-pantalla-2025-06-27-a-las-10.08.53-768x1086.png 768w, https:\/\/cultura.aupex.org\/operarural\/wp-content\/uploads\/2025\/06\/Captura-de-pantalla-2025-06-27-a-las-10.08.53-1087x1536.png 1087w, https:\/\/cultura.aupex.org\/operarural\/wp-content\/uploads\/2025\/06\/Captura-de-pantalla-2025-06-27-a-las-10.08.53-1449x2048.png 1449w, https:\/\/cultura.aupex.org\/operarural\/wp-content\/uploads\/2025\/06\/Captura-de-pantalla-2025-06-27-a-las-10.08.53.png 1576w\" sizes=\"(max-width: 724px) 100vw, 724px\" \/>\t\t\t\t\t\t\t\t<\/a>\n\t\t\t\t\t\t\t\t\t\t\t\t\t\t\t<\/div>\n\t\t\t\t<\/div>\n\t\t\t\t<div class=\"elementor-element elementor-element-8cbcf47 elementor-widget elementor-widget-spacer\" data-id=\"8cbcf47\" data-element_type=\"widget\" data-e-type=\"widget\" data-widget_type=\"spacer.default\">\n\t\t\t\t<div class=\"elementor-widget-container\">\n\t\t\t\t\t\t\t<div class=\"elementor-spacer\">\n\t\t\t<div class=\"elementor-spacer-inner\"><\/div>\n\t\t<\/div>\n\t\t\t\t\t\t<\/div>\n\t\t\t\t<\/div>\n\t\t\t\t\t<\/div>\n\t\t<\/div>\n\t\t\t\t<div class=\"elementor-column elementor-col-50 elementor-inner-column elementor-element elementor-element-619adb4\" data-id=\"619adb4\" data-element_type=\"column\" data-e-type=\"column\">\n\t\t\t<div class=\"elementor-widget-wrap elementor-element-populated\">\n\t\t\t\t\t\t<div class=\"elementor-element elementor-element-5c2ee16 elementor-widget elementor-widget-spacer\" data-id=\"5c2ee16\" data-element_type=\"widget\" data-e-type=\"widget\" data-widget_type=\"spacer.default\">\n\t\t\t\t<div class=\"elementor-widget-container\">\n\t\t\t\t\t\t\t<div class=\"elementor-spacer\">\n\t\t\t<div class=\"elementor-spacer-inner\"><\/div>\n\t\t<\/div>\n\t\t\t\t\t\t<\/div>\n\t\t\t\t<\/div>\n\t\t\t\t<div class=\"elementor-element elementor-element-91b1935 elementor-widget elementor-widget-heading\" data-id=\"91b1935\" data-element_type=\"widget\" data-e-type=\"widget\" data-widget_type=\"heading.default\">\n\t\t\t\t<div class=\"elementor-widget-container\">\n\t\t\t\t\t<h2 class=\"elementor-heading-title elementor-size-default\">I Convocatoria de Ilustraci\u00f3n \u00d3PERA PRINTS\n<\/h2>\t\t\t\t<\/div>\n\t\t\t\t<\/div>\n\t\t\t\t<div class=\"elementor-element elementor-element-1aea5da elementor-widget__width-initial elementor-widget elementor-widget-text-editor\" data-id=\"1aea5da\" data-element_type=\"widget\" data-e-type=\"widget\" data-widget_type=\"text-editor.default\">\n\t\t\t\t<div class=\"elementor-widget-container\">\n\t\t\t\t\t\t\t\t\t<p>Destinado a todos\/as los\/as ilustradores\/as y artistas profesionales y aficionados\/as interesados\/as, se lanza la I Convocatoria de Ilustraci\u00f3n \u00d3PERA PRINTS, con el objeto de promover la creaci\u00f3n contempor\u00e1nea y su divulgaci\u00f3n como herramienta para acercar el g\u00e9nero l\u00edrico a un p\u00fablico amplio. Se llevar\u00e1 a cabo una selecci\u00f3n de 12 finalistas (uno por cada arquetipo de la comedia del arte) destacando uno de ellos como el mejor trabajo presentado, retribuido con 300 euros. Todos los trabajos finalistas ser\u00e1n retribuidos en calidad de derechos de reproducci\u00f3n con una cuant\u00eda fija. Todos los trabajos presentados formar\u00e1n parte de la exposici\u00f3n de resultados cuya producci\u00f3n correr\u00e1 a cargo de la organizaci\u00f3n.<\/p>\t\t\t\t\t\t\t\t<\/div>\n\t\t\t\t<\/div>\n\t\t\t\t<div class=\"elementor-element elementor-element-2fc4294 elementor-widget__width-initial elementor-widget elementor-widget-text-editor\" data-id=\"2fc4294\" data-element_type=\"widget\" data-e-type=\"widget\" data-widget_type=\"text-editor.default\">\n\t\t\t\t<div class=\"elementor-widget-container\">\n\t\t\t\t\t\t\t\t\t<p><strong>Lanzamiento:<\/strong> 27 junio de 2025<br \/><strong>Cierre:<\/strong> 14 de septiembre a las 23:59h de 2025<br \/><strong>Producci\u00f3n:<\/strong> Septiembre 2025<br \/><strong>Exhibici\u00f3n e itinerancia:<\/strong><\/p><ul><li>del 14 al 26 de octubre \u2013 Zurbar\u00e1n (Casa de la cultura)<\/li><li>del 28 de octubre al 9 de noviembre \u2013 Entrerrios (Centro social)<\/li><li>del 11 al 23 de noviembre \u2013 Valdivia (Casa de la Cultura) <\/li><\/ul>\t\t\t\t\t\t\t\t<\/div>\n\t\t\t\t<\/div>\n\t\t\t\t<div class=\"elementor-element elementor-element-4b93def elementor-widget elementor-widget-spacer\" data-id=\"4b93def\" data-element_type=\"widget\" data-e-type=\"widget\" data-widget_type=\"spacer.default\">\n\t\t\t\t<div class=\"elementor-widget-container\">\n\t\t\t\t\t\t\t<div class=\"elementor-spacer\">\n\t\t\t<div class=\"elementor-spacer-inner\"><\/div>\n\t\t<\/div>\n\t\t\t\t\t\t<\/div>\n\t\t\t\t<\/div>\n\t\t\t\t<div class=\"elementor-element elementor-element-ac074f9 elementor-widget elementor-widget-button\" data-id=\"ac074f9\" data-element_type=\"widget\" data-e-type=\"widget\" data-widget_type=\"button.default\">\n\t\t\t\t<div class=\"elementor-widget-container\">\n\t\t\t\t\t\t\t\t\t<div class=\"elementor-button-wrapper\">\n\t\t\t\t\t<a class=\"elementor-button elementor-button-link elementor-size-sm\" href=\"https:\/\/cultura.aupex.org\/operarural\/wp-content\/uploads\/2025\/06\/I-CONVOCATORIA-ILUSTRACION-OPERA-PRINTS.pdf\" target=\"_blank\">\n\t\t\t\t\t\t<span class=\"elementor-button-content-wrapper\">\n\t\t\t\t\t\t\t\t\t<span class=\"elementor-button-text\">Descarga el folleto con toda la informaci\u00f3n en PDF<\/span>\n\t\t\t\t\t<\/span>\n\t\t\t\t\t<\/a>\n\t\t\t\t<\/div>\n\t\t\t\t\t\t\t\t<\/div>\n\t\t\t\t<\/div>\n\t\t\t\t\t<\/div>\n\t\t<\/div>\n\t\t\t\t\t<\/div>\n\t\t<\/section>\n\t\t\t\t<section class=\"elementor-section elementor-inner-section elementor-element elementor-element-1c56525 elementor-section-content-middle elementor-section-boxed elementor-section-height-default elementor-section-height-default\" data-id=\"1c56525\" data-element_type=\"section\" data-e-type=\"section\" data-settings=\"{&quot;background_background&quot;:&quot;classic&quot;}\">\n\t\t\t\t\t\t<div class=\"elementor-container elementor-column-gap-wide\">\n\t\t\t\t\t<div class=\"elementor-column elementor-col-100 elementor-inner-column elementor-element elementor-element-6e48487\" data-id=\"6e48487\" data-element_type=\"column\" data-e-type=\"column\" data-settings=\"{&quot;background_background&quot;:&quot;classic&quot;}\">\n\t\t\t<div class=\"elementor-widget-wrap elementor-element-populated\">\n\t\t\t\t\t\t<div class=\"elementor-element elementor-element-109aa03 elementor-widget elementor-widget-heading\" data-id=\"109aa03\" data-element_type=\"widget\" data-e-type=\"widget\" data-widget_type=\"heading.default\">\n\t\t\t\t<div class=\"elementor-widget-container\">\n\t\t\t\t\t<h2 class=\"elementor-heading-title elementor-size-default\">EXPOSICI\u00d3N \u00d3PERA PRINTS\n<\/h2>\t\t\t\t<\/div>\n\t\t\t\t<\/div>\n\t\t\t\t<div class=\"elementor-element elementor-element-4c52b0e elementor-widget__width-initial elementor-widget elementor-widget-text-editor\" data-id=\"4c52b0e\" data-element_type=\"widget\" data-e-type=\"widget\" data-widget_type=\"text-editor.default\">\n\t\t\t\t<div class=\"elementor-widget-container\">\n\t\t\t\t\t\t\t\t\t<p><span style=\"font-weight: 400;\">Exhibici\u00f3n e itinerancia de las ilustraciones seleccionadas en la I Convocatoria \u00d3pera Prints:<\/span><\/p><ul><li style=\"font-weight: 400;\" aria-level=\"1\"><span style=\"font-weight: 400;\">del 15 al 26 de octubre \u2013 Zurbar\u00e1n (Casa de la cultura)<\/span><\/li><li style=\"font-weight: 400;\" aria-level=\"1\"><span style=\"font-weight: 400;\">del 28 de octubre al 9 de noviembre \u2013 Entrerrios (Centro social)\u00a0<\/span><\/li><li style=\"font-weight: 400;\" aria-level=\"1\"><span style=\"font-weight: 400;\">del 11 al 23 de noviembre \u2013 Valdivia (Casa de la Cultura) <\/span><\/li><\/ul>\t\t\t\t\t\t\t\t<\/div>\n\t\t\t\t<\/div>\n\t\t\t\t\t<\/div>\n\t\t<\/div>\n\t\t\t\t\t<\/div>\n\t\t<\/section>\n\t\t\t\t<section class=\"elementor-section elementor-inner-section elementor-element elementor-element-3ff5a43 elementor-section-content-middle elementor-section-boxed elementor-section-height-default elementor-section-height-default\" data-id=\"3ff5a43\" data-element_type=\"section\" data-e-type=\"section\" data-settings=\"{&quot;background_background&quot;:&quot;classic&quot;}\">\n\t\t\t\t\t\t<div class=\"elementor-container elementor-column-gap-wide\">\n\t\t\t\t\t<div class=\"elementor-column elementor-col-100 elementor-inner-column elementor-element elementor-element-3308779\" data-id=\"3308779\" data-element_type=\"column\" data-e-type=\"column\">\n\t\t\t<div class=\"elementor-widget-wrap\">\n\t\t\t\t\t\t\t<\/div>\n\t\t<\/div>\n\t\t\t\t\t<\/div>\n\t\t<\/section>\n\t\t\t\t<section class=\"elementor-section elementor-inner-section elementor-element elementor-element-e14aeb7 elementor-section-content-middle elementor-section-boxed elementor-section-height-default elementor-section-height-default\" data-id=\"e14aeb7\" data-element_type=\"section\" data-e-type=\"section\" data-settings=\"{&quot;background_background&quot;:&quot;classic&quot;}\">\n\t\t\t\t\t\t<div class=\"elementor-container elementor-column-gap-wide\">\n\t\t\t\t\t<div class=\"elementor-column elementor-col-50 elementor-inner-column elementor-element elementor-element-3f7e2ca\" data-id=\"3f7e2ca\" data-element_type=\"column\" data-e-type=\"column\">\n\t\t\t<div class=\"elementor-widget-wrap elementor-element-populated\">\n\t\t\t\t\t\t<div class=\"elementor-element elementor-element-4322cf3 elementor-widget elementor-widget-spacer\" data-id=\"4322cf3\" data-element_type=\"widget\" data-e-type=\"widget\" data-widget_type=\"spacer.default\">\n\t\t\t\t<div class=\"elementor-widget-container\">\n\t\t\t\t\t\t\t<div class=\"elementor-spacer\">\n\t\t\t<div class=\"elementor-spacer-inner\"><\/div>\n\t\t<\/div>\n\t\t\t\t\t\t<\/div>\n\t\t\t\t<\/div>\n\t\t\t\t<div class=\"elementor-element elementor-element-0a73bae elementor-widget elementor-widget-heading\" data-id=\"0a73bae\" data-element_type=\"widget\" data-e-type=\"widget\" data-widget_type=\"heading.default\">\n\t\t\t\t<div class=\"elementor-widget-container\">\n\t\t\t\t\t<h2 class=\"elementor-heading-title elementor-size-default\">TALLER DE AUTOEDICI\u00d3N ART\u00cdSTICA: \u00d3PERA CREATIVA. DEL CAOS AL LIBRETO\n<\/h2>\t\t\t\t<\/div>\n\t\t\t\t<\/div>\n\t\t\t\t<div class=\"elementor-element elementor-element-8fc6f98 elementor-widget__width-initial elementor-widget elementor-widget-text-editor\" data-id=\"8fc6f98\" data-element_type=\"widget\" data-e-type=\"widget\" data-widget_type=\"text-editor.default\">\n\t\t\t\t<div class=\"elementor-widget-container\">\n\t\t\t\t\t\t\t\t\t<p>Este taller est\u00e1 dirigido a personas mayores de 16 a\u00f1os interesadas en participar en la creaci\u00f3n del programa de mano de Una noche en la \u00f3pera, que realizaremos en formato fanzine o libro artesanal.<\/p><p>A trav\u00e9s de un proceso experimental y divertido, exploraremos diversas t\u00e9cnicas como <b>estampaci\u00f3n, acuarela, acr\u00edlico, t\u00e9cnica mixta, collage, tinta m\u00e1gica, pintura con burbujas y papel marmolado, esgrafiado, modelado con pastas de secado al aire, intervenci\u00f3n fotogr\u00e1fica, poes\u00eda visual y escritura creativa.<\/b> Tambi\u00e9n jugaremos con din\u00e1micas colectivas como el \u201ccad\u00e1ver exquisito\u201d, siempre con materiales incluidos y sin necesidad de experiencia previa.<\/p><p>El taller comenzar\u00e1 con una <b>breve introducci\u00f3n a la \u00f3pera<\/b>, con escucha guiada y explicaci\u00f3n de qu\u00e9 es un programa de mano y sus partes.<\/p><p>Despu\u00e9s, en un ambiente creativo y participativo, cada persona aportar\u00e1 su imaginaci\u00f3n para construir, de forma 100% artesanal, un programa de mano \u00fanico que acompa\u00f1ar\u00e1 la representaci\u00f3n de esta \u00f3pera rural.<\/p><p>Al finalizar, tendr\u00e1s en tus manos una obra colectiva que une m\u00fasica, artes pl\u00e1sticas y comunidad, convirti\u00e9ndote en parte activa de esta experiencia cultural.<\/p>\t\t\t\t\t\t\t\t<\/div>\n\t\t\t\t<\/div>\n\t\t\t\t<div class=\"elementor-element elementor-element-0fcbb71 elementor-widget__width-initial elementor-widget elementor-widget-text-editor\" data-id=\"0fcbb71\" data-element_type=\"widget\" data-e-type=\"widget\" data-widget_type=\"text-editor.default\">\n\t\t\t\t<div class=\"elementor-widget-container\">\n\t\t\t\t\t\t\t\t\t<p>Nota: <em>El programa de mano resultante se distribuir\u00e1 entre las personas asistentes a la \u00f3pera \u201cUna noche en la \u00f3pera\u201d que se representar\u00e1 el d\u00eda 22 de noviembre en Valdivia.<\/em><\/p>\t\t\t\t\t\t\t\t<\/div>\n\t\t\t\t<\/div>\n\t\t\t\t<div class=\"elementor-element elementor-element-9db6237 elementor-widget elementor-widget-spacer\" data-id=\"9db6237\" data-element_type=\"widget\" data-e-type=\"widget\" data-widget_type=\"spacer.default\">\n\t\t\t\t<div class=\"elementor-widget-container\">\n\t\t\t\t\t\t\t<div class=\"elementor-spacer\">\n\t\t\t<div class=\"elementor-spacer-inner\"><\/div>\n\t\t<\/div>\n\t\t\t\t\t\t<\/div>\n\t\t\t\t<\/div>\n\t\t\t\t<div class=\"elementor-element elementor-element-1528812 elementor-hidden-desktop elementor-hidden-tablet elementor-hidden-mobile elementor-widget elementor-widget-button\" data-id=\"1528812\" data-element_type=\"widget\" data-e-type=\"widget\" data-widget_type=\"button.default\">\n\t\t\t\t<div class=\"elementor-widget-container\">\n\t\t\t\t\t\t\t\t\t<div class=\"elementor-button-wrapper\">\n\t\t\t\t\t<a class=\"elementor-button elementor-button-link elementor-size-sm\" href=\"https:\/\/forms.gle\/Uu4ioG5m3dU7iLiS7\" target=\"_blank\">\n\t\t\t\t\t\t<span class=\"elementor-button-content-wrapper\">\n\t\t\t\t\t\t<span class=\"elementor-button-icon\">\n\t\t\t\t<i aria-hidden=\"true\" class=\"fab fa-wpforms\"><\/i>\t\t\t<\/span>\n\t\t\t\t\t\t\t\t\t<span class=\"elementor-button-text\">Inscr\u00edbete a trav\u00e9s del siguiente formulario<\/span>\n\t\t\t\t\t<\/span>\n\t\t\t\t\t<\/a>\n\t\t\t\t<\/div>\n\t\t\t\t\t\t\t\t<\/div>\n\t\t\t\t<\/div>\n\t\t\t\t<div class=\"elementor-element elementor-element-729c22b elementor-widget elementor-widget-button\" data-id=\"729c22b\" data-element_type=\"widget\" data-e-type=\"widget\" data-widget_type=\"button.default\">\n\t\t\t\t<div class=\"elementor-widget-container\">\n\t\t\t\t\t\t\t\t\t<div class=\"elementor-button-wrapper\">\n\t\t\t\t\t<a class=\"elementor-button elementor-button-link elementor-size-sm\" href=\"https:\/\/cultura.aupex.org\/operarural\/wp-content\/uploads\/2025\/11\/ProgramaOperaLibreto.pdf\" target=\"_blank\">\n\t\t\t\t\t\t<span class=\"elementor-button-content-wrapper\">\n\t\t\t\t\t\t\t\t\t<span class=\"elementor-button-text\">Descarga el programa de mano con toda la informaci\u00f3n en PDF<\/span>\n\t\t\t\t\t<\/span>\n\t\t\t\t\t<\/a>\n\t\t\t\t<\/div>\n\t\t\t\t\t\t\t\t<\/div>\n\t\t\t\t<\/div>\n\t\t\t\t\t<\/div>\n\t\t<\/div>\n\t\t\t\t<div class=\"elementor-column elementor-col-50 elementor-inner-column elementor-element elementor-element-7c4100c\" data-id=\"7c4100c\" data-element_type=\"column\" data-e-type=\"column\">\n\t\t\t<div class=\"elementor-widget-wrap elementor-element-populated\">\n\t\t\t\t\t\t<div class=\"elementor-element elementor-element-438a725 elementor-widget elementor-widget-spacer\" data-id=\"438a725\" data-element_type=\"widget\" data-e-type=\"widget\" data-widget_type=\"spacer.default\">\n\t\t\t\t<div class=\"elementor-widget-container\">\n\t\t\t\t\t\t\t<div class=\"elementor-spacer\">\n\t\t\t<div class=\"elementor-spacer-inner\"><\/div>\n\t\t<\/div>\n\t\t\t\t\t\t<\/div>\n\t\t\t\t<\/div>\n\t\t\t\t<div class=\"elementor-element elementor-element-599544c elementor-widget elementor-widget-image\" data-id=\"599544c\" data-element_type=\"widget\" data-e-type=\"widget\" data-widget_type=\"image.default\">\n\t\t\t\t<div class=\"elementor-widget-container\">\n\t\t\t\t\t\t\t\t\t\t\t\t\t\t\t\t<a href=\"https:\/\/cultura.aupex.org\/operarural\/wp-content\/uploads\/2025\/09\/A3_OR-Tallerv1.jpg\" data-elementor-open-lightbox=\"yes\" data-elementor-lightbox-title=\"A3_OR Tallerv1\" data-e-action-hash=\"#elementor-action%3Aaction%3Dlightbox%26settings%3DeyJpZCI6NDcxNSwidXJsIjoiaHR0cHM6XC9cL2N1bHR1cmEuYXVwZXgub3JnXC9vcGVyYXJ1cmFsXC93cC1jb250ZW50XC91cGxvYWRzXC8yMDI1XC8wOVwvQTNfT1ItVGFsbGVydjEuanBnIn0%3D\">\n\t\t\t\t\t\t\t<img loading=\"lazy\" decoding=\"async\" width=\"724\" height=\"1024\" src=\"https:\/\/cultura.aupex.org\/operarural\/wp-content\/uploads\/2025\/09\/A3_OR-Tallerv1-724x1024.jpg\" class=\"attachment-large size-large wp-image-4715\" alt=\"\" srcset=\"https:\/\/cultura.aupex.org\/operarural\/wp-content\/uploads\/2025\/09\/A3_OR-Tallerv1-724x1024.jpg 724w, https:\/\/cultura.aupex.org\/operarural\/wp-content\/uploads\/2025\/09\/A3_OR-Tallerv1-212x300.jpg 212w, https:\/\/cultura.aupex.org\/operarural\/wp-content\/uploads\/2025\/09\/A3_OR-Tallerv1-768x1086.jpg 768w, https:\/\/cultura.aupex.org\/operarural\/wp-content\/uploads\/2025\/09\/A3_OR-Tallerv1-1086x1536.jpg 1086w, https:\/\/cultura.aupex.org\/operarural\/wp-content\/uploads\/2025\/09\/A3_OR-Tallerv1.jpg 1414w\" sizes=\"(max-width: 724px) 100vw, 724px\" \/>\t\t\t\t\t\t\t\t<\/a>\n\t\t\t\t\t\t\t\t\t\t\t\t\t\t\t<\/div>\n\t\t\t\t<\/div>\n\t\t\t\t<div class=\"elementor-element elementor-element-dac81d8 elementor-widget__width-initial elementor-widget elementor-widget-text-editor\" data-id=\"dac81d8\" data-element_type=\"widget\" data-e-type=\"widget\" data-widget_type=\"text-editor.default\">\n\t\t\t\t<div class=\"elementor-widget-container\">\n\t\t\t\t\t\t\t\t\t<p><strong>Fechas y horarios:<\/strong> 9, 13, 16 y 20 de octubre de 2025. De 19:15 a 21:15h.<\/p><p><strong>Plazas m\u00e1ximas:<\/strong> 18.<\/p><p><strong>Direcci\u00f3n:<\/strong> Creativa. Estudio de artes pl\u00e1sticas. Calle Antonio Maura 13 bajo Dcha. Villanueva de la Serena<\/p><p><strong>Duraci\u00f3n:<\/strong> 4 sesiones de tarde, 2 horas aprox.<\/p><p><span style=\"font-weight: 400;\"><strong>Imparten<\/strong>: Marta Salvador Mancho y Celia Mu\u00f1oz Casas.<\/span><\/p>\t\t\t\t\t\t\t\t<\/div>\n\t\t\t\t<\/div>\n\t\t\t\t\t<\/div>\n\t\t<\/div>\n\t\t\t\t\t<\/div>\n\t\t<\/section>\n\t\t\t\t\t<\/div>\n\t\t<\/div>\n\t\t\t\t\t<\/div>\n\t\t<\/section>\n\t\t\t\t<section class=\"elementor-section elementor-top-section elementor-element elementor-element-b2ee4ee elementor-section-boxed elementor-section-height-default elementor-section-height-default\" data-id=\"b2ee4ee\" data-element_type=\"section\" data-e-type=\"section\">\n\t\t\t\t\t\t<div class=\"elementor-container elementor-column-gap-default\">\n\t\t\t\t\t<div class=\"elementor-column elementor-col-100 elementor-top-column elementor-element elementor-element-bc6d1f9\" data-id=\"bc6d1f9\" data-element_type=\"column\" data-e-type=\"column\">\n\t\t\t<div class=\"elementor-widget-wrap elementor-element-populated\">\n\t\t\t\t\t\t<section class=\"elementor-section elementor-inner-section elementor-element elementor-element-4c9f46a elementor-section-content-middle elementor-reverse-mobile elementor-section-boxed elementor-section-height-default elementor-section-height-default\" data-id=\"4c9f46a\" data-element_type=\"section\" data-e-type=\"section\" data-settings=\"{&quot;background_background&quot;:&quot;classic&quot;}\">\n\t\t\t\t\t\t<div class=\"elementor-container elementor-column-gap-default\">\n\t\t\t\t\t<div class=\"elementor-column elementor-col-33 elementor-inner-column elementor-element elementor-element-58387f4\" data-id=\"58387f4\" data-element_type=\"column\" data-e-type=\"column\">\n\t\t\t<div class=\"elementor-widget-wrap elementor-element-populated\">\n\t\t\t\t\t\t<div class=\"elementor-element elementor-element-00fcd3b elementor-widget elementor-widget-spacer\" data-id=\"00fcd3b\" data-element_type=\"widget\" data-e-type=\"widget\" data-widget_type=\"spacer.default\">\n\t\t\t\t<div class=\"elementor-widget-container\">\n\t\t\t\t\t\t\t<div class=\"elementor-spacer\">\n\t\t\t<div class=\"elementor-spacer-inner\"><\/div>\n\t\t<\/div>\n\t\t\t\t\t\t<\/div>\n\t\t\t\t<\/div>\n\t\t\t\t<div class=\"elementor-element elementor-element-f06ef75 elementor-widget elementor-widget-heading\" data-id=\"f06ef75\" data-element_type=\"widget\" data-e-type=\"widget\" data-widget_type=\"heading.default\">\n\t\t\t\t<div class=\"elementor-widget-container\">\n\t\t\t\t\t<h2 class=\"elementor-heading-title elementor-size-default\">Sesiones formativas CUENT\u00d3PERAS\n<\/h2>\t\t\t\t<\/div>\n\t\t\t\t<\/div>\n\t\t\t\t<div class=\"elementor-element elementor-element-46fe696 elementor-widget__width-initial elementor-widget elementor-widget-text-editor\" data-id=\"46fe696\" data-element_type=\"widget\" data-e-type=\"widget\" data-widget_type=\"text-editor.default\">\n\t\t\t\t<div class=\"elementor-widget-container\">\n\t\t\t\t\t\t\t\t\t<p>Esta actividad did\u00e1ctica contempla la difusi\u00f3n y puesta en conocimiento del g\u00e9nero oper\u00edstico a la poblaci\u00f3n escolar de la zona. Las sesiones son de car\u00e1cter grupal en los que el p\u00fablico infantil, aprende las principales caracter\u00edsticas del g\u00e9nero oper\u00edstico, las caracter\u00edsticas de la voz y el trabajo que se hace detr\u00e1s del escenario, todo ello hilado a trav\u00e9s de un cuento cuyo argumento tiene que ver con la \u00f3pera que se representar\u00e1 a p\u00fablico adulto en fecha concreta de esa misma edici\u00f3n.<\/p>\t\t\t\t\t\t\t\t<\/div>\n\t\t\t\t<\/div>\n\t\t\t\t<div class=\"elementor-element elementor-element-0650936 elementor-widget__width-initial elementor-widget elementor-widget-text-editor\" data-id=\"0650936\" data-element_type=\"widget\" data-e-type=\"widget\" data-widget_type=\"text-editor.default\">\n\t\t\t\t<div class=\"elementor-widget-container\">\n\t\t\t\t\t\t\t\t\t<p><strong>Imparte<\/strong>: Gloria Jaramillo. Grupos de 50 ni\u00f1os por centro de 3\u00ba y\/o 4\u00ba de primaria. Duraci\u00f3n: 50 min. Por sesi\u00f3n.<\/p><p><strong>Lugares y fechas: <\/strong><\/p><ul><li>17 de octubre, de 11:00 a 12:00 h &#8211; CRA La Espiga de Zurbar\u00e1n<\/li><li>7 de noviembre, de 11:00 a 12:00 h &#8211; CEIP La Paz de Entrerr\u00edos<\/li><li>21 de noviembre, de 11:00 a 12:00 h &#8211; CEIP San Isidoro de Valdivia. <\/li><\/ul>\t\t\t\t\t\t\t\t<\/div>\n\t\t\t\t<\/div>\n\t\t\t\t<div class=\"elementor-element elementor-element-b8da8db elementor-widget__width-initial elementor-hidden-desktop elementor-hidden-tablet elementor-hidden-mobile elementor-widget elementor-widget-button\" data-id=\"b8da8db\" data-element_type=\"widget\" data-e-type=\"widget\" data-widget_type=\"button.default\">\n\t\t\t\t<div class=\"elementor-widget-container\">\n\t\t\t\t\t\t\t\t\t<div class=\"elementor-button-wrapper\">\n\t\t\t\t\t<a class=\"elementor-button elementor-button-link elementor-size-sm\" href=\"https:\/\/cultura.aupex.org\/operarural\/wp-content\/uploads\/2023\/02\/aupex_operarural_convocatoria_audiciones.pdf\" target=\"_blank\">\n\t\t\t\t\t\t<span class=\"elementor-button-content-wrapper\">\n\t\t\t\t\t\t\t\t\t<span class=\"elementor-button-text\">Descarga el folleto con toda la informaci\u00f3n en PDF<\/span>\n\t\t\t\t\t<\/span>\n\t\t\t\t\t<\/a>\n\t\t\t\t<\/div>\n\t\t\t\t\t\t\t\t<\/div>\n\t\t\t\t<\/div>\n\t\t\t\t\t<\/div>\n\t\t<\/div>\n\t\t\t\t<div class=\"elementor-column elementor-col-33 elementor-inner-column elementor-element elementor-element-811a395\" data-id=\"811a395\" data-element_type=\"column\" data-e-type=\"column\">\n\t\t\t<div class=\"elementor-widget-wrap\">\n\t\t\t\t\t\t\t<\/div>\n\t\t<\/div>\n\t\t\t\t<div class=\"elementor-column elementor-col-33 elementor-inner-column elementor-element elementor-element-52f3c4e\" data-id=\"52f3c4e\" data-element_type=\"column\" data-e-type=\"column\" data-settings=\"{&quot;background_background&quot;:&quot;classic&quot;}\">\n\t\t\t<div class=\"elementor-widget-wrap elementor-element-populated\">\n\t\t\t\t\t\t<div class=\"elementor-element elementor-element-7afbcac elementor-widget elementor-widget-image\" data-id=\"7afbcac\" data-element_type=\"widget\" data-e-type=\"widget\" data-widget_type=\"image.default\">\n\t\t\t\t<div class=\"elementor-widget-container\">\n\t\t\t\t\t\t\t\t\t\t\t\t\t\t\t\t<a href=\"https:\/\/cultura.aupex.org\/operarural\/wp-content\/uploads\/2025\/06\/cuentopera-3.jpg\" data-elementor-open-lightbox=\"yes\" data-elementor-lightbox-title=\"cuentopera (3)\" data-e-action-hash=\"#elementor-action%3Aaction%3Dlightbox%26settings%3DeyJpZCI6NDY0MiwidXJsIjoiaHR0cHM6XC9cL2N1bHR1cmEuYXVwZXgub3JnXC9vcGVyYXJ1cmFsXC93cC1jb250ZW50XC91cGxvYWRzXC8yMDI1XC8wNlwvY3VlbnRvcGVyYS0zLmpwZyJ9\">\n\t\t\t\t\t\t\t<img loading=\"lazy\" decoding=\"async\" width=\"614\" height=\"905\" src=\"https:\/\/cultura.aupex.org\/operarural\/wp-content\/uploads\/2025\/06\/cuentopera-3.jpg\" class=\"attachment-large size-large wp-image-4642\" alt=\"\" srcset=\"https:\/\/cultura.aupex.org\/operarural\/wp-content\/uploads\/2025\/06\/cuentopera-3.jpg 614w, https:\/\/cultura.aupex.org\/operarural\/wp-content\/uploads\/2025\/06\/cuentopera-3-204x300.jpg 204w\" sizes=\"(max-width: 614px) 100vw, 614px\" \/>\t\t\t\t\t\t\t\t<\/a>\n\t\t\t\t\t\t\t\t\t\t\t\t\t\t\t<\/div>\n\t\t\t\t<\/div>\n\t\t\t\t\t<\/div>\n\t\t<\/div>\n\t\t\t\t\t<\/div>\n\t\t<\/section>\n\t\t\t\t\t<\/div>\n\t\t<\/div>\n\t\t\t\t\t<\/div>\n\t\t<\/section>\n\t\t\t\t<section class=\"elementor-section elementor-top-section elementor-element elementor-element-835a819 elementor-section-boxed elementor-section-height-default elementor-section-height-default\" data-id=\"835a819\" data-element_type=\"section\" data-e-type=\"section\">\n\t\t\t\t\t\t<div class=\"elementor-container elementor-column-gap-default\">\n\t\t\t\t\t<div class=\"elementor-column elementor-col-100 elementor-top-column elementor-element elementor-element-4c744ee\" data-id=\"4c744ee\" data-element_type=\"column\" data-e-type=\"column\">\n\t\t\t<div class=\"elementor-widget-wrap elementor-element-populated\">\n\t\t\t\t\t\t<section class=\"elementor-section elementor-inner-section elementor-element elementor-element-04f9a33 elementor-section-content-middle elementor-section-boxed elementor-section-height-default elementor-section-height-default\" data-id=\"04f9a33\" data-element_type=\"section\" data-e-type=\"section\" data-settings=\"{&quot;background_background&quot;:&quot;classic&quot;}\">\n\t\t\t\t\t\t<div class=\"elementor-container elementor-column-gap-default\">\n\t\t\t\t\t<div class=\"elementor-column elementor-col-33 elementor-inner-column elementor-element elementor-element-c48967b\" data-id=\"c48967b\" data-element_type=\"column\" data-e-type=\"column\" data-settings=\"{&quot;background_background&quot;:&quot;classic&quot;}\">\n\t\t\t<div class=\"elementor-widget-wrap elementor-element-populated\">\n\t\t\t\t\t\t<div class=\"elementor-element elementor-element-5fb2ff3 elementor-widget elementor-widget-image\" data-id=\"5fb2ff3\" data-element_type=\"widget\" data-e-type=\"widget\" data-widget_type=\"image.default\">\n\t\t\t\t<div class=\"elementor-widget-container\">\n\t\t\t\t\t\t\t\t\t\t\t\t\t\t\t\t<a href=\"https:\/\/cultura.aupex.org\/operarural\/wp-content\/uploads\/2025\/11\/V2-JORNADAcartel-A3_OperaRural.jpeg\" data-elementor-open-lightbox=\"yes\" data-elementor-lightbox-title=\"V2 JORNADAcartel A3_OperaRural\" data-e-action-hash=\"#elementor-action%3Aaction%3Dlightbox%26settings%3DeyJpZCI6NDc2NiwidXJsIjoiaHR0cHM6XC9cL2N1bHR1cmEuYXVwZXgub3JnXC9vcGVyYXJ1cmFsXC93cC1jb250ZW50XC91cGxvYWRzXC8yMDI1XC8xMVwvVjItSk9STkFEQWNhcnRlbC1BM19PcGVyYVJ1cmFsLmpwZWcifQ%3D%3D\">\n\t\t\t\t\t\t\t<img loading=\"lazy\" decoding=\"async\" width=\"725\" height=\"1024\" src=\"https:\/\/cultura.aupex.org\/operarural\/wp-content\/uploads\/2025\/11\/V2-JORNADAcartel-A3_OperaRural-725x1024.jpeg\" class=\"attachment-large size-large wp-image-4766\" alt=\"\" srcset=\"https:\/\/cultura.aupex.org\/operarural\/wp-content\/uploads\/2025\/11\/V2-JORNADAcartel-A3_OperaRural-725x1024.jpeg 725w, https:\/\/cultura.aupex.org\/operarural\/wp-content\/uploads\/2025\/11\/V2-JORNADAcartel-A3_OperaRural-212x300.jpeg 212w, https:\/\/cultura.aupex.org\/operarural\/wp-content\/uploads\/2025\/11\/V2-JORNADAcartel-A3_OperaRural-768x1085.jpeg 768w, https:\/\/cultura.aupex.org\/operarural\/wp-content\/uploads\/2025\/11\/V2-JORNADAcartel-A3_OperaRural.jpeg 842w\" sizes=\"(max-width: 725px) 100vw, 725px\" \/>\t\t\t\t\t\t\t\t<\/a>\n\t\t\t\t\t\t\t\t\t\t\t\t\t\t\t<\/div>\n\t\t\t\t<\/div>\n\t\t\t\t\t<\/div>\n\t\t<\/div>\n\t\t\t\t<div class=\"elementor-column elementor-col-33 elementor-inner-column elementor-element elementor-element-352b595\" data-id=\"352b595\" data-element_type=\"column\" data-e-type=\"column\">\n\t\t\t<div class=\"elementor-widget-wrap\">\n\t\t\t\t\t\t\t<\/div>\n\t\t<\/div>\n\t\t\t\t<div class=\"elementor-column elementor-col-33 elementor-inner-column elementor-element elementor-element-d909276\" data-id=\"d909276\" data-element_type=\"column\" data-e-type=\"column\">\n\t\t\t<div class=\"elementor-widget-wrap elementor-element-populated\">\n\t\t\t\t\t\t<div class=\"elementor-element elementor-element-109953f elementor-widget elementor-widget-spacer\" data-id=\"109953f\" data-element_type=\"widget\" data-e-type=\"widget\" data-widget_type=\"spacer.default\">\n\t\t\t\t<div class=\"elementor-widget-container\">\n\t\t\t\t\t\t\t<div class=\"elementor-spacer\">\n\t\t\t<div class=\"elementor-spacer-inner\"><\/div>\n\t\t<\/div>\n\t\t\t\t\t\t<\/div>\n\t\t\t\t<\/div>\n\t\t\t\t<div class=\"elementor-element elementor-element-4014411 elementor-widget elementor-widget-heading\" data-id=\"4014411\" data-element_type=\"widget\" data-e-type=\"widget\" data-widget_type=\"heading.default\">\n\t\t\t\t<div class=\"elementor-widget-container\">\n\t\t\t\t\t<h2 class=\"elementor-heading-title elementor-size-default\">Jornada: El camino de la l\u00edrica y la comedia del arte<\/h2>\t\t\t\t<\/div>\n\t\t\t\t<\/div>\n\t\t\t\t<div class=\"elementor-element elementor-element-d125170 elementor-widget__width-initial elementor-widget elementor-widget-text-editor\" data-id=\"d125170\" data-element_type=\"widget\" data-e-type=\"widget\" data-widget_type=\"text-editor.default\">\n\t\t\t\t<div class=\"elementor-widget-container\">\n\t\t\t\t\t\t\t\t\t<p>Encuentro entre profesionales y ciudadan\u00eda en torno a la influencia de la Comedia del arte en la cultura popular.<\/p>\t\t\t\t\t\t\t\t<\/div>\n\t\t\t\t<\/div>\n\t\t\t\t<div class=\"elementor-element elementor-element-53f4af8 elementor-widget__width-initial elementor-widget elementor-widget-text-editor\" data-id=\"53f4af8\" data-element_type=\"widget\" data-e-type=\"widget\" data-widget_type=\"text-editor.default\">\n\t\t\t\t<div class=\"elementor-widget-container\">\n\t\t\t\t\t\t\t\t\t<p><strong>Mesa redonda<\/strong>: Dos miembros del elenco + ponente. Micro abierto a la participaci\u00f3n.<\/p><p><strong>Fecha<\/strong>: 19 de noviembre<\/p><p><strong>Lugar:<\/strong> Casa de la Cultura, Valdivia.<br \/><strong>Horario:<\/strong> 17:00 &#8211; 18:30 horas<br \/>Abierto al p\u00fablico. <\/p>\t\t\t\t\t\t\t\t<\/div>\n\t\t\t\t<\/div>\n\t\t\t\t<div class=\"elementor-element elementor-element-9fe80e3 elementor-widget__width-initial elementor-widget elementor-widget-button\" data-id=\"9fe80e3\" data-element_type=\"widget\" data-e-type=\"widget\" data-widget_type=\"button.default\">\n\t\t\t\t<div class=\"elementor-widget-container\">\n\t\t\t\t\t\t\t\t\t<div class=\"elementor-button-wrapper\">\n\t\t\t\t\t<a class=\"elementor-button elementor-button-link elementor-size-sm\" href=\"https:\/\/cultura.aupex.org\/operarural\/wp-content\/uploads\/2025\/11\/JORNADAcartelprogramalogos-A3_OperaRural.pdf\" target=\"_blank\">\n\t\t\t\t\t\t<span class=\"elementor-button-content-wrapper\">\n\t\t\t\t\t\t\t\t\t<span class=\"elementor-button-text\">Descarga el folleto con toda la informaci\u00f3n en PDF<\/span>\n\t\t\t\t\t<\/span>\n\t\t\t\t\t<\/a>\n\t\t\t\t<\/div>\n\t\t\t\t\t\t\t\t<\/div>\n\t\t\t\t<\/div>\n\t\t\t\t\t<\/div>\n\t\t<\/div>\n\t\t\t\t\t<\/div>\n\t\t<\/section>\n\t\t\t\t\t<\/div>\n\t\t<\/div>\n\t\t\t\t\t<\/div>\n\t\t<\/section>\n\t\t\t\t<section class=\"elementor-section elementor-top-section elementor-element elementor-element-547da53 elementor-section-boxed elementor-section-height-default elementor-section-height-default\" data-id=\"547da53\" data-element_type=\"section\" data-e-type=\"section\">\n\t\t\t\t\t\t<div class=\"elementor-container elementor-column-gap-default\">\n\t\t\t\t\t<div class=\"elementor-column elementor-col-100 elementor-top-column elementor-element elementor-element-e81d1a4\" data-id=\"e81d1a4\" data-element_type=\"column\" data-e-type=\"column\">\n\t\t\t<div class=\"elementor-widget-wrap elementor-element-populated\">\n\t\t\t\t\t\t<section class=\"elementor-section elementor-inner-section elementor-element elementor-element-1f286c6 elementor-section-content-middle elementor-reverse-mobile elementor-section-boxed elementor-section-height-default elementor-section-height-default\" data-id=\"1f286c6\" data-element_type=\"section\" data-e-type=\"section\" data-settings=\"{&quot;background_background&quot;:&quot;classic&quot;}\">\n\t\t\t\t\t\t<div class=\"elementor-container elementor-column-gap-default\">\n\t\t\t\t\t<div class=\"elementor-column elementor-col-33 elementor-inner-column elementor-element elementor-element-f0be9f5\" data-id=\"f0be9f5\" data-element_type=\"column\" data-e-type=\"column\">\n\t\t\t<div class=\"elementor-widget-wrap elementor-element-populated\">\n\t\t\t\t\t\t<div class=\"elementor-element elementor-element-8ef9bda elementor-widget elementor-widget-spacer\" data-id=\"8ef9bda\" data-element_type=\"widget\" data-e-type=\"widget\" data-widget_type=\"spacer.default\">\n\t\t\t\t<div class=\"elementor-widget-container\">\n\t\t\t\t\t\t\t<div class=\"elementor-spacer\">\n\t\t\t<div class=\"elementor-spacer-inner\"><\/div>\n\t\t<\/div>\n\t\t\t\t\t\t<\/div>\n\t\t\t\t<\/div>\n\t\t\t\t<div class=\"elementor-element elementor-element-3242769 elementor-widget elementor-widget-heading\" data-id=\"3242769\" data-element_type=\"widget\" data-e-type=\"widget\" data-widget_type=\"heading.default\">\n\t\t\t\t<div class=\"elementor-widget-container\">\n\t\t\t\t\t<h2 class=\"elementor-heading-title elementor-size-default\">Ensayos abiertos<\/h2>\t\t\t\t<\/div>\n\t\t\t\t<\/div>\n\t\t\t\t<div class=\"elementor-element elementor-element-5226b5a elementor-widget__width-initial elementor-widget elementor-widget-text-editor\" data-id=\"5226b5a\" data-element_type=\"widget\" data-e-type=\"widget\" data-widget_type=\"text-editor.default\">\n\t\t\t\t<div class=\"elementor-widget-container\">\n\t\t\t\t\t\t\t\t\t<p>Ensayo abierto el 19 de noviembre tras la Jornada.<\/p><p><strong>Lugar<\/strong>: Casa de la Cultura de Valdivia.<\/p><p>Ensayo general por invitaci\u00f3n y previa inscripci\u00f3n para Centros Educativos y Programadores culturales y esc\u00e9nicos.<\/p><p>Periodo de inscripci\u00f3n (grupos cerrados): octubre \/ noviembre 2025.<\/p><p><strong>Actividad en colaboraci\u00f3n con Gala L\u00cdrica 2025<\/strong><\/p>\t\t\t\t\t\t\t\t<\/div>\n\t\t\t\t<\/div>\n\t\t\t\t<div class=\"elementor-element elementor-element-812f82c elementor-widget__width-initial elementor-hidden-desktop elementor-hidden-tablet elementor-hidden-mobile elementor-widget elementor-widget-button\" data-id=\"812f82c\" data-element_type=\"widget\" data-e-type=\"widget\" data-widget_type=\"button.default\">\n\t\t\t\t<div class=\"elementor-widget-container\">\n\t\t\t\t\t\t\t\t\t<div class=\"elementor-button-wrapper\">\n\t\t\t\t\t<a class=\"elementor-button elementor-button-link elementor-size-sm\" href=\"https:\/\/cultura.aupex.org\/operarural\/wp-content\/uploads\/2023\/02\/aupex_operarural_convocatoria_audiciones.pdf\" target=\"_blank\">\n\t\t\t\t\t\t<span class=\"elementor-button-content-wrapper\">\n\t\t\t\t\t\t\t\t\t<span class=\"elementor-button-text\">Descarga el folleto con toda la informaci\u00f3n en PDF<\/span>\n\t\t\t\t\t<\/span>\n\t\t\t\t\t<\/a>\n\t\t\t\t<\/div>\n\t\t\t\t\t\t\t\t<\/div>\n\t\t\t\t<\/div>\n\t\t\t\t\t<\/div>\n\t\t<\/div>\n\t\t\t\t<div class=\"elementor-column elementor-col-33 elementor-inner-column elementor-element elementor-element-ab039f2\" data-id=\"ab039f2\" data-element_type=\"column\" data-e-type=\"column\">\n\t\t\t<div class=\"elementor-widget-wrap\">\n\t\t\t\t\t\t\t<\/div>\n\t\t<\/div>\n\t\t\t\t<div class=\"elementor-column elementor-col-33 elementor-inner-column elementor-element elementor-element-ce8d09e\" data-id=\"ce8d09e\" data-element_type=\"column\" data-e-type=\"column\" data-settings=\"{&quot;background_background&quot;:&quot;classic&quot;}\">\n\t\t\t<div class=\"elementor-widget-wrap elementor-element-populated\">\n\t\t\t\t\t\t<div class=\"elementor-element elementor-element-f5a3de4 elementor-widget elementor-widget-image\" data-id=\"f5a3de4\" data-element_type=\"widget\" data-e-type=\"widget\" data-widget_type=\"image.default\">\n\t\t\t\t<div class=\"elementor-widget-container\">\n\t\t\t\t\t\t\t\t\t\t\t\t\t\t\t\t<a href=\"https:\/\/cultura.aupex.org\/operarural\/wp-content\/uploads\/2024\/04\/opera_2024_229.jpg\" data-elementor-open-lightbox=\"yes\" data-elementor-lightbox-title=\"opera_2024_229\" data-e-action-hash=\"#elementor-action%3Aaction%3Dlightbox%26settings%3DeyJpZCI6NDEzOCwidXJsIjoiaHR0cHM6XC9cL2N1bHR1cmEuYXVwZXgub3JnXC9vcGVyYXJ1cmFsXC93cC1jb250ZW50XC91cGxvYWRzXC8yMDI0XC8wNFwvb3BlcmFfMjAyNF8yMjkuanBnIn0%3D\">\n\t\t\t\t\t\t\t<img loading=\"lazy\" decoding=\"async\" width=\"719\" height=\"1024\" src=\"https:\/\/cultura.aupex.org\/operarural\/wp-content\/uploads\/2024\/04\/opera_2024_229-719x1024.jpg\" class=\"attachment-large size-large wp-image-4138\" alt=\"\" srcset=\"https:\/\/cultura.aupex.org\/operarural\/wp-content\/uploads\/2024\/04\/opera_2024_229-719x1024.jpg 719w, https:\/\/cultura.aupex.org\/operarural\/wp-content\/uploads\/2024\/04\/opera_2024_229-211x300.jpg 211w, https:\/\/cultura.aupex.org\/operarural\/wp-content\/uploads\/2024\/04\/opera_2024_229-768x1093.jpg 768w, https:\/\/cultura.aupex.org\/operarural\/wp-content\/uploads\/2024\/04\/opera_2024_229.jpg 843w\" sizes=\"(max-width: 719px) 100vw, 719px\" \/>\t\t\t\t\t\t\t\t<\/a>\n\t\t\t\t\t\t\t\t\t\t\t\t\t\t\t<\/div>\n\t\t\t\t<\/div>\n\t\t\t\t\t<\/div>\n\t\t<\/div>\n\t\t\t\t\t<\/div>\n\t\t<\/section>\n\t\t\t\t\t<\/div>\n\t\t<\/div>\n\t\t\t\t\t<\/div>\n\t\t<\/section>\n\t\t\t\t<section class=\"elementor-section elementor-top-section elementor-element elementor-element-f1629a4 elementor-section-boxed elementor-section-height-default elementor-section-height-default\" data-id=\"f1629a4\" data-element_type=\"section\" data-e-type=\"section\">\n\t\t\t\t\t\t<div class=\"elementor-container elementor-column-gap-default\">\n\t\t\t\t\t<div class=\"elementor-column elementor-col-100 elementor-top-column elementor-element elementor-element-e6ecef2\" data-id=\"e6ecef2\" data-element_type=\"column\" data-e-type=\"column\">\n\t\t\t<div class=\"elementor-widget-wrap elementor-element-populated\">\n\t\t\t\t\t\t<section class=\"elementor-section elementor-inner-section elementor-element elementor-element-f8b9330 elementor-section-content-top elementor-section-boxed elementor-section-height-default elementor-section-height-default\" data-id=\"f8b9330\" data-element_type=\"section\" data-e-type=\"section\" data-settings=\"{&quot;background_background&quot;:&quot;classic&quot;}\">\n\t\t\t\t\t\t<div class=\"elementor-container elementor-column-gap-wide\">\n\t\t\t\t\t<div class=\"elementor-column elementor-col-50 elementor-inner-column elementor-element elementor-element-3cf35cd\" data-id=\"3cf35cd\" data-element_type=\"column\" data-e-type=\"column\" data-settings=\"{&quot;background_background&quot;:&quot;classic&quot;}\">\n\t\t\t<div class=\"elementor-widget-wrap elementor-element-populated\">\n\t\t\t\t\t\t<div class=\"elementor-element elementor-element-a3fc4bc elementor-widget elementor-widget-spacer\" data-id=\"a3fc4bc\" data-element_type=\"widget\" data-e-type=\"widget\" data-widget_type=\"spacer.default\">\n\t\t\t\t<div class=\"elementor-widget-container\">\n\t\t\t\t\t\t\t<div class=\"elementor-spacer\">\n\t\t\t<div class=\"elementor-spacer-inner\"><\/div>\n\t\t<\/div>\n\t\t\t\t\t\t<\/div>\n\t\t\t\t<\/div>\n\t\t\t\t<div class=\"elementor-element elementor-element-01a19f8 elementor-widget elementor-widget-image\" data-id=\"01a19f8\" data-element_type=\"widget\" data-e-type=\"widget\" data-widget_type=\"image.default\">\n\t\t\t\t<div class=\"elementor-widget-container\">\n\t\t\t\t\t\t\t\t\t\t\t\t\t\t\t\t<a href=\"https:\/\/cultura.aupex.org\/operarural\/wp-content\/uploads\/2025\/11\/A3_OR-Caracterizacion-v2.jpg\" data-elementor-open-lightbox=\"yes\" data-elementor-lightbox-title=\"A3_OR Caracterizacio\u0301n v2\" data-e-action-hash=\"#elementor-action%3Aaction%3Dlightbox%26settings%3DeyJpZCI6NDc1MSwidXJsIjoiaHR0cHM6XC9cL2N1bHR1cmEuYXVwZXgub3JnXC9vcGVyYXJ1cmFsXC93cC1jb250ZW50XC91cGxvYWRzXC8yMDI1XC8xMVwvQTNfT1ItQ2FyYWN0ZXJpemFjaW9uLXYyLmpwZyJ9\">\n\t\t\t\t\t\t\t<img loading=\"lazy\" decoding=\"async\" width=\"724\" height=\"1024\" src=\"https:\/\/cultura.aupex.org\/operarural\/wp-content\/uploads\/2025\/11\/A3_OR-Caracterizacion-v2-724x1024.jpg\" class=\"attachment-large size-large wp-image-4751\" alt=\"\" srcset=\"https:\/\/cultura.aupex.org\/operarural\/wp-content\/uploads\/2025\/11\/A3_OR-Caracterizacion-v2-724x1024.jpg 724w, https:\/\/cultura.aupex.org\/operarural\/wp-content\/uploads\/2025\/11\/A3_OR-Caracterizacion-v2-212x300.jpg 212w, https:\/\/cultura.aupex.org\/operarural\/wp-content\/uploads\/2025\/11\/A3_OR-Caracterizacion-v2-768x1086.jpg 768w, https:\/\/cultura.aupex.org\/operarural\/wp-content\/uploads\/2025\/11\/A3_OR-Caracterizacion-v2-1086x1536.jpg 1086w, https:\/\/cultura.aupex.org\/operarural\/wp-content\/uploads\/2025\/11\/A3_OR-Caracterizacion-v2.jpg 1414w\" sizes=\"(max-width: 724px) 100vw, 724px\" \/>\t\t\t\t\t\t\t\t<\/a>\n\t\t\t\t\t\t\t\t\t\t\t\t\t\t\t<\/div>\n\t\t\t\t<\/div>\n\t\t\t\t<div class=\"elementor-element elementor-element-c882104 elementor-widget elementor-widget-button\" data-id=\"c882104\" data-element_type=\"widget\" data-e-type=\"widget\" data-widget_type=\"button.default\">\n\t\t\t\t<div class=\"elementor-widget-container\">\n\t\t\t\t\t\t\t\t\t<div class=\"elementor-button-wrapper\">\n\t\t\t\t\t<a class=\"elementor-button elementor-button-link elementor-size-sm\" href=\"https:\/\/docs.google.com\/forms\/d\/e\/1FAIpQLSchi6NNyoEuTc1UCttUzH2lST_7kosPBXOT3cF8XsJVlPNW2A\/viewform\" target=\"_blank\">\n\t\t\t\t\t\t<span class=\"elementor-button-content-wrapper\">\n\t\t\t\t\t\t<span class=\"elementor-button-icon\">\n\t\t\t\t<i aria-hidden=\"true\" class=\"fab fa-wpforms\"><\/i>\t\t\t<\/span>\n\t\t\t\t\t\t\t\t\t<span class=\"elementor-button-text\">Inscr\u00edbete a trav\u00e9s del siguiente formulario<\/span>\n\t\t\t\t\t<\/span>\n\t\t\t\t\t<\/a>\n\t\t\t\t<\/div>\n\t\t\t\t\t\t\t\t<\/div>\n\t\t\t\t<\/div>\n\t\t\t\t\t<\/div>\n\t\t<\/div>\n\t\t\t\t<div class=\"elementor-column elementor-col-50 elementor-inner-column elementor-element elementor-element-4908fa8\" data-id=\"4908fa8\" data-element_type=\"column\" data-e-type=\"column\">\n\t\t\t<div class=\"elementor-widget-wrap elementor-element-populated\">\n\t\t\t\t\t\t<div class=\"elementor-element elementor-element-809967d elementor-widget elementor-widget-spacer\" data-id=\"809967d\" data-element_type=\"widget\" data-e-type=\"widget\" data-widget_type=\"spacer.default\">\n\t\t\t\t<div class=\"elementor-widget-container\">\n\t\t\t\t\t\t\t<div class=\"elementor-spacer\">\n\t\t\t<div class=\"elementor-spacer-inner\"><\/div>\n\t\t<\/div>\n\t\t\t\t\t\t<\/div>\n\t\t\t\t<\/div>\n\t\t\t\t<div class=\"elementor-element elementor-element-9ca5f8e elementor-widget elementor-widget-heading\" data-id=\"9ca5f8e\" data-element_type=\"widget\" data-e-type=\"widget\" data-widget_type=\"heading.default\">\n\t\t\t\t<div class=\"elementor-widget-container\">\n\t\t\t\t\t<h2 class=\"elementor-heading-title elementor-size-default\">Taller de caracterizaci\u00f3n<\/h2>\t\t\t\t<\/div>\n\t\t\t\t<\/div>\n\t\t\t\t<div class=\"elementor-element elementor-element-171dee5 elementor-widget__width-initial elementor-widget elementor-widget-text-editor\" data-id=\"171dee5\" data-element_type=\"widget\" data-e-type=\"widget\" data-widget_type=\"text-editor.default\">\n\t\t\t\t<div class=\"elementor-widget-container\">\n\t\t\t\t\t\t\t\t\t<p>Impartido por Bel\u00e9n Mendo, los participantes podr\u00e1n acercarse al desarrollo de un proceso de caracterizaci\u00f3n profesional en las artes esc\u00e9nicas, participando del proceso de preparaci\u00f3n del elenco para el estreno de Una Noche en la \u00d3pera.<\/p>\t\t\t\t\t\t\t\t<\/div>\n\t\t\t\t<\/div>\n\t\t\t\t<div class=\"elementor-element elementor-element-6025c9d elementor-widget__width-initial elementor-widget elementor-widget-text-editor\" data-id=\"6025c9d\" data-element_type=\"widget\" data-e-type=\"widget\" data-widget_type=\"text-editor.default\">\n\t\t\t\t<div class=\"elementor-widget-container\">\n\t\t\t\t\t\t\t\t\t<p><strong>Celebraci\u00f3n<\/strong>: Semana del estreno 19, 20, 21 de noviembre.<\/p>\n<p><strong>Lugar<\/strong>: Casa de la Cultura de Valdivia. Horario de tarde.<\/p>\n<p><strong>Periodo de inscripci\u00f3n<\/strong>: octubre \/ noviembre 2025.<\/p>\t\t\t\t\t\t\t\t<\/div>\n\t\t\t\t<\/div>\n\t\t\t\t<div class=\"elementor-element elementor-element-3a0f0af gallery-spacing-custom elementor-widget elementor-widget-image-gallery\" data-id=\"3a0f0af\" data-element_type=\"widget\" data-e-type=\"widget\" data-widget_type=\"image-gallery.default\">\n\t\t\t\t<div class=\"elementor-widget-container\">\n\t\t\t\t\t\t\t<div class=\"elementor-image-gallery\">\n\t\t\t<div id='gallery-1' class='gallery galleryid-1255 gallery-columns-2 gallery-size-medium'><figure class='gallery-item'>\n\t\t\t<div class='gallery-icon portrait'>\n\t\t\t\t<a data-elementor-open-lightbox=\"yes\" data-elementor-lightbox-slideshow=\"3a0f0af\" data-elementor-lightbox-title=\"tc3\" data-e-action-hash=\"#elementor-action%3Aaction%3Dlightbox%26settings%3DeyJpZCI6NDc1NCwidXJsIjoiaHR0cHM6XC9cL2N1bHR1cmEuYXVwZXgub3JnXC9vcGVyYXJ1cmFsXC93cC1jb250ZW50XC91cGxvYWRzXC8yMDI1XC8xMVwvdGMzLmpwZWciLCJzbGlkZXNob3ciOiIzYTBmMGFmIn0%3D\" href='https:\/\/cultura.aupex.org\/operarural\/wp-content\/uploads\/2025\/11\/tc3.jpeg'><img loading=\"lazy\" decoding=\"async\" width=\"250\" height=\"300\" src=\"https:\/\/cultura.aupex.org\/operarural\/wp-content\/uploads\/2025\/11\/tc3-250x300.jpeg\" class=\"attachment-medium size-medium\" alt=\"\" srcset=\"https:\/\/cultura.aupex.org\/operarural\/wp-content\/uploads\/2025\/11\/tc3-250x300.jpeg 250w, https:\/\/cultura.aupex.org\/operarural\/wp-content\/uploads\/2025\/11\/tc3-852x1024.jpeg 852w, https:\/\/cultura.aupex.org\/operarural\/wp-content\/uploads\/2025\/11\/tc3-768x923.jpeg 768w, https:\/\/cultura.aupex.org\/operarural\/wp-content\/uploads\/2025\/11\/tc3.jpeg 1080w\" sizes=\"(max-width: 250px) 100vw, 250px\" \/><\/a>\n\t\t\t<\/div><\/figure><figure class='gallery-item'>\n\t\t\t<div class='gallery-icon portrait'>\n\t\t\t\t<a data-elementor-open-lightbox=\"yes\" data-elementor-lightbox-slideshow=\"3a0f0af\" data-elementor-lightbox-title=\"tc2\" data-e-action-hash=\"#elementor-action%3Aaction%3Dlightbox%26settings%3DeyJpZCI6NDc1MywidXJsIjoiaHR0cHM6XC9cL2N1bHR1cmEuYXVwZXgub3JnXC9vcGVyYXJ1cmFsXC93cC1jb250ZW50XC91cGxvYWRzXC8yMDI1XC8xMVwvdGMyLmpwZWciLCJzbGlkZXNob3ciOiIzYTBmMGFmIn0%3D\" href='https:\/\/cultura.aupex.org\/operarural\/wp-content\/uploads\/2025\/11\/tc2.jpeg'><img loading=\"lazy\" decoding=\"async\" width=\"244\" height=\"300\" src=\"https:\/\/cultura.aupex.org\/operarural\/wp-content\/uploads\/2025\/11\/tc2-244x300.jpeg\" class=\"attachment-medium size-medium\" alt=\"\" srcset=\"https:\/\/cultura.aupex.org\/operarural\/wp-content\/uploads\/2025\/11\/tc2-244x300.jpeg 244w, https:\/\/cultura.aupex.org\/operarural\/wp-content\/uploads\/2025\/11\/tc2-834x1024.jpeg 834w, https:\/\/cultura.aupex.org\/operarural\/wp-content\/uploads\/2025\/11\/tc2-768x943.jpeg 768w, https:\/\/cultura.aupex.org\/operarural\/wp-content\/uploads\/2025\/11\/tc2.jpeg 1064w\" sizes=\"(max-width: 244px) 100vw, 244px\" \/><\/a>\n\t\t\t<\/div><\/figure><figure class='gallery-item'>\n\t\t\t<div class='gallery-icon portrait'>\n\t\t\t\t<a data-elementor-open-lightbox=\"yes\" data-elementor-lightbox-slideshow=\"3a0f0af\" data-elementor-lightbox-title=\"tc4\" data-e-action-hash=\"#elementor-action%3Aaction%3Dlightbox%26settings%3DeyJpZCI6NDc1NSwidXJsIjoiaHR0cHM6XC9cL2N1bHR1cmEuYXVwZXgub3JnXC9vcGVyYXJ1cmFsXC93cC1jb250ZW50XC91cGxvYWRzXC8yMDI1XC8xMVwvdGM0LmpwZWciLCJzbGlkZXNob3ciOiIzYTBmMGFmIn0%3D\" href='https:\/\/cultura.aupex.org\/operarural\/wp-content\/uploads\/2025\/11\/tc4.jpeg'><img loading=\"lazy\" decoding=\"async\" width=\"287\" height=\"300\" src=\"https:\/\/cultura.aupex.org\/operarural\/wp-content\/uploads\/2025\/11\/tc4-287x300.jpeg\" class=\"attachment-medium size-medium\" alt=\"\" srcset=\"https:\/\/cultura.aupex.org\/operarural\/wp-content\/uploads\/2025\/11\/tc4-287x300.jpeg 287w, https:\/\/cultura.aupex.org\/operarural\/wp-content\/uploads\/2025\/11\/tc4-980x1024.jpeg 980w, https:\/\/cultura.aupex.org\/operarural\/wp-content\/uploads\/2025\/11\/tc4-768x803.jpeg 768w, https:\/\/cultura.aupex.org\/operarural\/wp-content\/uploads\/2025\/11\/tc4.jpeg 1080w\" sizes=\"(max-width: 287px) 100vw, 287px\" \/><\/a>\n\t\t\t<\/div><\/figure><figure class='gallery-item'>\n\t\t\t<div class='gallery-icon portrait'>\n\t\t\t\t<a data-elementor-open-lightbox=\"yes\" data-elementor-lightbox-slideshow=\"3a0f0af\" data-elementor-lightbox-title=\"tc1\" data-e-action-hash=\"#elementor-action%3Aaction%3Dlightbox%26settings%3DeyJpZCI6NDc1MiwidXJsIjoiaHR0cHM6XC9cL2N1bHR1cmEuYXVwZXgub3JnXC9vcGVyYXJ1cmFsXC93cC1jb250ZW50XC91cGxvYWRzXC8yMDI1XC8xMVwvdGMxLmpwZWciLCJzbGlkZXNob3ciOiIzYTBmMGFmIn0%3D\" href='https:\/\/cultura.aupex.org\/operarural\/wp-content\/uploads\/2025\/11\/tc1.jpeg'><img loading=\"lazy\" decoding=\"async\" width=\"248\" height=\"300\" src=\"https:\/\/cultura.aupex.org\/operarural\/wp-content\/uploads\/2025\/11\/tc1-248x300.jpeg\" class=\"attachment-medium size-medium\" alt=\"\" srcset=\"https:\/\/cultura.aupex.org\/operarural\/wp-content\/uploads\/2025\/11\/tc1-248x300.jpeg 248w, https:\/\/cultura.aupex.org\/operarural\/wp-content\/uploads\/2025\/11\/tc1-848x1024.jpeg 848w, https:\/\/cultura.aupex.org\/operarural\/wp-content\/uploads\/2025\/11\/tc1-768x928.jpeg 768w, https:\/\/cultura.aupex.org\/operarural\/wp-content\/uploads\/2025\/11\/tc1.jpeg 1078w\" sizes=\"(max-width: 248px) 100vw, 248px\" \/><\/a>\n\t\t\t<\/div><\/figure>\n\t\t<\/div>\n\t\t<\/div>\n\t\t\t\t\t\t<\/div>\n\t\t\t\t<\/div>\n\t\t\t\t\t<\/div>\n\t\t<\/div>\n\t\t\t\t\t<\/div>\n\t\t<\/section>\n\t\t\t\t\t<\/div>\n\t\t<\/div>\n\t\t\t\t\t<\/div>\n\t\t<\/section>\n\t\t\t\t<\/div>\n\t\t","protected":false},"excerpt":{"rendered":"<p>Con dos ediciones a sus espaldas, \u00d3pera Rural, el proyecto de sensibilizaci\u00f3n y difusi\u00f3n de la \u00f3pera en el \u00e1mbito rural impulsado por AUPEX y la Diputaci\u00f3n de Badajoz, se ha consolidado como una de las propuestas art\u00edsticas, divulgativas y culturales de mayor impacto en la poblaci\u00f3n rural extreme\u00f1a. Por tercer a\u00f1o consecutivo, y tras [&hellip;]<\/p>\n","protected":false},"author":1,"featured_media":0,"parent":0,"menu_order":0,"comment_status":"closed","ping_status":"closed","template":"","meta":{"footnotes":""},"class_list":["post-1255","page","type-page","status-publish","hentry"],"_links":{"self":[{"href":"https:\/\/cultura.aupex.org\/operarural\/wp-json\/wp\/v2\/pages\/1255","targetHints":{"allow":["GET"]}}],"collection":[{"href":"https:\/\/cultura.aupex.org\/operarural\/wp-json\/wp\/v2\/pages"}],"about":[{"href":"https:\/\/cultura.aupex.org\/operarural\/wp-json\/wp\/v2\/types\/page"}],"author":[{"embeddable":true,"href":"https:\/\/cultura.aupex.org\/operarural\/wp-json\/wp\/v2\/users\/1"}],"replies":[{"embeddable":true,"href":"https:\/\/cultura.aupex.org\/operarural\/wp-json\/wp\/v2\/comments?post=1255"}],"version-history":[{"count":305,"href":"https:\/\/cultura.aupex.org\/operarural\/wp-json\/wp\/v2\/pages\/1255\/revisions"}],"predecessor-version":[{"id":4854,"href":"https:\/\/cultura.aupex.org\/operarural\/wp-json\/wp\/v2\/pages\/1255\/revisions\/4854"}],"wp:attachment":[{"href":"https:\/\/cultura.aupex.org\/operarural\/wp-json\/wp\/v2\/media?parent=1255"}],"curies":[{"name":"wp","href":"https:\/\/api.w.org\/{rel}","templated":true}]}}