{"id":1084,"date":"2023-03-09T11:36:53","date_gmt":"2023-03-09T11:36:53","guid":{"rendered":"https:\/\/cultura.aupex.org\/operarural\/?page_id=1084"},"modified":"2023-03-29T16:51:40","modified_gmt":"2023-03-29T16:51:40","slug":"jose_miguel_torres","status":"publish","type":"page","link":"https:\/\/cultura.aupex.org\/operarural\/la-traviata-de-giuseppe-verdi\/jose_miguel_torres\/","title":{"rendered":"Jos\u00e9 Miguel Torres"},"content":{"rendered":"\t\t<div data-elementor-type=\"wp-page\" data-elementor-id=\"1084\" class=\"elementor elementor-1084\">\n\t\t\t\t\t\t<section class=\"elementor-section elementor-top-section elementor-element elementor-element-4a619bcd elementor-section-boxed elementor-section-height-default elementor-section-height-default\" data-id=\"4a619bcd\" data-element_type=\"section\" data-e-type=\"section\" data-settings=\"{&quot;background_background&quot;:&quot;classic&quot;}\">\n\t\t\t\t\t\t\t<div class=\"elementor-background-overlay\"><\/div>\n\t\t\t\t\t\t\t<div class=\"elementor-container elementor-column-gap-no\">\n\t\t\t\t\t<div class=\"elementor-column elementor-col-100 elementor-top-column elementor-element elementor-element-28298395\" data-id=\"28298395\" data-element_type=\"column\" data-e-type=\"column\">\n\t\t\t<div class=\"elementor-widget-wrap elementor-element-populated\">\n\t\t\t\t\t\t<div class=\"elementor-element elementor-element-2070c56a elementor-widget elementor-widget-spacer\" data-id=\"2070c56a\" data-element_type=\"widget\" data-e-type=\"widget\" data-widget_type=\"spacer.default\">\n\t\t\t\t<div class=\"elementor-widget-container\">\n\t\t\t\t\t\t\t<div class=\"elementor-spacer\">\n\t\t\t<div class=\"elementor-spacer-inner\"><\/div>\n\t\t<\/div>\n\t\t\t\t\t\t<\/div>\n\t\t\t\t<\/div>\n\t\t\t\t\t<\/div>\n\t\t<\/div>\n\t\t\t\t\t<\/div>\n\t\t<\/section>\n\t\t\t\t<section class=\"elementor-section elementor-top-section elementor-element elementor-element-284e1f22 elementor-section-boxed elementor-section-height-default elementor-section-height-default\" data-id=\"284e1f22\" data-element_type=\"section\" data-e-type=\"section\" data-settings=\"{&quot;background_background&quot;:&quot;gradient&quot;}\">\n\t\t\t\t\t\t<div class=\"elementor-container elementor-column-gap-no\">\n\t\t\t\t\t<div class=\"elementor-column elementor-col-100 elementor-top-column elementor-element elementor-element-6539cdb1\" data-id=\"6539cdb1\" data-element_type=\"column\" data-e-type=\"column\">\n\t\t\t<div class=\"elementor-widget-wrap elementor-element-populated\">\n\t\t\t\t\t\t<section class=\"elementor-section elementor-inner-section elementor-element elementor-element-36198659 elementor-section-boxed elementor-section-height-default elementor-section-height-default\" data-id=\"36198659\" data-element_type=\"section\" data-e-type=\"section\" data-settings=\"{&quot;background_background&quot;:&quot;classic&quot;}\">\n\t\t\t\t\t\t<div class=\"elementor-container elementor-column-gap-no\">\n\t\t\t\t\t<div class=\"elementor-column elementor-col-100 elementor-inner-column elementor-element elementor-element-52a056f\" data-id=\"52a056f\" data-element_type=\"column\" data-e-type=\"column\">\n\t\t\t<div class=\"elementor-widget-wrap\">\n\t\t\t\t\t\t\t<\/div>\n\t\t<\/div>\n\t\t\t\t\t<\/div>\n\t\t<\/section>\n\t\t\t\t<section class=\"elementor-section elementor-inner-section elementor-element elementor-element-4558dae6 elementor-section-content-top elementor-section-boxed elementor-section-height-default elementor-section-height-default\" data-id=\"4558dae6\" data-element_type=\"section\" data-e-type=\"section\" data-settings=\"{&quot;background_background&quot;:&quot;classic&quot;}\">\n\t\t\t\t\t\t<div class=\"elementor-container elementor-column-gap-default\">\n\t\t\t\t\t<div class=\"elementor-column elementor-col-33 elementor-inner-column elementor-element elementor-element-196f5f76\" data-id=\"196f5f76\" data-element_type=\"column\" data-e-type=\"column\" data-settings=\"{&quot;background_background&quot;:&quot;classic&quot;}\">\n\t\t\t<div class=\"elementor-widget-wrap elementor-element-populated\">\n\t\t\t\t\t\t<div class=\"elementor-element elementor-element-5c8f4d90 elementor-widget elementor-widget-spacer\" data-id=\"5c8f4d90\" data-element_type=\"widget\" data-e-type=\"widget\" data-widget_type=\"spacer.default\">\n\t\t\t\t<div class=\"elementor-widget-container\">\n\t\t\t\t\t\t\t<div class=\"elementor-spacer\">\n\t\t\t<div class=\"elementor-spacer-inner\"><\/div>\n\t\t<\/div>\n\t\t\t\t\t\t<\/div>\n\t\t\t\t<\/div>\n\t\t\t\t<div class=\"elementor-element elementor-element-3b5de77 elementor-widget elementor-widget-image\" data-id=\"3b5de77\" data-element_type=\"widget\" data-e-type=\"widget\" data-widget_type=\"image.default\">\n\t\t\t\t<div class=\"elementor-widget-container\">\n\t\t\t\t\t\t\t\t\t\t\t\t\t\t\t<img fetchpriority=\"high\" decoding=\"async\" width=\"600\" height=\"650\" src=\"https:\/\/cultura.aupex.org\/operarural\/wp-content\/uploads\/2023\/03\/jose-miguel-torre.jpg\" class=\"attachment-full size-full wp-image-1005\" alt=\"\" srcset=\"https:\/\/cultura.aupex.org\/operarural\/wp-content\/uploads\/2023\/03\/jose-miguel-torre.jpg 600w, https:\/\/cultura.aupex.org\/operarural\/wp-content\/uploads\/2023\/03\/jose-miguel-torre-277x300.jpg 277w\" sizes=\"(max-width: 600px) 100vw, 600px\" \/>\t\t\t\t\t\t\t\t\t\t\t\t\t\t\t<\/div>\n\t\t\t\t<\/div>\n\t\t\t\t\t<\/div>\n\t\t<\/div>\n\t\t\t\t<div class=\"elementor-column elementor-col-33 elementor-inner-column elementor-element elementor-element-ac79b97\" data-id=\"ac79b97\" data-element_type=\"column\" data-e-type=\"column\">\n\t\t\t<div class=\"elementor-widget-wrap\">\n\t\t\t\t\t\t\t<\/div>\n\t\t<\/div>\n\t\t\t\t<div class=\"elementor-column elementor-col-33 elementor-inner-column elementor-element elementor-element-22356b42\" data-id=\"22356b42\" data-element_type=\"column\" data-e-type=\"column\">\n\t\t\t<div class=\"elementor-widget-wrap elementor-element-populated\">\n\t\t\t\t\t\t<div class=\"elementor-element elementor-element-27da784c elementor-widget elementor-widget-heading\" data-id=\"27da784c\" data-element_type=\"widget\" data-e-type=\"widget\" data-widget_type=\"heading.default\">\n\t\t\t\t<div class=\"elementor-widget-container\">\n\t\t\t\t\t<h1 class=\"elementor-heading-title elementor-size-default\">\nJos\u00e9 Miguel Torres\n<\/h1>\t\t\t\t<\/div>\n\t\t\t\t<\/div>\n\t\t\t\t<div class=\"elementor-element elementor-element-31faad0b elementor-widget elementor-widget-button\" data-id=\"31faad0b\" data-element_type=\"widget\" data-e-type=\"widget\" data-widget_type=\"button.default\">\n\t\t\t\t<div class=\"elementor-widget-container\">\n\t\t\t\t\t\t\t\t\t<div class=\"elementor-button-wrapper\">\n\t\t\t\t\t<a class=\"elementor-button elementor-size-md\" role=\"button\">\n\t\t\t\t\t\t<span class=\"elementor-button-content-wrapper\">\n\t\t\t\t\t\t\t\t\t<span class=\"elementor-button-text\"> Barone Douphol y Dottor Grenvil<\/span>\n\t\t\t\t\t<\/span>\n\t\t\t\t\t<\/a>\n\t\t\t\t<\/div>\n\t\t\t\t\t\t\t\t<\/div>\n\t\t\t\t<\/div>\n\t\t\t\t<div class=\"elementor-element elementor-element-d06f7d0 elementor-widget elementor-widget-text-editor\" data-id=\"d06f7d0\" data-element_type=\"widget\" data-e-type=\"widget\" data-widget_type=\"text-editor.default\">\n\t\t\t\t<div class=\"elementor-widget-container\">\n\t\t\t\t\t\t\t\t\tNacido en Azuaga (Badajoz), es Diplomado en Magisterio por la Universidad de Granada.\nEstudi\u00f3 en el Conservatorio Profesional de M\u00fasica de Badajoz con la profesora M\u00aa Coronada\nHerrera y posteriormente en el Conservatorio de Palma de Mallorca con Antoni Arag\u00f3n. Ha\nimpartido clases con Silvia Corbacho, Carlos Chausson, Carmen Sol\u00eds y David Men\u00e9ndez,\ncontinuando su formaci\u00f3n con el maestro \u00c1ngel Jim\u00e9nez y la profesora Sara Garv\u00edn.\t\t\t\t\t\t\t\t<\/div>\n\t\t\t\t<\/div>\n\t\t\t\t<div class=\"elementor-element elementor-element-87d87e2 elementor-widget elementor-widget-text-editor\" data-id=\"87d87e2\" data-element_type=\"widget\" data-e-type=\"widget\" data-widget_type=\"text-editor.default\">\n\t\t\t\t<div class=\"elementor-widget-container\">\n\t\t\t\t\t\t\t\t\tHa colaborado en producciones como \u201cJ\u00fapiter y Semele\u201d, &quot;Il Barbiere di Siviglia&quot; y &quot;Le\nNozze di Figaro&quot;. Como solista ha actuado en el Teatro Principal de Palma con la Orquesta\nSinf\u00f3nica de Berl\u00edn. En 2009 participa en &quot;La Traviata&quot; (Verdi) y en un concierto junto a\nPl\u00e1cido Domingo. Ha participado en proyectos de zarzuela como &quot;Luisa Fernanda&quot; (M.\nTorroba), la antolog\u00eda &quot;El Sue\u00f1o de Marina&quot; y &quot;De la Zarzuela a la Copla&quot;. Tambi\u00e9n, como\nsolista, en \u201cCarmina Burana\u201d (Orff), con la Orquesta Sinf\u00f3nica de Burgos, y la \u201cMisa\nNelson\u201d (Haynd), bajo la batuta de \u00c1ngel Jim\u00e9nez y la orquesta y coro ECABA. Desde 2018,\njunto al Coro ECABA sigue realizando la gira a nivel nacional del espect\u00e1culo \u201cUna Noche\nen la \u00d3pera\u201d, en el que lleva el peso de uno de los dos personajes principales.\t\t\t\t\t\t\t\t<\/div>\n\t\t\t\t<\/div>\n\t\t\t\t<div class=\"elementor-element elementor-element-8e63459 elementor-widget elementor-widget-text-editor\" data-id=\"8e63459\" data-element_type=\"widget\" data-e-type=\"widget\" data-widget_type=\"text-editor.default\">\n\t\t\t\t<div class=\"elementor-widget-container\">\n\t\t\t\t\t\t\t\t\tEn la actualidad interpreta el rol de \u201cR\u00fastico\u201d en la zarzuela barroca \u201cApolo y Dafne\u201d de\nSebasti\u00e1n Dur\u00f3n con la Orquesta Barroca de Badajoz. Interpreta el papel de Marco, uno de\nlos personajes de la \u00f3pera &quot;Gianni Schicchi&quot; de G. Puccini, en el proyecto \u00d3pera Joven de\nBadajoz. Y junto a ECABA, en colaboraci\u00f3n con la Escuela de Arte Dram\u00e1tico de\nExtremadura, vuelve a retomar unos de los roles solistas en la obra &quot;El Sue\u00f1o de Marina&quot;.\t\t\t\t\t\t\t\t<\/div>\n\t\t\t\t<\/div>\n\t\t\t\t<div class=\"elementor-element elementor-element-6c5ece1 elementor-widget elementor-widget-text-editor\" data-id=\"6c5ece1\" data-element_type=\"widget\" data-e-type=\"widget\" data-widget_type=\"text-editor.default\">\n\t\t\t\t<div class=\"elementor-widget-container\">\n\t\t\t\t\t\t\t\t\tEn el repertorio sacro ha interpretado obras como &quot;Petite Messe Solennelle&quot; (Rossini), &quot;The\nCrucifixion&quot; (Stainer), &quot;Messe de Minuit&quot; (Charpentier), \u201cGloria\u201d (Vivaldi), \u201cRequiem\u201d\n(Faur\u00e9), \u201cMisa de la Coronaci\u00f3n\u201d o &quot;Requiem&quot; (Mozart).\t\t\t\t\t\t\t\t<\/div>\n\t\t\t\t<\/div>\n\t\t\t\t<div class=\"elementor-element elementor-element-573e441 elementor-widget elementor-widget-text-editor\" data-id=\"573e441\" data-element_type=\"widget\" data-e-type=\"widget\" data-widget_type=\"text-editor.default\">\n\t\t\t\t<div class=\"elementor-widget-container\">\n\t\t\t\t\t\t\t\t\tCompagina su labor en los escenarios con su labor docente en la escuela de m\u00fasica creativa\nLa Octava (M\u00e9rida).\t\t\t\t\t\t\t\t<\/div>\n\t\t\t\t<\/div>\n\t\t\t\t\t<\/div>\n\t\t<\/div>\n\t\t\t\t\t<\/div>\n\t\t<\/section>\n\t\t\t\t\t<\/div>\n\t\t<\/div>\n\t\t\t\t\t<\/div>\n\t\t<\/section>\n\t\t\t\t<\/div>\n\t\t","protected":false},"excerpt":{"rendered":"<p>Jos\u00e9 Miguel Torres Barone Douphol y Dottor Grenvil Nacido en Azuaga (Badajoz), es Diplomado en Magisterio por la Universidad de Granada. Estudi\u00f3 en el Conservatorio Profesional de M\u00fasica de Badajoz con la profesora M\u00aa Coronada Herrera y posteriormente en el Conservatorio de Palma de Mallorca con Antoni Arag\u00f3n. Ha impartido clases con Silvia Corbacho, Carlos [&hellip;]<\/p>\n","protected":false},"author":1,"featured_media":0,"parent":652,"menu_order":40,"comment_status":"closed","ping_status":"closed","template":"","meta":{"footnotes":""},"class_list":["post-1084","page","type-page","status-publish","hentry"],"_links":{"self":[{"href":"https:\/\/cultura.aupex.org\/operarural\/wp-json\/wp\/v2\/pages\/1084","targetHints":{"allow":["GET"]}}],"collection":[{"href":"https:\/\/cultura.aupex.org\/operarural\/wp-json\/wp\/v2\/pages"}],"about":[{"href":"https:\/\/cultura.aupex.org\/operarural\/wp-json\/wp\/v2\/types\/page"}],"author":[{"embeddable":true,"href":"https:\/\/cultura.aupex.org\/operarural\/wp-json\/wp\/v2\/users\/1"}],"replies":[{"embeddable":true,"href":"https:\/\/cultura.aupex.org\/operarural\/wp-json\/wp\/v2\/comments?post=1084"}],"version-history":[{"count":10,"href":"https:\/\/cultura.aupex.org\/operarural\/wp-json\/wp\/v2\/pages\/1084\/revisions"}],"predecessor-version":[{"id":1709,"href":"https:\/\/cultura.aupex.org\/operarural\/wp-json\/wp\/v2\/pages\/1084\/revisions\/1709"}],"up":[{"embeddable":true,"href":"https:\/\/cultura.aupex.org\/operarural\/wp-json\/wp\/v2\/pages\/652"}],"wp:attachment":[{"href":"https:\/\/cultura.aupex.org\/operarural\/wp-json\/wp\/v2\/media?parent=1084"}],"curies":[{"name":"wp","href":"https:\/\/api.w.org\/{rel}","templated":true}]}}