{"id":9,"date":"2022-11-08T09:37:08","date_gmt":"2022-11-08T08:37:08","guid":{"rendered":"https:\/\/cultura.aupex.org\/exposiciones\/?page_id=9"},"modified":"2026-03-04T09:47:00","modified_gmt":"2026-03-04T08:47:00","slug":"inicio","status":"publish","type":"page","link":"https:\/\/cultura.aupex.org\/exposiciones\/","title":{"rendered":"Inicio"},"content":{"rendered":"\t\t<div data-elementor-type=\"wp-page\" data-elementor-id=\"9\" class=\"elementor elementor-9\">\n\t\t\t\t\t\t<section class=\"elementor-section elementor-top-section elementor-element elementor-element-68a5501 elementor-section-full_width elementor-section-height-full elementor-section-height-default elementor-section-items-middle\" data-id=\"68a5501\" data-element_type=\"section\" data-e-type=\"section\" id=\"inicio\" data-settings=\"{&quot;background_background&quot;:&quot;video&quot;,&quot;background_video_link&quot;:&quot;https:\\\/\\\/cultura.aupex.org\\\/exposiciones\\\/wp-content\\\/uploads\\\/2022\\\/11\\\/fondofluido.mp4&quot;,&quot;background_video_end&quot;:8,&quot;background_play_once&quot;:&quot;yes&quot;,&quot;background_play_on_mobile&quot;:&quot;yes&quot;}\">\n\t\t\t\t\t\t\t\t<div class=\"elementor-background-video-container\">\n\t\t\t\t\t\t\t\t\t\t\t\t\t<video class=\"elementor-background-video-hosted\" role=\"presentation\" autoplay muted playsinline><\/video>\n\t\t\t\t\t\t\t\t\t\t\t<\/div>\n\t\t\t\t\t\t\t\t<div class=\"elementor-container elementor-column-gap-no\">\n\t\t\t\t\t<div class=\"elementor-column elementor-col-100 elementor-top-column elementor-element elementor-element-5c6b668\" data-id=\"5c6b668\" data-element_type=\"column\" data-e-type=\"column\">\n\t\t\t<div class=\"elementor-widget-wrap elementor-element-populated\">\n\t\t\t\t\t\t<div class=\"elementor-element elementor-element-6281bb9 elementor-widget elementor-widget-image\" data-id=\"6281bb9\" data-element_type=\"widget\" data-e-type=\"widget\" data-widget_type=\"image.default\">\n\t\t\t\t<div class=\"elementor-widget-container\">\n\t\t\t\t\t\t\t\t\t\t\t\t\t\t\t<img fetchpriority=\"high\" decoding=\"async\" width=\"1170\" height=\"619\" src=\"https:\/\/cultura.aupex.org\/exposiciones\/wp-content\/uploads\/2022\/11\/a3_logo.png\" class=\"attachment-full size-full wp-image-61\" alt=\"\" srcset=\"https:\/\/cultura.aupex.org\/exposiciones\/wp-content\/uploads\/2022\/11\/a3_logo.png 1170w, https:\/\/cultura.aupex.org\/exposiciones\/wp-content\/uploads\/2022\/11\/a3_logo-300x159.png 300w, https:\/\/cultura.aupex.org\/exposiciones\/wp-content\/uploads\/2022\/11\/a3_logo-1024x542.png 1024w, https:\/\/cultura.aupex.org\/exposiciones\/wp-content\/uploads\/2022\/11\/a3_logo-768x406.png 768w\" sizes=\"(max-width: 1170px) 100vw, 1170px\" \/>\t\t\t\t\t\t\t\t\t\t\t\t\t\t\t<\/div>\n\t\t\t\t<\/div>\n\t\t\t\t<div class=\"elementor-element elementor-element-96ecac9 elementor-widget elementor-widget-ekit-nav-menu\" data-id=\"96ecac9\" data-element_type=\"widget\" data-e-type=\"widget\" data-widget_type=\"ekit-nav-menu.default\">\n\t\t\t\t<div class=\"elementor-widget-container\">\n\t\t\t\t\t\t\t<nav class=\"ekit-wid-con ekit_menu_responsive_mobile\"\n\t\t\tdata-hamburger-icon=\"\"\n\t\t\tdata-hamburger-icon-type=\"icon\"\n\t\t\tdata-responsive-breakpoint=\"767\">\n\t\t\t            <button class=\"elementskit-menu-hamburger elementskit-menu-toggler\"  type=\"button\" aria-label=\"hamburger-icon\">\n                                    <span class=\"elementskit-menu-hamburger-icon\"><\/span><span class=\"elementskit-menu-hamburger-icon\"><\/span><span class=\"elementskit-menu-hamburger-icon\"><\/span>\n                            <\/button>\n            <div id=\"ekit-megamenu-inicio\" class=\"elementskit-menu-container elementskit-menu-offcanvas-elements elementskit-navbar-nav-default ekit-nav-menu-one-page-no ekit-nav-dropdown-hover\"><ul id=\"menu-inicio\" class=\"elementskit-navbar-nav elementskit-menu-po-center submenu-click-on-icon\"><li id=\"menu-item-122\" class=\"menu-item menu-item-type-custom menu-item-object-custom menu-item-home menu-item-122 nav-item elementskit-mobile-builder-content\" data-vertical-menu=750px><a href=\"https:\/\/cultura.aupex.org\/exposiciones\/\" class=\"ekit-menu-nav-link\">Inicio<\/a><\/li>\n<li id=\"menu-item-124\" class=\"menu-item menu-item-type-custom menu-item-object-custom menu-item-home menu-item-124 nav-item elementskit-mobile-builder-content\" data-vertical-menu=750px><a href=\"https:\/\/cultura.aupex.org\/exposiciones\/#doc\" class=\"ekit-menu-nav-link\">Documentaci\u00f3n<\/a><\/li>\n<li id=\"menu-item-125\" class=\"menu-item menu-item-type-custom menu-item-object-custom menu-item-home menu-item-125 nav-item elementskit-mobile-builder-content\" data-vertical-menu=750px><a href=\"https:\/\/cultura.aupex.org\/exposiciones\/#exposiciones\" class=\"ekit-menu-nav-link\">Exposiciones<\/a><\/li>\n<li id=\"menu-item-511\" class=\"menu-item menu-item-type-custom menu-item-object-custom menu-item-home menu-item-511 nav-item elementskit-mobile-builder-content\" data-vertical-menu=750px><a href=\"https:\/\/cultura.aupex.org\/exposiciones\/#contenedores\" class=\"ekit-menu-nav-link\">Contenedores de Arte<\/a><\/li>\n<li id=\"menu-item-1763\" class=\"menu-item menu-item-type-custom menu-item-object-custom menu-item-home menu-item-1763 nav-item elementskit-mobile-builder-content\" data-vertical-menu=750px><a href=\"https:\/\/cultura.aupex.org\/exposiciones\/#paisaje\" class=\"ekit-menu-nav-link\">Paisaje expandido<\/a><\/li>\n<li id=\"menu-item-123\" class=\"menu-item menu-item-type-custom menu-item-object-custom menu-item-home menu-item-123 nav-item elementskit-mobile-builder-content\" data-vertical-menu=750px><a href=\"https:\/\/cultura.aupex.org\/exposiciones\/#calendar\" class=\"ekit-menu-nav-link\">Calendario<\/a><\/li>\n<li id=\"menu-item-463\" class=\"menu-item menu-item-type-custom menu-item-object-custom menu-item-home menu-item-463 nav-item elementskit-mobile-builder-content\" data-vertical-menu=750px><a href=\"https:\/\/cultura.aupex.org\/exposiciones\/#peticiones\" class=\"ekit-menu-nav-link\">Solicitudes<\/a><\/li>\n<\/ul><div class=\"elementskit-nav-identity-panel\"><button class=\"elementskit-menu-close elementskit-menu-toggler\" type=\"button\">X<\/button><\/div><\/div>\n\t\t\t<div class=\"elementskit-menu-overlay elementskit-menu-offcanvas-elements elementskit-menu-toggler ekit-nav-menu--overlay\"><\/div>        <\/nav>\n\t\t\t\t\t\t<\/div>\n\t\t\t\t<\/div>\n\t\t\t\t\t<\/div>\n\t\t<\/div>\n\t\t\t\t\t<\/div>\n\t\t<\/section>\n\t\t\t\t<section class=\"elementor-section elementor-top-section elementor-element elementor-element-7004885 elementor-section-boxed elementor-section-height-default elementor-section-height-default\" data-id=\"7004885\" data-element_type=\"section\" data-e-type=\"section\">\n\t\t\t\t\t\t<div class=\"elementor-container elementor-column-gap-default\">\n\t\t\t\t\t<div class=\"elementor-column elementor-col-100 elementor-top-column elementor-element elementor-element-ac7908f\" data-id=\"ac7908f\" data-element_type=\"column\" data-e-type=\"column\">\n\t\t\t<div class=\"elementor-widget-wrap elementor-element-populated\">\n\t\t\t\t\t\t<section class=\"elementor-section elementor-inner-section elementor-element elementor-element-ee9ca3a elementor-section-boxed elementor-section-height-default elementor-section-height-default\" data-id=\"ee9ca3a\" data-element_type=\"section\" data-e-type=\"section\" id=\"intro\" data-settings=\"{&quot;background_background&quot;:&quot;classic&quot;}\">\n\t\t\t\t\t\t<div class=\"elementor-container elementor-column-gap-default\">\n\t\t\t\t\t<div class=\"elementor-column elementor-col-100 elementor-inner-column elementor-element elementor-element-504eed9\" data-id=\"504eed9\" data-element_type=\"column\" data-e-type=\"column\">\n\t\t\t<div class=\"elementor-widget-wrap elementor-element-populated\">\n\t\t\t\t\t\t<div class=\"elementor-element elementor-element-a7f5249 elementor-widget elementor-widget-text-editor\" data-id=\"a7f5249\" data-element_type=\"widget\" data-e-type=\"widget\" data-widget_type=\"text-editor.default\">\n\t\t\t\t<div class=\"elementor-widget-container\">\n\t\t\t\t\t\t\t\t\t<p>La\u00a0<strong>Asociaci\u00f3n de Universidades Populares de Extremadura<\/strong>\u00a0(AUPEX) ha venido desarrollando proyectos expositivos desde casi sus inicios, en los a\u00f1os 90, y hasta primeros de los 2000, tomando como referencia y fuente de inspiraci\u00f3n las Exposiciones Circulantes de Pintura del Museo del Pueblo que las Misiones Pedag\u00f3gicas crearon y desarrollaron entre los a\u00f1os 1931 y 1936. Con los primeros Circuitos Culturales de exposiciones de AUPEX, dise\u00f1ados y pensados especialmente para su itinerancia, se daban a conocer en numerosas poblaciones tanto las obras de reconocidos artistas, como las pertenecientes a colecciones art\u00edsticas de museos, las seleccionadas en premios y cert\u00e1menes nacionales, o las creadas por el propio alumnado de los cursos de pintura, dibujo o fotograf\u00eda de las Universidades Populares. Estas exposiciones acercaban el arte en todas sus manifestaciones al medio rural, formando parte de las programaciones locales y mostrando la riqueza cultural y art\u00edstica tanto de Extremadura como de otros puntos de la geograf\u00eda nacional.<\/p><p>Recuperar la <strong>CREACI\u00d3N E ITINERANCIA DE EXPOSICIONES<\/strong> y era, pues, una demanda de las propias Universidades Populares y un importante objetivo de su asociaci\u00f3n, que incide en la difusi\u00f3n de las artes pl\u00e1sticas, la promoci\u00f3n de los creadores extreme\u00f1os, la transmisi\u00f3n de las experiencias art\u00edsticas y ante todo, el fomento de la comunicaci\u00f3n social del arte en su conjunto. Por tanto, en esta web se muestran aquellas que se han creado recientemente gracias al apoyo de las Diputaciones de Badajoz y C\u00e1ceres.<\/p><p>Paralelamente, y con la intenci\u00f3n de crear nuevos espacios de creaci\u00f3n y comunicaci\u00f3n, se pone en marcha en el a\u00f1o 2011 el proyecto piloto <strong>CONTENEDORES DE ARTE<\/strong> en la provincia de Badajoz gracias a la apuesta decidida del Director del \u00c1rea de Cultura de la Diputaci\u00f3n de Badajoz, Paco Mu\u00f1oz, y el Director de AUPEX, Jos\u00e9 Mar\u00eda Rodr\u00edguez Guzm\u00e1n. Este proyecto, ideado por el gestor cultural Marce Sol\u00eds, se adapta a las din\u00e1micas de las Universidades Populares bajo la gesti\u00f3n t\u00e9cnica de AUPEX. Su fin principal es aportar mecanismos para la articulaci\u00f3n de proyectos creativos que incidan en el \u00e1mbito del espacio p\u00fablico y en relaci\u00f3n con el territorio. Mediante diferentes procesos creativos, se procura la transformaci\u00f3n de espacios p\u00fablicos abandonados o en desuso que se convierten durante un corto periodo de tiempo en \u201cgaler\u00edas de arte contempor\u00e1neo\u201d, \u201cespacios de arte\u201d, \u201cespacios intervenidos\u201d, \u201clugares abiertos a la poblaci\u00f3n y a la creaci\u00f3n\u201d\u2026 En el proyecto son tan importantes el proceso de transformaci\u00f3n del lugar como el contenido del mismo. Actualmente este proyecto se desarrolla por AUPEX en la provincia de C\u00e1ceres en colaboraci\u00f3n con la Diputaci\u00f3n de C\u00e1ceres y los Ayuntamientos participantes.<\/p>\t\t\t\t\t\t\t\t<\/div>\n\t\t\t\t<\/div>\n\t\t\t\t\t<\/div>\n\t\t<\/div>\n\t\t\t\t\t<\/div>\n\t\t<\/section>\n\t\t\t\t\t<\/div>\n\t\t<\/div>\n\t\t\t\t\t<\/div>\n\t\t<\/section>\n\t\t\t\t<section class=\"elementor-section elementor-top-section elementor-element elementor-element-57116a6 elementor-section-boxed elementor-section-height-default elementor-section-height-default\" data-id=\"57116a6\" data-element_type=\"section\" data-e-type=\"section\" id=\"doc\">\n\t\t\t\t\t\t<div class=\"elementor-container elementor-column-gap-default\">\n\t\t\t\t\t<div class=\"elementor-column elementor-col-100 elementor-top-column elementor-element elementor-element-493d7cc\" data-id=\"493d7cc\" data-element_type=\"column\" data-e-type=\"column\">\n\t\t\t<div class=\"elementor-widget-wrap elementor-element-populated\">\n\t\t\t\t\t\t<div class=\"elementor-element elementor-element-28fefc6 elementor-widget elementor-widget-spacer\" data-id=\"28fefc6\" data-element_type=\"widget\" data-e-type=\"widget\" data-widget_type=\"spacer.default\">\n\t\t\t\t<div class=\"elementor-widget-container\">\n\t\t\t\t\t\t\t<div class=\"elementor-spacer\">\n\t\t\t<div class=\"elementor-spacer-inner\"><\/div>\n\t\t<\/div>\n\t\t\t\t\t\t<\/div>\n\t\t\t\t<\/div>\n\t\t\t\t<section class=\"elementor-section elementor-inner-section elementor-element elementor-element-8f2233d elementor-section-boxed elementor-section-height-default elementor-section-height-default\" data-id=\"8f2233d\" data-element_type=\"section\" data-e-type=\"section\" data-settings=\"{&quot;background_background&quot;:&quot;classic&quot;}\">\n\t\t\t\t\t\t<div class=\"elementor-container elementor-column-gap-narrow\">\n\t\t\t\t\t<div class=\"elementor-column elementor-col-100 elementor-inner-column elementor-element elementor-element-346f232\" data-id=\"346f232\" data-element_type=\"column\" data-e-type=\"column\">\n\t\t\t<div class=\"elementor-widget-wrap elementor-element-populated\">\n\t\t\t\t\t\t<div class=\"elementor-element elementor-element-622801b elementor-widget elementor-widget-text-editor\" data-id=\"622801b\" data-element_type=\"widget\" data-e-type=\"widget\" data-widget_type=\"text-editor.default\">\n\t\t\t\t<div class=\"elementor-widget-container\">\n\t\t\t\t\t\t\t\t\t<p>documentos<\/p>\t\t\t\t\t\t\t\t<\/div>\n\t\t\t\t<\/div>\n\t\t\t\t\t<\/div>\n\t\t<\/div>\n\t\t\t\t\t<\/div>\n\t\t<\/section>\n\t\t\t\t<section class=\"elementor-section elementor-inner-section elementor-element elementor-element-92f6518 elementor-section-boxed elementor-section-height-default elementor-section-height-default\" data-id=\"92f6518\" data-element_type=\"section\" data-e-type=\"section\" data-settings=\"{&quot;background_background&quot;:&quot;classic&quot;}\">\n\t\t\t\t\t\t<div class=\"elementor-container elementor-column-gap-narrow\">\n\t\t\t\t\t<div class=\"elementor-column elementor-col-33 elementor-inner-column elementor-element elementor-element-b2716a8\" data-id=\"b2716a8\" data-element_type=\"column\" data-e-type=\"column\">\n\t\t\t<div class=\"elementor-widget-wrap elementor-element-populated\">\n\t\t\t\t\t\t<div class=\"elementor-element elementor-element-36bc842 elementor-view-default elementor-position-block-start elementor-mobile-position-block-start elementor-widget elementor-widget-icon-box\" data-id=\"36bc842\" data-element_type=\"widget\" data-e-type=\"widget\" data-widget_type=\"icon-box.default\">\n\t\t\t\t<div class=\"elementor-widget-container\">\n\t\t\t\t\t\t\t<div class=\"elementor-icon-box-wrapper\">\n\n\t\t\t\t\t\t<div class=\"elementor-icon-box-icon\">\n\t\t\t\t<span  class=\"elementor-icon\">\n\t\t\t\t<i aria-hidden=\"true\" class=\"icon icon-Design-2\"><\/i>\t\t\t\t<\/span>\n\t\t\t<\/div>\n\t\t\t\n\t\t\t\t\t\t<div class=\"elementor-icon-box-content\">\n\n\t\t\t\t\t\t\t\t\t<h3 class=\"elementor-icon-box-title\">\n\t\t\t\t\t\t<span  >\n\t\t\t\t\t\t\tCat\u00e1logos Exposiciones AUPEX\t\t\t\t\t\t<\/span>\n\t\t\t\t\t<\/h3>\n\t\t\t\t\n\t\t\t\t\t\t\t\t\t<p class=\"elementor-icon-box-description\">\n\t\t\t\t\t\t<a href=\"https:\/\/cultura.aupex.org\/exposiciones\/wp-content\/uploads\/2023\/03\/30x30_aupex_Catalogo.pdf\">30x30 Viaje ilustrado de las UU.PP.<\/a><br \/>\n<a href=\"https:\/\/cultura.aupex.org\/exposiciones\/wp-content\/uploads\/2023\/09\/CATALOGO-ILUSTRADORAS-COMPLETO-BR.pdf\">Ilustradoras extreme\u00f1as<\/a><br \/>\n<a href=\"https:\/\/cultura.aupex.org\/exposiciones\/wp-content\/uploads\/2023\/09\/MONTAJE-PAISAJE-EXPANDIDO-COMPLETO-BR.pdf\">Paisaje expandido<\/a><br \/>\n<br \/>\t\t\t\t\t<\/p>\n\t\t\t\t\n\t\t\t<\/div>\n\t\t\t\n\t\t<\/div>\n\t\t\t\t\t\t<\/div>\n\t\t\t\t<\/div>\n\t\t\t\t<div class=\"elementor-element elementor-element-19bb735 elementor-view-stacked elementor-shape-circle elementor-widget elementor-widget-icon\" data-id=\"19bb735\" data-element_type=\"widget\" data-e-type=\"widget\" data-widget_type=\"icon.default\">\n\t\t\t\t<div class=\"elementor-widget-container\">\n\t\t\t\t\t\t\t<div class=\"elementor-icon-wrapper\">\n\t\t\t<div class=\"elementor-icon\">\n\t\t\t<i aria-hidden=\"true\" class=\"far fa-file-pdf\"><\/i>\t\t\t<\/div>\n\t\t<\/div>\n\t\t\t\t\t\t<\/div>\n\t\t\t\t<\/div>\n\t\t\t\t\t<\/div>\n\t\t<\/div>\n\t\t\t\t<div class=\"elementor-column elementor-col-33 elementor-inner-column elementor-element elementor-element-07bf7cb\" data-id=\"07bf7cb\" data-element_type=\"column\" data-e-type=\"column\">\n\t\t\t<div class=\"elementor-widget-wrap elementor-element-populated\">\n\t\t\t\t\t\t<div class=\"elementor-element elementor-element-1c56cce elementor-view-default elementor-position-block-start elementor-mobile-position-block-start elementor-widget elementor-widget-icon-box\" data-id=\"1c56cce\" data-element_type=\"widget\" data-e-type=\"widget\" data-widget_type=\"icon-box.default\">\n\t\t\t\t<div class=\"elementor-widget-container\">\n\t\t\t\t\t\t\t<div class=\"elementor-icon-box-wrapper\">\n\n\t\t\t\t\t\t<div class=\"elementor-icon-box-icon\">\n\t\t\t\t<a href=\"https:\/\/cultura.aupex.org\/exposiciones\/wp-content\/uploads\/2026\/03\/Documento-cesion-exposiciones_AUPEX.pdf\" class=\"elementor-icon\" tabindex=\"-1\" aria-label=\"Documento de cesi\u00f3n\">\n\t\t\t\t<i aria-hidden=\"true\" class=\"icon icon-page-list\"><\/i>\t\t\t\t<\/a>\n\t\t\t<\/div>\n\t\t\t\n\t\t\t\t\t\t<div class=\"elementor-icon-box-content\">\n\n\t\t\t\t\t\t\t\t\t<h3 class=\"elementor-icon-box-title\">\n\t\t\t\t\t\t<a href=\"https:\/\/cultura.aupex.org\/exposiciones\/wp-content\/uploads\/2026\/03\/Documento-cesion-exposiciones_AUPEX.pdf\" >\n\t\t\t\t\t\t\tDocumento de cesi\u00f3n\t\t\t\t\t\t<\/a>\n\t\t\t\t\t<\/h3>\n\t\t\t\t\n\t\t\t\t\n\t\t\t<\/div>\n\t\t\t\n\t\t<\/div>\n\t\t\t\t\t\t<\/div>\n\t\t\t\t<\/div>\n\t\t\t\t<div class=\"elementor-element elementor-element-56b321d elementor-view-stacked elementor-shape-circle elementor-widget elementor-widget-icon\" data-id=\"56b321d\" data-element_type=\"widget\" data-e-type=\"widget\" data-widget_type=\"icon.default\">\n\t\t\t\t<div class=\"elementor-widget-container\">\n\t\t\t\t\t\t\t<div class=\"elementor-icon-wrapper\">\n\t\t\t<a class=\"elementor-icon\" href=\"https:\/\/cultura.aupex.org\/exposiciones\/wp-content\/uploads\/2026\/03\/Documento-cesion-exposiciones_AUPEX.pdf\">\n\t\t\t<i aria-hidden=\"true\" class=\"far fa-file-pdf\"><\/i>\t\t\t<\/a>\n\t\t<\/div>\n\t\t\t\t\t\t<\/div>\n\t\t\t\t<\/div>\n\t\t\t\t\t<\/div>\n\t\t<\/div>\n\t\t\t\t<div class=\"elementor-column elementor-col-33 elementor-inner-column elementor-element elementor-element-303f216\" data-id=\"303f216\" data-element_type=\"column\" data-e-type=\"column\">\n\t\t\t<div class=\"elementor-widget-wrap elementor-element-populated\">\n\t\t\t\t\t\t<div class=\"elementor-element elementor-element-6f9022d elementor-view-default elementor-position-block-start elementor-mobile-position-block-start elementor-widget elementor-widget-icon-box\" data-id=\"6f9022d\" data-element_type=\"widget\" data-e-type=\"widget\" data-widget_type=\"icon-box.default\">\n\t\t\t\t<div class=\"elementor-widget-container\">\n\t\t\t\t\t\t\t<div class=\"elementor-icon-box-wrapper\">\n\n\t\t\t\t\t\t<div class=\"elementor-icon-box-icon\">\n\t\t\t\t<a href=\"https:\/\/cultura.aupex.org\/exposiciones\/wp-content\/uploads\/2026\/03\/Condiciones-prestamo-exposiciones_AUPEX.pdf\" target=\"_blank\" class=\"elementor-icon\" tabindex=\"-1\" aria-label=\"Condiciones de Pr\u00e9stamo\">\n\t\t\t\t<i aria-hidden=\"true\" class=\"icon icon-listing\"><\/i>\t\t\t\t<\/a>\n\t\t\t<\/div>\n\t\t\t\n\t\t\t\t\t\t<div class=\"elementor-icon-box-content\">\n\n\t\t\t\t\t\t\t\t\t<h3 class=\"elementor-icon-box-title\">\n\t\t\t\t\t\t<a href=\"https:\/\/cultura.aupex.org\/exposiciones\/wp-content\/uploads\/2026\/03\/Condiciones-prestamo-exposiciones_AUPEX.pdf\" target=\"_blank\" >\n\t\t\t\t\t\t\tCondiciones de Pr\u00e9stamo\t\t\t\t\t\t<\/a>\n\t\t\t\t\t<\/h3>\n\t\t\t\t\n\t\t\t\t\n\t\t\t<\/div>\n\t\t\t\n\t\t<\/div>\n\t\t\t\t\t\t<\/div>\n\t\t\t\t<\/div>\n\t\t\t\t<div class=\"elementor-element elementor-element-abf5ea5 elementor-view-stacked elementor-shape-circle elementor-widget elementor-widget-icon\" data-id=\"abf5ea5\" data-element_type=\"widget\" data-e-type=\"widget\" data-widget_type=\"icon.default\">\n\t\t\t\t<div class=\"elementor-widget-container\">\n\t\t\t\t\t\t\t<div class=\"elementor-icon-wrapper\">\n\t\t\t<a class=\"elementor-icon\" href=\"https:\/\/cultura.aupex.org\/exposiciones\/wp-content\/uploads\/2026\/03\/Condiciones-prestamo-exposiciones_AUPEX.pdf\">\n\t\t\t<i aria-hidden=\"true\" class=\"far fa-file-pdf\"><\/i>\t\t\t<\/a>\n\t\t<\/div>\n\t\t\t\t\t\t<\/div>\n\t\t\t\t<\/div>\n\t\t\t\t\t<\/div>\n\t\t<\/div>\n\t\t\t\t\t<\/div>\n\t\t<\/section>\n\t\t\t\t\t<\/div>\n\t\t<\/div>\n\t\t\t\t\t<\/div>\n\t\t<\/section>\n\t\t\t\t<section class=\"elementor-section elementor-top-section elementor-element elementor-element-adfe3b9 elementor-section-boxed elementor-section-height-default elementor-section-height-default\" data-id=\"adfe3b9\" data-element_type=\"section\" data-e-type=\"section\" id=\"exposiciones\">\n\t\t\t\t\t\t<div class=\"elementor-container elementor-column-gap-default\">\n\t\t\t\t\t<div class=\"elementor-column elementor-col-100 elementor-top-column elementor-element elementor-element-338779f\" data-id=\"338779f\" data-element_type=\"column\" data-e-type=\"column\">\n\t\t\t<div class=\"elementor-widget-wrap elementor-element-populated\">\n\t\t\t\t\t\t<section class=\"elementor-section elementor-inner-section elementor-element elementor-element-b4ff55c elementor-section-boxed elementor-section-height-default elementor-section-height-default\" data-id=\"b4ff55c\" data-element_type=\"section\" data-e-type=\"section\" data-settings=\"{&quot;background_background&quot;:&quot;classic&quot;}\">\n\t\t\t\t\t\t<div class=\"elementor-container elementor-column-gap-narrow\">\n\t\t\t\t\t<div class=\"elementor-column elementor-col-100 elementor-inner-column elementor-element elementor-element-9123aa1\" data-id=\"9123aa1\" data-element_type=\"column\" data-e-type=\"column\">\n\t\t\t<div class=\"elementor-widget-wrap elementor-element-populated\">\n\t\t\t\t\t\t<div class=\"elementor-element elementor-element-4450b9a elementor-widget elementor-widget-spacer\" data-id=\"4450b9a\" data-element_type=\"widget\" data-e-type=\"widget\" data-widget_type=\"spacer.default\">\n\t\t\t\t<div class=\"elementor-widget-container\">\n\t\t\t\t\t\t\t<div class=\"elementor-spacer\">\n\t\t\t<div class=\"elementor-spacer-inner\"><\/div>\n\t\t<\/div>\n\t\t\t\t\t\t<\/div>\n\t\t\t\t<\/div>\n\t\t\t\t<div class=\"elementor-element elementor-element-e712d98 elementor-widget elementor-widget-text-editor\" data-id=\"e712d98\" data-element_type=\"widget\" data-e-type=\"widget\" data-widget_type=\"text-editor.default\">\n\t\t\t\t<div class=\"elementor-widget-container\">\n\t\t\t\t\t\t\t\t\t<p>exposiciones<\/p>\t\t\t\t\t\t\t\t<\/div>\n\t\t\t\t<\/div>\n\t\t\t\t\t<\/div>\n\t\t<\/div>\n\t\t\t\t\t<\/div>\n\t\t<\/section>\n\t\t\t\t<section class=\"elementor-section elementor-inner-section elementor-element elementor-element-2d3204d elementor-section-boxed elementor-section-height-default elementor-section-height-default\" data-id=\"2d3204d\" data-element_type=\"section\" data-e-type=\"section\" data-settings=\"{&quot;background_background&quot;:&quot;classic&quot;}\">\n\t\t\t\t\t\t<div class=\"elementor-container elementor-column-gap-narrow\">\n\t\t\t\t\t<div class=\"elementor-column elementor-col-50 elementor-inner-column elementor-element elementor-element-b14d2cc\" data-id=\"b14d2cc\" data-element_type=\"column\" data-e-type=\"column\">\n\t\t\t<div class=\"elementor-widget-wrap elementor-element-populated\">\n\t\t\t\t\t\t<div class=\"elementor-element elementor-element-b816e64 elementor-widget__width-inherit elementor-widget elementor-widget-text-editor\" data-id=\"b816e64\" data-element_type=\"widget\" data-e-type=\"widget\" data-widget_type=\"text-editor.default\">\n\t\t\t\t<div class=\"elementor-widget-container\">\n\t\t\t\t\t\t\t\t\t<p><strong>AUPEX<\/strong> organiza y crea exposiciones de distintos formatos y contenidos en el marco de los Planes de acci\u00f3n cultural que desarrolla en colaboraci\u00f3n con las Diputaciones de Badajoz y C\u00e1ceres y en las que participan organizaciones, entidades, comisarios\/as y artistas pl\u00e1sticos\/as y visuales. Una vez finalizados los circuitos para los que han sido creadas, ponemos a disposici\u00f3n de otras Universidades Populares, organizaciones y asociaciones colaboradoras, entidades, centros educativos, ayuntamientos o colectivos interesados estos contenidos con el fin de seguir d\u00e1ndoles vida y acercarlos a m\u00e1s personas.<\/p><p>\u00a0<\/p>\t\t\t\t\t\t\t\t<\/div>\n\t\t\t\t<\/div>\n\t\t\t\t\t<\/div>\n\t\t<\/div>\n\t\t\t\t<div class=\"elementor-column elementor-col-50 elementor-inner-column elementor-element elementor-element-5086eeb\" data-id=\"5086eeb\" data-element_type=\"column\" data-e-type=\"column\">\n\t\t\t<div class=\"elementor-widget-wrap elementor-element-populated\">\n\t\t\t\t\t\t<div class=\"elementor-element elementor-element-c1e9285 elementor-widget__width-inherit elementor-widget elementor-widget-text-editor\" data-id=\"c1e9285\" data-element_type=\"widget\" data-e-type=\"widget\" data-widget_type=\"text-editor.default\">\n\t\t\t\t<div class=\"elementor-widget-container\">\n\t\t\t\t\t\t\t\t\t<p><span style=\"color: var( --e-global-color-text );\">Para solicitar las exposiciones es imprescindible:<\/span><\/p><ul><li>leer las condiciones de pr\u00e9stamo<\/li><li>comprobar la disponibilidad en el calendario ubicado en la parte inferior izquierda o en el CALENDARIO que podr\u00e9is encontrar pinchando en cada una de ellas<\/li><li>cumplimentar el formulario que se encuentra en esta p\u00e1gina<\/li><\/ul><p>Una vez que recibamos la\/s solicitud\/es, nos pondremos en contacto con vosotros\/as para confirmar el pr\u00e9stamo.<\/p><p>La recogida y entrega deber\u00e1 realizarse, en tiempo y forma, en la sede de la Asociaci\u00f3n de Universidades Populares de Extremadura (AUPEX), C\/ Vasco N\u00fa\u00f1ez, 31 bajo, de Badajoz.<\/p>\t\t\t\t\t\t\t\t<\/div>\n\t\t\t\t<\/div>\n\t\t\t\t\t<\/div>\n\t\t<\/div>\n\t\t\t\t\t<\/div>\n\t\t<\/section>\n\t\t\t\t<section class=\"elementor-section elementor-inner-section elementor-element elementor-element-0c60ab2 elementor-section-boxed elementor-section-height-default elementor-section-height-default\" data-id=\"0c60ab2\" data-element_type=\"section\" data-e-type=\"section\" data-settings=\"{&quot;background_background&quot;:&quot;classic&quot;}\">\n\t\t\t\t\t\t<div class=\"elementor-container elementor-column-gap-wide\">\n\t\t\t\t\t<div class=\"elementor-column elementor-col-50 elementor-inner-column elementor-element elementor-element-524accd\" data-id=\"524accd\" data-element_type=\"column\" data-e-type=\"column\">\n\t\t\t<div class=\"elementor-widget-wrap elementor-element-populated\">\n\t\t\t\t\t\t<div class=\"elementor-element elementor-element-f092495 e-transform elementor-widget elementor-widget-image\" data-id=\"f092495\" data-element_type=\"widget\" data-e-type=\"widget\" data-settings=\"{&quot;_transform_scale_effect_hover&quot;:{&quot;unit&quot;:&quot;px&quot;,&quot;size&quot;:1.01,&quot;sizes&quot;:[]},&quot;_transform_scale_effect_hover_tablet&quot;:{&quot;unit&quot;:&quot;px&quot;,&quot;size&quot;:&quot;&quot;,&quot;sizes&quot;:[]},&quot;_transform_scale_effect_hover_mobile&quot;:{&quot;unit&quot;:&quot;px&quot;,&quot;size&quot;:&quot;&quot;,&quot;sizes&quot;:[]}}\" data-widget_type=\"image.default\">\n\t\t\t\t<div class=\"elementor-widget-container\">\n\t\t\t\t\t\t\t\t\t\t\t\t\t\t\t\t<a href=\"https:\/\/cultura.aupex.org\/exposiciones\/expo1\/\">\n\t\t\t\t\t\t\t<img decoding=\"async\" width=\"780\" height=\"1024\" src=\"https:\/\/cultura.aupex.org\/exposiciones\/wp-content\/uploads\/2022\/11\/ArteBunuel_aupex_redes-780x1024.jpg\" class=\"attachment-large size-large wp-image-72\" alt=\"\" srcset=\"https:\/\/cultura.aupex.org\/exposiciones\/wp-content\/uploads\/2022\/11\/ArteBunuel_aupex_redes-780x1024.jpg 780w, https:\/\/cultura.aupex.org\/exposiciones\/wp-content\/uploads\/2022\/11\/ArteBunuel_aupex_redes-228x300.jpg 228w, https:\/\/cultura.aupex.org\/exposiciones\/wp-content\/uploads\/2022\/11\/ArteBunuel_aupex_redes-768x1009.jpg 768w, https:\/\/cultura.aupex.org\/exposiciones\/wp-content\/uploads\/2022\/11\/ArteBunuel_aupex_redes.jpg 1142w\" sizes=\"(max-width: 780px) 100vw, 780px\" \/>\t\t\t\t\t\t\t\t<\/a>\n\t\t\t\t\t\t\t\t\t\t\t\t\t\t\t<\/div>\n\t\t\t\t<\/div>\n\t\t\t\t<div class=\"elementor-element elementor-element-bcb0683 e-transform elementor-widget elementor-widget-image\" data-id=\"bcb0683\" data-element_type=\"widget\" data-e-type=\"widget\" data-settings=\"{&quot;_transform_scale_effect_hover&quot;:{&quot;unit&quot;:&quot;px&quot;,&quot;size&quot;:1.05,&quot;sizes&quot;:[]},&quot;_transform_scale_effect_hover_tablet&quot;:{&quot;unit&quot;:&quot;px&quot;,&quot;size&quot;:&quot;&quot;,&quot;sizes&quot;:[]},&quot;_transform_scale_effect_hover_mobile&quot;:{&quot;unit&quot;:&quot;px&quot;,&quot;size&quot;:&quot;&quot;,&quot;sizes&quot;:[]}}\" data-widget_type=\"image.default\">\n\t\t\t\t<div class=\"elementor-widget-container\">\n\t\t\t\t\t\t\t\t\t\t\t\t\t\t\t\t<a href=\"https:\/\/cultura.aupex.org\/exposiciones\/expo3\/\">\n\t\t\t\t\t\t\t<img decoding=\"async\" width=\"724\" height=\"1024\" src=\"https:\/\/cultura.aupex.org\/exposiciones\/wp-content\/uploads\/2022\/11\/EXP_MUJERES_Cartel-generico-724x1024.jpeg\" class=\"attachment-large size-large wp-image-74\" alt=\"\" srcset=\"https:\/\/cultura.aupex.org\/exposiciones\/wp-content\/uploads\/2022\/11\/EXP_MUJERES_Cartel-generico-724x1024.jpeg 724w, https:\/\/cultura.aupex.org\/exposiciones\/wp-content\/uploads\/2022\/11\/EXP_MUJERES_Cartel-generico-212x300.jpeg 212w, https:\/\/cultura.aupex.org\/exposiciones\/wp-content\/uploads\/2022\/11\/EXP_MUJERES_Cartel-generico-768x1086.jpeg 768w, https:\/\/cultura.aupex.org\/exposiciones\/wp-content\/uploads\/2022\/11\/EXP_MUJERES_Cartel-generico-1086x1536.jpeg 1086w, https:\/\/cultura.aupex.org\/exposiciones\/wp-content\/uploads\/2022\/11\/EXP_MUJERES_Cartel-generico-1448x2048.jpeg 1448w, https:\/\/cultura.aupex.org\/exposiciones\/wp-content\/uploads\/2022\/11\/EXP_MUJERES_Cartel-generico-scaled.jpeg 1810w\" sizes=\"(max-width: 724px) 100vw, 724px\" \/>\t\t\t\t\t\t\t\t<\/a>\n\t\t\t\t\t\t\t\t\t\t\t\t\t\t\t<\/div>\n\t\t\t\t<\/div>\n\t\t\t\t\t<\/div>\n\t\t<\/div>\n\t\t\t\t<div class=\"elementor-column elementor-col-50 elementor-inner-column elementor-element elementor-element-357ca0f\" data-id=\"357ca0f\" data-element_type=\"column\" data-e-type=\"column\">\n\t\t\t<div class=\"elementor-widget-wrap elementor-element-populated\">\n\t\t\t\t\t\t<div class=\"elementor-element elementor-element-993f4a2 e-transform elementor-widget elementor-widget-image\" data-id=\"993f4a2\" data-element_type=\"widget\" data-e-type=\"widget\" data-settings=\"{&quot;_transform_scale_effect_hover&quot;:{&quot;unit&quot;:&quot;px&quot;,&quot;size&quot;:1.05,&quot;sizes&quot;:[]},&quot;_transform_scale_effect_hover_tablet&quot;:{&quot;unit&quot;:&quot;px&quot;,&quot;size&quot;:&quot;&quot;,&quot;sizes&quot;:[]},&quot;_transform_scale_effect_hover_mobile&quot;:{&quot;unit&quot;:&quot;px&quot;,&quot;size&quot;:&quot;&quot;,&quot;sizes&quot;:[]}}\" data-widget_type=\"image.default\">\n\t\t\t\t<div class=\"elementor-widget-container\">\n\t\t\t\t\t\t\t\t\t\t\t\t\t\t\t\t<a href=\"https:\/\/cultura.aupex.org\/exposiciones\/expo2\/\">\n\t\t\t\t\t\t\t<img loading=\"lazy\" decoding=\"async\" width=\"723\" height=\"1024\" src=\"https:\/\/cultura.aupex.org\/exposiciones\/wp-content\/uploads\/2022\/11\/Imgles_Mujeresquedibujanmujeres-723x1024.jpg\" class=\"attachment-large size-large wp-image-73\" alt=\"\" srcset=\"https:\/\/cultura.aupex.org\/exposiciones\/wp-content\/uploads\/2022\/11\/Imgles_Mujeresquedibujanmujeres-723x1024.jpg 723w, https:\/\/cultura.aupex.org\/exposiciones\/wp-content\/uploads\/2022\/11\/Imgles_Mujeresquedibujanmujeres-212x300.jpg 212w, https:\/\/cultura.aupex.org\/exposiciones\/wp-content\/uploads\/2022\/11\/Imgles_Mujeresquedibujanmujeres-768x1088.jpg 768w, https:\/\/cultura.aupex.org\/exposiciones\/wp-content\/uploads\/2022\/11\/Imgles_Mujeresquedibujanmujeres-1084x1536.jpg 1084w\" sizes=\"(max-width: 723px) 100vw, 723px\" \/>\t\t\t\t\t\t\t\t<\/a>\n\t\t\t\t\t\t\t\t\t\t\t\t\t\t\t<\/div>\n\t\t\t\t<\/div>\n\t\t\t\t<div class=\"elementor-element elementor-element-2987810 e-transform elementor-widget elementor-widget-image\" data-id=\"2987810\" data-element_type=\"widget\" data-e-type=\"widget\" data-settings=\"{&quot;_transform_scale_effect_hover&quot;:{&quot;unit&quot;:&quot;px&quot;,&quot;size&quot;:1.05,&quot;sizes&quot;:[]},&quot;_transform_scale_effect_hover_tablet&quot;:{&quot;unit&quot;:&quot;px&quot;,&quot;size&quot;:&quot;&quot;,&quot;sizes&quot;:[]},&quot;_transform_scale_effect_hover_mobile&quot;:{&quot;unit&quot;:&quot;px&quot;,&quot;size&quot;:&quot;&quot;,&quot;sizes&quot;:[]}}\" data-widget_type=\"image.default\">\n\t\t\t\t<div class=\"elementor-widget-container\">\n\t\t\t\t\t\t\t\t\t\t\t\t\t\t\t\t<a href=\"https:\/\/cultura.aupex.org\/exposiciones\/expo4\/\">\n\t\t\t\t\t\t\t<img loading=\"lazy\" decoding=\"async\" width=\"724\" height=\"1024\" src=\"https:\/\/cultura.aupex.org\/exposiciones\/wp-content\/uploads\/2023\/03\/30x30_Cartel__general-724x1024.png\" class=\"attachment-large size-large wp-image-434\" alt=\"\" srcset=\"https:\/\/cultura.aupex.org\/exposiciones\/wp-content\/uploads\/2023\/03\/30x30_Cartel__general-724x1024.png 724w, https:\/\/cultura.aupex.org\/exposiciones\/wp-content\/uploads\/2023\/03\/30x30_Cartel__general-212x300.png 212w, https:\/\/cultura.aupex.org\/exposiciones\/wp-content\/uploads\/2023\/03\/30x30_Cartel__general-768x1086.png 768w, https:\/\/cultura.aupex.org\/exposiciones\/wp-content\/uploads\/2023\/03\/30x30_Cartel__general-1086x1536.png 1086w, https:\/\/cultura.aupex.org\/exposiciones\/wp-content\/uploads\/2023\/03\/30x30_Cartel__general-1448x2048.png 1448w, https:\/\/cultura.aupex.org\/exposiciones\/wp-content\/uploads\/2023\/03\/30x30_Cartel__general.png 1587w\" sizes=\"(max-width: 724px) 100vw, 724px\" \/>\t\t\t\t\t\t\t\t<\/a>\n\t\t\t\t\t\t\t\t\t\t\t\t\t\t\t<\/div>\n\t\t\t\t<\/div>\n\t\t\t\t\t<\/div>\n\t\t<\/div>\n\t\t\t\t\t<\/div>\n\t\t<\/section>\n\t\t\t\t\t<\/div>\n\t\t<\/div>\n\t\t\t\t\t<\/div>\n\t\t<\/section>\n\t\t\t\t<section class=\"elementor-section elementor-top-section elementor-element elementor-element-6995923 elementor-section-boxed elementor-section-height-default elementor-section-height-default\" data-id=\"6995923\" data-element_type=\"section\" data-e-type=\"section\" id=\"contenedores\">\n\t\t\t\t\t\t<div class=\"elementor-container elementor-column-gap-default\">\n\t\t\t\t\t<div class=\"elementor-column elementor-col-100 elementor-top-column elementor-element elementor-element-bee4aaa\" data-id=\"bee4aaa\" data-element_type=\"column\" data-e-type=\"column\">\n\t\t\t<div class=\"elementor-widget-wrap elementor-element-populated\">\n\t\t\t\t\t\t<section class=\"elementor-section elementor-inner-section elementor-element elementor-element-3bea548 elementor-section-boxed elementor-section-height-default elementor-section-height-default\" data-id=\"3bea548\" data-element_type=\"section\" data-e-type=\"section\" data-settings=\"{&quot;background_background&quot;:&quot;classic&quot;}\">\n\t\t\t\t\t\t<div class=\"elementor-container elementor-column-gap-narrow\">\n\t\t\t\t\t<div class=\"elementor-column elementor-col-100 elementor-inner-column elementor-element elementor-element-ae2e2b0\" data-id=\"ae2e2b0\" data-element_type=\"column\" data-e-type=\"column\">\n\t\t\t<div class=\"elementor-widget-wrap elementor-element-populated\">\n\t\t\t\t\t\t<div class=\"elementor-element elementor-element-b2ade68 elementor-widget elementor-widget-spacer\" data-id=\"b2ade68\" data-element_type=\"widget\" data-e-type=\"widget\" data-widget_type=\"spacer.default\">\n\t\t\t\t<div class=\"elementor-widget-container\">\n\t\t\t\t\t\t\t<div class=\"elementor-spacer\">\n\t\t\t<div class=\"elementor-spacer-inner\"><\/div>\n\t\t<\/div>\n\t\t\t\t\t\t<\/div>\n\t\t\t\t<\/div>\n\t\t\t\t<div class=\"elementor-element elementor-element-62dd83f animated-fast elementor-invisible elementor-widget elementor-widget-image\" data-id=\"62dd83f\" data-element_type=\"widget\" data-e-type=\"widget\" data-settings=\"{&quot;_animation&quot;:&quot;tada&quot;}\" data-widget_type=\"image.default\">\n\t\t\t\t<div class=\"elementor-widget-container\">\n\t\t\t\t\t\t\t\t\t\t\t\t\t\t\t\t<a href=\"https:\/\/cultura.aupex.org\/exposiciones\/contenedor-acebo\/\">\n\t\t\t\t\t\t\t<img loading=\"lazy\" decoding=\"async\" width=\"3403\" height=\"1641\" src=\"https:\/\/cultura.aupex.org\/exposiciones\/wp-content\/uploads\/2024\/10\/aupex_Acebo__.png\" class=\"attachment-full size-full wp-image-1993\" alt=\"\" srcset=\"https:\/\/cultura.aupex.org\/exposiciones\/wp-content\/uploads\/2024\/10\/aupex_Acebo__.png 3403w, https:\/\/cultura.aupex.org\/exposiciones\/wp-content\/uploads\/2024\/10\/aupex_Acebo__-300x145.png 300w, https:\/\/cultura.aupex.org\/exposiciones\/wp-content\/uploads\/2024\/10\/aupex_Acebo__-1024x494.png 1024w, https:\/\/cultura.aupex.org\/exposiciones\/wp-content\/uploads\/2024\/10\/aupex_Acebo__-768x370.png 768w, https:\/\/cultura.aupex.org\/exposiciones\/wp-content\/uploads\/2024\/10\/aupex_Acebo__-1536x741.png 1536w, https:\/\/cultura.aupex.org\/exposiciones\/wp-content\/uploads\/2024\/10\/aupex_Acebo__-2048x988.png 2048w\" sizes=\"(max-width: 3403px) 100vw, 3403px\" \/>\t\t\t\t\t\t\t\t<\/a>\n\t\t\t\t\t\t\t\t\t\t\t\t\t\t\t<\/div>\n\t\t\t\t<\/div>\n\t\t\t\t<div class=\"elementor-element elementor-element-855653c elementor-widget elementor-widget-text-editor\" data-id=\"855653c\" data-element_type=\"widget\" data-e-type=\"widget\" data-widget_type=\"text-editor.default\">\n\t\t\t\t<div class=\"elementor-widget-container\">\n\t\t\t\t\t\t\t\t\t<p>contenedores de arte<\/p>\t\t\t\t\t\t\t\t<\/div>\n\t\t\t\t<\/div>\n\t\t\t\t\t<\/div>\n\t\t<\/div>\n\t\t\t\t\t<\/div>\n\t\t<\/section>\n\t\t\t\t<section class=\"elementor-section elementor-inner-section elementor-element elementor-element-93ff11f elementor-section-boxed elementor-section-height-default elementor-section-height-default\" data-id=\"93ff11f\" data-element_type=\"section\" data-e-type=\"section\" data-settings=\"{&quot;background_background&quot;:&quot;classic&quot;}\">\n\t\t\t\t\t\t<div class=\"elementor-container elementor-column-gap-narrow\">\n\t\t\t\t\t<div class=\"elementor-column elementor-col-50 elementor-inner-column elementor-element elementor-element-2793112\" data-id=\"2793112\" data-element_type=\"column\" data-e-type=\"column\">\n\t\t\t<div class=\"elementor-widget-wrap elementor-element-populated\">\n\t\t\t\t\t\t<div class=\"elementor-element elementor-element-95be9a4 elementor-widget__width-inherit elementor-widget elementor-widget-text-editor\" data-id=\"95be9a4\" data-element_type=\"widget\" data-e-type=\"widget\" data-widget_type=\"text-editor.default\">\n\t\t\t\t<div class=\"elementor-widget-container\">\n\t\t\t\t\t\t\t\t\t<p><strong>Contenedores de Arte<\/strong> es un proyecto con el que se pretende aportar mecanismos para la articulaci\u00f3n de proyectos creativos que inciden en el \u00e1mbito del espacio p\u00fablico y en relaci\u00f3n con el territorio.<\/p><p>Mediante diferentes procesos creativos, se procura la transformaci\u00f3n de espacios abandonados o en desuso que se convertir\u00e1n por un tiempo determinado en espacios art\u00edsticos, espacios intervenidos y lugares abiertos a la poblaci\u00f3n y a la creaci\u00f3n. Espacio, procesos y contenidos adquieren la misma importancia que las sinergias e intercambios entre artistas y poblaci\u00f3n local que se producen durante el desarrollo de los proyectos art\u00edsticos.<\/p><p>La participaci\u00f3n de artistas pl\u00e1sticos\/as y visuales, as\u00ed como de colectivos art\u00edsticos, asociaciones culturales o poblaci\u00f3n en general, se hace a trav\u00e9s de la convocatoria de proyectos que acompa\u00f1a a cada proceso de transformaci\u00f3n.<\/p>\t\t\t\t\t\t\t\t<\/div>\n\t\t\t\t<\/div>\n\t\t\t\t\t<\/div>\n\t\t<\/div>\n\t\t\t\t<div class=\"elementor-column elementor-col-50 elementor-inner-column elementor-element elementor-element-1d13cbf\" data-id=\"1d13cbf\" data-element_type=\"column\" data-e-type=\"column\">\n\t\t\t<div class=\"elementor-widget-wrap elementor-element-populated\">\n\t\t\t\t\t\t<div class=\"elementor-element elementor-element-9f48c88 elementor-widget__width-inherit elementor-widget elementor-widget-text-editor\" data-id=\"9f48c88\" data-element_type=\"widget\" data-e-type=\"widget\" data-widget_type=\"text-editor.default\">\n\t\t\t\t<div class=\"elementor-widget-container\">\n\t\t\t\t\t\t\t\t\t<p>Una vez que se dan a conocer los edificios o espacios a transformar en las localidades participantes, se abre una convocatoria de presentaci\u00f3n de proyectos con tres modalidades de participaci\u00f3n:<\/p><p><strong>MODALIDAD 1:<\/strong> CONVOCATORIA DE PROYECTOS DE INTERVENCI\u00d3N ART\u00cdSTICA PERSONAL (1 artista=1 intervenci\u00f3n)<\/p><p><strong>MODALIDAD 2:<\/strong> CONVOCATORIA DE PROYECTOS DE INTERVENCI\u00d3N ART\u00cdSTICA COLECTIVA (2 o m\u00e1s artistas=1 intervenci\u00f3n)<\/p><p><strong>MODALIDAD 3:<\/strong> COLABORAR Y\/O PARTICIPAR EN PROYECTOS ART\u00cdSTICOS (colaborar con un\/a artista en la creaci\u00f3n de una obra o participar en un taller art\u00edstico)<\/p><p><strong>Las modalidades 1 y 2<\/strong> s\u00f3lo est\u00e1n disponibles para personas <strong>mayores de edad<\/strong> o estudiantes de bachillerato de artes.<\/p><p><strong>La modalidad 3<\/strong> est\u00e1 abierta a personas de <strong>cualquier edad<\/strong>, siempre que vengan representadas o acompa\u00f1adas por una adulta (en el caso de menores).<\/p>\t\t\t\t\t\t\t\t<\/div>\n\t\t\t\t<\/div>\n\t\t\t\t\t<\/div>\n\t\t<\/div>\n\t\t\t\t\t<\/div>\n\t\t<\/section>\n\t\t\t\t<section class=\"elementor-section elementor-inner-section elementor-element elementor-element-82544e5 elementor-section-boxed elementor-section-height-default elementor-section-height-default\" data-id=\"82544e5\" data-element_type=\"section\" data-e-type=\"section\" data-settings=\"{&quot;background_background&quot;:&quot;classic&quot;}\">\n\t\t\t\t\t\t<div class=\"elementor-container elementor-column-gap-wide\">\n\t\t\t\t\t<div class=\"elementor-column elementor-col-50 elementor-inner-column elementor-element elementor-element-540ddd4\" data-id=\"540ddd4\" data-element_type=\"column\" data-e-type=\"column\">\n\t\t\t<div class=\"elementor-widget-wrap elementor-element-populated\">\n\t\t\t\t\t\t<div class=\"elementor-element elementor-element-ba37853 e-transform elementor-widget elementor-widget-image\" data-id=\"ba37853\" data-element_type=\"widget\" data-e-type=\"widget\" data-settings=\"{&quot;_transform_scale_effect_hover&quot;:{&quot;unit&quot;:&quot;px&quot;,&quot;size&quot;:1.05,&quot;sizes&quot;:[]},&quot;_transform_scale_effect_hover_tablet&quot;:{&quot;unit&quot;:&quot;px&quot;,&quot;size&quot;:&quot;&quot;,&quot;sizes&quot;:[]},&quot;_transform_scale_effect_hover_mobile&quot;:{&quot;unit&quot;:&quot;px&quot;,&quot;size&quot;:&quot;&quot;,&quot;sizes&quot;:[]}}\" data-widget_type=\"image.default\">\n\t\t\t\t<div class=\"elementor-widget-container\">\n\t\t\t\t\t\t\t\t\t\t\t\t\t\t\t\t<a href=\"https:\/\/cultura.aupex.org\/exposiciones\/contenedor2\/\">\n\t\t\t\t\t\t\t<img loading=\"lazy\" decoding=\"async\" width=\"728\" height=\"1024\" src=\"https:\/\/cultura.aupex.org\/exposiciones\/wp-content\/uploads\/2023\/08\/CARTEL-REUNION-INFORTIVA-PIEDRAS-ALBAS-728x1024.jpg\" class=\"attachment-large size-large wp-image-516\" alt=\"\" srcset=\"https:\/\/cultura.aupex.org\/exposiciones\/wp-content\/uploads\/2023\/08\/CARTEL-REUNION-INFORTIVA-PIEDRAS-ALBAS-728x1024.jpg 728w, https:\/\/cultura.aupex.org\/exposiciones\/wp-content\/uploads\/2023\/08\/CARTEL-REUNION-INFORTIVA-PIEDRAS-ALBAS-213x300.jpg 213w, https:\/\/cultura.aupex.org\/exposiciones\/wp-content\/uploads\/2023\/08\/CARTEL-REUNION-INFORTIVA-PIEDRAS-ALBAS-768x1080.jpg 768w, https:\/\/cultura.aupex.org\/exposiciones\/wp-content\/uploads\/2023\/08\/CARTEL-REUNION-INFORTIVA-PIEDRAS-ALBAS-1093x1536.jpg 1093w, https:\/\/cultura.aupex.org\/exposiciones\/wp-content\/uploads\/2023\/08\/CARTEL-REUNION-INFORTIVA-PIEDRAS-ALBAS-1457x2048.jpg 1457w, https:\/\/cultura.aupex.org\/exposiciones\/wp-content\/uploads\/2023\/08\/CARTEL-REUNION-INFORTIVA-PIEDRAS-ALBAS.jpg 1648w\" sizes=\"(max-width: 728px) 100vw, 728px\" \/>\t\t\t\t\t\t\t\t<\/a>\n\t\t\t\t\t\t\t\t\t\t\t\t\t\t\t<\/div>\n\t\t\t\t<\/div>\n\t\t\t\t\t<\/div>\n\t\t<\/div>\n\t\t\t\t<div class=\"elementor-column elementor-col-50 elementor-inner-column elementor-element elementor-element-a3f0eb2\" data-id=\"a3f0eb2\" data-element_type=\"column\" data-e-type=\"column\">\n\t\t\t<div class=\"elementor-widget-wrap elementor-element-populated\">\n\t\t\t\t\t\t<div class=\"elementor-element elementor-element-3e8bad0 e-transform elementor-widget elementor-widget-image\" data-id=\"3e8bad0\" data-element_type=\"widget\" data-e-type=\"widget\" data-settings=\"{&quot;_transform_scale_effect_hover&quot;:{&quot;unit&quot;:&quot;px&quot;,&quot;size&quot;:1.01,&quot;sizes&quot;:[]},&quot;_transform_scale_effect_hover_tablet&quot;:{&quot;unit&quot;:&quot;px&quot;,&quot;size&quot;:&quot;&quot;,&quot;sizes&quot;:[]},&quot;_transform_scale_effect_hover_mobile&quot;:{&quot;unit&quot;:&quot;px&quot;,&quot;size&quot;:&quot;&quot;,&quot;sizes&quot;:[]}}\" data-widget_type=\"image.default\">\n\t\t\t\t<div class=\"elementor-widget-container\">\n\t\t\t\t\t\t\t\t\t\t\t\t\t\t\t\t<a href=\"https:\/\/cultura.aupex.org\/exposiciones\/contenedor1\/\">\n\t\t\t\t\t\t\t<img loading=\"lazy\" decoding=\"async\" width=\"728\" height=\"1024\" src=\"https:\/\/cultura.aupex.org\/exposiciones\/wp-content\/uploads\/2023\/08\/CARTEL-REUNION-INFORMATIVA-BELVIS-728x1024.jpg\" class=\"attachment-large size-large wp-image-515\" alt=\"\" srcset=\"https:\/\/cultura.aupex.org\/exposiciones\/wp-content\/uploads\/2023\/08\/CARTEL-REUNION-INFORMATIVA-BELVIS-728x1024.jpg 728w, https:\/\/cultura.aupex.org\/exposiciones\/wp-content\/uploads\/2023\/08\/CARTEL-REUNION-INFORMATIVA-BELVIS-213x300.jpg 213w, https:\/\/cultura.aupex.org\/exposiciones\/wp-content\/uploads\/2023\/08\/CARTEL-REUNION-INFORMATIVA-BELVIS-768x1080.jpg 768w, https:\/\/cultura.aupex.org\/exposiciones\/wp-content\/uploads\/2023\/08\/CARTEL-REUNION-INFORMATIVA-BELVIS-1093x1536.jpg 1093w, https:\/\/cultura.aupex.org\/exposiciones\/wp-content\/uploads\/2023\/08\/CARTEL-REUNION-INFORMATIVA-BELVIS-1457x2048.jpg 1457w, https:\/\/cultura.aupex.org\/exposiciones\/wp-content\/uploads\/2023\/08\/CARTEL-REUNION-INFORMATIVA-BELVIS.jpg 1648w\" sizes=\"(max-width: 728px) 100vw, 728px\" \/>\t\t\t\t\t\t\t\t<\/a>\n\t\t\t\t\t\t\t\t\t\t\t\t\t\t\t<\/div>\n\t\t\t\t<\/div>\n\t\t\t\t\t<\/div>\n\t\t<\/div>\n\t\t\t\t\t<\/div>\n\t\t<\/section>\n\t\t\t\t\t<\/div>\n\t\t<\/div>\n\t\t\t\t\t<\/div>\n\t\t<\/section>\n\t\t\t\t<section class=\"elementor-section elementor-top-section elementor-element elementor-element-2ff89f0 elementor-section-boxed elementor-section-height-default elementor-section-height-default\" data-id=\"2ff89f0\" data-element_type=\"section\" data-e-type=\"section\" id=\"paisaje\">\n\t\t\t\t\t\t<div class=\"elementor-container elementor-column-gap-default\">\n\t\t\t\t\t<div class=\"elementor-column elementor-col-100 elementor-top-column elementor-element elementor-element-538d96a\" data-id=\"538d96a\" data-element_type=\"column\" data-e-type=\"column\">\n\t\t\t<div class=\"elementor-widget-wrap elementor-element-populated\">\n\t\t\t\t\t\t<div class=\"elementor-element elementor-element-8afa181 elementor-invisible elementor-widget elementor-widget-video\" data-id=\"8afa181\" data-element_type=\"widget\" data-e-type=\"widget\" data-settings=\"{&quot;youtube_url&quot;:&quot;https:\\\/\\\/youtu.be\\\/uCeyeC2kmjA?si=Sbbx4nzcj5LSq0kq&quot;,&quot;lazy_load&quot;:&quot;yes&quot;,&quot;ep_floating_effects_show&quot;:&quot;yes&quot;,&quot;_animation&quot;:&quot;fadeInLeft&quot;,&quot;video_type&quot;:&quot;youtube&quot;,&quot;controls&quot;:&quot;yes&quot;,&quot;ep_floating_effects_easing&quot;:&quot;easeInOutQuad&quot;}\" data-widget_type=\"video.default\">\n\t\t\t\t<div class=\"elementor-widget-container\">\n\t\t\t\t\t\t\t<div class=\"elementor-wrapper elementor-open-inline\">\n\t\t\t<div class=\"elementor-video\"><\/div>\t\t<\/div>\n\t\t\t\t\t\t<\/div>\n\t\t\t\t<\/div>\n\t\t\t\t<section class=\"elementor-section elementor-inner-section elementor-element elementor-element-b9d6152 elementor-section-boxed elementor-section-height-default elementor-section-height-default\" data-id=\"b9d6152\" data-element_type=\"section\" data-e-type=\"section\" data-settings=\"{&quot;background_background&quot;:&quot;classic&quot;}\">\n\t\t\t\t\t\t<div class=\"elementor-container elementor-column-gap-narrow\">\n\t\t\t\t\t<div class=\"elementor-column elementor-col-100 elementor-inner-column elementor-element elementor-element-fd64190\" data-id=\"fd64190\" data-element_type=\"column\" data-e-type=\"column\">\n\t\t\t<div class=\"elementor-widget-wrap elementor-element-populated\">\n\t\t\t\t\t\t<div class=\"elementor-element elementor-element-accb19b elementor-widget elementor-widget-spacer\" data-id=\"accb19b\" data-element_type=\"widget\" data-e-type=\"widget\" data-widget_type=\"spacer.default\">\n\t\t\t\t<div class=\"elementor-widget-container\">\n\t\t\t\t\t\t\t<div class=\"elementor-spacer\">\n\t\t\t<div class=\"elementor-spacer-inner\"><\/div>\n\t\t<\/div>\n\t\t\t\t\t\t<\/div>\n\t\t\t\t<\/div>\n\t\t\t\t<div class=\"elementor-element elementor-element-c1fc3a0 elementor-widget elementor-widget-text-editor\" data-id=\"c1fc3a0\" data-element_type=\"widget\" data-e-type=\"widget\" data-widget_type=\"text-editor.default\">\n\t\t\t\t<div class=\"elementor-widget-container\">\n\t\t\t\t\t\t\t\t\t<p>paisaje expandido<\/p>\t\t\t\t\t\t\t\t<\/div>\n\t\t\t\t<\/div>\n\t\t\t\t\t<\/div>\n\t\t<\/div>\n\t\t\t\t\t<\/div>\n\t\t<\/section>\n\t\t\t\t<section class=\"elementor-section elementor-inner-section elementor-element elementor-element-3145cf6 elementor-section-boxed elementor-section-height-default elementor-section-height-default\" data-id=\"3145cf6\" data-element_type=\"section\" data-e-type=\"section\" data-settings=\"{&quot;background_background&quot;:&quot;classic&quot;}\">\n\t\t\t\t\t\t<div class=\"elementor-container elementor-column-gap-narrow\">\n\t\t\t\t\t<div class=\"elementor-column elementor-col-50 elementor-inner-column elementor-element elementor-element-789172e\" data-id=\"789172e\" data-element_type=\"column\" data-e-type=\"column\">\n\t\t\t<div class=\"elementor-widget-wrap elementor-element-populated\">\n\t\t\t\t\t\t<div class=\"elementor-element elementor-element-7571eea elementor-widget__width-inherit elementor-widget elementor-widget-text-editor\" data-id=\"7571eea\" data-element_type=\"widget\" data-e-type=\"widget\" data-widget_type=\"text-editor.default\">\n\t\t\t\t<div class=\"elementor-widget-container\">\n\t\t\t\t\t\t\t\t\t<p>\u201cPaisaje expandido\u201d supone una invitaci\u00f3n a reflexionar sobre la relaci\u00f3n que establecemos con el entorno a trav\u00e9s del arte, poniendo en valor la necesidad de ese di\u00e1logo entre paisaje y artista que nos lleve a repensar nuestra relaci\u00f3n con el entorno desde la experiencia del artista.<\/p><p>Las exposiciones surgen de la propuesta de distintos comisariados, los cuales seleccionan a artistas que ya trabajan en este sentido, invit\u00e1ndonos a dialogar con su obra desde una mirada abierta a percibir el entorno en toda su complejidad abord\u00e1ndolo desde la multiplicidad de aproximaciones.<\/p>\t\t\t\t\t\t\t\t<\/div>\n\t\t\t\t<\/div>\n\t\t\t\t\t<\/div>\n\t\t<\/div>\n\t\t\t\t<div class=\"elementor-column elementor-col-50 elementor-inner-column elementor-element elementor-element-816f6ba\" data-id=\"816f6ba\" data-element_type=\"column\" data-e-type=\"column\">\n\t\t\t<div class=\"elementor-widget-wrap elementor-element-populated\">\n\t\t\t\t\t\t<div class=\"elementor-element elementor-element-b831722 elementor-widget__width-inherit elementor-widget elementor-widget-text-editor\" data-id=\"b831722\" data-element_type=\"widget\" data-e-type=\"widget\" data-widget_type=\"text-editor.default\">\n\t\t\t\t<div class=\"elementor-widget-container\">\n\t\t\t\t\t\t\t\t\t<p>Igualmente, invita a redescubrir y visitar los espacios culturales y patrimoniales de la provincia de Badajoz y a ponerlos en el \u201cmapa\u201d de los espacios expositivos id\u00f3neos para el arte contempor\u00e1neo en Extremadura.<\/p><p>Este proyecto forma parte del Plan anual de cultura en la provincia de Badajoz que desarrolla AUPEX con la colaboraci\u00f3n de la Diputaci\u00f3n de Badajoz y las Universidades Populares participantes.<\/p>\t\t\t\t\t\t\t\t<\/div>\n\t\t\t\t<\/div>\n\t\t\t\t\t<\/div>\n\t\t<\/div>\n\t\t\t\t\t<\/div>\n\t\t<\/section>\n\t\t\t\t<section class=\"elementor-section elementor-inner-section elementor-element elementor-element-1201e46 elementor-section-boxed elementor-section-height-default elementor-section-height-default\" data-id=\"1201e46\" data-element_type=\"section\" data-e-type=\"section\" data-settings=\"{&quot;background_background&quot;:&quot;classic&quot;}\">\n\t\t\t\t\t\t<div class=\"elementor-container elementor-column-gap-wide\">\n\t\t\t\t\t<div class=\"elementor-column elementor-col-50 elementor-inner-column elementor-element elementor-element-40a1815\" data-id=\"40a1815\" data-element_type=\"column\" data-e-type=\"column\">\n\t\t\t<div class=\"elementor-widget-wrap elementor-element-populated\">\n\t\t\t\t\t\t<div class=\"elementor-element elementor-element-7a903aa e-transform elementor-widget elementor-widget-image\" data-id=\"7a903aa\" data-element_type=\"widget\" data-e-type=\"widget\" data-settings=\"{&quot;_transform_scale_effect_hover&quot;:{&quot;unit&quot;:&quot;px&quot;,&quot;size&quot;:1.01,&quot;sizes&quot;:[]},&quot;_transform_scale_effect_hover_tablet&quot;:{&quot;unit&quot;:&quot;px&quot;,&quot;size&quot;:&quot;&quot;,&quot;sizes&quot;:[]},&quot;_transform_scale_effect_hover_mobile&quot;:{&quot;unit&quot;:&quot;px&quot;,&quot;size&quot;:&quot;&quot;,&quot;sizes&quot;:[]}}\" data-widget_type=\"image.default\">\n\t\t\t\t<div class=\"elementor-widget-container\">\n\t\t\t\t\t\t\t\t\t\t\t\t\t\t\t\t<a href=\"https:\/\/cultura.aupex.org\/exposiciones\/paisaje-expandido-1\">\n\t\t\t\t\t\t\t<img loading=\"lazy\" decoding=\"async\" width=\"1024\" height=\"1024\" src=\"https:\/\/cultura.aupex.org\/exposiciones\/wp-content\/uploads\/2023\/12\/paisaje_expandido_2-1024x1024.jpeg\" class=\"attachment-large size-large wp-image-1734\" alt=\"\" srcset=\"https:\/\/cultura.aupex.org\/exposiciones\/wp-content\/uploads\/2023\/12\/paisaje_expandido_2-1024x1024.jpeg 1024w, https:\/\/cultura.aupex.org\/exposiciones\/wp-content\/uploads\/2023\/12\/paisaje_expandido_2-300x300.jpeg 300w, https:\/\/cultura.aupex.org\/exposiciones\/wp-content\/uploads\/2023\/12\/paisaje_expandido_2-150x150.jpeg 150w, https:\/\/cultura.aupex.org\/exposiciones\/wp-content\/uploads\/2023\/12\/paisaje_expandido_2-768x768.jpeg 768w, https:\/\/cultura.aupex.org\/exposiciones\/wp-content\/uploads\/2023\/12\/paisaje_expandido_2-1536x1536.jpeg 1536w, https:\/\/cultura.aupex.org\/exposiciones\/wp-content\/uploads\/2023\/12\/paisaje_expandido_2.jpeg 2048w\" sizes=\"(max-width: 1024px) 100vw, 1024px\" \/>\t\t\t\t\t\t\t\t<\/a>\n\t\t\t\t\t\t\t\t\t\t\t\t\t\t\t<\/div>\n\t\t\t\t<\/div>\n\t\t\t\t\t<\/div>\n\t\t<\/div>\n\t\t\t\t<div class=\"elementor-column elementor-col-50 elementor-inner-column elementor-element elementor-element-ae19e0b\" data-id=\"ae19e0b\" data-element_type=\"column\" data-e-type=\"column\">\n\t\t\t<div class=\"elementor-widget-wrap elementor-element-populated\">\n\t\t\t\t\t\t<div class=\"elementor-element elementor-element-ec18bf6 e-transform elementor-widget elementor-widget-image\" data-id=\"ec18bf6\" data-element_type=\"widget\" data-e-type=\"widget\" data-settings=\"{&quot;_transform_scale_effect_hover&quot;:{&quot;unit&quot;:&quot;px&quot;,&quot;size&quot;:1.05,&quot;sizes&quot;:[]},&quot;_transform_scale_effect_hover_tablet&quot;:{&quot;unit&quot;:&quot;px&quot;,&quot;size&quot;:&quot;&quot;,&quot;sizes&quot;:[]},&quot;_transform_scale_effect_hover_mobile&quot;:{&quot;unit&quot;:&quot;px&quot;,&quot;size&quot;:&quot;&quot;,&quot;sizes&quot;:[]}}\" data-widget_type=\"image.default\">\n\t\t\t\t<div class=\"elementor-widget-container\">\n\t\t\t\t\t\t\t\t\t\t\t\t\t\t\t\t<a href=\"https:\/\/cultura.aupex.org\/exposiciones\/paisaje-expandido-2\">\n\t\t\t\t\t\t\t<img loading=\"lazy\" decoding=\"async\" width=\"1024\" height=\"1024\" src=\"https:\/\/cultura.aupex.org\/exposiciones\/wp-content\/uploads\/2023\/12\/paisaje_expandido_3-1024x1024.jpeg\" class=\"attachment-large size-large wp-image-1733\" alt=\"\" srcset=\"https:\/\/cultura.aupex.org\/exposiciones\/wp-content\/uploads\/2023\/12\/paisaje_expandido_3-1024x1024.jpeg 1024w, https:\/\/cultura.aupex.org\/exposiciones\/wp-content\/uploads\/2023\/12\/paisaje_expandido_3-300x300.jpeg 300w, https:\/\/cultura.aupex.org\/exposiciones\/wp-content\/uploads\/2023\/12\/paisaje_expandido_3-150x150.jpeg 150w, https:\/\/cultura.aupex.org\/exposiciones\/wp-content\/uploads\/2023\/12\/paisaje_expandido_3-768x768.jpeg 768w, https:\/\/cultura.aupex.org\/exposiciones\/wp-content\/uploads\/2023\/12\/paisaje_expandido_3-1536x1536.jpeg 1536w, https:\/\/cultura.aupex.org\/exposiciones\/wp-content\/uploads\/2023\/12\/paisaje_expandido_3-2048x2048.jpeg 2048w\" sizes=\"(max-width: 1024px) 100vw, 1024px\" \/>\t\t\t\t\t\t\t\t<\/a>\n\t\t\t\t\t\t\t\t\t\t\t\t\t\t\t<\/div>\n\t\t\t\t<\/div>\n\t\t\t\t\t<\/div>\n\t\t<\/div>\n\t\t\t\t\t<\/div>\n\t\t<\/section>\n\t\t\t\t\t<\/div>\n\t\t<\/div>\n\t\t\t\t\t<\/div>\n\t\t<\/section>\n\t\t\t\t<section class=\"elementor-section elementor-top-section elementor-element elementor-element-21aeb35 elementor-section-boxed elementor-section-height-default elementor-section-height-default\" data-id=\"21aeb35\" data-element_type=\"section\" data-e-type=\"section\">\n\t\t\t\t\t\t<div class=\"elementor-container elementor-column-gap-default\">\n\t\t\t\t\t<div class=\"elementor-column elementor-col-100 elementor-top-column elementor-element elementor-element-4c74ae3\" data-id=\"4c74ae3\" data-element_type=\"column\" data-e-type=\"column\">\n\t\t\t<div class=\"elementor-widget-wrap elementor-element-populated\">\n\t\t\t\t\t\t<section class=\"elementor-section elementor-inner-section elementor-element elementor-element-a8d6698 elementor-section-boxed elementor-section-height-default elementor-section-height-default\" data-id=\"a8d6698\" data-element_type=\"section\" data-e-type=\"section\" id=\"calendar\" data-settings=\"{&quot;background_background&quot;:&quot;classic&quot;}\">\n\t\t\t\t\t\t<div class=\"elementor-container elementor-column-gap-narrow\">\n\t\t\t\t\t<div class=\"elementor-column elementor-col-100 elementor-inner-column elementor-element elementor-element-f5c68c2\" data-id=\"f5c68c2\" data-element_type=\"column\" data-e-type=\"column\">\n\t\t\t<div class=\"elementor-widget-wrap elementor-element-populated\">\n\t\t\t\t\t\t<div class=\"elementor-element elementor-element-5582e61 elementor-widget elementor-widget-spacer\" data-id=\"5582e61\" data-element_type=\"widget\" data-e-type=\"widget\" data-widget_type=\"spacer.default\">\n\t\t\t\t<div class=\"elementor-widget-container\">\n\t\t\t\t\t\t\t<div class=\"elementor-spacer\">\n\t\t\t<div class=\"elementor-spacer-inner\"><\/div>\n\t\t<\/div>\n\t\t\t\t\t\t<\/div>\n\t\t\t\t<\/div>\n\t\t\t\t<div class=\"elementor-element elementor-element-222c330 elementor-widget elementor-widget-text-editor\" data-id=\"222c330\" data-element_type=\"widget\" data-e-type=\"widget\" data-widget_type=\"text-editor.default\">\n\t\t\t\t<div class=\"elementor-widget-container\">\n\t\t\t\t\t\t\t\t\t<p>calendario<\/p>\t\t\t\t\t\t\t\t<\/div>\n\t\t\t\t<\/div>\n\t\t\t\t\t<\/div>\n\t\t<\/div>\n\t\t\t\t\t<\/div>\n\t\t<\/section>\n\t\t\t\t<section class=\"elementor-section elementor-inner-section elementor-element elementor-element-65b37e2 elementor-section-boxed elementor-section-height-default elementor-section-height-default\" data-id=\"65b37e2\" data-element_type=\"section\" data-e-type=\"section\" data-settings=\"{&quot;background_background&quot;:&quot;classic&quot;}\">\n\t\t\t\t\t\t<div class=\"elementor-container elementor-column-gap-wide\">\n\t\t\t\t\t<div class=\"elementor-column elementor-col-100 elementor-inner-column elementor-element elementor-element-efef255\" data-id=\"efef255\" data-element_type=\"column\" data-e-type=\"column\">\n\t\t\t<div class=\"elementor-widget-wrap elementor-element-populated\">\n\t\t\t\t\t\t<div class=\"elementor-element elementor-element-7e358ee elementor-widget elementor-widget-eael-event-calendar\" data-id=\"7e358ee\" data-element_type=\"widget\" data-e-type=\"widget\" data-widget_type=\"eael-event-calendar.default\">\n\t\t\t\t<div class=\"elementor-widget-container\">\n\t\t\t\t\t<div class=\"eael-event-calendar-wrapper layout-calendar\"><div id=\"eael-event-calendar-7e358ee\" class=\"eael-event-calendar-cls\"\n            data-cal_id = \"7e358ee\"\n            data-locale = \"es\"\n            data-translate = \"{&quot;today&quot;:&quot;Hoy&quot;,&quot;tomorrow&quot;:&quot;Ma\\u00f1ana&quot;}\"\n            data-defaultview = \"dayGridMonth\"\n            data-defaultdate = \"2026-04-30\"\n            data-time_format = \"\"\n            data-event_limit = \"4\"\n            data-popup_date_format = \"MMM Do\"\n            data-multidays_event_day_count= \"0\"\n            data-monthColumnHeaderFormat = \"\"\n            data-weekColumnHeaderFormat = \"\"\n            data-hideDetailsLink= \"yes\"\n            data-detailsButtonText = \"\"\n            data-location-display = \"\"\n            data-events=\"[{&quot;id&quot;:1,&quot;title&quot;:&quot;Exposici\\u00f3n 30x30 #Calamonte&quot;,&quot;description&quot;:&quot;Con motivo del 30 Aniversario de la Asociaci\\u00f3n de Universidades Populares de Extremadura, la muestra ofrece un viaje ilustrado desde m\\u00faltiples puntos de vista sobre el movimiento Universidad Popular: su historia, sus valores, sus \\u00e1mbitos de intervenci\\u00f3n, sus proyectos, su actividad, sus espacios y sus protagonistas.\\r\\n\\r\\n&amp;nbsp;\\r\\n\\r\\n&amp;nbsp;&quot;,&quot;start&quot;:&quot;2023-03-27&quot;,&quot;end&quot;:&quot;2023-04-17&quot;,&quot;borderColor&quot;:&quot;#10ecab&quot;,&quot;textColor&quot;:&quot;#ffffff&quot;,&quot;color&quot;:&quot;#F46C3E&quot;,&quot;url&quot;:&quot;&quot;,&quot;allDay&quot;:&quot;yes&quot;,&quot;external&quot;:&quot;on&quot;,&quot;nofollow&quot;:&quot;on&quot;,&quot;imageUrl&quot;:&quot;https:\\\/\\\/cultura.aupex.org\\\/exposiciones\\\/wp-content\\\/uploads\\\/2023\\\/03\\\/30x30_Cartel__general.png&quot;,&quot;location&quot;:&quot;Calamonte&quot;,&quot;category&quot;:&quot;: 30x30&quot;},{&quot;id&quot;:2,&quot;title&quot;:&quot;Exposici\\u00f3n 30x30 #Orellana la Vieja&quot;,&quot;description&quot;:&quot;Con motivo del 30 Aniversario de la Asociaci\\u00f3n de Universidades Populares de Extremadura, la muestra ofrece un viaje ilustrado desde m\\u00faltiples puntos de vista sobre el movimiento Universidad Popular: su historia, sus valores, sus \\u00e1mbitos de intervenci\\u00f3n, sus proyectos, su actividad, sus espacios y sus protagonistas.\\r\\n\\r\\n&amp;nbsp;\\r\\n\\r\\n&amp;nbsp;&quot;,&quot;start&quot;:&quot;2023-04-17&quot;,&quot;end&quot;:&quot;2023-05-08&quot;,&quot;borderColor&quot;:&quot;#10ecab&quot;,&quot;textColor&quot;:&quot;#ffffff&quot;,&quot;color&quot;:&quot;#F4993E&quot;,&quot;url&quot;:&quot;&quot;,&quot;allDay&quot;:&quot;yes&quot;,&quot;external&quot;:&quot;on&quot;,&quot;nofollow&quot;:&quot;on&quot;,&quot;imageUrl&quot;:false,&quot;location&quot;:&quot;Orellana la Vieja&quot;,&quot;category&quot;:&quot;: 30x30&quot;},{&quot;id&quot;:3,&quot;title&quot;:&quot;Exposici\\u00f3n 30x30 #Quintana de la Serena&quot;,&quot;description&quot;:&quot;Con motivo del 30 Aniversario de la Asociaci\\u00f3n de Universidades Populares de Extremadura, la muestra ofrece un viaje ilustrado desde m\\u00faltiples puntos de vista sobre el movimiento Universidad Popular: su historia, sus valores, sus \\u00e1mbitos de intervenci\\u00f3n, sus proyectos, su actividad, sus espacios y sus protagonistas.\\r\\n\\r\\n&amp;nbsp;\\r\\n\\r\\n&amp;nbsp;&quot;,&quot;start&quot;:&quot;2023-05-08&quot;,&quot;end&quot;:&quot;2023-05-22&quot;,&quot;borderColor&quot;:&quot;#10ecab&quot;,&quot;textColor&quot;:&quot;#ffffff&quot;,&quot;color&quot;:&quot;#F4C63E&quot;,&quot;url&quot;:&quot;&quot;,&quot;allDay&quot;:&quot;yes&quot;,&quot;external&quot;:&quot;on&quot;,&quot;nofollow&quot;:&quot;on&quot;,&quot;imageUrl&quot;:false,&quot;location&quot;:&quot;Quintana de la Serena&quot;,&quot;category&quot;:&quot;: 30x30&quot;},{&quot;id&quot;:4,&quot;title&quot;:&quot;Exposici\\u00f3n 30x30 #Castuera&quot;,&quot;description&quot;:&quot;Con motivo del 30 Aniversario de la Asociaci\\u00f3n de Universidades Populares de Extremadura, la muestra ofrece un viaje ilustrado desde m\\u00faltiples puntos de vista sobre el movimiento Universidad Popular: su historia, sus valores, sus \\u00e1mbitos de intervenci\\u00f3n, sus proyectos, su actividad, sus espacios y sus protagonistas.\\r\\n\\r\\n&amp;nbsp;\\r\\n\\r\\n&amp;nbsp;&quot;,&quot;start&quot;:&quot;2023-05-22&quot;,&quot;end&quot;:&quot;2023-06-05&quot;,&quot;borderColor&quot;:&quot;#10ecab&quot;,&quot;textColor&quot;:&quot;#ffffff&quot;,&quot;color&quot;:&quot;#F4F43E&quot;,&quot;url&quot;:&quot;&quot;,&quot;allDay&quot;:&quot;yes&quot;,&quot;external&quot;:&quot;on&quot;,&quot;nofollow&quot;:&quot;on&quot;,&quot;imageUrl&quot;:false,&quot;location&quot;:&quot;Castuera&quot;,&quot;category&quot;:&quot;: 30x30&quot;},{&quot;id&quot;:5,&quot;title&quot;:&quot;Expsici\\u00f3n 30x30 #Almohar\\u00edn&quot;,&quot;description&quot;:&quot;&lt;div class=\\&quot;eaelec-modal-body\\&quot;&gt;Con motivo del 30 Aniversario de la Asociaci\\u00f3n de Universidades Populares de Extremadura, la muestra ofrece un viaje ilustrado desde m\\u00faltiples puntos de vista sobre el movimiento Universidad Popular: su historia, sus valores, sus \\u00e1mbitos de intervenci\\u00f3n, sus proyectos, su actividad, sus espacios y sus protagonistas.&lt;\\\/div&gt;\\r\\n&lt;div class=\\&quot;eaelec-modal-body\\&quot;&gt;Lugar: Casa de la Cultura de Almohar\\u00edn.\\r\\nHorario de visitas: de lunes a viernes de 10:00 a 14:00 h y de 17:00 a 20:00 h.&lt;\\\/div&gt;&quot;,&quot;start&quot;:&quot;2023-06-12 10:00&quot;,&quot;end&quot;:&quot;2023-07-02 20:00:01&quot;,&quot;borderColor&quot;:&quot;#10ecab&quot;,&quot;textColor&quot;:&quot;#ffffff&quot;,&quot;color&quot;:&quot;#C6F43E&quot;,&quot;url&quot;:&quot;&quot;,&quot;allDay&quot;:&quot;&quot;,&quot;external&quot;:&quot;on&quot;,&quot;nofollow&quot;:&quot;on&quot;,&quot;imageUrl&quot;:false,&quot;location&quot;:&quot;Almoharin&quot;,&quot;category&quot;:&quot;: 30x30&quot;},{&quot;id&quot;:6,&quot;title&quot;:&quot;Exposici\\u00f3n 30x30 #Olivenza&quot;,&quot;description&quot;:&quot;Con motivo del 30 Aniversario de la Asociaci\\u00f3n de Universidades Populares de Extremadura, la muestra ofrece un viaje ilustrado desde m\\u00faltiples puntos de vista sobre el movimiento Universidad Popular: su historia, sus valores, sus \\u00e1mbitos de intervenci\\u00f3n, sus proyectos, su actividad, sus espacios y sus protagonistas.\\r\\n\\r\\n&amp;nbsp;\\r\\n\\r\\n&amp;nbsp;&quot;,&quot;start&quot;:&quot;2023-07-03&quot;,&quot;end&quot;:&quot;2023-07-17&quot;,&quot;borderColor&quot;:&quot;#10ecab&quot;,&quot;textColor&quot;:&quot;#ffffff&quot;,&quot;color&quot;:&quot;#99F43E&quot;,&quot;url&quot;:&quot;&quot;,&quot;allDay&quot;:&quot;yes&quot;,&quot;external&quot;:&quot;on&quot;,&quot;nofollow&quot;:&quot;on&quot;,&quot;imageUrl&quot;:false,&quot;location&quot;:&quot;Olivenza&quot;,&quot;category&quot;:&quot;: 30x30&quot;},{&quot;id&quot;:7,&quot;title&quot;:&quot;Exposici\\u00f3n 30x30 #Aliseda&quot;,&quot;description&quot;:&quot;&lt;div class=\\&quot;eaelec-modal-body\\&quot;&gt;Con motivo del 30 Aniversario de la Asociaci\\u00f3n de Universidades Populares de Extremadura, la muestra ofrece un viaje ilustrado desde m\\u00faltiples puntos de vista sobre el movimiento Universidad Popular: su historia, sus valores, sus \\u00e1mbitos de intervenci\\u00f3n, sus proyectos, su actividad, sus espacios y sus protagonistas.&lt;\\\/div&gt;\\r\\n&lt;div class=\\&quot;eaelec-modal-body\\&quot;&gt;Lugar: Sal\\u00f3n de actos del Ayuntamiento.\\r\\nHorario de visitas: de lunes a viernes de 08:00 a 15:00 h.&lt;\\\/div&gt;&quot;,&quot;start&quot;:&quot;2023-07-17 08:00&quot;,&quot;end&quot;:&quot;2023-07-30 15:00:01&quot;,&quot;borderColor&quot;:&quot;#10ecab&quot;,&quot;textColor&quot;:&quot;#ffffff&quot;,&quot;color&quot;:&quot;#3EF43E&quot;,&quot;url&quot;:&quot;&quot;,&quot;allDay&quot;:&quot;&quot;,&quot;external&quot;:&quot;on&quot;,&quot;nofollow&quot;:&quot;on&quot;,&quot;imageUrl&quot;:false,&quot;location&quot;:&quot;Aliseda&quot;,&quot;category&quot;:&quot;: 30x30&quot;},{&quot;id&quot;:8,&quot;title&quot;:&quot;Exposici\\u00f3n 30x30 Sede AUPEX Badajoz&quot;,&quot;description&quot;:&quot;&lt;div class=\\&quot;eaelec-modal-body\\&quot;&gt;Con motivo del 30 Aniversario de la Asociaci\\u00f3n de Universidades Populares de Extremadura, la muestra ofrece un viaje ilustrado desde m\\u00faltiples puntos de vista sobre el movimiento Universidad Popular: su historia, sus valores, sus \\u00e1mbitos de intervenci\\u00f3n, sus proyectos, su actividad, sus espacios y sus protagonistas.&lt;\\\/div&gt;\\r\\n&lt;div class=\\&quot;eaelec-modal-body\\&quot;&gt;Lugar: Sede AUPEX Badajoz. C\\\/ Vasco N\\u00fa\\u00f1ez, 31 Bajo.\\r\\nHorario de visitas: de 09:00 a 14:00 horas.&lt;\\\/div&gt;&quot;,&quot;start&quot;:&quot;2023-08-01 09:00&quot;,&quot;end&quot;:&quot;2023-08-15 16:00:01&quot;,&quot;borderColor&quot;:&quot;#10ecab&quot;,&quot;textColor&quot;:&quot;#ffffff&quot;,&quot;color&quot;:&quot;#3EF499&quot;,&quot;url&quot;:&quot;&quot;,&quot;allDay&quot;:&quot;&quot;,&quot;external&quot;:&quot;on&quot;,&quot;nofollow&quot;:&quot;on&quot;,&quot;imageUrl&quot;:false,&quot;location&quot;:&quot;Badajoz&quot;,&quot;category&quot;:&quot;: 30x30&quot;},{&quot;id&quot;:9,&quot;title&quot;:&quot;Exposici\\u00f3n 30\\u00d730 #M\\u00e9rida&quot;,&quot;description&quot;:&quot;Con motivo del 30 Aniversario de la Asociaci\\u00f3n de Universidades Populares de Extremadura, la muestra ofrece un viaje ilustrado desde m\\u00faltiples puntos de vista sobre el movimiento Universidad Popular: su historia, sus valores, sus \\u00e1mbitos de intervenci\\u00f3n, sus proyectos, su actividad, sus espacios y sus protagonistas.\\r\\n\\r\\nLugar: CENTRO CULTURAL ALCAZABA. Pasillo central.\\r\\nHorario de visitas: de lunes a viernes de 8:00 a 21:00 horas.&quot;,&quot;start&quot;:&quot;2023-08-21&quot;,&quot;end&quot;:&quot;2023-09-01&quot;,&quot;borderColor&quot;:&quot;#10ecab&quot;,&quot;textColor&quot;:&quot;#ffffff&quot;,&quot;color&quot;:&quot;#3EF4C6&quot;,&quot;url&quot;:&quot;&quot;,&quot;allDay&quot;:&quot;yes&quot;,&quot;external&quot;:&quot;on&quot;,&quot;nofollow&quot;:&quot;on&quot;,&quot;imageUrl&quot;:false,&quot;location&quot;:&quot;M\\u00e9rida&quot;,&quot;category&quot;:&quot;: 30x30&quot;},{&quot;id&quot;:10,&quot;title&quot;:&quot;Exposici\\u00f3n 30x30 #Villafranca de los Barros&quot;,&quot;description&quot;:&quot;Con motivo del 30 Aniversario de la Asociaci\\u00f3n de Universidades Populares de Extremadura, la muestra ofrece un viaje ilustrado desde m\\u00faltiples puntos de vista sobre el movimiento Universidad Popular: su historia, sus valores, sus \\u00e1mbitos de intervenci\\u00f3n, sus proyectos, su actividad, sus espacios y sus protagonistas.\\r\\n\\r\\nLugar: EXPACIO EXPOSITIVO EL OJO DE CRISTAL. Universidad Popular de Villafranca de los Barros.\\r\\nHora rio de visitas: de lunes a viernes de 8:00 a 21:00 horas.\\r\\n\\r\\n&amp;nbsp;\\r\\n\\r\\n&amp;nbsp;&quot;,&quot;start&quot;:&quot;2023-09-01&quot;,&quot;end&quot;:&quot;2023-09-25&quot;,&quot;borderColor&quot;:&quot;#10ecab&quot;,&quot;textColor&quot;:&quot;#ffffff&quot;,&quot;color&quot;:&quot;#3EF4F4&quot;,&quot;url&quot;:&quot;&quot;,&quot;allDay&quot;:&quot;yes&quot;,&quot;external&quot;:&quot;on&quot;,&quot;nofollow&quot;:&quot;on&quot;,&quot;imageUrl&quot;:false,&quot;location&quot;:&quot;Villafranca de los Barros&quot;,&quot;category&quot;:&quot;: 30x30&quot;},{&quot;id&quot;:11,&quot;title&quot;:&quot;Exposici\\u00f3n 30x30 #Azuaga&quot;,&quot;description&quot;:&quot;Con motivo del 30 Aniversario de la Asociaci\\u00f3n de Universidades Populares de Extremadura, la muestra ofrece un viaje ilustrado desde m\\u00faltiples puntos de vista sobre el movimiento Universidad Popular: su historia, sus valores, sus \\u00e1mbitos de intervenci\\u00f3n, sus proyectos, su actividad, sus espacios y sus protagonistas.\\r\\n\\r\\n&amp;nbsp;\\r\\n\\r\\n&amp;nbsp;&quot;,&quot;start&quot;:&quot;2023-09-25&quot;,&quot;end&quot;:&quot;2023-10-16&quot;,&quot;borderColor&quot;:&quot;#10ecab&quot;,&quot;textColor&quot;:&quot;#ffffff&quot;,&quot;color&quot;:&quot;#3EC6F4&quot;,&quot;url&quot;:&quot;&quot;,&quot;allDay&quot;:&quot;yes&quot;,&quot;external&quot;:&quot;on&quot;,&quot;nofollow&quot;:&quot;on&quot;,&quot;imageUrl&quot;:false,&quot;location&quot;:&quot;Azuaga&quot;,&quot;category&quot;:&quot;: 30x30&quot;},{&quot;id&quot;:12,&quot;title&quot;:&quot;FIN PLAZO PRESENTACI\\u00d3N PROYECTOS CONTENEDORES DE ARTE&quot;,&quot;description&quot;:&quot;Fecha tope de presentaci\\u00f3n de proyectos art\\u00edsticos para los Contenedores de Arte de Casas de Belv\\u00eds y Piedras Albas.\\r\\nTienes toda la informaci\\u00f3n en la secci\\u00f3n Contenedores de Arte y en el correo contenedoresdearte@gmail.com&quot;,&quot;start&quot;:&quot;2023-09-25&quot;,&quot;end&quot;:&quot;2023-09-26&quot;,&quot;borderColor&quot;:&quot;#10ecab&quot;,&quot;textColor&quot;:&quot;#ffffff&quot;,&quot;color&quot;:&quot;#3E99F4&quot;,&quot;url&quot;:&quot;&quot;,&quot;allDay&quot;:&quot;yes&quot;,&quot;external&quot;:&quot;on&quot;,&quot;nofollow&quot;:&quot;on&quot;,&quot;imageUrl&quot;:false,&quot;location&quot;:null,&quot;category&quot;:&quot;&quot;},{&quot;id&quot;:13,&quot;title&quot;:&quot;Exposici\\u00f3n 30x30 #Casar de C\\u00e1ceres&quot;,&quot;description&quot;:&quot;Con motivo del 30 Aniversario de la Asociaci\\u00f3n de Universidades Populares de Extremadura, la muestra ofrece un viaje ilustrado desde m\\u00faltiples puntos de vista sobre el movimiento Universidad Popular: su historia, sus valores, sus \\u00e1mbitos de intervenci\\u00f3n, sus proyectos, su actividad, sus espacios y sus protagonistas.\\r\\n\\r\\nLugar: Casa de la Cultura. Universidad Popular Barriada Diputaci\\u00f3n, s\\\/n\\r\\nHorario de visitas: de lunes a viernes de 10:00 a 14:00 y de 17:00 a 21:00 horas.&quot;,&quot;start&quot;:&quot;2023-10-16&quot;,&quot;end&quot;:&quot;2023-11-01&quot;,&quot;borderColor&quot;:&quot;#10ecab&quot;,&quot;textColor&quot;:&quot;#ffffff&quot;,&quot;color&quot;:&quot;#3E3EF4&quot;,&quot;url&quot;:&quot;&quot;,&quot;allDay&quot;:&quot;yes&quot;,&quot;external&quot;:&quot;on&quot;,&quot;nofollow&quot;:&quot;on&quot;,&quot;imageUrl&quot;:false,&quot;location&quot;:&quot;Casar de Caceres&quot;,&quot;category&quot;:&quot;: 30x30&quot;},{&quot;id&quot;:14,&quot;title&quot;:&quot;Exposici\\u00f3n 30x30 #Montijo&quot;,&quot;description&quot;:&quot;Con motivo del 30 Aniversario de la Asociaci\\u00f3n de Universidades Populares de Extremadura, la muestra ofrece un viaje ilustrado desde m\\u00faltiples puntos de vista sobre el movimiento Universidad Popular: su historia, sus valores, sus \\u00e1mbitos de intervenci\\u00f3n, sus proyectos, su actividad, sus espacios y sus protagonistas.\\r\\n\\r\\nLugar: Sala Centinela Teatro Nuevo Calder\\u00f3n.&quot;,&quot;start&quot;:&quot;2023-11-02&quot;,&quot;end&quot;:&quot;2023-11-14&quot;,&quot;borderColor&quot;:&quot;#10ecab&quot;,&quot;textColor&quot;:&quot;#ffffff&quot;,&quot;color&quot;:&quot;#6C3EF4&quot;,&quot;url&quot;:&quot;&quot;,&quot;allDay&quot;:&quot;yes&quot;,&quot;external&quot;:&quot;on&quot;,&quot;nofollow&quot;:&quot;on&quot;,&quot;imageUrl&quot;:false,&quot;location&quot;:&quot;Montijo&quot;,&quot;category&quot;:&quot;: 30x30&quot;},{&quot;id&quot;:15,&quot;title&quot;:&quot;Exposici\\u00f3n 30x30 #Burguillos del Cerro&quot;,&quot;description&quot;:&quot;Con motivo del 30 Aniversario de la Asociaci\\u00f3n de Universidades Populares de Extremadura, la muestra ofrece un viaje ilustrado desde m\\u00faltiples puntos de vista sobre el movimiento Universidad Popular: su historia, sus valores, sus \\u00e1mbitos de intervenci\\u00f3n, sus proyectos, su actividad, sus espacios y sus protagonistas.\\r\\n\\r\\nLugar: Universidad Popular.&quot;,&quot;start&quot;:&quot;2023-11-14&quot;,&quot;end&quot;:&quot;2023-11-28&quot;,&quot;borderColor&quot;:&quot;#10ecab&quot;,&quot;textColor&quot;:&quot;#ffffff&quot;,&quot;color&quot;:&quot;#993EF4&quot;,&quot;url&quot;:&quot;&quot;,&quot;allDay&quot;:&quot;yes&quot;,&quot;external&quot;:&quot;on&quot;,&quot;nofollow&quot;:&quot;on&quot;,&quot;imageUrl&quot;:false,&quot;location&quot;:&quot;Burguillos del Cerro&quot;,&quot;category&quot;:&quot;: 30x30&quot;},{&quot;id&quot;:16,&quot;title&quot;:&quot;Exposici\\u00f3n El arte de Bu\\u00f1uel en el laberinto de las tortugas #Bilbioteca Zafra&quot;,&quot;description&quot;:&quot;La biblioteca municipal \\&quot;Antonio Salazar\\&quot; de Zafra, acoge la muestra El arte de Bu\\u00f1uel en el laberinto de las tortugas del 20 de noviembre al 15 de enero de 2024.&quot;,&quot;start&quot;:&quot;2023-11-20&quot;,&quot;end&quot;:&quot;2024-01-16&quot;,&quot;borderColor&quot;:&quot;#10ecab&quot;,&quot;textColor&quot;:&quot;#ffffff&quot;,&quot;color&quot;:&quot;#C63EF4&quot;,&quot;url&quot;:&quot;&quot;,&quot;allDay&quot;:&quot;yes&quot;,&quot;external&quot;:&quot;on&quot;,&quot;nofollow&quot;:&quot;on&quot;,&quot;imageUrl&quot;:false,&quot;location&quot;:null,&quot;category&quot;:&quot;: El arte de Bu\\u00f1uel&quot;},{&quot;id&quot;:17,&quot;title&quot;:&quot;Exposici\\u00f3n 30x30 #Zafra&quot;,&quot;description&quot;:&quot;Con motivo del 30 Aniversario de la Asociaci\\u00f3n de Universidades Populares de Extremadura, la muestra ofrece un viaje ilustrado desde m\\u00faltiples puntos de vista sobre el movimiento Universidad Popular: su historia, sus valores, sus \\u00e1mbitos de intervenci\\u00f3n, sus proyectos, su actividad, sus espacios y sus protagonistas.\\r\\n\\r\\nLugar: Universidad Popular.&quot;,&quot;start&quot;:&quot;2023-11-28&quot;,&quot;end&quot;:&quot;2023-12-12&quot;,&quot;borderColor&quot;:&quot;#10ecab&quot;,&quot;textColor&quot;:&quot;#ffffff&quot;,&quot;color&quot;:&quot;#F43EF4&quot;,&quot;url&quot;:&quot;&quot;,&quot;allDay&quot;:&quot;yes&quot;,&quot;external&quot;:&quot;on&quot;,&quot;nofollow&quot;:&quot;on&quot;,&quot;imageUrl&quot;:false,&quot;location&quot;:&quot;Zafra&quot;,&quot;category&quot;:&quot;: 30x30&quot;},{&quot;id&quot;:18,&quot;title&quot;:&quot;Exposici\\u00f3n 30x30 #Almendralejo&quot;,&quot;description&quot;:&quot;Con motivo del 30 Aniversario de la Asociaci\\u00f3n de Universidades Populares de Extremadura, la muestra ofrece un viaje ilustrado desde m\\u00faltiples puntos de vista sobre el movimiento Universidad Popular: su historia, sus valores, sus \\u00e1mbitos de intervenci\\u00f3n, sus proyectos, su actividad, sus espacios y sus protagonistas.\\r\\n\\r\\nLugar: Centro Cultural San Antonio. Plaza de San Antonio s\\\/n.\\r\\nHorario: de lunes a viernes de 9:00 a 14:00 y de 17:00 a 20:00 horas.&quot;,&quot;start&quot;:&quot;2023-12-12&quot;,&quot;end&quot;:&quot;2023-12-27&quot;,&quot;borderColor&quot;:&quot;#10ecab&quot;,&quot;textColor&quot;:&quot;#ffffff&quot;,&quot;color&quot;:&quot;#F43E99&quot;,&quot;url&quot;:&quot;&quot;,&quot;allDay&quot;:&quot;yes&quot;,&quot;external&quot;:&quot;on&quot;,&quot;nofollow&quot;:&quot;on&quot;,&quot;imageUrl&quot;:false,&quot;location&quot;:&quot;Almendralejo&quot;,&quot;category&quot;:&quot;: 30x30&quot;},{&quot;id&quot;:19,&quot;title&quot;:&quot;Exposici\\u00f3n Otras inteligencias. Di\\u00e1logos interespecies planta-humano&quot;,&quot;description&quot;:&quot;Exposici\\u00f3n \\&quot;Otras inteligencias. Di\\u00e1logos interespecies planta-humano\\&quot; de Mar\\u00eda Castellanos, del 15 al 31 de diciembe de 2023.\\r\\n\\r\\n&lt;strong&gt;Lugar:&lt;\\\/strong&gt; Fregenal de la Sierra. Museo de Arte Contempor\\u00e1neo de Fregenal. Conventual San Francisco.\\r\\n\\r\\n&lt;strong&gt;Horario:&lt;\\\/strong&gt; 10:00 a 19:30 h. Visitas, previa cita en Oficina de Turismo de Fregenal.&quot;,&quot;start&quot;:&quot;2023-12-15&quot;,&quot;end&quot;:&quot;2024-01-01&quot;,&quot;borderColor&quot;:&quot;#10ecab&quot;,&quot;textColor&quot;:&quot;#ffffff&quot;,&quot;color&quot;:&quot;#F43E6C&quot;,&quot;url&quot;:&quot;&quot;,&quot;allDay&quot;:&quot;yes&quot;,&quot;external&quot;:&quot;on&quot;,&quot;nofollow&quot;:&quot;on&quot;,&quot;imageUrl&quot;:false,&quot;location&quot;:null,&quot;category&quot;:&quot;&quot;},{&quot;id&quot;:20,&quot;title&quot;:&quot;Exposici\\u00f3n Entornos&quot;,&quot;description&quot;:&quot;Exposici\\u00f3n \\&quot;Entornos\\&quot; de Juan Ram\\u00f3n Fern\\u00e1ndez Molina.\\r\\n\\r\\n&lt;strong&gt;Lugar:&lt;\\\/strong&gt; Magacela. Iglesia del castillo.\\r\\n\\r\\n&lt;strong&gt;Fecha:&lt;\\\/strong&gt; del 16 al 31 de diciembre. Visitas, previa cita en el Ayuntamiento de Magacela. Tlf. 924853011&quot;,&quot;start&quot;:&quot;2023-12-16&quot;,&quot;end&quot;:&quot;2024-01-01&quot;,&quot;borderColor&quot;:&quot;#10ecab&quot;,&quot;textColor&quot;:&quot;#ffffff&quot;,&quot;color&quot;:&quot;#F43E3E&quot;,&quot;url&quot;:&quot;&quot;,&quot;allDay&quot;:&quot;yes&quot;,&quot;external&quot;:&quot;on&quot;,&quot;nofollow&quot;:&quot;on&quot;,&quot;imageUrl&quot;:false,&quot;location&quot;:null,&quot;category&quot;:&quot;&quot;},{&quot;id&quot;:21,&quot;title&quot;:&quot;Exposici\\u00f3n 30x30 #Moraleja&quot;,&quot;description&quot;:&quot;Con motivo del 30 Aniversario de la Asociaci\\u00f3n de Universidades Populares de Extremadura, la muestra ofrece un viaje ilustrado desde m\\u00faltiples puntos de vista sobre el movimiento Universidad Popular: su historia, sus valores, sus \\u00e1mbitos de intervenci\\u00f3n, sus proyectos, su actividad, sus espacios y sus protagonistas.\\r\\n\\r\\nLugar: Hall de la Casa de la Cultura de Moraleja. Plaza de la Encomienda, s\\\/n.&quot;,&quot;start&quot;:&quot;2023-12-26&quot;,&quot;end&quot;:&quot;2024-01-08&quot;,&quot;borderColor&quot;:&quot;#10ecab&quot;,&quot;textColor&quot;:&quot;#ffffff&quot;,&quot;color&quot;:&quot;#F43E3E&quot;,&quot;url&quot;:&quot;&quot;,&quot;allDay&quot;:&quot;yes&quot;,&quot;external&quot;:&quot;on&quot;,&quot;nofollow&quot;:&quot;on&quot;,&quot;imageUrl&quot;:false,&quot;location&quot;:&quot;Moraleja&quot;,&quot;category&quot;:&quot;: 30x30&quot;},{&quot;id&quot;:22,&quot;title&quot;:&quot;Exposici\\u00f3n MUJERES ARTISTAS. 500 a\\u00f1os. 2 d\\u00e9cadas #Valdecaballeros&quot;,&quot;description&quot;:&quot;La Universidad Popular de Valdecaballeros acoge en la sala de exposiciones del Ayuntamiento, sita en Plaza de Espa\\u00f1a, 1, la muestra de Virginia Rivas, en la que da a conocer algunas de las grandes (y desconocidas para el p\\u00fablico general) artistas que forman parte de la Historia del Arte, a la vez que muestra el trabajo de investigaci\\u00f3n y difusi\\u00f3n que artistas contempor\\u00e1neas est\\u00e1n haciendo actualmente con el fin de visibilizarlas.&quot;,&quot;start&quot;:&quot;2024-03-04&quot;,&quot;end&quot;:&quot;2024-03-14&quot;,&quot;borderColor&quot;:&quot;#10ecab&quot;,&quot;textColor&quot;:&quot;#ffffff&quot;,&quot;color&quot;:&quot;#F46C3E&quot;,&quot;url&quot;:&quot;&quot;,&quot;allDay&quot;:&quot;yes&quot;,&quot;external&quot;:&quot;on&quot;,&quot;nofollow&quot;:&quot;on&quot;,&quot;imageUrl&quot;:false,&quot;location&quot;:null,&quot;category&quot;:&quot;&quot;},{&quot;id&quot;:23,&quot;title&quot;:&quot;Exposici\\u00f3n MUJERES ARTISTAS. 500 a\\u00f1os. 2 d\\u00e9cadas #Berlanga&quot;,&quot;description&quot;:&quot;La Universidad Popular de Berlanga acoge en sus instalaciones de la Casa de la Cultura, sitas en la calle Alcazaba, 8, la muestra de Virginia Rivas, en la que da a conocer algunas de las grandes (y desconocidas para el p\\u00fablico general) artistas que forman parte de la Historia del Arte, a la vez que muestra el trabajo de investigaci\\u00f3n y difusi\\u00f3n que artistas contempor\\u00e1neas est\\u00e1n haciendo actualmente con el fin de visibilizarlas.&quot;,&quot;start&quot;:&quot;2024-03-06&quot;,&quot;end&quot;:&quot;2024-03-19&quot;,&quot;borderColor&quot;:&quot;#10ecab&quot;,&quot;textColor&quot;:&quot;#ffffff&quot;,&quot;color&quot;:&quot;#F4993E&quot;,&quot;url&quot;:&quot;&quot;,&quot;allDay&quot;:&quot;yes&quot;,&quot;external&quot;:&quot;on&quot;,&quot;nofollow&quot;:&quot;on&quot;,&quot;imageUrl&quot;:false,&quot;location&quot;:null,&quot;category&quot;:&quot;&quot;},{&quot;id&quot;:24,&quot;title&quot;:&quot;Exposici\\u00f3n Mujeres que dibujan a mujeres #Campanario&quot;,&quot;description&quot;:&quot;La Universidad Popular de Campanario, acoge en las instalaciones de la casa de la cultura sitas en Avda. Constituci\\u00f3n, 50, la exposici\\u00f3n MUJERES QUE DIBUJAN A MUJERES, en la que \\u00a0artistas extreme\\u00f1as dialogan sobre mujeres extreme\\u00f1as a trav\\u00e9s de sus miradas y pinceles. En Ilustradoras extreme\\u00f1as. Mujeres que dibujan a mujeres se presenta un recorrido sobre figuras femeninas en la Extremadura rural; personalidades influyentes, mujeres pol\\u00edticas, escritoras, profesoras, artistas, pero, a fin de cuentas, mujeres que han sido invisibilizadas o no han contado con un merecido reconocimiento sobre su trabajo.&quot;,&quot;start&quot;:&quot;2024-03-08&quot;,&quot;end&quot;:&quot;2024-03-23&quot;,&quot;borderColor&quot;:&quot;#10ecab&quot;,&quot;textColor&quot;:&quot;#ffffff&quot;,&quot;color&quot;:&quot;#F4C63E&quot;,&quot;url&quot;:&quot;&quot;,&quot;allDay&quot;:&quot;yes&quot;,&quot;external&quot;:&quot;on&quot;,&quot;nofollow&quot;:&quot;on&quot;,&quot;imageUrl&quot;:false,&quot;location&quot;:null,&quot;category&quot;:&quot;&quot;},{&quot;id&quot;:25,&quot;title&quot;:&quot;Exposici\\u00f3n Mujeres que dibujan a mujeres #Barcarrota&quot;,&quot;description&quot;:&quot;La Universidad Popular de Barcarrota, expone en la Oficina de Turismo de la localidad, sita en C\\\/ Viento, 9, la exposici\\u00f3n MUJERES QUE DIBUJAN A MUJERES, en la que \\u00a0artistas extreme\\u00f1as dialogan sobre mujeres extreme\\u00f1as a trav\\u00e9s de sus miradas y pinceles. En Ilustradoras extreme\\u00f1as. Mujeres que dibujan a mujeres se presenta un recorrido sobre figuras femeninas en la Extremadura rural; personalidades influyentes, mujeres pol\\u00edticas, escritoras, profesoras, artistas, pero, a fin de cuentas, mujeres que han sido invisibilizadas o no han contado con un merecido reconocimiento sobre su trabajo.&quot;,&quot;start&quot;:&quot;2024-03-16&quot;,&quot;end&quot;:&quot;2024-04-01&quot;,&quot;borderColor&quot;:&quot;#10ecab&quot;,&quot;textColor&quot;:&quot;#ffffff&quot;,&quot;color&quot;:&quot;#F4F43E&quot;,&quot;url&quot;:&quot;&quot;,&quot;allDay&quot;:&quot;yes&quot;,&quot;external&quot;:&quot;on&quot;,&quot;nofollow&quot;:&quot;on&quot;,&quot;imageUrl&quot;:false,&quot;location&quot;:null,&quot;category&quot;:&quot;&quot;},{&quot;id&quot;:26,&quot;title&quot;:&quot;Exposici\\u00f3n 30\\u00d730 #Campanario&quot;,&quot;description&quot;:&quot;Con motivo del 30 Aniversario de la Asociaci\\u00f3n de Universidades Populares de Extremadura, la muestra ofrece un viaje ilustrado desde m\\u00faltiples puntos de vista sobre el movimiento Universidad Popular: su historia, sus valores, sus \\u00e1mbitos de intervenci\\u00f3n, sus proyectos, su actividad, sus espacios y sus protagonistas.\\r\\n\\r\\nLugar: Universidad Popular de Campanario. Calle Carrera, 2.\\r\\n\\r\\nHorarios: de lunes a viernes de 08:00 h. a 15:00 h. y de 16:00 h. a 20:00 h.&quot;,&quot;start&quot;:&quot;2024-04-08&quot;,&quot;end&quot;:&quot;2024-04-22&quot;,&quot;borderColor&quot;:&quot;#10ecab&quot;,&quot;textColor&quot;:&quot;#ffffff&quot;,&quot;color&quot;:&quot;#C6F43E&quot;,&quot;url&quot;:&quot;&quot;,&quot;allDay&quot;:&quot;yes&quot;,&quot;external&quot;:&quot;on&quot;,&quot;nofollow&quot;:&quot;on&quot;,&quot;imageUrl&quot;:false,&quot;location&quot;:null,&quot;category&quot;:&quot;&quot;},{&quot;id&quot;:27,&quot;title&quot;:&quot;Exposici\\u00f3n 30\\u00d730 #Madrigalejo&quot;,&quot;description&quot;:&quot;Con motivo del 30 Aniversario de la Asociaci\\u00f3n de Universidades Populares de Extremadura, la muestra ofrece un viaje ilustrado desde m\\u00faltiples puntos de vista sobre el movimiento Universidad Popular: su historia, sus valores, sus \\u00e1mbitos de intervenci\\u00f3n, sus proyectos, su actividad, sus espacios y sus protagonistas.\\r\\n\\r\\nLugar: Casa-Museo Santa Mar\\u00eda. Calle Santa Mar\\u00eda, 13.\\r\\n\\r\\nHorarios: de martes a viernes de 10:00 h. a 14:00 h. y de 17:00 h. a 19:00 h. S\\u00e1bados y domingos de 11:00 h a 14:00 h.&quot;,&quot;start&quot;:&quot;2024-04-22&quot;,&quot;end&quot;:&quot;2024-04-30&quot;,&quot;borderColor&quot;:&quot;#10ecab&quot;,&quot;textColor&quot;:&quot;#ffffff&quot;,&quot;color&quot;:&quot;#99F43E&quot;,&quot;url&quot;:&quot;&quot;,&quot;allDay&quot;:&quot;yes&quot;,&quot;external&quot;:&quot;on&quot;,&quot;nofollow&quot;:&quot;on&quot;,&quot;imageUrl&quot;:false,&quot;location&quot;:null,&quot;category&quot;:&quot;&quot;},{&quot;id&quot;:28,&quot;title&quot;:&quot;Exposici\\u00f3n 30\\u00d730 #Miajadas&quot;,&quot;description&quot;:&quot;Con motivo del 30 Aniversario de la Asociaci\\u00f3n de Universidades Populares de Extremadura, la muestra ofrece un viaje ilustrado desde m\\u00faltiples puntos de vista sobre el movimiento Universidad Popular: su historia, sus valores, sus \\u00e1mbitos de intervenci\\u00f3n, sus proyectos, su actividad, sus espacios y sus protagonistas.\\r\\n\\r\\nLugar: Complejo Cultural \\&quot;Palacio Obispo Solis\\&quot;, Primera planta. Calle Real, 28\\r\\nHorarios: de lunes a viernes de 09:00 h. a 13:30 h. y de 18:00 h.\\u00a0 a 20:00 h.&quot;,&quot;start&quot;:&quot;2024-04-30&quot;,&quot;end&quot;:&quot;2024-05-08&quot;,&quot;borderColor&quot;:&quot;#10ecab&quot;,&quot;textColor&quot;:&quot;#ffffff&quot;,&quot;color&quot;:&quot;#3EF43E&quot;,&quot;url&quot;:&quot;&quot;,&quot;allDay&quot;:&quot;yes&quot;,&quot;external&quot;:&quot;on&quot;,&quot;nofollow&quot;:&quot;on&quot;,&quot;imageUrl&quot;:false,&quot;location&quot;:null,&quot;category&quot;:&quot;&quot;},{&quot;id&quot;:29,&quot;title&quot;:&quot;Exposici\\u00f3n 30\\u00d730 #Alburquerque&quot;,&quot;description&quot;:&quot;Con motivo del 30 Aniversario de la Asociaci\\u00f3n de Universidades Populares de Extremadura, la muestra ofrece un viaje ilustrado desde m\\u00faltiples puntos de vista sobre el movimiento Universidad Popular: su historia, sus valores, sus \\u00e1mbitos de intervenci\\u00f3n, sus proyectos, su actividad, sus espacios y sus protagonistas.\\r\\n\\r\\nLugar: Casa de la Cultura \\&quot;Luis Landero\\&quot;. Avda. de Extremadura, s\\\/n.\\r\\nHorarios: de lunes a viernes de 08:00 h. a 14:00 h. y de 17:00 h. 20:00 h.&quot;,&quot;start&quot;:&quot;2024-05-08&quot;,&quot;end&quot;:&quot;2024-05-17&quot;,&quot;borderColor&quot;:&quot;#10ecab&quot;,&quot;textColor&quot;:&quot;#ffffff&quot;,&quot;color&quot;:&quot;#3EF499&quot;,&quot;url&quot;:&quot;&quot;,&quot;allDay&quot;:&quot;yes&quot;,&quot;external&quot;:&quot;on&quot;,&quot;nofollow&quot;:&quot;on&quot;,&quot;imageUrl&quot;:false,&quot;location&quot;:null,&quot;category&quot;:&quot;&quot;},{&quot;id&quot;:30,&quot;title&quot;:&quot;Exposici\\u00f3n 30\\u00d730 #Arroyo de la Luz&quot;,&quot;description&quot;:&quot;Con motivo del 30 Aniversario de la Asociaci\\u00f3n de Universidades Populares de Extremadura, la muestra ofrece un viaje ilustrado desde m\\u00faltiples puntos de vista sobre el movimiento Universidad Popular: su historia, sus valores, sus \\u00e1mbitos de intervenci\\u00f3n, sus proyectos, su actividad, sus espacios y sus protagonistas.\\r\\n\\r\\nLugar: Corral de las Comedias. Calle Casas Nuevas, 11.\\r\\nHorarios: de lunes a viernes de 10:00 h. a 12:30 h. Tardes, concertando cita previa en el 927270030.&quot;,&quot;start&quot;:&quot;2024-05-17&quot;,&quot;end&quot;:&quot;2024-05-27&quot;,&quot;borderColor&quot;:&quot;#10ecab&quot;,&quot;textColor&quot;:&quot;#ffffff&quot;,&quot;color&quot;:&quot;#3EF4C6&quot;,&quot;url&quot;:&quot;&quot;,&quot;allDay&quot;:&quot;yes&quot;,&quot;external&quot;:&quot;on&quot;,&quot;nofollow&quot;:&quot;on&quot;,&quot;imageUrl&quot;:false,&quot;location&quot;:null,&quot;category&quot;:&quot;&quot;},{&quot;id&quot;:31,&quot;title&quot;:&quot;Exposici\\u00f3n 30\\u00d730 #Torrejoncillo&quot;,&quot;description&quot;:&quot;Con motivo del 30 Aniversario de la Asociaci\\u00f3n de Universidades Populares de Extremadura, la muestra ofrece un viaje ilustrado desde m\\u00faltiples puntos de vista sobre el movimiento Universidad Popular: su historia, sus valores, sus \\u00e1mbitos de intervenci\\u00f3n, sus proyectos, su actividad, sus espacios y sus protagonistas.\\r\\n\\r\\nLugar: Hall de la Casa de la Cultura. Calle Jenaro Ramos, 15.\\r\\nHorarios: de lunes a viernes de 10:00 h. a 14:00 h. y de 17:00 h\\u00a0 a 22:00 h.&quot;,&quot;start&quot;:&quot;2024-05-27&quot;,&quot;end&quot;:&quot;2024-06-03&quot;,&quot;borderColor&quot;:&quot;#10ecab&quot;,&quot;textColor&quot;:&quot;#ffffff&quot;,&quot;color&quot;:&quot;#3EF4F4&quot;,&quot;url&quot;:&quot;&quot;,&quot;allDay&quot;:&quot;yes&quot;,&quot;external&quot;:&quot;on&quot;,&quot;nofollow&quot;:&quot;on&quot;,&quot;imageUrl&quot;:false,&quot;location&quot;:null,&quot;category&quot;:&quot;&quot;},{&quot;id&quot;:32,&quot;title&quot;:&quot;Exposici\\u00f3n 30\\u00d730 #Malpartida de Plasencia&quot;,&quot;description&quot;:&quot;Con motivo del 30 Aniversario de la Asociaci\\u00f3n de Universidades Populares de Extremadura, la muestra ofrece un viaje ilustrado desde m\\u00faltiples puntos de vista sobre el movimiento Universidad Popular: su historia, sus valores, sus \\u00e1mbitos de intervenci\\u00f3n, sus proyectos, su actividad, sus espacios y sus protagonistas.\\r\\n\\r\\nLugar: Matadero Arte Vicente Manzano.\\r\\nHorarios: de martes a s\\u00e1bado de 17:00 h. a 20:00 h.&quot;,&quot;start&quot;:&quot;2024-06-03&quot;,&quot;end&quot;:&quot;2024-06-18&quot;,&quot;borderColor&quot;:&quot;#10ecab&quot;,&quot;textColor&quot;:&quot;#ffffff&quot;,&quot;color&quot;:&quot;#3EC6F4&quot;,&quot;url&quot;:&quot;&quot;,&quot;allDay&quot;:&quot;yes&quot;,&quot;external&quot;:&quot;on&quot;,&quot;nofollow&quot;:&quot;on&quot;,&quot;imageUrl&quot;:false,&quot;location&quot;:null,&quot;category&quot;:&quot;&quot;},{&quot;id&quot;:33,&quot;title&quot;:&quot;Exposici\\u00f3n 30\\u00d730 #Herv\\u00e1s&quot;,&quot;description&quot;:&quot;Con motivo del 30 Aniversario de la Asociaci\\u00f3n de Universidades Populares de Extremadura, la muestra ofrece un viaje ilustrado desde m\\u00faltiples puntos de vista sobre el movimiento Universidad Popular: su historia, sus valores, sus \\u00e1mbitos de intervenci\\u00f3n, sus proyectos, su actividad, sus espacios y sus protagonistas.\\r\\n\\r\\nLugar: Casa de la Cultura. Avda. de Espa\\u00f1a, 12.\\r\\nHorarios: de lunes a viernes de 09:00 h. a 14:00 h. y de 16:00 h. a 20:00 h.&quot;,&quot;start&quot;:&quot;2024-06-18&quot;,&quot;end&quot;:&quot;2024-06-25&quot;,&quot;borderColor&quot;:&quot;#10ecab&quot;,&quot;textColor&quot;:&quot;#ffffff&quot;,&quot;color&quot;:&quot;#3E99F4&quot;,&quot;url&quot;:&quot;&quot;,&quot;allDay&quot;:&quot;yes&quot;,&quot;external&quot;:&quot;on&quot;,&quot;nofollow&quot;:&quot;on&quot;,&quot;imageUrl&quot;:false,&quot;location&quot;:null,&quot;category&quot;:&quot;&quot;},{&quot;id&quot;:34,&quot;title&quot;:&quot;Exposici\\u00f3n 30\\u00d730 #Zorita&quot;,&quot;description&quot;:&quot;Con motivo del 30 Aniversario de la Asociaci\\u00f3n de Universidades Populares de Extremadura, la muestra ofrece un viaje ilustrado desde m\\u00faltiples puntos de vista sobre el movimiento Universidad Popular: su historia, sus valores, sus \\u00e1mbitos de intervenci\\u00f3n, sus proyectos, su actividad, sus espacios y sus protagonistas.\\r\\n\\r\\nLugar: Casa de la Cultura. Calle Francisco Pizarro, 1.\\r\\nHorarios: de lunes a viernes de 17:00 h. a 19:00 h.&quot;,&quot;start&quot;:&quot;2024-06-24&quot;,&quot;end&quot;:&quot;2024-07-04&quot;,&quot;borderColor&quot;:&quot;#10ecab&quot;,&quot;textColor&quot;:&quot;#ffffff&quot;,&quot;color&quot;:&quot;#3E3EF4&quot;,&quot;url&quot;:&quot;&quot;,&quot;allDay&quot;:&quot;yes&quot;,&quot;external&quot;:&quot;on&quot;,&quot;nofollow&quot;:&quot;on&quot;,&quot;imageUrl&quot;:false,&quot;location&quot;:null,&quot;category&quot;:&quot;&quot;},{&quot;id&quot;:35,&quot;title&quot;:&quot;Exposici\\u00f3n 30\\u00d730 #Puebla de la Reina&quot;,&quot;description&quot;:&quot;Con motivo del 30 Aniversario de la Asociaci\\u00f3n de Universidades Populares de Extremadura, la muestra ofrece un viaje ilustrado desde m\\u00faltiples puntos de vista sobre el movimiento Universidad Popular: su historia, sus valores, sus \\u00e1mbitos de intervenci\\u00f3n, sus proyectos, su actividad, sus espacios y sus protagonistas.\\r\\n\\r\\nLugar: Casa de la Cultura de Puebla de la Reina. Plaza Cabildo, 7.\\r\\nHorarios: de lunes a viernes de 09:00 a 14:00 h. y de 16:30 h. a 20:00 h. S\\u00e1bados y domingos de 10:00 h. a 13:00 h.&quot;,&quot;start&quot;:&quot;2024-07-04&quot;,&quot;end&quot;:&quot;2024-07-12&quot;,&quot;borderColor&quot;:&quot;#10ecab&quot;,&quot;textColor&quot;:&quot;#ffffff&quot;,&quot;color&quot;:&quot;#6C3EF4&quot;,&quot;url&quot;:&quot;&quot;,&quot;allDay&quot;:&quot;yes&quot;,&quot;external&quot;:&quot;on&quot;,&quot;nofollow&quot;:&quot;on&quot;,&quot;imageUrl&quot;:false,&quot;location&quot;:null,&quot;category&quot;:&quot;&quot;},{&quot;id&quot;:36,&quot;title&quot;:&quot;Exposici\\u00f3n 30\\u00d730 #Ribera del Fresno&quot;,&quot;description&quot;:&quot;Con motivo del 30 Aniversario de la Asociaci\\u00f3n de Universidades Populares de Extremadura, la muestra ofrece un viaje ilustrado desde m\\u00faltiples puntos de vista sobre el movimiento Universidad Popular: su historia, sus valores, sus \\u00e1mbitos de intervenci\\u00f3n, sus proyectos, su actividad, sus espacios y sus protagonistas.\\r\\n\\r\\nLugar: Casa de la Cultura \\&quot;Casa de Vargas-Z\\u00fa\\u00f1iga\\&quot;. Calle San Juan Mac\\u00edas, 2.\\r\\nHorarios: de lunes a viernes de 10:00 h. a 12:00 h. y de 19:00 h. a 21:00 h.&quot;,&quot;start&quot;:&quot;2024-07-12&quot;,&quot;end&quot;:&quot;2024-07-19&quot;,&quot;borderColor&quot;:&quot;#10ecab&quot;,&quot;textColor&quot;:&quot;#ffffff&quot;,&quot;color&quot;:&quot;#993EF4&quot;,&quot;url&quot;:&quot;&quot;,&quot;allDay&quot;:&quot;yes&quot;,&quot;external&quot;:&quot;on&quot;,&quot;nofollow&quot;:&quot;on&quot;,&quot;imageUrl&quot;:false,&quot;location&quot;:null,&quot;category&quot;:&quot;&quot;},{&quot;id&quot;:37,&quot;title&quot;:&quot;Exposici\\u00f3n 30\\u00d730 #Usagre&quot;,&quot;description&quot;:&quot;Con motivo del 30 Aniversario de la Asociaci\\u00f3n de Universidades Populares de Extremadura, la muestra ofrece un viaje ilustrado desde m\\u00faltiples puntos de vista sobre el movimiento Universidad Popular: su historia, sus valores, sus \\u00e1mbitos de intervenci\\u00f3n, sus proyectos, su actividad, sus espacios y sus protagonistas.\\r\\n\\r\\nLugar: Sal\\u00f3n de actos de la Casa de la Cultura \\&quot;Pepi P\\u00e9rez L\\u00e1zaro\\&quot;. Calle Hern\\u00e1n Cort\\u00e9s, s\\\/n\\r\\nHorarios: de lunes a viernes de 10:00 h. a 14:00 h.&quot;,&quot;start&quot;:&quot;2024-07-19&quot;,&quot;end&quot;:&quot;2024-07-26&quot;,&quot;borderColor&quot;:&quot;#10ecab&quot;,&quot;textColor&quot;:&quot;#ffffff&quot;,&quot;color&quot;:&quot;#C63EF4&quot;,&quot;url&quot;:&quot;&quot;,&quot;allDay&quot;:&quot;yes&quot;,&quot;external&quot;:&quot;on&quot;,&quot;nofollow&quot;:&quot;on&quot;,&quot;imageUrl&quot;:false,&quot;location&quot;:null,&quot;category&quot;:&quot;&quot;},{&quot;id&quot;:38,&quot;title&quot;:&quot;Exposici\\u00f3n 30\\u00d730 #Hornachos&quot;,&quot;description&quot;:&quot;Con motivo del 30 Aniversario de la Asociaci\\u00f3n de Universidades Populares de Extremadura, la muestra ofrece un viaje ilustrado desde m\\u00faltiples puntos de vista sobre el movimiento Universidad Popular: su historia, sus valores, sus \\u00e1mbitos de intervenci\\u00f3n, sus proyectos, su actividad, sus espacios y sus protagonistas.\\r\\n\\r\\nLugar: Oficina de Turismo de Hornachos.\\u00a0 Calle San Francisco, 56.\\r\\nHorarios: de martes a domingo de 08:30 a 14:00 h.&quot;,&quot;start&quot;:&quot;2024-07-26&quot;,&quot;end&quot;:&quot;2024-08-02&quot;,&quot;borderColor&quot;:&quot;#10ecab&quot;,&quot;textColor&quot;:&quot;#ffffff&quot;,&quot;color&quot;:&quot;#F43EF4&quot;,&quot;url&quot;:&quot;&quot;,&quot;allDay&quot;:&quot;yes&quot;,&quot;external&quot;:&quot;on&quot;,&quot;nofollow&quot;:&quot;on&quot;,&quot;imageUrl&quot;:false,&quot;location&quot;:null,&quot;category&quot;:&quot;&quot;},{&quot;id&quot;:39,&quot;title&quot;:&quot;Exposici\\u00f3n 30\\u00d730 #Navalvillar de Pela&quot;,&quot;description&quot;:&quot;Con motivo del 30 Aniversario de la Asociaci\\u00f3n de Universidades Populares de Extremadura, la muestra ofrece un viaje ilustrado desde m\\u00faltiples puntos de vista sobre el movimiento Universidad Popular: su historia, sus valores, sus \\u00e1mbitos de intervenci\\u00f3n, sus proyectos, su actividad, sus espacios y sus protagonistas.\\r\\n\\r\\nLugar: Sala multiusos de la Universidad Popular Pele\\u00f1a. Calle Lepanto, 1.\\r\\nHorarios: de lunes a viernes de 10:30 h. a 13:30 h.&quot;,&quot;start&quot;:&quot;2024-08-02&quot;,&quot;end&quot;:&quot;2024-08-09&quot;,&quot;borderColor&quot;:&quot;#10ecab&quot;,&quot;textColor&quot;:&quot;#ffffff&quot;,&quot;color&quot;:&quot;#F43E99&quot;,&quot;url&quot;:&quot;&quot;,&quot;allDay&quot;:&quot;yes&quot;,&quot;external&quot;:&quot;on&quot;,&quot;nofollow&quot;:&quot;on&quot;,&quot;imageUrl&quot;:false,&quot;location&quot;:null,&quot;category&quot;:&quot;&quot;},{&quot;id&quot;:40,&quot;title&quot;:&quot;Exposici\\u00f3n 30\\u00d730 #Villagarc\\u00eda de la Torre&quot;,&quot;description&quot;:&quot;Con motivo del 30 Aniversario de la Asociaci\\u00f3n de Universidades Populares de Extremadura, la muestra ofrece un viaje ilustrado desde m\\u00faltiples puntos de vista sobre el movimiento Universidad Popular: su historia, sus valores, sus \\u00e1mbitos de intervenci\\u00f3n, sus proyectos, su actividad, sus espacios y sus protagonistas.\\r\\n\\r\\nLugar: Centro Social de Villagarc\\u00eda de la Torre. Calle Cruz, 8.\\r\\nHorarios: de lunes a viernes de 10:00 h. a 14:00 h.&quot;,&quot;start&quot;:&quot;2024-08-09&quot;,&quot;end&quot;:&quot;2024-08-15&quot;,&quot;borderColor&quot;:&quot;#10ecab&quot;,&quot;textColor&quot;:&quot;#ffffff&quot;,&quot;color&quot;:&quot;#F43E6C&quot;,&quot;url&quot;:&quot;&quot;,&quot;allDay&quot;:&quot;yes&quot;,&quot;external&quot;:&quot;on&quot;,&quot;nofollow&quot;:&quot;on&quot;,&quot;imageUrl&quot;:false,&quot;location&quot;:null,&quot;category&quot;:&quot;&quot;},{&quot;id&quot;:41,&quot;title&quot;:&quot;Exposici\\u00f3n 30\\u00d730 #Llerena&quot;,&quot;description&quot;:&quot;Con motivo del 30 Aniversario de la Asociaci\\u00f3n de Universidades Populares de Extremadura, la muestra ofrece un viaje ilustrado desde m\\u00faltiples puntos de vista sobre el movimiento Universidad Popular: su historia, sus valores, sus \\u00e1mbitos de intervenci\\u00f3n, sus proyectos, su actividad, sus espacios y sus protagonistas.\\r\\n\\r\\nLugar: Patio Noble del Palacio Consistorial. Plaza de Espa\\u00f1a, 1.\\r\\nHorarios: de lunes a s\\u00e1bado de 10:00 h. a 14:00 h.&quot;,&quot;start&quot;:&quot;2024-08-15&quot;,&quot;end&quot;:&quot;2024-08-23&quot;,&quot;borderColor&quot;:&quot;#10ecab&quot;,&quot;textColor&quot;:&quot;#ffffff&quot;,&quot;color&quot;:&quot;#F43E3E&quot;,&quot;url&quot;:&quot;&quot;,&quot;allDay&quot;:&quot;yes&quot;,&quot;external&quot;:&quot;on&quot;,&quot;nofollow&quot;:&quot;on&quot;,&quot;imageUrl&quot;:false,&quot;location&quot;:null,&quot;category&quot;:&quot;&quot;},{&quot;id&quot;:42,&quot;title&quot;:&quot;Exposici\\u00f3n 30\\u00d730 #Ahillones&quot;,&quot;description&quot;:&quot;Con motivo del 30 Aniversario de la Asociaci\\u00f3n de Universidades Populares de Extremadura, la muestra ofrece un viaje ilustrado desde m\\u00faltiples puntos de vista sobre el movimiento Universidad Popular: su historia, sus valores, sus \\u00e1mbitos de intervenci\\u00f3n, sus proyectos, su actividad, sus espacios y sus protagonistas.\\r\\n\\r\\nLugar: Centro Social. Plaza San Juan, s\\\/n.\\r\\nHorarios: lunes a viernes de 20:00 h. a 22:00 h.&quot;,&quot;start&quot;:&quot;2024-08-23&quot;,&quot;end&quot;:&quot;2024-08-30&quot;,&quot;borderColor&quot;:&quot;#10ecab&quot;,&quot;textColor&quot;:&quot;#ffffff&quot;,&quot;color&quot;:&quot;#F43E3E&quot;,&quot;url&quot;:&quot;&quot;,&quot;allDay&quot;:&quot;yes&quot;,&quot;external&quot;:&quot;on&quot;,&quot;nofollow&quot;:&quot;on&quot;,&quot;imageUrl&quot;:false,&quot;location&quot;:null,&quot;category&quot;:&quot;&quot;},{&quot;id&quot;:43,&quot;title&quot;:&quot;Exposici\\u00f3n 30\\u00d730 #Talarrubias&quot;,&quot;description&quot;:&quot;Con motivo del 30 Aniversario de la Asociaci\\u00f3n de Universidades Populares de Extremadura, la muestra ofrece un viaje ilustrado desde m\\u00faltiples puntos de vista sobre el movimiento Universidad Popular: su historia, sus valores, sus \\u00e1mbitos de intervenci\\u00f3n, sus proyectos, su actividad, sus espacios y sus protagonistas.\\r\\n\\r\\nLugar: Universidad Popular \\&quot;Centro de Ocio y Formaci\\u00f3n\\&quot;. Calle Pilario, 24.\\r\\nHorario: de lunes a viernes de\\u00a016:00 h. a 20:00 h.&quot;,&quot;start&quot;:&quot;2024-09-19&quot;,&quot;end&quot;:&quot;2024-09-30&quot;,&quot;borderColor&quot;:&quot;#10ecab&quot;,&quot;textColor&quot;:&quot;#ffffff&quot;,&quot;color&quot;:&quot;#F46C3E&quot;,&quot;url&quot;:&quot;&quot;,&quot;allDay&quot;:&quot;yes&quot;,&quot;external&quot;:&quot;on&quot;,&quot;nofollow&quot;:&quot;on&quot;,&quot;imageUrl&quot;:false,&quot;location&quot;:null,&quot;category&quot;:&quot;&quot;},{&quot;id&quot;:44,&quot;title&quot;:&quot;Exposici\\u00f3n 30\\u00d730 #Herrera del Duque&quot;,&quot;description&quot;:&quot;Con motivo del 30 Aniversario de la Asociaci\\u00f3n de Universidades Populares de Extremadura, la muestra ofrece un viaje ilustrado desde m\\u00faltiples puntos de vista sobre el movimiento Universidad Popular: su historia, sus valores, sus \\u00e1mbitos de intervenci\\u00f3n, sus proyectos, su actividad, sus espacios y sus protagonistas.\\r\\n\\r\\nLugar: Palacio de la Cultura. Calle La Feria, 59.\\r\\nHorarios: de lunes a viernes de 09:00 h. a 14:00 h. y de 16:00 h. a 22:00 h.&quot;,&quot;start&quot;:&quot;2024-09-30&quot;,&quot;end&quot;:&quot;2024-10-10&quot;,&quot;borderColor&quot;:&quot;#10ecab&quot;,&quot;textColor&quot;:&quot;#ffffff&quot;,&quot;color&quot;:&quot;#F4993E&quot;,&quot;url&quot;:&quot;&quot;,&quot;allDay&quot;:&quot;yes&quot;,&quot;external&quot;:&quot;on&quot;,&quot;nofollow&quot;:&quot;on&quot;,&quot;imageUrl&quot;:false,&quot;location&quot;:null,&quot;category&quot;:&quot;&quot;},{&quot;id&quot;:45,&quot;title&quot;:&quot;Exposici\\u00f3n 30\\u00d730 #Trujillo&quot;,&quot;description&quot;:&quot;Con motivo del 30 Aniversario de la Asociaci\\u00f3n de Universidades Populares de Extremadura, la muestra ofrece un viaje ilustrado desde m\\u00faltiples puntos de vista sobre el movimiento Universidad Popular: su historia, sus valores, sus \\u00e1mbitos de intervenci\\u00f3n, sus proyectos, su actividad, sus espacios y sus protagonistas.&quot;,&quot;start&quot;:&quot;2024-10-10&quot;,&quot;end&quot;:&quot;2024-10-21&quot;,&quot;borderColor&quot;:&quot;#10ecab&quot;,&quot;textColor&quot;:&quot;#ffffff&quot;,&quot;color&quot;:&quot;#F4C63E&quot;,&quot;url&quot;:&quot;&quot;,&quot;allDay&quot;:&quot;yes&quot;,&quot;external&quot;:&quot;on&quot;,&quot;nofollow&quot;:&quot;on&quot;,&quot;imageUrl&quot;:false,&quot;location&quot;:null,&quot;category&quot;:&quot;&quot;},{&quot;id&quot;:46,&quot;title&quot;:&quot;Exposici\\u00f3n 30\\u00d730 #Malpartida de C\\u00e1ceres&quot;,&quot;description&quot;:&quot;Con motivo del 30 Aniversario de la Asociaci\\u00f3n de Universidades Populares de Extremadura, la muestra ofrece un viaje ilustrado desde m\\u00faltiples puntos de vista sobre el movimiento Universidad Popular: su historia, sus valores, sus \\u00e1mbitos de intervenci\\u00f3n, sus proyectos, su actividad, sus espacios y sus protagonistas.\\r\\n\\r\\nLugar: Casa de la Cultura de Malpartida de C\\u00e1ceres. Plaza Antonio Mogoll\\u00f3n, 5.\\r\\nHorarios: de lunes a viernes\\u00a0 de 16:30 h. a 21:00 h.&quot;,&quot;start&quot;:&quot;2024-10-21&quot;,&quot;end&quot;:&quot;2024-10-31&quot;,&quot;borderColor&quot;:&quot;#10ecab&quot;,&quot;textColor&quot;:&quot;#ffffff&quot;,&quot;color&quot;:&quot;#F4F43E&quot;,&quot;url&quot;:&quot;&quot;,&quot;allDay&quot;:&quot;yes&quot;,&quot;external&quot;:&quot;on&quot;,&quot;nofollow&quot;:&quot;on&quot;,&quot;imageUrl&quot;:false,&quot;location&quot;:null,&quot;category&quot;:&quot;&quot;},{&quot;id&quot;:47,&quot;title&quot;:&quot;Exposici\\u00f3n 30\\u00d730 #Alcu\\u00e9scar&quot;,&quot;description&quot;:&quot;Con motivo del 30 Aniversario de la Asociaci\\u00f3n de Universidades Populares de Extremadura, la muestra ofrece un viaje ilustrado desde m\\u00faltiples puntos de vista sobre el movimiento Universidad Popular: su historia, sus valores, sus \\u00e1mbitos de intervenci\\u00f3n, sus proyectos, su actividad, sus espacios y sus protagonistas.\\r\\n\\r\\nLugar: C.T.C. Garc\\u00eda Plata de Osma . Avda. Constituci\\u00f3n, s\\\/n.\\r\\nHorarios: de lunes a viernes de 09:00 h. a 13:00 h. y de 16:00 a 20:00 h.&quot;,&quot;start&quot;:&quot;2024-10-31 08:00&quot;,&quot;end&quot;:&quot;2024-11-10 17:00:01&quot;,&quot;borderColor&quot;:&quot;#10ecab&quot;,&quot;textColor&quot;:&quot;#ffffff&quot;,&quot;color&quot;:&quot;#C6F43E&quot;,&quot;url&quot;:&quot;&quot;,&quot;allDay&quot;:&quot;&quot;,&quot;external&quot;:&quot;on&quot;,&quot;nofollow&quot;:&quot;on&quot;,&quot;imageUrl&quot;:false,&quot;location&quot;:null,&quot;category&quot;:&quot;&quot;},{&quot;id&quot;:48,&quot;title&quot;:&quot;Exposici\\u00f3n 30\\u00d730 #Valverde de Legan\\u00e9s&quot;,&quot;description&quot;:&quot;Con motivo del 30 Aniversario de la Asociaci\\u00f3n de Universidades Populares de Extremadura, la muestra ofrece un viaje ilustrado desde m\\u00faltiples puntos de vista sobre el movimiento Universidad Popular: su historia, sus valores, sus \\u00e1mbitos de intervenci\\u00f3n, sus proyectos, su actividad, sus espacios y sus protagonistas.\\r\\n\\r\\nLugar: Casa de la Cultura de Valverde de Legan\\u00e9s. Calle Virgen de Guadalupe, 2.\\r\\nHorarios: de lunes a viernes de 10:00 h. a 14:00 h. y de 17:00 h. a 19:00 h.&quot;,&quot;start&quot;:&quot;2024-11-11&quot;,&quot;end&quot;:&quot;2024-11-21&quot;,&quot;borderColor&quot;:&quot;#10ecab&quot;,&quot;textColor&quot;:&quot;#ffffff&quot;,&quot;color&quot;:&quot;#99F43E&quot;,&quot;url&quot;:&quot;&quot;,&quot;allDay&quot;:&quot;yes&quot;,&quot;external&quot;:&quot;on&quot;,&quot;nofollow&quot;:&quot;on&quot;,&quot;imageUrl&quot;:false,&quot;location&quot;:null,&quot;category&quot;:&quot;&quot;},{&quot;id&quot;:49,&quot;title&quot;:&quot;Exposici\\u00f3n 30\\u00d730 #Barcarrota&quot;,&quot;description&quot;:&quot;Con motivo del 30 Aniversario de la Asociaci\\u00f3n de Universidades Populares de Extremadura, la muestra ofrece un viaje ilustrado desde m\\u00faltiples puntos de vista sobre el movimiento Universidad Popular: su historia, sus valores, sus \\u00e1mbitos de intervenci\\u00f3n, sus proyectos, su actividad, sus espacios y sus protagonistas.\\r\\n\\r\\nLugar: Oficina de Turismo de Barcarrota. C\\\/ Viento, 9.\\r\\nHorarios: de martes y mi\\u00e9rcoles de 09:00 h a 14:00 h y de 16:30 h a 18:30 h, jueves de 09:00 h a 14:00 h, viernes y s\\u00e1bados de 10:00 h a 14:00 h y de 16:30 h a 18:30 h, domingos de 10:00 h a 13:00 h, lunes cerrado.&quot;,&quot;start&quot;:&quot;2024-11-21&quot;,&quot;end&quot;:&quot;2025-01-10&quot;,&quot;borderColor&quot;:&quot;#10ecab&quot;,&quot;textColor&quot;:&quot;#ffffff&quot;,&quot;color&quot;:&quot;#3EF43E&quot;,&quot;url&quot;:&quot;&quot;,&quot;allDay&quot;:&quot;yes&quot;,&quot;external&quot;:&quot;on&quot;,&quot;nofollow&quot;:&quot;on&quot;,&quot;imageUrl&quot;:false,&quot;location&quot;:null,&quot;category&quot;:&quot;&quot;},{&quot;id&quot;:50,&quot;title&quot;:&quot;Exposici\\u00f3n Mujeres que dibujan a mujeres #CaleraDeLeon&quot;,&quot;description&quot;:&quot;La &lt;strong&gt;Universidad Popular de Calera de Le\\u00f3n&lt;\\\/strong&gt;, acoge en el Refectorio del Conventual Santiaguista sito en Plaza de Espa\\u00f1a, 12, la exposici\\u00f3n &lt;strong&gt;MUJERES QUE DIBUJAN A MUJERES&lt;\\\/strong&gt;, en la que \\u00a0artistas extreme\\u00f1as dialogan sobre mujeres extreme\\u00f1as a trav\\u00e9s de sus miradas y pinceles. En &lt;em&gt;Ilustradoras extreme\\u00f1as. Mujeres que dibujan a mujeres,&lt;\\\/em&gt; se presenta un recorrido sobre figuras femeninas en la Extremadura rural; personalidades influyentes, mujeres pol\\u00edticas, escritoras, profesoras, artistas, pero, a fin de cuentas, mujeres que han sido invisibilizadas o no han contado con un merecido reconocimiento sobre su trabajo.\\r\\n\\r\\nHorarios: lunes a viernes de 10:00 h a 14:00 h, s\\u00e1bados de 10:30 h a 14:30 h y de 16:00 h a 18:00 h, domingos de 10:00 h a 14:30 h.&quot;,&quot;start&quot;:&quot;2025-02-28&quot;,&quot;end&quot;:&quot;2025-04-01&quot;,&quot;borderColor&quot;:&quot;#10ecab&quot;,&quot;textColor&quot;:&quot;#ffffff&quot;,&quot;color&quot;:&quot;#3EF499&quot;,&quot;url&quot;:&quot;&quot;,&quot;allDay&quot;:&quot;yes&quot;,&quot;external&quot;:&quot;on&quot;,&quot;nofollow&quot;:&quot;on&quot;,&quot;imageUrl&quot;:false,&quot;location&quot;:null,&quot;category&quot;:&quot;&quot;},{&quot;id&quot;:51,&quot;title&quot;:&quot;Exposici\\u00f3n El arte de Bu\\u00f1uel en el laberinto de las tortugas #BilbiotecaM\\u00e9rida&quot;,&quot;description&quot;:&quot;La &lt;strong&gt;Biblioteca P\\u00fablica del Estado \\&quot;Jes\\u00fas Delgado Valhondo\\&quot; de M\\u00e9rida&lt;\\\/strong&gt;, acoge la muestra &lt;strong&gt;&lt;em&gt;El arte de Bu\\u00f1uel en el laberinto de las tortugas&lt;\\\/em&gt;&lt;\\\/strong&gt;\\u00a0del 10 al 24 de marzo de 2025, ambos inclusive, con motivo de la celebraci\\u00f3n del III D\\u00eda del C\\u00f3mic 2025.\\r\\n\\r\\nLugar: Avda. de la Libertad, s\\\/n. M\\u00e9rida, Badajoz.\\r\\n\\r\\nHorarios: Lunes a viernes, de 09:30 h a 13:30 h y de 17:00 a 20:00 h. S\\u00e1bados y domingos de 09:00 h a 14:00 h u de 17:00 h a 21:00 h.&quot;,&quot;start&quot;:&quot;2025-03-10&quot;,&quot;end&quot;:&quot;2025-03-25&quot;,&quot;borderColor&quot;:&quot;#10ecab&quot;,&quot;textColor&quot;:&quot;#ffffff&quot;,&quot;color&quot;:&quot;#3EF4C6&quot;,&quot;url&quot;:&quot;&quot;,&quot;allDay&quot;:&quot;yes&quot;,&quot;external&quot;:&quot;on&quot;,&quot;nofollow&quot;:&quot;on&quot;,&quot;imageUrl&quot;:false,&quot;location&quot;:null,&quot;category&quot;:&quot;&quot;},{&quot;id&quot;:52,&quot;title&quot;:&quot;Exposici\\u00f3n Mujeres que dibujan a mujeres #BibliotecaMerida&quot;,&quot;description&quot;:&quot;&lt;strong&gt;La Biblioteca P\\u00fablica del Estado \\&quot;Jes\\u00fas Delgado Valhondo\\&quot;&lt;\\\/strong&gt;, acoge en sus instalaciones la exposici\\u00f3n \\&quot;Mujeres que dibujan a mujeres\\&quot;, en la que artistas extreme\\u00f1as dialogan sobre mujeres extreme\\u00f1as a trav\\u00e9s de sus miradas y pinceles. &lt;strong&gt;En &lt;\\\/strong&gt;&lt;em&gt;&lt;strong&gt;Ilustradoras extreme\\u00f1as. Mujeres que dibujan a mujeres&lt;\\\/strong&gt;,&lt;\\\/em&gt; se presenta un recorrido sobre figuras femeninas en la Extremadura rural; personalidades influyentes, mujeres pol\\u00edticas, escritoras, profesoras, artistas, pero, a fin de cuentas, mujeres que han sido invisibilizadas o no han contado con un merecido reconocimiento sobre su trabajo.\\r\\n\\r\\nLugar: Avda. de la Libertad, s\\\/n. M\\u00e9rida, Badajoz.\\r\\n\\r\\nHorarios: Lunes a viernes, de 09:30 h a 13:30 h y de 17:00 a 20:00 h. S\\u00e1bados y domingos de 09:00 h a 14:00 h u de 17:00 h a 21:00 h.&quot;,&quot;start&quot;:&quot;2025-05-05&quot;,&quot;end&quot;:&quot;2025-05-16&quot;,&quot;borderColor&quot;:&quot;#10ecab&quot;,&quot;textColor&quot;:&quot;#ffffff&quot;,&quot;color&quot;:&quot;#3EF4F4&quot;,&quot;url&quot;:&quot;&quot;,&quot;allDay&quot;:&quot;yes&quot;,&quot;external&quot;:&quot;on&quot;,&quot;nofollow&quot;:&quot;on&quot;,&quot;imageUrl&quot;:false,&quot;location&quot;:null,&quot;category&quot;:&quot;&quot;},{&quot;id&quot;:53,&quot;title&quot;:&quot;Exposici\\u00f3n Mujeres que dibujan a mujeres #Villafrancadelosbarros&quot;,&quot;description&quot;:&quot;&lt;strong&gt;La Universidad Popular de Villafranca de los Barros &lt;\\\/strong&gt;acoge en sus instalaciones la exposici\\u00f3n \\&quot;Mujeres que dibujan a mujeres\\&quot;, en la que artistas extreme\\u00f1as dialogan sobre mujeres extreme\\u00f1as a trav\\u00e9s de sus miradas y pinceles. &lt;strong&gt;En &lt;\\\/strong&gt;&lt;em&gt;&lt;strong&gt;Ilustradoras extreme\\u00f1as. Mujeres que dibujan a mujeres&lt;\\\/strong&gt;,&lt;\\\/em&gt; se presenta un recorrido sobre figuras femeninas en la Extremadura rural; personalidades influyentes, mujeres pol\\u00edticas, escritoras, profesoras, artistas, pero, a fin de cuentas, mujeres que han sido invisibilizadas o no han contado con un merecido reconocimiento sobre su trabajo.\\r\\n\\r\\nLugar: C\\\/ M\\u00e1rtires, s\\\/n, Villafranca de los Barros. Badajoz.\\r\\n\\r\\n&amp;nbsp;&quot;,&quot;start&quot;:&quot;2025-05-12&quot;,&quot;end&quot;:&quot;2025-06-16&quot;,&quot;borderColor&quot;:&quot;#10ecab&quot;,&quot;textColor&quot;:&quot;#ffffff&quot;,&quot;color&quot;:&quot;#3EC6F4&quot;,&quot;url&quot;:&quot;&quot;,&quot;allDay&quot;:&quot;yes&quot;,&quot;external&quot;:&quot;on&quot;,&quot;nofollow&quot;:&quot;on&quot;,&quot;imageUrl&quot;:false,&quot;location&quot;:null,&quot;category&quot;:&quot;&quot;},{&quot;id&quot;:54,&quot;title&quot;:&quot;Exposici\\u00f3n MUJERES ARTISTAS. 500 a\\u00f1os. 2 d\\u00e9cadas #Igualdad Trujillo&quot;,&quot;description&quot;:&quot;La Mancomunidad Comarca de Trujillo, acoge en el IES Francisco de Orellana (del 4 al 11 de marzo) y en el IES Turgalium (del 12 al 20 de marzo), la muestra de Virginia Rivas, en la que da a conocer algunas de las grandes (y desconocidas para el p\\u00fablico general) artistas que forman parte de la Historia del Arte, a la vez que muestra el trabajo de investigaci\\u00f3n y difusi\\u00f3n que artistas contempor\\u00e1neas est\\u00e1n haciendo actualmente con el fin de visibilizarlas.\\r\\n\\r\\n&amp;nbsp;&quot;,&quot;start&quot;:&quot;2026-03-04&quot;,&quot;end&quot;:&quot;2026-03-24&quot;,&quot;borderColor&quot;:&quot;#10ecab&quot;,&quot;textColor&quot;:&quot;#ffffff&quot;,&quot;color&quot;:&quot;#3E99F4&quot;,&quot;url&quot;:&quot;&quot;,&quot;allDay&quot;:&quot;yes&quot;,&quot;external&quot;:&quot;on&quot;,&quot;nofollow&quot;:&quot;on&quot;,&quot;imageUrl&quot;:false,&quot;location&quot;:null,&quot;category&quot;:&quot;&quot;},{&quot;id&quot;:55,&quot;title&quot;:&quot;Exposici\\u00f3n Mujeres que dibujan a mujeres #Fuentes de Le\\u00f3n&quot;,&quot;description&quot;:&quot;La Universidad Popular de Fuentes de Le\\u00f3n acoge en sus instalaciones la exposici\\u00f3n \\&quot;Mujeres que dibujan a mujeres\\&quot;, en la que artistas extreme\\u00f1as dialogan sobre mujeres extreme\\u00f1as a trav\\u00e9s de sus miradas y pinceles. En Ilustradoras extreme\\u00f1as. Mujeres que dibujan a mujeres, se presenta un recorrido sobre figuras femeninas en la Extremadura rural; personalidades influyentes, mujeres pol\\u00edticas, escritoras, profesoras, artistas, pero, a fin de cuentas, mujeres que han sido invisibilizadas o no han contado con un merecido reconocimiento sobre su trabajo.\\r\\n\\r\\n&amp;nbsp;&quot;,&quot;start&quot;:&quot;2026-03-09&quot;,&quot;end&quot;:&quot;2026-03-24&quot;,&quot;borderColor&quot;:&quot;#10ecab&quot;,&quot;textColor&quot;:&quot;#ffffff&quot;,&quot;color&quot;:&quot;#3E3EF4&quot;,&quot;url&quot;:&quot;&quot;,&quot;allDay&quot;:&quot;yes&quot;,&quot;external&quot;:&quot;on&quot;,&quot;nofollow&quot;:&quot;on&quot;,&quot;imageUrl&quot;:false,&quot;location&quot;:null,&quot;category&quot;:&quot;&quot;}]\"\n            data-thumbnail_position = \"\"\n            data-first_day=\"1\"><\/div><div id=\"eaelecModal\" class=\"eaelec-modal eael-zoom-in\">\n            <div class=\"eaelec-modal-content\">\n                <div class=\"eaelec-modal-header\">\n                    <div class=\"eaelec-modal-close\"><span><i class=\"fas fa-times\"><\/i><\/span><\/div>\n                    <h2 class=\"eael-ec-modal-title\"><\/h2>\n                    <span class=\"eaelec-event-date-start eaelec-event-popup-date\"><\/span>\n                    <span class=\"eaelec-event-date-end eaelec-event-popup-date\"><\/span>\n                    <span class=\"eaelec-event-location eaelec-event-popup-location\" style=\"display: none;\"><\/span>\n                <\/div>\n                <div class=\"eaelec-modal-body\">\n                    <p><\/p>\n                <\/div>\n                <div class=\"eaelec-modal-footer\">\n                    <a class=\"eaelec-event-details-link\">Detalles del evento<\/a>\n                <\/div>\n            <\/div>\n        <\/div><\/div>\t\t\t\t<\/div>\n\t\t\t\t<\/div>\n\t\t\t\t\t<\/div>\n\t\t<\/div>\n\t\t\t\t\t<\/div>\n\t\t<\/section>\n\t\t\t\t\t<\/div>\n\t\t<\/div>\n\t\t\t\t\t<\/div>\n\t\t<\/section>\n\t\t\t\t<section class=\"elementor-section elementor-top-section elementor-element elementor-element-23e6a53 elementor-section-boxed elementor-section-height-default elementor-section-height-default\" data-id=\"23e6a53\" data-element_type=\"section\" data-e-type=\"section\" id=\"peticiones\">\n\t\t\t\t\t\t<div class=\"elementor-container elementor-column-gap-default\">\n\t\t\t\t\t<div class=\"elementor-column elementor-col-100 elementor-top-column elementor-element elementor-element-a89bba9\" data-id=\"a89bba9\" data-element_type=\"column\" data-e-type=\"column\">\n\t\t\t<div class=\"elementor-widget-wrap elementor-element-populated\">\n\t\t\t\t\t\t<div class=\"elementor-element elementor-element-0cfce19 elementor-widget elementor-widget-text-editor\" data-id=\"0cfce19\" data-element_type=\"widget\" data-e-type=\"widget\" data-widget_type=\"text-editor.default\">\n\t\t\t\t<div class=\"elementor-widget-container\">\n\t\t\t\t\t\t\t\t\t<p>solicitudes<\/p>\t\t\t\t\t\t\t\t<\/div>\n\t\t\t\t<\/div>\n\t\t\t\t<div class=\"elementor-element elementor-element-33f79dc elementor-widget elementor-widget-text-editor\" data-id=\"33f79dc\" data-element_type=\"widget\" data-e-type=\"widget\" data-widget_type=\"text-editor.default\">\n\t\t\t\t<div class=\"elementor-widget-container\">\n\t\t\t\t\t\t\t\t\t<p>Revisa el calendario de exposiciones para saber si es posible hacer una petici\u00f3n de cualquiera de ellas.<\/p>\t\t\t\t\t\t\t\t<\/div>\n\t\t\t\t<\/div>\n\t\t\t\t<div class=\"elementor-element elementor-element-432e6f6 elementor-widget elementor-widget-text-editor\" data-id=\"432e6f6\" data-element_type=\"widget\" data-e-type=\"widget\" data-widget_type=\"text-editor.default\">\n\t\t\t\t<div class=\"elementor-widget-container\">\n\t\t\t\t\t\t\t\t\t<p>En este apartado se pueden hacer solicitudes de las exposiciones disponibles (para Universidades Populares, centros educativos y otras organizaciones o asociaciones culturales) o de participaci\u00f3n en el proyecto Contenedores de Arte en sus distintas modalidades (1.- para artistas y creadores\/as. 2.- para escolares, estudiantes, asociaciones, agrupaciones art\u00edsticas y otras personas que quieran participar como colaboradores\/as o participantes en proyectos art\u00edsticos)<\/p>\t\t\t\t\t\t\t\t<\/div>\n\t\t\t\t<\/div>\n\t\t\t\t<div class=\"elementor-element elementor-element-7250504 elementor-align-center elementor-widget elementor-widget-button\" data-id=\"7250504\" data-element_type=\"widget\" data-e-type=\"widget\" data-widget_type=\"button.default\">\n\t\t\t\t<div class=\"elementor-widget-container\">\n\t\t\t\t\t\t\t\t\t<div class=\"elementor-button-wrapper\">\n\t\t\t\t\t<a class=\"elementor-button elementor-button-link elementor-size-md\" href=\"https:\/\/docs.google.com\/forms\/d\/e\/1FAIpQLSfy9GjbAqInPB4G13K0NBWNSFq7iZRjRESjnDTDFndxVndzHg\/viewform\">\n\t\t\t\t\t\t<span class=\"elementor-button-content-wrapper\">\n\t\t\t\t\t\t<span class=\"elementor-button-icon\">\n\t\t\t\t<i aria-hidden=\"true\" class=\"far fa-list-alt\"><\/i>\t\t\t<\/span>\n\t\t\t\t\t\t\t\t\t<span class=\"elementor-button-text\">Formulario de petici\u00f3n de exposiciones<\/span>\n\t\t\t\t\t<\/span>\n\t\t\t\t\t<\/a>\n\t\t\t\t<\/div>\n\t\t\t\t\t\t\t\t<\/div>\n\t\t\t\t<\/div>\n\t\t\t\t<section class=\"elementor-section elementor-inner-section elementor-element elementor-element-076608a elementor-section-boxed elementor-section-height-default elementor-section-height-default\" data-id=\"076608a\" data-element_type=\"section\" data-e-type=\"section\">\n\t\t\t\t\t\t<div class=\"elementor-container elementor-column-gap-default\">\n\t\t\t\t\t<div class=\"elementor-column elementor-col-50 elementor-inner-column elementor-element elementor-element-d57654b\" data-id=\"d57654b\" data-element_type=\"column\" data-e-type=\"column\">\n\t\t\t<div class=\"elementor-widget-wrap\">\n\t\t\t\t\t\t\t<\/div>\n\t\t<\/div>\n\t\t\t\t<div class=\"elementor-column elementor-col-50 elementor-inner-column elementor-element elementor-element-f6683cd elementor-hidden-desktop elementor-hidden-tablet elementor-hidden-mobile\" data-id=\"f6683cd\" data-element_type=\"column\" data-e-type=\"column\">\n\t\t\t<div class=\"elementor-widget-wrap elementor-element-populated\">\n\t\t\t\t\t\t<div class=\"elementor-element elementor-element-dd51b86 elementor-align-center elementor-widget elementor-widget-button\" data-id=\"dd51b86\" data-element_type=\"widget\" data-e-type=\"widget\" data-widget_type=\"button.default\">\n\t\t\t\t<div class=\"elementor-widget-container\">\n\t\t\t\t\t\t\t\t\t<div class=\"elementor-button-wrapper\">\n\t\t\t\t\t<a class=\"elementor-button elementor-button-link elementor-size-md\" href=\"https:\/\/forms.gle\/QRFm3WPRttp2JVjp9\">\n\t\t\t\t\t\t<span class=\"elementor-button-content-wrapper\">\n\t\t\t\t\t\t<span class=\"elementor-button-icon\">\n\t\t\t\t<i aria-hidden=\"true\" class=\"far fa-list-alt\"><\/i>\t\t\t<\/span>\n\t\t\t\t\t\t\t\t\t<span class=\"elementor-button-text\">Formulario de petici\u00f3n de Contenedores de Arte<\/span>\n\t\t\t\t\t<\/span>\n\t\t\t\t\t<\/a>\n\t\t\t\t<\/div>\n\t\t\t\t\t\t\t\t<\/div>\n\t\t\t\t<\/div>\n\t\t\t\t\t<\/div>\n\t\t<\/div>\n\t\t\t\t\t<\/div>\n\t\t<\/section>\n\t\t\t\t<section class=\"elementor-section elementor-inner-section elementor-element elementor-element-2913445 elementor-hidden-desktop elementor-hidden-tablet elementor-hidden-mobile elementor-section-boxed elementor-section-height-default elementor-section-height-default\" data-id=\"2913445\" data-element_type=\"section\" data-e-type=\"section\" id=\"pedidas\" data-settings=\"{&quot;background_background&quot;:&quot;classic&quot;}\">\n\t\t\t\t\t\t<div class=\"elementor-container elementor-column-gap-wide\">\n\t\t\t\t\t<div class=\"elementor-column elementor-col-100 elementor-inner-column elementor-element elementor-element-53bf3c6\" data-id=\"53bf3c6\" data-element_type=\"column\" data-e-type=\"column\">\n\t\t\t<div class=\"elementor-widget-wrap elementor-element-populated\">\n\t\t\t\t\t\t<div class=\"elementor-element elementor-element-d21115d elementor-widget elementor-widget-heading\" data-id=\"d21115d\" data-element_type=\"widget\" data-e-type=\"widget\" id=\"form-expo\" data-widget_type=\"heading.default\">\n\t\t\t\t<div class=\"elementor-widget-container\">\n\t\t\t\t\t<h4 class=\"elementor-heading-title elementor-size-default\">Petici\u00f3n de exposiciones<\/h4>\t\t\t\t<\/div>\n\t\t\t\t<\/div>\n\t\t\t\t<div class=\"elementor-element elementor-element-b911c01 elementor-widget elementor-widget-metform\" data-id=\"b911c01\" data-element_type=\"widget\" data-e-type=\"widget\" data-widget_type=\"metform.default\">\n\t\t\t\t<div class=\"elementor-widget-container\">\n\t\t\t\t\t<div id=\"mf-response-props-id-348\" data-previous-steps-style=\"\" data-editswitchopen=\"\" data-response_type=\"alert\" data-erroricon=\"fas fa-exclamation-triangle\" data-successicon=\"fas fa-check\" data-messageposition=\"top\" class=\"   mf-scroll-top-no\">\n\t\t<div class=\"formpicker_warper formpicker_warper_editable\" data-metform-formpicker-key=\"348\" >\n\t\t\t\t\n\t\t\t<div class=\"mf-widget-container\">\n\t\t\t\t\r\n\t\t<div\r\n\t\t\tid=\"metform-wrap-b911c01-348\"\r\n\t\t\tclass=\"mf-form-wrapper\"\r\n\t\t\tdata-form-id=\"348\"\r\n\t\t\tdata-action=\"https:\/\/cultura.aupex.org\/exposiciones\/wp-json\/metform\/v1\/entries\/insert\/348\"\r\n\t\t\tdata-wp-nonce=\"46732ccd6a\"\r\n\t\t\tdata-form-nonce=\"df8dbefc85\"\r\n\t\t\tdata-quiz-summery = \"false\"\r\n\t\t\tdata-save-progress = \"false\"\r\n\t\t\tdata-form-type=\"general-form\"\r\n\t\t\tdata-stop-vertical-effect=\"\"\r\n\t\t\t><\/div>\r\n\r\n\r\n\t\t<!----------------------------- \r\n\t\t\t* controls_data : find the the props passed indie of data attribute\r\n\t\t\t* props.SubmitResponseMarkup : contains the markup of error or success message\r\n\t\t\t* https:\/\/developer.mozilla.org\/en-US\/docs\/Web\/JavaScript\/Reference\/Template_literals\r\n\t\t--------------------------- -->\r\n\r\n\t\t\t\t<script type=\"text\/mf\" class=\"mf-template\">\r\n\t\t\tfunction controls_data (value){\r\n\t\t\t\tlet currentWrapper = \"mf-response-props-id-348\";\r\n\t\t\t\tlet currentEl = document.getElementById(currentWrapper);\r\n\t\t\t\t\r\n\t\t\t\treturn currentEl ? currentEl.dataset[value] : false\r\n\t\t\t}\r\n\r\n\r\n\t\t\tlet is_edit_mode = '' ? true : false;\r\n\t\t\tlet message_position = controls_data('messageposition') || 'top';\r\n\r\n\t\t\t\r\n\t\t\tlet message_successIcon = controls_data('successicon') || '';\r\n\t\t\tlet message_errorIcon = controls_data('erroricon') || '';\r\n\t\t\tlet message_editSwitch = controls_data('editswitchopen') === 'yes' ? true : false;\r\n\t\t\tlet message_proClass = controls_data('editswitchopen') === 'yes' ? 'mf_pro_activated' : '';\r\n\t\t\t\r\n\t\t\tlet is_dummy_markup = is_edit_mode && message_editSwitch ? true : false;\r\n\r\n\t\t\t\r\n\t\t\treturn html`\r\n\t\t\t\t<form\r\n\t\t\t\t\tclassName=\"metform-form-content\"\r\n\t\t\t\t\tref=${parent.formContainerRef}\r\n\t\t\t\t\tonSubmit=${ validation.handleSubmit( parent.handleFormSubmit ) }\r\n\t\t\t\t\r\n\t\t\t\t\t>\r\n\t\t\t\r\n\t\t\t\r\n\t\t\t\t\t${is_dummy_markup ? message_position === 'top' ?  props.ResponseDummyMarkup(message_successIcon, message_proClass) : '' : ''}\r\n\t\t\t\t\t${is_dummy_markup ? ' ' :  message_position === 'top' ? props.SubmitResponseMarkup`${parent}${state}${message_successIcon}${message_errorIcon}${message_proClass}` : ''}\r\n\r\n\t\t\t\t\t<!--------------------------------------------------------\r\n\t\t\t\t\t*** IMPORTANT \/ DANGEROUS ***\r\n\t\t\t\t\t${html``} must be used as in immediate child of \"metform-form-main-wrapper\"\r\n\t\t\t\t\tclass otherwise multistep form will not run at all\r\n\t\t\t\t\t---------------------------------------------------------->\r\n\r\n\t\t\t\t\t<div className=\"metform-form-main-wrapper\" key=${'hide-form-after-submit'} ref=${parent.formRef}>\r\n\t\t\t\t\t${html`\r\n\t\t\t\t\t\t\t\t<div data-elementor-type=\"wp-post\" key=\"2\" data-elementor-id=\"348\" className=\"elementor elementor-348\">\n\t\t\t\t\t\t<section className=\"elementor-section elementor-top-section elementor-element elementor-element-133ebc12 elementor-section-full_width elementor-section-height-default elementor-section-height-default\" data-id=\"133ebc12\" data-element_type=\"section\" data-e-type=\"section\">\n\t\t\t\t\t\t<div className=\"elementor-container elementor-column-gap-default\">\n\t\t\t\t\t<div className=\"elementor-column elementor-col-100 elementor-top-column elementor-element elementor-element-3bac252b\" data-id=\"3bac252b\" data-element_type=\"column\" data-e-type=\"column\">\n\t\t\t<div className=\"elementor-widget-wrap elementor-element-populated\">\n\t\t\t\t\t\t<div className=\"elementor-element elementor-element-4fccb3c0 elementor-hidden-desktop elementor-hidden-tablet elementor-hidden-mobile elementor-widget elementor-widget-heading\" data-id=\"4fccb3c0\" data-element_type=\"widget\" data-e-type=\"widget\" data-widget_type=\"heading.default\">\n\t\t\t\t<div className=\"elementor-widget-container\">\n\t\t\t\t\t<h3 className=\"elementor-heading-title elementor-size-default\">Petici\u00f3n de exposiones<\/h3>\t\t\t\t<\/div>\n\t\t\t\t<\/div>\n\t\t\t\t<section className=\"elementor-section elementor-inner-section elementor-element elementor-element-3202642d elementor-section-full_width elementor-section-height-default elementor-section-height-default\" data-id=\"3202642d\" data-element_type=\"section\" data-e-type=\"section\">\n\t\t\t\t\t\t<div className=\"elementor-container elementor-column-gap-default\">\n\t\t\t\t\t<div className=\"elementor-column elementor-col-50 elementor-inner-column elementor-element elementor-element-379be12b\" data-id=\"379be12b\" data-element_type=\"column\" data-e-type=\"column\">\n\t\t\t<div className=\"elementor-widget-wrap elementor-element-populated\">\n\t\t\t\t\t\t<div className=\"elementor-element elementor-element-221b58d9 elementor-widget elementor-widget-mf-text\" data-id=\"221b58d9\" data-element_type=\"widget\" data-e-type=\"widget\" data-settings=\"{&quot;mf_input_name&quot;:&quot;up-name&quot;}\" data-widget_type=\"mf-text.default\">\n\t\t\t\t<div className=\"elementor-widget-container\">\n\t\t\t\t\t\r\n\t\t<div className=\"mf-input-wrapper\">\r\n\t\t\t\t\t\t\t<label className=\"mf-input-label\" htmlFor=\"mf-input-text-221b58d9\">\r\n\t\t\t\t\t${ parent.decodeEntities(`Organismo o entidad solicitante`) } \t\t\t\t\t<span className=\"mf-input-required-indicator\">*<\/span>\r\n\t\t\t\t<\/label>\r\n\t\t\t\r\n\t\t\t<input\r\n\t\t\t\ttype=\"text\"\r\n\t\t\t\tclassName=\"mf-input mf-conditional-input\"\r\n\t\t\t\tid=\"mf-input-text-221b58d9\"\r\n\t\t\t\tname=\"up-name\"\r\n\t\t\t\tplaceholder=\"${ parent.decodeEntities(`Nombre del organismo o entidad desde donde se hace la solicitud`) } \"\r\n\t\t\t\t\t\t\t\t\tonInput=${parent.handleChange}\r\n\t\t\t\t\tonBlur=${parent.handleChange}\r\n\t\t\t\t\taria-invalid=${validation.errors['up-name'] ? 'true' : 'false'}\r\n\t\t\t\t\tref=${el =>{\r\n\t\t\t\t\t\t\t\t\t\t\t\tparent.activateValidation({\"message\":\"Campo obligatorio\",\"minLength\":1,\"maxLength\":\"\",\"type\":\"none\",\"required\":true,\"expression\":\"null\"}, el)\r\n\t\t\t\t\t}}\r\n\t\t\t\t\t\t\t\t\/>\r\n\r\n\t\t\t\t\t\t\t<${validation.ErrorMessage}\r\n\t\t\t\t\terrors=${validation.errors}\r\n\t\t\t\t\tname=\"up-name\"\r\n\t\t\t\t\tas=${html`<span className=\"mf-error-message\"><\/span>`}\r\n\t\t\t\t\t\/>\r\n\t\t\t\r\n\t\t\t\t\t<\/div>\r\n\r\n\t\t\t\t\t\t<\/div>\n\t\t\t\t<\/div>\n\t\t\t\t\t<\/div>\n\t\t<\/div>\n\t\t\t\t<div className=\"elementor-column elementor-col-50 elementor-inner-column elementor-element elementor-element-4f74484\" data-id=\"4f74484\" data-element_type=\"column\" data-e-type=\"column\">\n\t\t\t<div className=\"elementor-widget-wrap elementor-element-populated\">\n\t\t\t\t\t\t<div className=\"elementor-element elementor-element-5f3fdb09 elementor-widget elementor-widget-mf-text\" data-id=\"5f3fdb09\" data-element_type=\"widget\" data-e-type=\"widget\" data-settings=\"{&quot;mf_input_name&quot;:&quot;responsable-destino&quot;}\" data-widget_type=\"mf-text.default\">\n\t\t\t\t<div className=\"elementor-widget-container\">\n\t\t\t\t\t\r\n\t\t<div className=\"mf-input-wrapper\">\r\n\t\t\t\t\t\t\t<label className=\"mf-input-label\" htmlFor=\"mf-input-text-5f3fdb09\">\r\n\t\t\t\t\t${ parent.decodeEntities(`Responsable en destino`) } \t\t\t\t\t<span className=\"mf-input-required-indicator\">*<\/span>\r\n\t\t\t\t<\/label>\r\n\t\t\t\r\n\t\t\t<input\r\n\t\t\t\ttype=\"text\"\r\n\t\t\t\tclassName=\"mf-input mf-conditional-input\"\r\n\t\t\t\tid=\"mf-input-text-5f3fdb09\"\r\n\t\t\t\tname=\"responsable-destino\"\r\n\t\t\t\tplaceholder=\"${ parent.decodeEntities(`Nombre completo de la persona que hace la solicitud`) } \"\r\n\t\t\t\t\t\t\t\t\tonInput=${parent.handleChange}\r\n\t\t\t\t\tonBlur=${parent.handleChange}\r\n\t\t\t\t\taria-invalid=${validation.errors['responsable-destino'] ? 'true' : 'false'}\r\n\t\t\t\t\tref=${el =>{\r\n\t\t\t\t\t\t\t\t\t\t\t\tparent.activateValidation({\"message\":\"Campo obligatorio\",\"minLength\":1,\"maxLength\":\"\",\"type\":\"none\",\"required\":true,\"expression\":\"null\"}, el)\r\n\t\t\t\t\t}}\r\n\t\t\t\t\t\t\t\t\/>\r\n\r\n\t\t\t\t\t\t\t<${validation.ErrorMessage}\r\n\t\t\t\t\terrors=${validation.errors}\r\n\t\t\t\t\tname=\"responsable-destino\"\r\n\t\t\t\t\tas=${html`<span className=\"mf-error-message\"><\/span>`}\r\n\t\t\t\t\t\/>\r\n\t\t\t\r\n\t\t\t\t\t<\/div>\r\n\r\n\t\t\t\t\t\t<\/div>\n\t\t\t\t<\/div>\n\t\t\t\t\t<\/div>\n\t\t<\/div>\n\t\t\t\t\t<\/div>\n\t\t<\/section>\n\t\t\t\t<section className=\"elementor-section elementor-inner-section elementor-element elementor-element-4d67e19a elementor-section-full_width elementor-section-height-default elementor-section-height-default\" data-id=\"4d67e19a\" data-element_type=\"section\" data-e-type=\"section\">\n\t\t\t\t\t\t<div className=\"elementor-container elementor-column-gap-default\">\n\t\t\t\t\t<div className=\"elementor-column elementor-col-50 elementor-inner-column elementor-element elementor-element-6dfaa3dc\" data-id=\"6dfaa3dc\" data-element_type=\"column\" data-e-type=\"column\">\n\t\t\t<div className=\"elementor-widget-wrap elementor-element-populated\">\n\t\t\t\t\t\t<div className=\"elementor-element elementor-element-41f5625b elementor-widget elementor-widget-mf-telephone\" data-id=\"41f5625b\" data-element_type=\"widget\" data-e-type=\"widget\" data-settings=\"{&quot;mf_input_name&quot;:&quot;mf-tel&quot;}\" data-widget_type=\"mf-telephone.default\">\n\t\t\t\t<div className=\"elementor-widget-container\">\n\t\t\t\t\t\n\t\t<div className=\"mf-input-wrapper\">\n\t\t\t\t\t\t\t<label className=\"mf-input-label\" htmlFor=\"mf-input-telephone-41f5625b\">\n\t\t\t\t\t${ parent.decodeEntities(`Tel\u00e9fono de contacto`) } \t\t\t\t\t<span className=\"mf-input-required-indicator\">*<\/span>\n\t\t\t\t<\/label>\n\t\t\t\n\t\t\t<input\n\t\t\t\ttype=\"tel\"\n\t\t\t\tclassName=\"mf-input mf-conditional-input\"\n\t\t\t\tid=\"mf-input-telephone-41f5625b\" \n\t\t\t\tname=\"mf-tel\"\n\t\t\t\tplaceholder=\"${ parent.decodeEntities(`Tel\u00e9fono de contacto`) } \"\n\t\t\t\t\t\t\t\t\tonInput=${parent.handleChange}\n\t\t\t\t\taria-invalid=${validation.errors['mf-tel'] ? 'true' : 'false'}\n\t\t\t\t\tref=${el => parent.activateValidation({\"message\":\"Campo obligatorio\",\"minLength\":1,\"maxLength\":\"\",\"type\":\"none\",\"required\":true,\"expression\":\"null\"}, el)}\n\t\t\t\t\t\t\t\t\/>\n\t\t\t\n\t\t\t\t\t\t\t<${validation.ErrorMessage}\n\t\t\t\t\terrors=${validation.errors}\n\t\t\t\t\tname=\"mf-tel\"\n\t\t\t\t\tas=${html`<span className=\"mf-error-message\"><\/span>`}\n\t\t\t\t\t\/>\n\t\t\t\n\t\t\t\n\t\t<\/div>\n\n\t\t\t\t\t\t<\/div>\n\t\t\t\t<\/div>\n\t\t\t\t\t<\/div>\n\t\t<\/div>\n\t\t\t\t<div className=\"elementor-column elementor-col-50 elementor-inner-column elementor-element elementor-element-25a735ec\" data-id=\"25a735ec\" data-element_type=\"column\" data-e-type=\"column\">\n\t\t\t<div className=\"elementor-widget-wrap elementor-element-populated\">\n\t\t\t\t\t\t<div className=\"elementor-element elementor-element-229a3267 elementor-widget elementor-widget-mf-email\" data-id=\"229a3267\" data-element_type=\"widget\" data-e-type=\"widget\" data-settings=\"{&quot;mf_input_name&quot;:&quot;mf-email&quot;}\" data-widget_type=\"mf-email.default\">\n\t\t\t\t<div className=\"elementor-widget-container\">\n\t\t\t\t\t\r\n\t\t<div className=\"mf-input-wrapper\">\r\n\t\t\t\t\t\t\t<label className=\"mf-input-label\" htmlFor=\"mf-input-email-229a3267\">\r\n\t\t\t\t\t${ parent.decodeEntities(`Correo electr\u00f3nico`) } \t\t\t\t\t<span className=\"mf-input-required-indicator\">*<\/span>\r\n\t\t\t\t<\/label>\r\n\t\t\t\r\n\t\t\t<input \r\n\t\t\t\ttype=\"email\" \r\n\t\t\t\t \r\n\t\t\t\tdefaultValue=\"\" \r\n\t\t\t\tclassName=\"mf-input mf-conditional-input\" \r\n\t\t\t\tid=\"mf-input-email-229a3267\" \r\n\t\t\t\tname=\"mf-email\" \r\n\t\t\t\tplaceholder=\"${ parent.decodeEntities(`Correo electr\u00f3nico del solicitante`) } \" \r\n\t\t\t\t \r\n\t\t\t\tonBlur=${parent.handleChange} onFocus=${parent.handleChange} aria-invalid=${validation.errors['mf-email'] ? 'true' : 'false' } \r\n\t\t\t\tref=${el=> parent.activateValidation({\"message\":\"Campo obligatorio\",\"emailMessage\":\"Please enter a valid Email address\",\"minLength\":1,\"maxLength\":\"\",\"type\":\"none\",\"required\":true,\"expression\":\"null\"}, el)}\r\n\t\t\t\t\t\t\t\/>\r\n\r\n\t\t\t\t\t\t<${validation.ErrorMessage} \r\n\t\t\t\terrors=${validation.errors} \r\n\t\t\t\tname=\"mf-email\" \r\n\t\t\t\tas=${html`<span className=\"mf-error-message\"><\/span>`}\r\n\t\t\t\/>\r\n\t\t\t\r\n\t\t\t\t\t<\/div>\r\n\r\n\t\t\t\t<\/div>\n\t\t\t\t<\/div>\n\t\t\t\t\t<\/div>\n\t\t<\/div>\n\t\t\t\t\t<\/div>\n\t\t<\/section>\n\t\t\t\t<section className=\"elementor-section elementor-inner-section elementor-element elementor-element-7f281331 elementor-section-full_width elementor-section-height-default elementor-section-height-default\" data-id=\"7f281331\" data-element_type=\"section\" data-e-type=\"section\">\n\t\t\t\t\t\t<div className=\"elementor-container elementor-column-gap-default\">\n\t\t\t\t\t<div className=\"elementor-column elementor-col-50 elementor-inner-column elementor-element elementor-element-5f23e89a\" data-id=\"5f23e89a\" data-element_type=\"column\" data-e-type=\"column\">\n\t\t\t<div className=\"elementor-widget-wrap elementor-element-populated\">\n\t\t\t\t\t\t<div className=\"elementor-element elementor-element-4adce36c elementor-widget elementor-widget-mf-date\" data-id=\"4adce36c\" data-element_type=\"widget\" data-e-type=\"widget\" data-settings=\"{&quot;mf_input_name&quot;:&quot;mf-checkin-date&quot;}\" data-widget_type=\"mf-date.default\">\n\t\t\t\t<div className=\"elementor-widget-container\">\n\t\t\t\t\t\t\t\r\n\t\t<div className=\"mf-input-wrapper\">\r\n\t\t\t\t\t\t\t<label className=\"mf-input-label\" htmlFor=\"mf-input-date-4adce36c\">\r\n\t\t\t\t\t${ parent.decodeEntities(`Inicio del pr\u00e9stamo`) } \t\t\t\t\t<span className=\"mf-input-required-indicator\">*<\/span>\r\n\t\t\t\t<\/label>\r\n\t\t\t\r\n\t\t\t<${props.Flatpickr}\r\n\t\t\t\t\tname=\"mf-checkin-date\"\r\n\t\t\t\t\tclassName=\"mf-input mf-date-input mf-left-parent  mf-conditional-input\"\r\n\t\t\t\t\tplaceholder=\"${ parent.decodeEntities(`DD - MM - YYYY`) } \"\r\n\t\t\t\t\toptions=${{\"minDate\":\"yes\",\"maxDate\":\"\",\"dateFormat\":\"d-m-Y\",\"enableTime\":\"\",\"disable\":[],\"mode\":\"single\",\"static\":true,\"disableMobile\":true,\"time_24hr\":false}}\r\n\t\t\t\t\tvalue=${parent.getValue('mf-checkin-date')}\r\n\t\t\t\t\tonInput=${parent.handleDateTime}\r\n\t\t\t\t\taria-invalid=${validation.errors['mf-checkin-date'] ? 'true' : 'false'}\r\n\t\t\t\t\tref=${el => props.DateWidget(\r\n\t\t\t\t\t\t\tel, \r\n\t\t\t\t\t\t\t'es', \r\n\t\t\t\t\t\t\t{\"message\":\"Campo obligatorio\",\"required\":true},  \r\n\t\t\t\t\t\t\tregister, \r\n\t\t\t\t\t\t\tparent \r\n\t\t\t\t\t\t)}\r\n\t\t\t\t\t\/>\r\n\r\n\t\t\t\t\t\t\t<${validation.ErrorMessage}\r\n\t\t\t\t\terrors=${validation.errors}\r\n\t\t\t\t\tname=\"mf-checkin-date\"\r\n\t\t\t\t\tas=${html`<span className=\"mf-error-message\"><\/span>`}\r\n\t\t\t\t\t\/>\r\n\t\t\t\t\t\t\t\t<\/div>\r\n\r\n\t\t\r\n\t\t\t\t\t\t<\/div>\n\t\t\t\t<\/div>\n\t\t\t\t\t<\/div>\n\t\t<\/div>\n\t\t\t\t<div className=\"elementor-column elementor-col-50 elementor-inner-column elementor-element elementor-element-247bec92\" data-id=\"247bec92\" data-element_type=\"column\" data-e-type=\"column\">\n\t\t\t<div className=\"elementor-widget-wrap elementor-element-populated\">\n\t\t\t\t\t\t<div className=\"elementor-element elementor-element-590544b8 elementor-widget elementor-widget-mf-date\" data-id=\"590544b8\" data-element_type=\"widget\" data-e-type=\"widget\" data-settings=\"{&quot;mf_input_name&quot;:&quot;mf-checkout-date&quot;}\" data-widget_type=\"mf-date.default\">\n\t\t\t\t<div className=\"elementor-widget-container\">\n\t\t\t\t\t\t\t\r\n\t\t<div className=\"mf-input-wrapper\">\r\n\t\t\t\t\t\t\t<label className=\"mf-input-label\" htmlFor=\"mf-input-date-590544b8\">\r\n\t\t\t\t\t${ parent.decodeEntities(`Fin del pr\u00e9stamo`) } \t\t\t\t\t<span className=\"mf-input-required-indicator\">*<\/span>\r\n\t\t\t\t<\/label>\r\n\t\t\t\r\n\t\t\t<${props.Flatpickr}\r\n\t\t\t\t\tname=\"mf-checkout-date\"\r\n\t\t\t\t\tclassName=\"mf-input mf-date-input mf-left-parent  mf-conditional-input\"\r\n\t\t\t\t\tplaceholder=\"${ parent.decodeEntities(`DD - MM - YYYY`) } \"\r\n\t\t\t\t\toptions=${{\"minDate\":\"\",\"maxDate\":\"\",\"dateFormat\":\"d-m-Y\",\"enableTime\":\"\",\"disable\":[],\"mode\":\"single\",\"static\":true,\"disableMobile\":true,\"time_24hr\":false}}\r\n\t\t\t\t\tvalue=${parent.getValue('mf-checkout-date')}\r\n\t\t\t\t\tonInput=${parent.handleDateTime}\r\n\t\t\t\t\taria-invalid=${validation.errors['mf-checkout-date'] ? 'true' : 'false'}\r\n\t\t\t\t\tref=${el => props.DateWidget(\r\n\t\t\t\t\t\t\tel, \r\n\t\t\t\t\t\t\t'es', \r\n\t\t\t\t\t\t\t{\"message\":\"Campo obligatorio\",\"required\":true},  \r\n\t\t\t\t\t\t\tregister, \r\n\t\t\t\t\t\t\tparent \r\n\t\t\t\t\t\t)}\r\n\t\t\t\t\t\/>\r\n\r\n\t\t\t\t\t\t\t<${validation.ErrorMessage}\r\n\t\t\t\t\terrors=${validation.errors}\r\n\t\t\t\t\tname=\"mf-checkout-date\"\r\n\t\t\t\t\tas=${html`<span className=\"mf-error-message\"><\/span>`}\r\n\t\t\t\t\t\/>\r\n\t\t\t\t\t\t\t\t<\/div>\r\n\r\n\t\t\r\n\t\t\t\t\t\t<\/div>\n\t\t\t\t<\/div>\n\t\t\t\t\t<\/div>\n\t\t<\/div>\n\t\t\t\t\t<\/div>\n\t\t<\/section>\n\t\t\t\t<section className=\"elementor-section elementor-inner-section elementor-element elementor-element-2ab361ed elementor-section-full_width elementor-section-height-default elementor-section-height-default\" data-id=\"2ab361ed\" data-element_type=\"section\" data-e-type=\"section\">\n\t\t\t\t\t\t<div className=\"elementor-container elementor-column-gap-default\">\n\t\t\t\t\t<div className=\"elementor-column elementor-col-50 elementor-inner-column elementor-element elementor-element-402f73f7\" data-id=\"402f73f7\" data-element_type=\"column\" data-e-type=\"column\">\n\t\t\t<div className=\"elementor-widget-wrap elementor-element-populated\">\n\t\t\t\t\t\t<div className=\"elementor-element elementor-element-f44ee0e elementor-widget elementor-widget-mf-select\" data-id=\"f44ee0e\" data-element_type=\"widget\" data-e-type=\"widget\" data-settings=\"{&quot;mf_input_name&quot;:&quot;mf-select&quot;,&quot;mf_input_list&quot;:[{&quot;mf_input_option_text&quot;:&quot;El arte de Bu\\u00f1uel en el laberinto de las tortugas&quot;,&quot;mf_input_option_value&quot;:&quot;Bunuel&quot;,&quot;_id&quot;:&quot;4435972&quot;,&quot;mf_input_option_status&quot;:&quot;&quot;,&quot;mf_input_option_selected&quot;:&quot;&quot;},{&quot;mf_input_option_text&quot;:&quot;Ilustradoras extreme\\u00f1as. Mujeres que dibujan a mujeres&quot;,&quot;mf_input_option_value&quot;:&quot;Ilustradoras&quot;,&quot;_id&quot;:&quot;2393e32&quot;,&quot;mf_input_option_status&quot;:&quot;&quot;,&quot;mf_input_option_selected&quot;:&quot;&quot;},{&quot;mf_input_option_text&quot;:&quot;Mujeres Artistas. 500 a\\u00f1os. 2 d\\u00e9cadas&quot;,&quot;mf_input_option_value&quot;:&quot;Mujeres artistas&quot;,&quot;_id&quot;:&quot;f7da9d2&quot;,&quot;mf_input_option_status&quot;:&quot;&quot;,&quot;mf_input_option_selected&quot;:&quot;&quot;}]}\" data-widget_type=\"mf-select.default\">\n\t\t\t\t<div className=\"elementor-widget-container\">\n\t\t\t\t\t\n\t\t\n\t\t<div className=\"mf-input-wrapper\">\n\t\t\t\t\t\t\t<label className=\"mf-input-label\" htmlFor=\"mf-input-select-f44ee0e\">\n\t\t\t\t\t${ parent.decodeEntities(`Exposici\u00f3n solicitada`) } \t\t\t\t\t<span className=\"mf-input-required-indicator\">*<\/span>\n\t\t\t\t<\/label>\n            \n            <${props.Select}\n                className=${\"mf-input mf-input-select  \" + ( validation.errors['mf-select'] ? 'mf-invalid' : '' )}\n                classNamePrefix=\"mf_select\"\n                name=\"mf-select\"\n                placeholder=\"${ parent.decodeEntities(`Selecciona en que exposici\u00f3n est\u00e1s interesado\/a`) } \"\n                isSearchable=${false}\n                options=${[{\"label\":\"El arte de Bu\\u00f1uel en el laberinto de las tortugas\",\"value\":\"Bunuel\",\"isDisabled\":false},{\"label\":\"Ilustradoras extreme\\u00f1as. Mujeres que dibujan a mujeres\",\"value\":\"Ilustradoras\",\"isDisabled\":false},{\"label\":\"Mujeres Artistas. 500 a\\u00f1os. 2 d\\u00e9cadas\",\"value\":\"Mujeres artistas\",\"isDisabled\":false}]}\n                value=${parent.getValue(\"mf-select\") ? [{\"label\":\"El arte de Bu\\u00f1uel en el laberinto de las tortugas\",\"value\":\"Bunuel\",\"isDisabled\":false},{\"label\":\"Ilustradoras extreme\\u00f1as. Mujeres que dibujan a mujeres\",\"value\":\"Ilustradoras\",\"isDisabled\":false},{\"label\":\"Mujeres Artistas. 500 a\\u00f1os. 2 d\\u00e9cadas\",\"value\":\"Mujeres artistas\",\"isDisabled\":false}].filter(item => item.value === parent.getValue(\"mf-select\"))[0] : []}\n                onChange=${(e)=> parent.handleSelect(e, \"mf-select\")}\n                ref=${() => {\n\t\t\t\t                    register({ name: \"mf-select\" }, parent.activateValidation({\"message\":\"Campo obligatorio\",\"minLength\":1,\"maxLength\":\"\",\"type\":\"none\",\"required\":true}));\n                    if ( parent.getValue(\"mf-select\") === '' && false ) {\n\t\t\t\t    parent.setValue( 'mf-select', '', true );\n                        parent.handleChange({\n                            target: {\n                                name: 'mf-select',\n                                value: ''\n                            }\n                        });\n                    }\n                }}\n                \/>\n\n            \t\t\t\t<${validation.ErrorMessage}\n\t\t\t\t\terrors=${validation.errors}\n\t\t\t\t\tname=\"mf-select\"\n\t\t\t\t\tas=${html`<span className=\"mf-error-message\"><\/span>`}\n\t\t\t\t\t\/>\n\t\t\t\t\t\t\t\t<\/div>\n\n\t\t\n\t\t\t\t\t\t<\/div>\n\t\t\t\t<\/div>\n\t\t\t\t<div className=\"elementor-element elementor-element-6edf1ca elementor-widget elementor-widget-mf-recaptcha\" data-id=\"6edf1ca\" data-element_type=\"widget\" data-e-type=\"widget\" data-widget_type=\"mf-recaptcha.default\">\n\t\t\t\t<div className=\"elementor-widget-container\">\n\t\t\t\t\t\t\t<div className=\"mf-input-wrapper\">\n\t\t\t\n\t\t\t\t\t<div\n\t\t\t\t\t\tclassName=\"g-recaptcha \"\n\t\t\t\t\t\tid=\"g-recaptcha\"\n\t\t\t\t\t\tdata-sitekey=\"6LcKEBgjAAAAAApVqSjsvctPGCfMbk6bV6dm1-Kx\"\n\t\t\t\t\t\t\t\t\t\t\t\t\tdata-callback=\"handleReCAPTCHA_${this.state.recaptcha_uid}\"\n\t\t\t\t\t\t\tdata-expired-callback=\"handleReCAPTCHA_${this.state.recaptcha_uid}\"\n\t\t\t\t\t\t\tdata-error-callback=\"handleReCAPTCHA_${this.state.recaptcha_uid}\"\n\t\t\t\t\t\t\taria-invalid=${validation.errors['g-recaptcha-response'] ? 'true' : 'false'}\n\t\t\t\t\t\t\t\t\t\t\t\t><\/div>\n\n\t\t\t\t\t\t\t\t\t\t\t<input type=\"hidden\"\n\t\t\t\t\t\t\tname=\"g-recaptcha-response\"\n\t\t\t\t\t\t\tclassName=\"mf-input mf-mobile-hidden\"\n\t\t\t\t\t\t\tvalue=${parent.getValue('g-recaptcha-response')}\n\t\t\t\t\t\t\tref=${el => parent.activateValidation({\"message\":\"reCAPTCHA is required.\",\"required\":true}, el)}\n\t\t\t\t\t\t\t\/>\n\n\t\t\t\t\t\t<${validation.ErrorMessage} errors=${validation.errors} name=\"g-recaptcha-response\" as=${html`<span className=\"mf-error-message\"><\/span>`} \/>\n\t\t\t\t\t\n\t\t\t\t\t\t\t<\/div>\n\n\t\t\t\t\t\t<\/div>\n\t\t\t\t<\/div>\n\t\t\t\t\t<\/div>\n\t\t<\/div>\n\t\t\t\t<div className=\"elementor-column elementor-col-50 elementor-inner-column elementor-element elementor-element-657ef9e2\" data-id=\"657ef9e2\" data-element_type=\"column\" data-e-type=\"column\">\n\t\t\t<div className=\"elementor-widget-wrap elementor-element-populated\">\n\t\t\t\t\t\t<div className=\"elementor-element elementor-element-3db660b5 elementor-widget elementor-widget-mf-textarea\" data-id=\"3db660b5\" data-element_type=\"widget\" data-e-type=\"widget\" data-settings=\"{&quot;mf_input_name&quot;:&quot;mf-comment&quot;}\" data-widget_type=\"mf-textarea.default\">\n\t\t\t\t<div className=\"elementor-widget-container\">\n\t\t\t\t\t\r\n\t\t<div className=\"mf-input-wrapper\">\r\n\t\t\t\t\t\t\t<label className=\"mf-input-label\" htmlFor=\"mf-input-text-area-3db660b5\">\r\n\t\t\t\t\t${ parent.decodeEntities(`\u00bfTienes alg\u00fan comentario?`) } \t\t\t\t\t<span className=\"mf-input-required-indicator\"><\/span>\r\n\t\t\t\t<\/label>\r\n\t\t\t\r\n\t\t\t<textarea className=\"mf-input mf-textarea mf-conditional-input\" id=\"mf-input-text-area-3db660b5\"\r\n\t\t\t\tname=\"mf-comment\" \r\n\t\t\t\tplaceholder=\"${ parent.decodeEntities(`Si tienes alg\u00fan tipo de informaci\u00f3n que nos quieras hacer llegar este es el momento`) } \"\r\n\t\t\t\tcols=\"30\" rows=\"10\"\r\n\t\t\t\t\t\t\t\t\tonInput=${ parent.handleChange }\r\n\t\t\t\t\taria-invalid=${validation.errors['mf-comment'] ? 'true' : 'false'}\r\n\t\t\t\t\tref=${ el => parent.activateValidation({\"message\":\"This field is required.\",\"minLength\":1,\"maxLength\":\"\",\"type\":\"none\",\"required\":false,\"expression\":\"null\"}, el)}\r\n\t\t\t\t\t\t\t\t><\/textarea>\r\n\r\n\t\t\t\t\t\t\t<${validation.ErrorMessage}\r\n\t\t\t\t\terrors=${validation.errors}\r\n\t\t\t\t\tname=\"mf-comment\"\r\n\t\t\t\t\tas=${html`<span className=\"mf-error-message\"><\/span>`}\r\n\t\t\t\t\t\/>\r\n\t\t\t\t\t\t\t\t<\/div>\r\n\r\n\t\t\t\t\t\t<\/div>\n\t\t\t\t<\/div>\n\t\t\t\t\t<\/div>\n\t\t<\/div>\n\t\t\t\t\t<\/div>\n\t\t<\/section>\n\t\t\t\t<section className=\"elementor-section elementor-inner-section elementor-element elementor-element-1c0ef6d1 elementor-section-full_width elementor-section-content-middle elementor-section-height-default elementor-section-height-default\" data-id=\"1c0ef6d1\" data-element_type=\"section\" data-e-type=\"section\">\n\t\t\t\t\t\t<div className=\"elementor-container elementor-column-gap-default\">\n\t\t\t\t\t<div className=\"elementor-column elementor-col-100 elementor-inner-column elementor-element elementor-element-97ffd2f\" data-id=\"97ffd2f\" data-element_type=\"column\" data-e-type=\"column\">\n\t\t\t<div className=\"elementor-widget-wrap elementor-element-populated\">\n\t\t\t\t\t\t<div className=\"elementor-element elementor-element-792c99a3 elementor-widget__width-auto mf-btn--center elementor-widget elementor-widget-mf-button\" data-id=\"792c99a3\" data-element_type=\"widget\" data-e-type=\"widget\" data-widget_type=\"mf-button.default\">\n\t\t\t\t<div className=\"elementor-widget-container\">\n\t\t\t\t\t\t\t<div className=\"mf-btn-wraper mf-conditional-input\" data-mf-form-conditional-logic-requirement=\"\">\r\n\t\t\t\t\t\t\t<button type=\"submit\" className=\"metform-btn metform-submit-btn \" id=\"\">\r\n\t\t\t\t\t<span>${ parent.decodeEntities(`Enviar`) } <\/span>\r\n\t\t\t\t<\/button>\r\n\t\t\t        <\/div>\r\n        \t\t\t\t<\/div>\n\t\t\t\t<\/div>\n\t\t\t\t\t<\/div>\n\t\t<\/div>\n\t\t\t\t\t<\/div>\n\t\t<\/section>\n\t\t\t\t\t<\/div>\n\t\t<\/div>\n\t\t\t\t\t<\/div>\n\t\t<\/section>\n\t\t\t\t<\/div>\n\t\t\t\t\t\t\t`}\r\n\t\t\t\t\t<\/div>\r\n\r\n\t\t\t\t\t${is_dummy_markup ? message_position === 'bottom' ? props.ResponseDummyMarkup(message_successIcon, message_proClass) : '' : ''}\r\n\t\t\t\t\t${is_dummy_markup ? ' ' : message_position === 'bottom' ? props.SubmitResponseMarkup`${parent}${state}${message_successIcon}${message_errorIcon}${message_proClass}` : ''}\r\n\t\t\t\t\r\n\t\t\t\t<\/form>\r\n\t\t\t`\r\n\t\t<\/script>\r\n\r\n\t\t\t\t\t<\/div>\n\t\t<\/div>\n\t\t<\/div>\t\t\t\t<\/div>\n\t\t\t\t<\/div>\n\t\t\t\t\t<\/div>\n\t\t<\/div>\n\t\t\t\t\t<\/div>\n\t\t<\/section>\n\t\t\t\t<div class=\"elementor-element elementor-element-d5352d2 elementor-widget elementor-widget-spacer\" data-id=\"d5352d2\" data-element_type=\"widget\" data-e-type=\"widget\" data-widget_type=\"spacer.default\">\n\t\t\t\t<div class=\"elementor-widget-container\">\n\t\t\t\t\t\t\t<div class=\"elementor-spacer\">\n\t\t\t<div class=\"elementor-spacer-inner\"><\/div>\n\t\t<\/div>\n\t\t\t\t\t\t<\/div>\n\t\t\t\t<\/div>\n\t\t\t\t<div class=\"elementor-element elementor-element-107f233 elementor-widget elementor-widget-image\" data-id=\"107f233\" data-element_type=\"widget\" data-e-type=\"widget\" data-widget_type=\"image.default\">\n\t\t\t\t<div class=\"elementor-widget-container\">\n\t\t\t\t\t\t\t\t\t\t\t\t\t\t\t\t<a href=\"https:\/\/www.aupex.org\/\" target=\"_blank\">\n\t\t\t\t\t\t\t<img loading=\"lazy\" decoding=\"async\" width=\"300\" height=\"156\" src=\"https:\/\/cultura.aupex.org\/exposiciones\/wp-content\/uploads\/2025\/01\/AupexLogotipo_principal_Color-300x156.png\" class=\"attachment-medium size-medium wp-image-2044\" alt=\"\" srcset=\"https:\/\/cultura.aupex.org\/exposiciones\/wp-content\/uploads\/2025\/01\/AupexLogotipo_principal_Color-300x156.png 300w, https:\/\/cultura.aupex.org\/exposiciones\/wp-content\/uploads\/2025\/01\/AupexLogotipo_principal_Color-1024x534.png 1024w, https:\/\/cultura.aupex.org\/exposiciones\/wp-content\/uploads\/2025\/01\/AupexLogotipo_principal_Color-768x400.png 768w, https:\/\/cultura.aupex.org\/exposiciones\/wp-content\/uploads\/2025\/01\/AupexLogotipo_principal_Color.png 1326w\" sizes=\"(max-width: 300px) 100vw, 300px\" \/>\t\t\t\t\t\t\t\t<\/a>\n\t\t\t\t\t\t\t\t\t\t\t\t\t\t\t<\/div>\n\t\t\t\t<\/div>\n\t\t\t\t<div class=\"elementor-element elementor-element-6e08c22 elementor-widget elementor-widget-text-editor\" data-id=\"6e08c22\" data-element_type=\"widget\" data-e-type=\"widget\" data-widget_type=\"text-editor.default\">\n\t\t\t\t<div class=\"elementor-widget-container\">\n\t\t\t\t\t\t\t\t\t<p><a href=\"https:\/\/www.aupex.org\/politica-privacidad.php\" target=\"_blank\" rel=\"noopener\">Pol\u00edtica de privacidad<\/a><\/p>\t\t\t\t\t\t\t\t<\/div>\n\t\t\t\t<\/div>\n\t\t\t\t\t<\/div>\n\t\t<\/div>\n\t\t\t\t\t<\/div>\n\t\t<\/section>\n\t\t\t\t<section class=\"elementor-section elementor-top-section elementor-element elementor-element-b3e8f61 elementor-section-boxed elementor-section-height-default elementor-section-height-default\" data-id=\"b3e8f61\" data-element_type=\"section\" data-e-type=\"section\">\n\t\t\t\t\t\t<div class=\"elementor-container elementor-column-gap-default\">\n\t\t\t\t\t<div class=\"elementor-column elementor-col-25 elementor-top-column elementor-element elementor-element-397c9a3\" data-id=\"397c9a3\" data-element_type=\"column\" data-e-type=\"column\">\n\t\t\t<div class=\"elementor-widget-wrap elementor-element-populated\">\n\t\t\t\t\t\t<div class=\"elementor-element elementor-element-28f4dc4 elementor-widget elementor-widget-image\" data-id=\"28f4dc4\" data-element_type=\"widget\" data-e-type=\"widget\" data-widget_type=\"image.default\">\n\t\t\t\t<div class=\"elementor-widget-container\">\n\t\t\t\t\t\t\t\t\t\t\t\t\t\t\t\t<a href=\"https:\/\/www.dip-badajoz.es\/\" target=\"_blank\">\n\t\t\t\t\t\t\t<img loading=\"lazy\" decoding=\"async\" width=\"544\" height=\"185\" src=\"https:\/\/cultura.aupex.org\/exposiciones\/wp-content\/uploads\/2022\/11\/aexp_db.jpg\" class=\"attachment-large size-large wp-image-108\" alt=\"\" srcset=\"https:\/\/cultura.aupex.org\/exposiciones\/wp-content\/uploads\/2022\/11\/aexp_db.jpg 544w, https:\/\/cultura.aupex.org\/exposiciones\/wp-content\/uploads\/2022\/11\/aexp_db-300x102.jpg 300w\" sizes=\"(max-width: 544px) 100vw, 544px\" \/>\t\t\t\t\t\t\t\t<\/a>\n\t\t\t\t\t\t\t\t\t\t\t\t\t\t\t<\/div>\n\t\t\t\t<\/div>\n\t\t\t\t\t<\/div>\n\t\t<\/div>\n\t\t\t\t<div class=\"elementor-column elementor-col-25 elementor-top-column elementor-element elementor-element-c6bbb22\" data-id=\"c6bbb22\" data-element_type=\"column\" data-e-type=\"column\">\n\t\t\t<div class=\"elementor-widget-wrap elementor-element-populated\">\n\t\t\t\t\t\t<div class=\"elementor-element elementor-element-640f4db elementor-widget elementor-widget-image\" data-id=\"640f4db\" data-element_type=\"widget\" data-e-type=\"widget\" data-widget_type=\"image.default\">\n\t\t\t\t<div class=\"elementor-widget-container\">\n\t\t\t\t\t\t\t\t\t\t\t\t\t\t\t\t<a href=\"https:\/\/www.dip-caceres.es\/\" target=\"_blank\">\n\t\t\t\t\t\t\t<img loading=\"lazy\" decoding=\"async\" width=\"543\" height=\"185\" src=\"https:\/\/cultura.aupex.org\/exposiciones\/wp-content\/uploads\/2022\/11\/aexp_dc.jpg\" class=\"attachment-large size-large wp-image-109\" alt=\"\" srcset=\"https:\/\/cultura.aupex.org\/exposiciones\/wp-content\/uploads\/2022\/11\/aexp_dc.jpg 543w, https:\/\/cultura.aupex.org\/exposiciones\/wp-content\/uploads\/2022\/11\/aexp_dc-300x102.jpg 300w\" sizes=\"(max-width: 543px) 100vw, 543px\" \/>\t\t\t\t\t\t\t\t<\/a>\n\t\t\t\t\t\t\t\t\t\t\t\t\t\t\t<\/div>\n\t\t\t\t<\/div>\n\t\t\t\t\t<\/div>\n\t\t<\/div>\n\t\t\t\t<div class=\"elementor-column elementor-col-25 elementor-top-column elementor-element elementor-element-9f901f7\" data-id=\"9f901f7\" data-element_type=\"column\" data-e-type=\"column\">\n\t\t\t<div class=\"elementor-widget-wrap elementor-element-populated\">\n\t\t\t\t\t\t<div class=\"elementor-element elementor-element-33830a9 elementor-widget elementor-widget-image\" data-id=\"33830a9\" data-element_type=\"widget\" data-e-type=\"widget\" data-widget_type=\"image.default\">\n\t\t\t\t<div class=\"elementor-widget-container\">\n\t\t\t\t\t\t\t\t\t\t\t\t\t\t\t\t<a href=\"https:\/\/www.theglowanimation.com\/es\/\" target=\"_blank\">\n\t\t\t\t\t\t\t<img loading=\"lazy\" decoding=\"async\" width=\"544\" height=\"185\" src=\"https:\/\/cultura.aupex.org\/exposiciones\/wp-content\/uploads\/2022\/11\/aexp_lg.jpg\" class=\"attachment-large size-large wp-image-111\" alt=\"\" srcset=\"https:\/\/cultura.aupex.org\/exposiciones\/wp-content\/uploads\/2022\/11\/aexp_lg.jpg 544w, https:\/\/cultura.aupex.org\/exposiciones\/wp-content\/uploads\/2022\/11\/aexp_lg-300x102.jpg 300w\" sizes=\"(max-width: 544px) 100vw, 544px\" \/>\t\t\t\t\t\t\t\t<\/a>\n\t\t\t\t\t\t\t\t\t\t\t\t\t\t\t<\/div>\n\t\t\t\t<\/div>\n\t\t\t\t\t<\/div>\n\t\t<\/div>\n\t\t\t\t<div class=\"elementor-column elementor-col-25 elementor-top-column elementor-element elementor-element-e9ffc80\" data-id=\"e9ffc80\" data-element_type=\"column\" data-e-type=\"column\">\n\t\t\t<div class=\"elementor-widget-wrap elementor-element-populated\">\n\t\t\t\t\t\t<div class=\"elementor-element elementor-element-019b294 elementor-widget elementor-widget-image\" data-id=\"019b294\" data-element_type=\"widget\" data-e-type=\"widget\" data-widget_type=\"image.default\">\n\t\t\t\t<div class=\"elementor-widget-container\">\n\t\t\t\t\t\t\t\t\t\t\t\t\t\t\t\t<a href=\"https:\/\/www.almahurdes.com\/centro-de-interpretacion-e-informacion-de-las-hurdes\/\" target=\"_blank\">\n\t\t\t\t\t\t\t<img loading=\"lazy\" decoding=\"async\" width=\"544\" height=\"185\" src=\"https:\/\/cultura.aupex.org\/exposiciones\/wp-content\/uploads\/2022\/11\/aexp_lah.jpg\" class=\"attachment-large size-large wp-image-110\" alt=\"\" srcset=\"https:\/\/cultura.aupex.org\/exposiciones\/wp-content\/uploads\/2022\/11\/aexp_lah.jpg 544w, https:\/\/cultura.aupex.org\/exposiciones\/wp-content\/uploads\/2022\/11\/aexp_lah-300x102.jpg 300w\" sizes=\"(max-width: 544px) 100vw, 544px\" \/>\t\t\t\t\t\t\t\t<\/a>\n\t\t\t\t\t\t\t\t\t\t\t\t\t\t\t<\/div>\n\t\t\t\t<\/div>\n\t\t\t\t\t<\/div>\n\t\t<\/div>\n\t\t\t\t\t<\/div>\n\t\t<\/section>\n\t\t\t\t<\/div>\n\t\t","protected":false},"excerpt":{"rendered":"<p>Inicio Documentaci\u00f3n Exposiciones Contenedores de Arte Paisaje expandido Calendario Solicitudes X La\u00a0Asociaci\u00f3n de Universidades Populares de Extremadura\u00a0(AUPEX) ha venido desarrollando proyectos expositivos desde casi sus inicios, en los a\u00f1os 90, [&hellip;]<\/p>\n","protected":false},"author":1,"featured_media":61,"parent":0,"menu_order":0,"comment_status":"closed","ping_status":"closed","template":"elementor_canvas","meta":{"_EventAllDay":false,"_EventTimezone":"","_EventStartDate":"","_EventEndDate":"","_EventStartDateUTC":"","_EventEndDateUTC":"","_EventShowMap":false,"_EventShowMapLink":false,"_EventURL":"","_EventCost":"","_EventCostDescription":"","_EventCurrencySymbol":"","_EventCurrencyCode":"","_EventCurrencyPosition":"","_EventDateTimeSeparator":"","_EventTimeRangeSeparator":"","_EventOrganizerID":[],"_EventVenueID":[],"_OrganizerEmail":"","_OrganizerPhone":"","_OrganizerWebsite":"","_VenueAddress":"","_VenueCity":"","_VenueCountry":"","_VenueProvince":"","_VenueState":"","_VenueZip":"","_VenuePhone":"","_VenueURL":"","_VenueStateProvince":"","_VenueLat":"","_VenueLng":"","_VenueShowMap":false,"_VenueShowMapLink":false,"footnotes":""},"class_list":["post-9","page","type-page","status-publish","has-post-thumbnail","hentry"],"_links":{"self":[{"href":"https:\/\/cultura.aupex.org\/exposiciones\/wp-json\/wp\/v2\/pages\/9","targetHints":{"allow":["GET"]}}],"collection":[{"href":"https:\/\/cultura.aupex.org\/exposiciones\/wp-json\/wp\/v2\/pages"}],"about":[{"href":"https:\/\/cultura.aupex.org\/exposiciones\/wp-json\/wp\/v2\/types\/page"}],"author":[{"embeddable":true,"href":"https:\/\/cultura.aupex.org\/exposiciones\/wp-json\/wp\/v2\/users\/1"}],"replies":[{"embeddable":true,"href":"https:\/\/cultura.aupex.org\/exposiciones\/wp-json\/wp\/v2\/comments?post=9"}],"version-history":[{"count":318,"href":"https:\/\/cultura.aupex.org\/exposiciones\/wp-json\/wp\/v2\/pages\/9\/revisions"}],"predecessor-version":[{"id":2132,"href":"https:\/\/cultura.aupex.org\/exposiciones\/wp-json\/wp\/v2\/pages\/9\/revisions\/2132"}],"wp:featuredmedia":[{"embeddable":true,"href":"https:\/\/cultura.aupex.org\/exposiciones\/wp-json\/wp\/v2\/media\/61"}],"wp:attachment":[{"href":"https:\/\/cultura.aupex.org\/exposiciones\/wp-json\/wp\/v2\/media?parent=9"}],"curies":[{"name":"wp","href":"https:\/\/api.w.org\/{rel}","templated":true}]}}