{"id":1335,"date":"2023-02-09T10:55:52","date_gmt":"2023-02-09T10:55:52","guid":{"rendered":"https:\/\/cultura.aupex.org\/escueladeletras\/?page_id=1335"},"modified":"2023-02-09T11:04:35","modified_gmt":"2023-02-09T11:04:35","slug":"pilar-lopez","status":"publish","type":"page","link":"https:\/\/cultura.aupex.org\/escueladeletras\/pilar-lopez\/","title":{"rendered":""},"content":{"rendered":"<div id=\"pl-1335\"  class=\"panel-layout\" ><div id=\"pg-1335-0\"  class=\"panel-grid panel-no-style\" ><div id=\"pgc-1335-0-0\"  class=\"panel-grid-cell\" ><div id=\"panel-1335-0-0-0\" class=\"so-panel widget widget_sow-image panel-first-child panel-last-child\" data-index=\"0\" ><div class=\"redondea panel-widget-style panel-widget-style-for-1335-0-0-0\" ><div\n\t\t\t\n\t\t\tclass=\"so-widget-sow-image so-widget-sow-image-default-8b5b6f678277-1335\"\n\t\t\t\n\t\t>\n<div class=\"sow-image-container\">\n\t\t<img fetchpriority=\"high\" \n\tsrc=\"https:\/\/cultura.aupex.org\/escueladeletras\/wp-content\/uploads\/2023\/02\/PIlar_lopez.png\" width=\"1141\" height=\"1142\" srcset=\"https:\/\/cultura.aupex.org\/escueladeletras\/wp-content\/uploads\/2023\/02\/PIlar_lopez.png 1141w, https:\/\/cultura.aupex.org\/escueladeletras\/wp-content\/uploads\/2023\/02\/PIlar_lopez-300x300.png 300w, https:\/\/cultura.aupex.org\/escueladeletras\/wp-content\/uploads\/2023\/02\/PIlar_lopez-1024x1024.png 1024w, https:\/\/cultura.aupex.org\/escueladeletras\/wp-content\/uploads\/2023\/02\/PIlar_lopez-150x150.png 150w, https:\/\/cultura.aupex.org\/escueladeletras\/wp-content\/uploads\/2023\/02\/PIlar_lopez-768x769.png 768w, https:\/\/cultura.aupex.org\/escueladeletras\/wp-content\/uploads\/2023\/02\/PIlar_lopez-370x370.png 370w, https:\/\/cultura.aupex.org\/escueladeletras\/wp-content\/uploads\/2023\/02\/PIlar_lopez-120x120.png 120w\" alt=\"\" \t\tclass=\"so-widget-image\"\/>\n\t<\/div>\n\n<\/div><\/div><\/div><\/div><div id=\"pgc-1335-0-1\"  class=\"panel-grid-cell\" ><div id=\"panel-1335-0-1-0\" class=\"so-panel widget widget_sow-editor panel-first-child panel-last-child\" data-index=\"1\" ><div\n\t\t\t\n\t\t\tclass=\"so-widget-sow-editor so-widget-sow-editor-base\"\n\t\t\t\n\t\t>\n<div class=\"siteorigin-widget-tinymce textwidget\">\n\t<h2>Pilar L\u00f3pez \u00c1vila (Cartagena, 1969)<\/h2>\n<h4>Nota biogr\u00e1fica<\/h4>\n<p>Doctora en Veterinaria por la Universidad de Extremadura, en la actualidad imparte docencia como profesora de Biolog\u00eda y Geolog\u00eda en el IES \u201cNorba Caesarina\u201d de C\u00e1ceres. En 2010 recibe el tercer premio \u201cJoaqu\u00edn Sama\u201d a la Innovaci\u00f3n Educativa en la categor\u00eda \u201cUna escuela m\u00e1s c\u00edvica y solidaria\u201d, por el proyecto titulado \u201cAprovechamiento de materiales de desecho\u201d.<\/p>\n<p>Entre sus publicaciones caben destacar \u201cLas divertidas aventuras de las letras\u201d (Bru\u00f1o, 2010), \u201cAyobami y el nombre de los animales\u201d (Cuento de Luz, 2017), ilustrado por Mar Azabal y seleccionado como mejor \u00e1lbum ilustrado por el New York Times y la Biblioteca de Nueva York en 2018; \u201cEl peque\u00f1o colibr\u00ed tiene un problema\u201d (Bru\u00f1o, 2019), \u201cLa cometa de los sue\u00f1os\u201d (Cuento de Luz, 2019), \u201cL\u00e1vate las manos, Mar\u00eda\u201d (Bru\u00f1o, 2020); \u201cRosal\u00eda y el diente que no se ca\u00eda\u201d (Beascoa, 2021); \u201cCon alas de mariposa (Cuento de Luz, 2021), \u201c\u00bfQu\u00e9 hace un drag\u00f3n en invierno?\u201d (Malian, 2022), \u201cSi yo fuera\u201d (Bookolia, 2022). Con Norbanova ha publicado, junto con la ilustradora Deli Cornejo, \u201cLuna, lunera, \u00a1qui\u00e9n alcanzarte pudiera!\u201d (2009), \u201cGastronom\u00eda de la imaginaci\u00f3n. Recetario imposible de Pringosona Rodr\u00edguez (2012) y \u201cLas sabrosas aventuras de Pringosona Rodr\u00edguez\u201d (2012); y con la ilustradora Mar\u00eda Pol\u00e1n, ha publicado el libro \u201cTarar\u00ed que te vi y otros relatos\u201d (2021). Tambi\u00e9n con Deli Cornejo, \u201cEl AVEcedario inventado\u201d (TAU editores, 2016).<\/p>\n<\/div>\n<\/div><\/div><\/div><\/div><\/div>","protected":false},"excerpt":{"rendered":"<p>Pilar L\u00f3pez \u00c1vila (Cartagena, 1969) Nota biogr\u00e1fica Doctora en Veterinaria por la Universidad de Extremadura, en la actualidad imparte docencia como profesora de Biolog\u00eda y Geolog\u00eda en el IES \u201cNorba Caesarina\u201d de C\u00e1ceres. En 2010 recibe el tercer premio \u201cJoaqu\u00edn Sama\u201d a la Innovaci\u00f3n Educativa en la categor\u00eda \u201cUna escuela m\u00e1s c\u00edvica y solidaria\u201d, por [&hellip;]<\/p>\n","protected":false},"author":4,"featured_media":0,"parent":0,"menu_order":0,"comment_status":"closed","ping_status":"closed","template":"","meta":{"footnotes":""},"class_list":["post-1335","page","type-page","status-publish","hentry"],"_links":{"self":[{"href":"https:\/\/cultura.aupex.org\/escueladeletras\/wp-json\/wp\/v2\/pages\/1335","targetHints":{"allow":["GET"]}}],"collection":[{"href":"https:\/\/cultura.aupex.org\/escueladeletras\/wp-json\/wp\/v2\/pages"}],"about":[{"href":"https:\/\/cultura.aupex.org\/escueladeletras\/wp-json\/wp\/v2\/types\/page"}],"author":[{"embeddable":true,"href":"https:\/\/cultura.aupex.org\/escueladeletras\/wp-json\/wp\/v2\/users\/4"}],"replies":[{"embeddable":true,"href":"https:\/\/cultura.aupex.org\/escueladeletras\/wp-json\/wp\/v2\/comments?post=1335"}],"version-history":[{"count":4,"href":"https:\/\/cultura.aupex.org\/escueladeletras\/wp-json\/wp\/v2\/pages\/1335\/revisions"}],"predecessor-version":[{"id":1354,"href":"https:\/\/cultura.aupex.org\/escueladeletras\/wp-json\/wp\/v2\/pages\/1335\/revisions\/1354"}],"wp:attachment":[{"href":"https:\/\/cultura.aupex.org\/escueladeletras\/wp-json\/wp\/v2\/media?parent=1335"}],"curies":[{"name":"wp","href":"https:\/\/api.w.org\/{rel}","templated":true}]}}