{"id":1671,"date":"2024-09-30T07:01:11","date_gmt":"2024-09-30T07:01:11","guid":{"rendered":"https:\/\/cultura.aupex.org\/danzaenmovimiento\/?page_id=1671"},"modified":"2025-06-02T10:16:26","modified_gmt":"2025-06-02T10:16:26","slug":"acercadanza_lab_2024","status":"publish","type":"page","link":"https:\/\/cultura.aupex.org\/danzaenmovimiento\/acercadanza_lab_2024\/","title":{"rendered":"ACERCAdanza_Lab_2024"},"content":{"rendered":"\t\t<div data-elementor-type=\"wp-page\" data-elementor-id=\"1671\" class=\"elementor elementor-1671\">\n\t\t\t\t\t\t<section class=\"elementor-section elementor-top-section elementor-element elementor-element-619cef70 elementor-section-content-middle elementor-section-boxed elementor-section-height-default elementor-section-height-default\" data-id=\"619cef70\" data-element_type=\"section\" data-e-type=\"section\" data-settings=\"{&quot;background_background&quot;:&quot;classic&quot;}\">\n\t\t\t\t\t\t\t<div class=\"elementor-background-overlay\"><\/div>\n\t\t\t\t\t\t\t<div class=\"elementor-container elementor-column-gap-default\">\n\t\t\t\t\t<div class=\"elementor-column elementor-col-100 elementor-top-column elementor-element elementor-element-700b5e18\" data-id=\"700b5e18\" data-element_type=\"column\" data-e-type=\"column\">\n\t\t\t<div class=\"elementor-widget-wrap elementor-element-populated\">\n\t\t\t\t\t\t<div class=\"elementor-element elementor-element-b20ae4a elementor-widget elementor-widget-spacer\" data-id=\"b20ae4a\" data-element_type=\"widget\" data-e-type=\"widget\" data-widget_type=\"spacer.default\">\n\t\t\t\t<div class=\"elementor-widget-container\">\n\t\t\t\t\t\t\t<div class=\"elementor-spacer\">\n\t\t\t<div class=\"elementor-spacer-inner\"><\/div>\n\t\t<\/div>\n\t\t\t\t\t\t<\/div>\n\t\t\t\t<\/div>\n\t\t\t\t\t<\/div>\n\t\t<\/div>\n\t\t\t\t\t<\/div>\n\t\t<\/section>\n\t\t\t\t<section class=\"elementor-section elementor-top-section elementor-element elementor-element-123b797c elementor-section-boxed elementor-section-height-default elementor-section-height-default\" data-id=\"123b797c\" data-element_type=\"section\" data-e-type=\"section\">\n\t\t\t\t\t\t\t<div class=\"elementor-background-overlay\"><\/div>\n\t\t\t\t\t\t\t<div class=\"elementor-container elementor-column-gap-no\">\n\t\t\t\t\t<div class=\"elementor-column elementor-col-100 elementor-top-column elementor-element elementor-element-19762a6a\" data-id=\"19762a6a\" data-element_type=\"column\" data-e-type=\"column\">\n\t\t\t<div class=\"elementor-widget-wrap elementor-element-populated\">\n\t\t\t\t\t\t<section class=\"elementor-section elementor-inner-section elementor-element elementor-element-1194dae1 elementor-section-boxed elementor-section-height-default elementor-section-height-default\" data-id=\"1194dae1\" data-element_type=\"section\" data-e-type=\"section\">\n\t\t\t\t\t\t<div class=\"elementor-container elementor-column-gap-no\">\n\t\t\t\t\t<div class=\"elementor-column elementor-col-100 elementor-inner-column elementor-element elementor-element-13e257ef\" data-id=\"13e257ef\" data-element_type=\"column\" data-e-type=\"column\" data-settings=\"{&quot;animation&quot;:&quot;none&quot;}\">\n\t\t\t<div class=\"elementor-widget-wrap elementor-element-populated\">\n\t\t\t\t\t\t<div class=\"elementor-element elementor-element-dcb3057 elementor-widget elementor-widget-heading\" data-id=\"dcb3057\" data-element_type=\"widget\" data-e-type=\"widget\" data-widget_type=\"heading.default\">\n\t\t\t\t<div class=\"elementor-widget-container\">\n\t\t\t\t\t<h1 class=\"elementor-heading-title elementor-size-default\">ACERCAdanza_Lab<\/h1>\t\t\t\t<\/div>\n\t\t\t\t<\/div>\n\t\t\t\t<div class=\"elementor-element elementor-element-1716895 elementor-widget elementor-widget-heading\" data-id=\"1716895\" data-element_type=\"widget\" data-e-type=\"widget\" data-widget_type=\"heading.default\">\n\t\t\t\t<div class=\"elementor-widget-container\">\n\t\t\t\t\t<h2 class=\"elementor-heading-title elementor-size-default\">Facilitadoras de las ARTES del MOVIMIENTO y CREATIVIDAD\n<\/h2>\t\t\t\t<\/div>\n\t\t\t\t<\/div>\n\t\t\t\t<div class=\"elementor-element elementor-element-9640ca7 elementor-widget elementor-widget-text-editor\" data-id=\"9640ca7\" data-element_type=\"widget\" data-e-type=\"widget\" data-widget_type=\"text-editor.default\">\n\t\t\t\t<div class=\"elementor-widget-container\">\n\t\t\t\t\t\t\t\t\tCon la finalidad de apoyar y acompa\u00f1ar a personas con cierta experiencia en artes del movimiento a impulsar actividades o micro-proyectos que ayuden a fortalecer el tejido danc\u00edstico del territorio, ampliando as\u00ed contextos donde la danza tome presencia y afectando as\u00ed a lugares en los que hemos estado anteriormente, AUPEX y Casa de Harina proponen:\t\t\t\t\t\t\t\t<\/div>\n\t\t\t\t<\/div>\n\t\t\t\t<div class=\"elementor-element elementor-element-d3f92d6 elementor-icon-list--layout-traditional elementor-list-item-link-full_width elementor-widget elementor-widget-icon-list\" data-id=\"d3f92d6\" data-element_type=\"widget\" data-e-type=\"widget\" data-widget_type=\"icon-list.default\">\n\t\t\t\t<div class=\"elementor-widget-container\">\n\t\t\t\t\t\t\t<ul class=\"elementor-icon-list-items\">\n\t\t\t\t\t\t\t<li class=\"elementor-icon-list-item\">\n\t\t\t\t\t\t\t\t\t\t\t<span class=\"elementor-icon-list-icon\">\n\t\t\t\t\t\t\t<i aria-hidden=\"true\" class=\"fas fa-arrow-circle-right\"><\/i>\t\t\t\t\t\t<\/span>\n\t\t\t\t\t\t\t\t\t\t<span class=\"elementor-icon-list-text\">Puesta en marcha de un LABORATORIO DE MOVIMIENTO, CREATIVIDAD Y COMUNIDAD que incluye 70 horas de formaci\u00f3n semipresencial para facilitadoras de la danza en el medio rural + 30 horas de pr\u00e1cticas en el territorio en el contexto Universidad Popular.<\/span>\n\t\t\t\t\t\t\t\t\t<\/li>\n\t\t\t\t\t\t\t\t<li class=\"elementor-icon-list-item\">\n\t\t\t\t\t\t\t\t\t\t\t<span class=\"elementor-icon-list-icon\">\n\t\t\t\t\t\t\t<i aria-hidden=\"true\" class=\"fas fa-arrow-circle-right\"><\/i>\t\t\t\t\t\t<\/span>\n\t\t\t\t\t\t\t\t\t\t<span class=\"elementor-icon-list-text\">Formaci\u00f3n dirigida a personas mayores de 18 a\u00f1os de cualquier nacionalidad residentes en Extremadura. Se valorar\u00e1 proximidad a las localidades participantes, experiencia en danza y artes del movimiento, motivaci\u00f3n hacia la danza comunitaria y participaci\u00f3n previa en el proyecto Danza en movimiento o AcercaDanzaLab en ediciones anteriores.<\/span>\n\t\t\t\t\t\t\t\t\t<\/li>\n\t\t\t\t\t\t\t\t<li class=\"elementor-icon-list-item\">\n\t\t\t\t\t\t\t\t\t\t\t<span class=\"elementor-icon-list-icon\">\n\t\t\t\t\t\t\t<i aria-hidden=\"true\" class=\"fas fa-arrow-circle-right\"><\/i>\t\t\t\t\t\t<\/span>\n\t\t\t\t\t\t\t\t\t\t<span class=\"elementor-icon-list-text\">Plazo: del 22 al 28 de julio de 2024. Convocatoria cerrada.<\/span>\n\t\t\t\t\t\t\t\t\t<\/li>\n\t\t\t\t\t\t<\/ul>\n\t\t\t\t\t\t<\/div>\n\t\t\t\t<\/div>\n\t\t\t\t<div class=\"elementor-element elementor-element-ffe8547 elementor-widget elementor-widget-text-editor\" data-id=\"ffe8547\" data-element_type=\"widget\" data-e-type=\"widget\" data-widget_type=\"text-editor.default\">\n\t\t\t\t<div class=\"elementor-widget-container\">\n\t\t\t\t\t\t\t\t\tDirecci\u00f3n art\u00edstica y pedag\u00f3gica: Sara Garc\u00eda Guisado. Bailarina, core\u00f3grafa, artista transdisciplinar y emprendedora social.\t\t\t\t\t\t\t\t<\/div>\n\t\t\t\t<\/div>\n\t\t\t\t\t<\/div>\n\t\t<\/div>\n\t\t\t\t\t<\/div>\n\t\t<\/section>\n\t\t\t\t\t<\/div>\n\t\t<\/div>\n\t\t\t\t\t<\/div>\n\t\t<\/section>\n\t\t\t\t<section class=\"elementor-section elementor-top-section elementor-element elementor-element-805d692 elementor-section-boxed elementor-section-height-default elementor-section-height-default\" data-id=\"805d692\" data-element_type=\"section\" data-e-type=\"section\">\n\t\t\t\t\t\t\t<div class=\"elementor-background-overlay\"><\/div>\n\t\t\t\t\t\t\t<div class=\"elementor-container elementor-column-gap-no\">\n\t\t\t\t\t<div class=\"elementor-column elementor-col-100 elementor-top-column elementor-element elementor-element-dc12f3a\" data-id=\"dc12f3a\" data-element_type=\"column\" data-e-type=\"column\">\n\t\t\t<div class=\"elementor-widget-wrap elementor-element-populated\">\n\t\t\t\t\t\t<section class=\"elementor-section elementor-inner-section elementor-element elementor-element-31260f8 elementor-section-content-middle elementor-section-boxed elementor-section-height-default elementor-section-height-default\" data-id=\"31260f8\" data-element_type=\"section\" data-e-type=\"section\">\n\t\t\t\t\t\t<div class=\"elementor-container elementor-column-gap-no\">\n\t\t\t\t\t<div class=\"elementor-column elementor-col-33 elementor-inner-column elementor-element elementor-element-3ef8798 elementor-hidden-mobile\" data-id=\"3ef8798\" data-element_type=\"column\" data-e-type=\"column\" data-settings=\"{&quot;animation&quot;:&quot;none&quot;,&quot;background_background&quot;:&quot;classic&quot;}\">\n\t\t\t<div class=\"elementor-widget-wrap\">\n\t\t\t\t\t\t\t<\/div>\n\t\t<\/div>\n\t\t\t\t<div class=\"elementor-column elementor-col-33 elementor-inner-column elementor-element elementor-element-7d8abe1 elementor-hidden-mobile\" data-id=\"7d8abe1\" data-element_type=\"column\" data-e-type=\"column\" data-settings=\"{&quot;animation&quot;:&quot;none&quot;,&quot;background_background&quot;:&quot;classic&quot;}\">\n\t\t\t<div class=\"elementor-widget-wrap\">\n\t\t\t\t\t\t\t<\/div>\n\t\t<\/div>\n\t\t\t\t<div class=\"elementor-column elementor-col-33 elementor-inner-column elementor-element elementor-element-02b16ed\" data-id=\"02b16ed\" data-element_type=\"column\" data-e-type=\"column\">\n\t\t\t<div class=\"elementor-widget-wrap elementor-element-populated\">\n\t\t\t\t\t\t<div class=\"elementor-element elementor-element-1325eb5 elementor-widget elementor-widget-heading\" data-id=\"1325eb5\" data-element_type=\"widget\" data-e-type=\"widget\" data-widget_type=\"heading.default\">\n\t\t\t\t<div class=\"elementor-widget-container\">\n\t\t\t\t\t<h2 class=\"elementor-heading-title elementor-size-default\">ACERCA_danza_facilita_LAB\n<\/h2>\t\t\t\t<\/div>\n\t\t\t\t<\/div>\n\t\t\t\t<div class=\"elementor-element elementor-element-6ec8dfa elementor-widget__width-initial elementor-widget elementor-widget-heading\" data-id=\"6ec8dfa\" data-element_type=\"widget\" data-e-type=\"widget\" data-widget_type=\"heading.default\">\n\t\t\t\t<div class=\"elementor-widget-container\">\n\t\t\t\t\t<h2 class=\"elementor-heading-title elementor-size-default\">MOVIMIENTO \u00b7 CREATIVIDAD \u00b7 COMUNIDAD<\/h2>\t\t\t\t<\/div>\n\t\t\t\t<\/div>\n\t\t\t\t<div class=\"elementor-element elementor-element-5681f54 elementor-widget elementor-widget-heading\" data-id=\"5681f54\" data-element_type=\"widget\" data-e-type=\"widget\" data-widget_type=\"heading.default\">\n\t\t\t\t<div class=\"elementor-widget-container\">\n\t\t\t\t\t<h5 class=\"elementor-heading-title elementor-size-default\">Creando comunidad y facilitando ARTES del MOVIMIENTO en el medio rural\n<\/h5>\t\t\t\t<\/div>\n\t\t\t\t<\/div>\n\t\t\t\t<div class=\"elementor-element elementor-element-d2b6d8d elementor-widget__width-initial elementor-widget elementor-widget-text-editor\" data-id=\"d2b6d8d\" data-element_type=\"widget\" data-e-type=\"widget\" data-widget_type=\"text-editor.default\">\n\t\t\t\t<div class=\"elementor-widget-container\">\n\t\t\t\t\t\t\t\t\tPrimer proyecto de formaci\u00f3n con formato y sentido de MENTOR, para acompa\u00f1ar a aquellas personas que dinamicen y consideren facilitar danza, movimiento y creatividad en su comunidad, especialmente en las localidades implicadas en esta primera edici\u00f3n 2024.\t\t\t\t\t\t\t\t<\/div>\n\t\t\t\t<\/div>\n\t\t\t\t<div class=\"elementor-element elementor-element-347eb3c elementor-widget elementor-widget-text-editor\" data-id=\"347eb3c\" data-element_type=\"widget\" data-e-type=\"widget\" data-widget_type=\"text-editor.default\">\n\t\t\t\t<div class=\"elementor-widget-container\">\n\t\t\t\t\t\t\t\t\tTras la experiencia desarrollada en el a\u00f1o 2022 con el laboratorio de danza en torno a movimiento, creaci\u00f3n y comunidad denominado ACERCAdanzaLAB, y la experiencia de 2023, en la que volvimos a desarrollar las ya asentadas acciones de acercamiento, sensibilizaci\u00f3n y formaci\u00f3n de la danza en municipios de las provincias de Badajoz y C\u00e1ceres, en el a\u00f1o 2024 se desarrolla ACERCA_danza_facilita_LAB. Esta propuesta hibrida el laboratorio de danza con el acercamiento al territorio a trav\u00e9s de pr\u00e1cticas profesionales en contexto que permitan identificar y potenciar a nuevos profesionales en torno a las artes del movimiento en Extremadura.  \t\t\t\t\t\t\t\t<\/div>\n\t\t\t\t<\/div>\n\t\t\t\t\t<\/div>\n\t\t<\/div>\n\t\t\t\t\t<\/div>\n\t\t<\/section>\n\t\t\t\t<div class=\"elementor-element elementor-element-23824c0 elementor-widget elementor-widget-spacer\" data-id=\"23824c0\" data-element_type=\"widget\" data-e-type=\"widget\" data-widget_type=\"spacer.default\">\n\t\t\t\t<div class=\"elementor-widget-container\">\n\t\t\t\t\t\t\t<div class=\"elementor-spacer\">\n\t\t\t<div class=\"elementor-spacer-inner\"><\/div>\n\t\t<\/div>\n\t\t\t\t\t\t<\/div>\n\t\t\t\t<\/div>\n\t\t\t\t\t<\/div>\n\t\t<\/div>\n\t\t\t\t\t<\/div>\n\t\t<\/section>\n\t\t\t\t<section class=\"elementor-section elementor-top-section elementor-element elementor-element-b3ac67d elementor-section-boxed elementor-section-height-default elementor-section-height-default\" data-id=\"b3ac67d\" data-element_type=\"section\" data-e-type=\"section\">\n\t\t\t\t\t\t<div class=\"elementor-container elementor-column-gap-default\">\n\t\t\t\t\t<div class=\"elementor-column elementor-col-100 elementor-top-column elementor-element elementor-element-f0e2d5d\" data-id=\"f0e2d5d\" data-element_type=\"column\" data-e-type=\"column\">\n\t\t\t<div class=\"elementor-widget-wrap elementor-element-populated\">\n\t\t\t\t\t\t<div class=\"elementor-element elementor-element-2b562d2 elementor-widget__width-initial elementor-widget elementor-widget-heading\" data-id=\"2b562d2\" data-element_type=\"widget\" data-e-type=\"widget\" data-widget_type=\"heading.default\">\n\t\t\t\t<div class=\"elementor-widget-container\">\n\t\t\t\t\t<h2 class=\"elementor-heading-title elementor-size-default\">\u00bfEn qu\u00e9 consiste? Acciones\n<\/h2>\t\t\t\t<\/div>\n\t\t\t\t<\/div>\n\t\t\t\t<div class=\"elementor-element elementor-element-59c06f5 elementor-widget elementor-widget-spacer\" data-id=\"59c06f5\" data-element_type=\"widget\" data-e-type=\"widget\" data-widget_type=\"spacer.default\">\n\t\t\t\t<div class=\"elementor-widget-container\">\n\t\t\t\t\t\t\t<div class=\"elementor-spacer\">\n\t\t\t<div class=\"elementor-spacer-inner\"><\/div>\n\t\t<\/div>\n\t\t\t\t\t\t<\/div>\n\t\t\t\t<\/div>\n\t\t\t\t<div class=\"elementor-element elementor-element-3db6a28 elementor-widget elementor-widget-text-editor\" data-id=\"3db6a28\" data-element_type=\"widget\" data-e-type=\"widget\" data-widget_type=\"text-editor.default\">\n\t\t\t\t<div class=\"elementor-widget-container\">\n\t\t\t\t\t\t\t\t\tPuesta en marcha de un LABORATORIO DE MOVIMIENTO, CREATIVIDAD Y COMUNIDAD que incluye 70 horas de formaci\u00f3n semipresencial para facilitadoras de la danza en el medio rural + 30 horas de pr\u00e1cticas en el territorio en el contexto Universidad Popular.<br>\n\t\t\t\t\t\t\t\t<\/div>\n\t\t\t\t<\/div>\n\t\t\t\t<div class=\"elementor-element elementor-element-0484de4 elementor-widget elementor-widget-text-editor\" data-id=\"0484de4\" data-element_type=\"widget\" data-e-type=\"widget\" data-widget_type=\"text-editor.default\">\n\t\t\t\t<div class=\"elementor-widget-container\">\n\t\t\t\t\t\t\t\t\tDirecci\u00f3n art\u00edstica y pedag\u00f3gica: Sara Garc\u00eda Guisado. Bailarina, core\u00f3grafa, artista transdisciplinar y emprendedora social.\t\t\t\t\t\t\t\t<\/div>\n\t\t\t\t<\/div>\n\t\t\t\t<div class=\"elementor-element elementor-element-e34cadd elementor-widget elementor-widget-text-editor\" data-id=\"e34cadd\" data-element_type=\"widget\" data-e-type=\"widget\" data-widget_type=\"text-editor.default\">\n\t\t\t\t<div class=\"elementor-widget-container\">\n\t\t\t\t\t\t\t\t\t<strong>Itinerario:<\/strong>\t\t\t\t\t\t\t\t<\/div>\n\t\t\t\t<\/div>\n\t\t\t\t\t<\/div>\n\t\t<\/div>\n\t\t\t\t\t<\/div>\n\t\t<\/section>\n\t\t\t\t<section class=\"elementor-section elementor-top-section elementor-element elementor-element-9aac425 elementor-section-boxed elementor-section-height-default elementor-section-height-default\" data-id=\"9aac425\" data-element_type=\"section\" data-e-type=\"section\">\n\t\t\t\t\t\t\t<div class=\"elementor-background-overlay\"><\/div>\n\t\t\t\t\t\t\t<div class=\"elementor-container elementor-column-gap-default\">\n\t\t\t\t\t<div class=\"elementor-column elementor-col-100 elementor-top-column elementor-element elementor-element-fc01639\" data-id=\"fc01639\" data-element_type=\"column\" data-e-type=\"column\">\n\t\t\t<div class=\"elementor-widget-wrap elementor-element-populated\">\n\t\t\t\t\t\t<section class=\"elementor-section elementor-inner-section elementor-element elementor-element-6c4d045 elementor-section-boxed elementor-section-height-default elementor-section-height-default\" data-id=\"6c4d045\" data-element_type=\"section\" data-e-type=\"section\">\n\t\t\t\t\t\t<div class=\"elementor-container elementor-column-gap-default\">\n\t\t\t\t\t<div class=\"elementor-column elementor-col-50 elementor-inner-column elementor-element elementor-element-687e6f1\" data-id=\"687e6f1\" data-element_type=\"column\" data-e-type=\"column\">\n\t\t\t<div class=\"elementor-widget-wrap elementor-element-populated\">\n\t\t\t\t\t\t<div class=\"elementor-element elementor-element-ed230b8 elementor-icon-list--layout-traditional elementor-list-item-link-full_width elementor-widget elementor-widget-icon-list\" data-id=\"ed230b8\" data-element_type=\"widget\" data-e-type=\"widget\" data-widget_type=\"icon-list.default\">\n\t\t\t\t<div class=\"elementor-widget-container\">\n\t\t\t\t\t\t\t<ul class=\"elementor-icon-list-items\">\n\t\t\t\t\t\t\t<li class=\"elementor-icon-list-item\">\n\t\t\t\t\t\t\t\t\t\t\t<span class=\"elementor-icon-list-icon\">\n\t\t\t\t\t\t\t<i aria-hidden=\"true\" class=\"rtmicon rtmicon-arrow-down-right\"><\/i>\t\t\t\t\t\t<\/span>\n\t\t\t\t\t\t\t\t\t\t<span class=\"elementor-icon-list-text\">1\u00ba Intensivo presencial (20 horas): <strong> del 21 al 23 de agosto.<\/strong><br>  Lugar: Creofonte, Casar de C\u00e1ceres. Imparten: Sara Garc\u00eda Guisado y Marga \u00cd\u00f1iguez.<\/span>\n\t\t\t\t\t\t\t\t\t<\/li>\n\t\t\t\t\t\t<\/ul>\n\t\t\t\t\t\t<\/div>\n\t\t\t\t<\/div>\n\t\t\t\t<div class=\"elementor-element elementor-element-7d3b88f elementor-icon-list--layout-traditional elementor-list-item-link-full_width elementor-widget elementor-widget-icon-list\" data-id=\"7d3b88f\" data-element_type=\"widget\" data-e-type=\"widget\" data-widget_type=\"icon-list.default\">\n\t\t\t\t<div class=\"elementor-widget-container\">\n\t\t\t\t\t\t\t<ul class=\"elementor-icon-list-items\">\n\t\t\t\t\t\t\t<li class=\"elementor-icon-list-item\">\n\t\t\t\t\t\t\t\t\t\t\t<span class=\"elementor-icon-list-icon\">\n\t\t\t\t\t\t\t<i aria-hidden=\"true\" class=\"rtmicon rtmicon-arrow-down-right\"><\/i>\t\t\t\t\t\t<\/span>\n\t\t\t\t\t\t\t\t\t\t<span class=\"elementor-icon-list-text\">Sesiones on-line y mentor\u00eda (30 horas): <strong> entre el 10 agosto y el 5 de diciembre <\/strong> tendremos sesiones grupales semanales dirigidas por Sara Garc\u00eda Guisado.<\/span>\n\t\t\t\t\t\t\t\t\t<\/li>\n\t\t\t\t\t\t<\/ul>\n\t\t\t\t\t\t<\/div>\n\t\t\t\t<\/div>\n\t\t\t\t<div class=\"elementor-element elementor-element-3b8ce8d elementor-icon-list--layout-traditional elementor-list-item-link-full_width elementor-widget elementor-widget-icon-list\" data-id=\"3b8ce8d\" data-element_type=\"widget\" data-e-type=\"widget\" data-widget_type=\"icon-list.default\">\n\t\t\t\t<div class=\"elementor-widget-container\">\n\t\t\t\t\t\t\t<ul class=\"elementor-icon-list-items\">\n\t\t\t\t\t\t\t<li class=\"elementor-icon-list-item\">\n\t\t\t\t\t\t\t\t\t\t\t<span class=\"elementor-icon-list-icon\">\n\t\t\t\t\t\t\t<i aria-hidden=\"true\" class=\"rtmicon rtmicon-arrow-down-right\"><\/i>\t\t\t\t\t\t<\/span>\n\t\t\t\t\t\t\t\t\t\t<span class=\"elementor-icon-list-text\">2\u00ba Intensivo presencial (12 horas): <strong> 7 y 8 de octubre.<\/strong> Lugares: Creofonte (Casar de C\u00e1ceres) y Monumento Natural Los Barruecos (Malpartida de C\u00e1ceres). Introducci\u00f3n a la videodanza y grabaci\u00f3n de videodanza colectiva.<\/span>\n\t\t\t\t\t\t\t\t\t<\/li>\n\t\t\t\t\t\t<\/ul>\n\t\t\t\t\t\t<\/div>\n\t\t\t\t<\/div>\n\t\t\t\t<div class=\"elementor-element elementor-element-0e9f61d elementor-widget elementor-widget-image\" data-id=\"0e9f61d\" data-element_type=\"widget\" data-e-type=\"widget\" data-widget_type=\"image.default\">\n\t\t\t\t<div class=\"elementor-widget-container\">\n\t\t\t\t\t\t\t\t\t\t\t\t\t\t\t\t<a href=\"https:\/\/cultura.aupex.org\/danzaenmovimiento\/wp-content\/uploads\/2024\/11\/IMG-20241107-WA0001.jpg\" data-elementor-open-lightbox=\"yes\" data-elementor-lightbox-title=\"IMG-20241107-WA0001\" data-e-action-hash=\"#elementor-action%3Aaction%3Dlightbox%26settings%3DeyJpZCI6MjMyNCwidXJsIjoiaHR0cHM6XC9cL2N1bHR1cmEuYXVwZXgub3JnXC9kYW56YWVubW92aW1pZW50b1wvd3AtY29udGVudFwvdXBsb2Fkc1wvMjAyNFwvMTFcL0lNRy0yMDI0MTEwNy1XQTAwMDEuanBnIn0%3D\">\n\t\t\t\t\t\t\t<img fetchpriority=\"high\" decoding=\"async\" width=\"212\" height=\"300\" src=\"https:\/\/cultura.aupex.org\/danzaenmovimiento\/wp-content\/uploads\/2024\/11\/IMG-20241107-WA0001-212x300.jpg\" class=\"attachment-medium size-medium wp-image-2324\" alt=\"\" srcset=\"https:\/\/cultura.aupex.org\/danzaenmovimiento\/wp-content\/uploads\/2024\/11\/IMG-20241107-WA0001-212x300.jpg 212w, https:\/\/cultura.aupex.org\/danzaenmovimiento\/wp-content\/uploads\/2024\/11\/IMG-20241107-WA0001-723x1024.jpg 723w, https:\/\/cultura.aupex.org\/danzaenmovimiento\/wp-content\/uploads\/2024\/11\/IMG-20241107-WA0001-768x1087.jpg 768w, https:\/\/cultura.aupex.org\/danzaenmovimiento\/wp-content\/uploads\/2024\/11\/IMG-20241107-WA0001-1085x1536.jpg 1085w, https:\/\/cultura.aupex.org\/danzaenmovimiento\/wp-content\/uploads\/2024\/11\/IMG-20241107-WA0001-370x524.jpg 370w, https:\/\/cultura.aupex.org\/danzaenmovimiento\/wp-content\/uploads\/2024\/11\/IMG-20241107-WA0001.jpg 1130w\" sizes=\"(max-width: 212px) 100vw, 212px\" \/>\t\t\t\t\t\t\t\t<\/a>\n\t\t\t\t\t\t\t\t\t\t\t\t\t\t\t<\/div>\n\t\t\t\t<\/div>\n\t\t\t\t<div class=\"elementor-element elementor-element-33bb3c4 elementor-icon-list--layout-traditional elementor-list-item-link-full_width elementor-widget elementor-widget-icon-list\" data-id=\"33bb3c4\" data-element_type=\"widget\" data-e-type=\"widget\" data-widget_type=\"icon-list.default\">\n\t\t\t\t<div class=\"elementor-widget-container\">\n\t\t\t\t\t\t\t<ul class=\"elementor-icon-list-items\">\n\t\t\t\t\t\t\t<li class=\"elementor-icon-list-item\">\n\t\t\t\t\t\t\t\t\t\t\t<span class=\"elementor-icon-list-icon\">\n\t\t\t\t\t\t\t<i aria-hidden=\"true\" class=\"rtmicon rtmicon-arrow-down-right\"><\/i>\t\t\t\t\t\t<\/span>\n\t\t\t\t\t\t\t\t\t\t<span class=\"elementor-icon-list-text\">3\u00ba Intensivo presencial y clausura del LAB (8 horas): <b>17 de noviembre<\/b>.\u00a0Centro C\u00edvico de Almohar\u00edn. Preparaci\u00f3n y puesta en com\u00fan de las sesiones de Puertas Abiertas que se har\u00e1n en cada localidad.<\/span>\n\t\t\t\t\t\t\t\t\t<\/li>\n\t\t\t\t\t\t<\/ul>\n\t\t\t\t\t\t<\/div>\n\t\t\t\t<\/div>\n\t\t\t\t<div class=\"elementor-element elementor-element-713f31d elementor-icon-list--layout-traditional elementor-list-item-link-full_width elementor-widget elementor-widget-icon-list\" data-id=\"713f31d\" data-element_type=\"widget\" data-e-type=\"widget\" data-widget_type=\"icon-list.default\">\n\t\t\t\t<div class=\"elementor-widget-container\">\n\t\t\t\t\t\t\t<ul class=\"elementor-icon-list-items\">\n\t\t\t\t\t\t\t<li class=\"elementor-icon-list-item\">\n\t\t\t\t\t\t\t\t\t\t\t<span class=\"elementor-icon-list-icon\">\n\t\t\t\t\t\t\t<i aria-hidden=\"true\" class=\"rtmicon rtmicon-arrow-down-right\"><\/i>\t\t\t\t\t\t<\/span>\n\t\t\t\t\t\t\t\t\t\t<span class=\"elementor-icon-list-text\">Sesiones de Puertas Abiertas en los municipios. \u00a1Ven a vernos!. <strong> Lugares y fechas por determinar. <\/strong><\/span>\n\t\t\t\t\t\t\t\t\t<\/li>\n\t\t\t\t\t\t<\/ul>\n\t\t\t\t\t\t<\/div>\n\t\t\t\t<\/div>\n\t\t\t\t<div class=\"elementor-element elementor-element-f85611a elementor-widget elementor-widget-spacer\" data-id=\"f85611a\" data-element_type=\"widget\" data-e-type=\"widget\" data-widget_type=\"spacer.default\">\n\t\t\t\t<div class=\"elementor-widget-container\">\n\t\t\t\t\t\t\t<div class=\"elementor-spacer\">\n\t\t\t<div class=\"elementor-spacer-inner\"><\/div>\n\t\t<\/div>\n\t\t\t\t\t\t<\/div>\n\t\t\t\t<\/div>\n\t\t\t\t<div class=\"elementor-element elementor-element-3717923 elementor-widget elementor-widget-image\" data-id=\"3717923\" data-element_type=\"widget\" data-e-type=\"widget\" data-widget_type=\"image.default\">\n\t\t\t\t<div class=\"elementor-widget-container\">\n\t\t\t\t\t\t\t\t\t\t\t\t\t\t\t<img decoding=\"async\" width=\"951\" height=\"546\" src=\"https:\/\/cultura.aupex.org\/danzaenmovimiento\/wp-content\/uploads\/2024\/10\/img-danza-lab-02.jpg\" class=\"attachment-full size-full wp-image-1944\" alt=\"\" srcset=\"https:\/\/cultura.aupex.org\/danzaenmovimiento\/wp-content\/uploads\/2024\/10\/img-danza-lab-02.jpg 951w, https:\/\/cultura.aupex.org\/danzaenmovimiento\/wp-content\/uploads\/2024\/10\/img-danza-lab-02-300x172.jpg 300w, https:\/\/cultura.aupex.org\/danzaenmovimiento\/wp-content\/uploads\/2024\/10\/img-danza-lab-02-768x441.jpg 768w, https:\/\/cultura.aupex.org\/danzaenmovimiento\/wp-content\/uploads\/2024\/10\/img-danza-lab-02-370x212.jpg 370w\" sizes=\"(max-width: 951px) 100vw, 951px\" \/>\t\t\t\t\t\t\t\t\t\t\t\t\t\t\t<\/div>\n\t\t\t\t<\/div>\n\t\t\t\t\t<\/div>\n\t\t<\/div>\n\t\t\t\t<div class=\"elementor-column elementor-col-50 elementor-inner-column elementor-element elementor-element-e7675fe\" data-id=\"e7675fe\" data-element_type=\"column\" data-e-type=\"column\">\n\t\t\t<div class=\"elementor-widget-wrap elementor-element-populated\">\n\t\t\t\t\t\t<div class=\"elementor-element elementor-element-d0bfbe6 elementor-icon-list--layout-traditional elementor-list-item-link-full_width elementor-widget elementor-widget-icon-list\" data-id=\"d0bfbe6\" data-element_type=\"widget\" data-e-type=\"widget\" data-widget_type=\"icon-list.default\">\n\t\t\t\t<div class=\"elementor-widget-container\">\n\t\t\t\t\t\t\t<ul class=\"elementor-icon-list-items\">\n\t\t\t\t\t\t\t<li class=\"elementor-icon-list-item\">\n\t\t\t\t\t\t\t\t\t\t\t<span class=\"elementor-icon-list-icon\">\n\t\t\t\t\t\t\t<i aria-hidden=\"true\" class=\"rtmicon rtmicon-arrow-down-right\"><\/i>\t\t\t\t\t\t<\/span>\n\t\t\t\t\t\t\t\t\t\t<span class=\"elementor-icon-list-text\">Acciones comunitarias en el territorio (30 horas): del <strong> 24 de septiembre al 4 de diciembre <\/strong> las facilitadoras plantear\u00e1n y desarrollar\u00e1n sus propuestas en las localidades participantes enfocadas a distintos colectivos. Puedes encontrarlas en:<\/span>\n\t\t\t\t\t\t\t\t\t<\/li>\n\t\t\t\t\t\t<\/ul>\n\t\t\t\t\t\t<\/div>\n\t\t\t\t<\/div>\n\t\t\t\t<div class=\"elementor-element elementor-element-5d6a11c elementor-widget elementor-widget-spacer\" data-id=\"5d6a11c\" data-element_type=\"widget\" data-e-type=\"widget\" data-widget_type=\"spacer.default\">\n\t\t\t\t<div class=\"elementor-widget-container\">\n\t\t\t\t\t\t\t<div class=\"elementor-spacer\">\n\t\t\t<div class=\"elementor-spacer-inner\"><\/div>\n\t\t<\/div>\n\t\t\t\t\t\t<\/div>\n\t\t\t\t<\/div>\n\t\t\t\t<div class=\"elementor-element elementor-element-d98fbd2 elementor-icon-list--layout-traditional elementor-list-item-link-full_width elementor-widget elementor-widget-icon-list\" data-id=\"d98fbd2\" data-element_type=\"widget\" data-e-type=\"widget\" data-widget_type=\"icon-list.default\">\n\t\t\t\t<div class=\"elementor-widget-container\">\n\t\t\t\t\t\t\t<ul class=\"elementor-icon-list-items\">\n\t\t\t\t\t\t\t<li class=\"elementor-icon-list-item\">\n\t\t\t\t\t\t\t\t\t\t\t<span class=\"elementor-icon-list-icon\">\n\t\t\t\t\t\t\t<i aria-hidden=\"true\" class=\"fas fa-info-circle\"><\/i>\t\t\t\t\t\t<\/span>\n\t\t\t\t\t\t\t\t\t\t<span class=\"elementor-icon-list-text\">UP Pasar\u00f3n de la Vera: del 16 de octubre al 4 de diciembre. 17:00 a 19:00h. Sal\u00f3n de actos del centro Mar\u00eda de Luna. Facilita: Teresa Mateos. <\/span>\n\t\t\t\t\t\t\t\t\t<\/li>\n\t\t\t\t\t\t\t\t<li class=\"elementor-icon-list-item\">\n\t\t\t\t\t\t\t\t\t\t\t<span class=\"elementor-icon-list-icon\">\n\t\t\t\t\t\t\t<i aria-hidden=\"true\" class=\"fas fa-info-circle\"><\/i>\t\t\t\t\t\t<\/span>\n\t\t\t\t\t\t\t\t\t\t<span class=\"elementor-icon-list-text\">UP Valencia de Alc\u00e1ntara: del 9 al 24 de noviembre. S\u00e1bados y Domingos, de 10:30h. a 13:00h. Espacio Creaci\u00f3n Joven. Facilita: Ana H. Delgado. <\/span>\n\t\t\t\t\t\t\t\t\t<\/li>\n\t\t\t\t\t\t\t\t<li class=\"elementor-icon-list-item\">\n\t\t\t\t\t\t\t\t\t\t\t<span class=\"elementor-icon-list-icon\">\n\t\t\t\t\t\t\t<i aria-hidden=\"true\" class=\"fas fa-info-circle\"><\/i>\t\t\t\t\t\t<\/span>\n\t\t\t\t\t\t\t\t\t\t<span class=\"elementor-icon-list-text\">UP Miajadas: del 28 septiembre al 30 de noviembre. S\u00e1bados, de 18:00h. a 20:00h. Universidad Popular. Facilita: Lourdes Fern\u00e1ndez.<\/span>\n\t\t\t\t\t\t\t\t\t<\/li>\n\t\t\t\t\t\t\t\t<li class=\"elementor-icon-list-item\">\n\t\t\t\t\t\t\t\t\t\t\t<span class=\"elementor-icon-list-icon\">\n\t\t\t\t\t\t\t<i aria-hidden=\"true\" class=\"fas fa-info-circle\"><\/i>\t\t\t\t\t\t<\/span>\n\t\t\t\t\t\t\t\t\t\t<span class=\"elementor-icon-list-text\">UP Alburquerque: del 25 septiembre al 4 diciembre. De 19:00h. a 21:00h. Universidad Popular. Facilita: Bea Jer\u00f3nimo.<\/span>\n\t\t\t\t\t\t\t\t\t<\/li>\n\t\t\t\t\t\t\t\t<li class=\"elementor-icon-list-item\">\n\t\t\t\t\t\t\t\t\t\t\t<span class=\"elementor-icon-list-icon\">\n\t\t\t\t\t\t\t<i aria-hidden=\"true\" class=\"fas fa-info-circle\"><\/i>\t\t\t\t\t\t<\/span>\n\t\t\t\t\t\t\t\t\t\t<span class=\"elementor-icon-list-text\">UP Siruela: del 24 de septiembre al 3 de diciembre. Martes, de 19:00h. a 21:00h. Gimnasio. Avda. Extremadura. Facilita: Anastasia Yarnykh.<\/span>\n\t\t\t\t\t\t\t\t\t<\/li>\n\t\t\t\t\t\t\t\t<li class=\"elementor-icon-list-item\">\n\t\t\t\t\t\t\t\t\t\t\t<span class=\"elementor-icon-list-icon\">\n\t\t\t\t\t\t\t<i aria-hidden=\"true\" class=\"fas fa-info-circle\"><\/i>\t\t\t\t\t\t<\/span>\n\t\t\t\t\t\t\t\t\t\t<span class=\"elementor-icon-list-text\">UP Valdivia: del 26 de octubre al 30 de noviembre. S\u00e1bados de 11:30-13:30h. Universidad Popular. Facilitan: Pilar Mendoza, Anastasia Yarnykh, Lourdes Fern\u00e1ndez. <\/span>\n\t\t\t\t\t\t\t\t\t<\/li>\n\t\t\t\t\t\t\t\t<li class=\"elementor-icon-list-item\">\n\t\t\t\t\t\t\t\t\t\t\t<span class=\"elementor-icon-list-icon\">\n\t\t\t\t\t\t\t<i aria-hidden=\"true\" class=\"fas fa-info-circle\"><\/i>\t\t\t\t\t\t<\/span>\n\t\t\t\t\t\t\t\t\t\t<span class=\"elementor-icon-list-text\">UP Olivenza: del 17 de octubre al 21 de noviembre. Jueves, de 17:00h a 19:30h. Universidad Popular. Aula de danza. Facilita: Manu Gudi\u00f1o.<\/span>\n\t\t\t\t\t\t\t\t\t<\/li>\n\t\t\t\t\t\t\t\t<li class=\"elementor-icon-list-item\">\n\t\t\t\t\t\t\t\t\t\t\t<span class=\"elementor-icon-list-icon\">\n\t\t\t\t\t\t\t<i aria-hidden=\"true\" class=\"fas fa-info-circle\"><\/i>\t\t\t\t\t\t<\/span>\n\t\t\t\t\t\t\t\t\t\t<span class=\"elementor-icon-list-text\">UP Almohar\u00edn: Del 18 de octubre al 23 de noviembre. Viernes y s\u00e1bados. Centro C\u00edvico.<span data-elementor-setting-key=\"icon_list.6.text\" data-pen-placeholder=\"Teclea aqu\u00ed...\"> Facilita: Ana Mar\u00eda<\/span> Molina L\u00f3pez.<\/span>\n\t\t\t\t\t\t\t\t\t<\/li>\n\t\t\t\t\t\t<\/ul>\n\t\t\t\t\t\t<\/div>\n\t\t\t\t<\/div>\n\t\t\t\t\t<\/div>\n\t\t<\/div>\n\t\t\t\t\t<\/div>\n\t\t<\/section>\n\t\t\t\t\t<\/div>\n\t\t<\/div>\n\t\t\t\t\t<\/div>\n\t\t<\/section>\n\t\t\t\t<section class=\"elementor-section elementor-top-section elementor-element elementor-element-6de75b2c elementor-section-boxed elementor-section-height-default elementor-section-height-default\" data-id=\"6de75b2c\" data-element_type=\"section\" data-e-type=\"section\">\n\t\t\t\t\t\t<div class=\"elementor-container elementor-column-gap-no\">\n\t\t\t\t\t<div class=\"elementor-column elementor-col-100 elementor-top-column elementor-element elementor-element-1b5358f4\" data-id=\"1b5358f4\" data-element_type=\"column\" data-e-type=\"column\">\n\t\t\t<div class=\"elementor-widget-wrap elementor-element-populated\">\n\t\t\t\t\t\t<div class=\"elementor-element elementor-element-563aa16 elementor-widget elementor-widget-spacer\" data-id=\"563aa16\" data-element_type=\"widget\" data-e-type=\"widget\" data-widget_type=\"spacer.default\">\n\t\t\t\t<div class=\"elementor-widget-container\">\n\t\t\t\t\t\t\t<div class=\"elementor-spacer\">\n\t\t\t<div class=\"elementor-spacer-inner\"><\/div>\n\t\t<\/div>\n\t\t\t\t\t\t<\/div>\n\t\t\t\t<\/div>\n\t\t\t\t<div class=\"elementor-element elementor-element-3f3c956 elementor-widget elementor-widget-heading\" data-id=\"3f3c956\" data-element_type=\"widget\" data-e-type=\"widget\" data-widget_type=\"heading.default\">\n\t\t\t\t<div class=\"elementor-widget-container\">\n\t\t\t\t\t<h2 class=\"elementor-heading-title elementor-size-default\">Sobre el territorio\n<\/h2>\t\t\t\t<\/div>\n\t\t\t\t<\/div>\n\t\t\t\t<div class=\"elementor-element elementor-element-b311340 elementor-widget elementor-widget-spacer\" data-id=\"b311340\" data-element_type=\"widget\" data-e-type=\"widget\" data-widget_type=\"spacer.default\">\n\t\t\t\t<div class=\"elementor-widget-container\">\n\t\t\t\t\t\t\t<div class=\"elementor-spacer\">\n\t\t\t<div class=\"elementor-spacer-inner\"><\/div>\n\t\t<\/div>\n\t\t\t\t\t\t<\/div>\n\t\t\t\t<\/div>\n\t\t\t\t<section class=\"elementor-section elementor-inner-section elementor-element elementor-element-955e91c elementor-section-boxed elementor-section-height-default elementor-section-height-default\" data-id=\"955e91c\" data-element_type=\"section\" data-e-type=\"section\">\n\t\t\t\t\t\t<div class=\"elementor-container elementor-column-gap-default\">\n\t\t\t\t\t<div class=\"elementor-column elementor-col-25 elementor-inner-column elementor-element elementor-element-704a1597\" data-id=\"704a1597\" data-element_type=\"column\" data-e-type=\"column\" data-settings=\"{&quot;background_background&quot;:&quot;classic&quot;}\">\n\t\t\t<div class=\"elementor-widget-wrap elementor-element-populated\">\n\t\t\t\t\t<div class=\"elementor-background-overlay\"><\/div>\n\t\t\t\t\t\t<section class=\"elementor-section elementor-inner-section elementor-element elementor-element-25ad7199 elementor-section-boxed elementor-section-height-default elementor-section-height-default\" data-id=\"25ad7199\" data-element_type=\"section\" data-e-type=\"section\">\n\t\t\t\t\t\t<div class=\"elementor-container elementor-column-gap-no\">\n\t\t\t\t\t<div class=\"elementor-column elementor-col-100 elementor-inner-column elementor-element elementor-element-72ba3c14\" data-id=\"72ba3c14\" data-element_type=\"column\" data-e-type=\"column\">\n\t\t\t<div class=\"elementor-widget-wrap elementor-element-populated\">\n\t\t\t\t\t\t<div class=\"elementor-element elementor-element-f69944c elementor-widget elementor-widget-image\" data-id=\"f69944c\" data-element_type=\"widget\" data-e-type=\"widget\" data-widget_type=\"image.default\">\n\t\t\t\t<div class=\"elementor-widget-container\">\n\t\t\t\t\t\t\t\t\t\t\t\t\t\t\t\t<a href=\"https:\/\/cultura.aupex.org\/danzaenmovimiento\/wp-content\/uploads\/2024\/09\/PASARON_LA_VERA.png\" data-elementor-open-lightbox=\"yes\" data-elementor-lightbox-title=\"PASARON_LA_VERA\" data-e-action-hash=\"#elementor-action%3Aaction%3Dlightbox%26settings%3DeyJpZCI6MTc1OSwidXJsIjoiaHR0cHM6XC9cL2N1bHR1cmEuYXVwZXgub3JnXC9kYW56YWVubW92aW1pZW50b1wvd3AtY29udGVudFwvdXBsb2Fkc1wvMjAyNFwvMDlcL1BBU0FST05fTEFfVkVSQS5wbmcifQ%3D%3D\">\n\t\t\t\t\t\t\t<img decoding=\"async\" width=\"848\" height=\"1200\" src=\"https:\/\/cultura.aupex.org\/danzaenmovimiento\/wp-content\/uploads\/2024\/09\/PASARON_LA_VERA.png\" class=\"elementor-animation-grow attachment-full size-full wp-image-1759\" alt=\"\" srcset=\"https:\/\/cultura.aupex.org\/danzaenmovimiento\/wp-content\/uploads\/2024\/09\/PASARON_LA_VERA.png 848w, https:\/\/cultura.aupex.org\/danzaenmovimiento\/wp-content\/uploads\/2024\/09\/PASARON_LA_VERA-212x300.png 212w, https:\/\/cultura.aupex.org\/danzaenmovimiento\/wp-content\/uploads\/2024\/09\/PASARON_LA_VERA-724x1024.png 724w, https:\/\/cultura.aupex.org\/danzaenmovimiento\/wp-content\/uploads\/2024\/09\/PASARON_LA_VERA-768x1087.png 768w, https:\/\/cultura.aupex.org\/danzaenmovimiento\/wp-content\/uploads\/2024\/09\/PASARON_LA_VERA-370x524.png 370w\" sizes=\"(max-width: 848px) 100vw, 848px\" \/>\t\t\t\t\t\t\t\t<\/a>\n\t\t\t\t\t\t\t\t\t\t\t\t\t\t\t<\/div>\n\t\t\t\t<\/div>\n\t\t\t\t\t<\/div>\n\t\t<\/div>\n\t\t\t\t\t<\/div>\n\t\t<\/section>\n\t\t\t\t<div class=\"elementor-element elementor-element-7210bdc elementor-widget elementor-widget-spacer\" data-id=\"7210bdc\" data-element_type=\"widget\" data-e-type=\"widget\" data-widget_type=\"spacer.default\">\n\t\t\t\t<div class=\"elementor-widget-container\">\n\t\t\t\t\t\t\t<div class=\"elementor-spacer\">\n\t\t\t<div class=\"elementor-spacer-inner\"><\/div>\n\t\t<\/div>\n\t\t\t\t\t\t<\/div>\n\t\t\t\t<\/div>\n\t\t\t\t<div class=\"elementor-element elementor-element-64c33561 elementor-widget elementor-widget-heading\" data-id=\"64c33561\" data-element_type=\"widget\" data-e-type=\"widget\" data-widget_type=\"heading.default\">\n\t\t\t\t<div class=\"elementor-widget-container\">\n\t\t\t\t\t<h4 class=\"elementor-heading-title elementor-size-default\">UP Pasar\u00f3n de la Vera\n\n<\/h4>\t\t\t\t<\/div>\n\t\t\t\t<\/div>\n\t\t\t\t<div class=\"elementor-element elementor-element-72c9425 elementor-widget-divider--view-line elementor-widget elementor-widget-divider\" data-id=\"72c9425\" data-element_type=\"widget\" data-e-type=\"widget\" data-widget_type=\"divider.default\">\n\t\t\t\t<div class=\"elementor-widget-container\">\n\t\t\t\t\t\t\t<div class=\"elementor-divider\">\n\t\t\t<span class=\"elementor-divider-separator\">\n\t\t\t\t\t\t<\/span>\n\t\t<\/div>\n\t\t\t\t\t\t<\/div>\n\t\t\t\t<\/div>\n\t\t\t\t<div class=\"elementor-element elementor-element-8b9ab7a elementor-widget elementor-widget-spacer\" data-id=\"8b9ab7a\" data-element_type=\"widget\" data-e-type=\"widget\" data-widget_type=\"spacer.default\">\n\t\t\t\t<div class=\"elementor-widget-container\">\n\t\t\t\t\t\t\t<div class=\"elementor-spacer\">\n\t\t\t<div class=\"elementor-spacer-inner\"><\/div>\n\t\t<\/div>\n\t\t\t\t\t\t<\/div>\n\t\t\t\t<\/div>\n\t\t\t\t<div class=\"elementor-element elementor-element-57b9bc9 elementor-hidden-mobile elementor-widget elementor-widget-spacer\" data-id=\"57b9bc9\" data-element_type=\"widget\" data-e-type=\"widget\" data-widget_type=\"spacer.default\">\n\t\t\t\t<div class=\"elementor-widget-container\">\n\t\t\t\t\t\t\t<div class=\"elementor-spacer\">\n\t\t\t<div class=\"elementor-spacer-inner\"><\/div>\n\t\t<\/div>\n\t\t\t\t\t\t<\/div>\n\t\t\t\t<\/div>\n\t\t\t\t\t<\/div>\n\t\t<\/div>\n\t\t\t\t<div class=\"elementor-column elementor-col-25 elementor-inner-column elementor-element elementor-element-85a0233\" data-id=\"85a0233\" data-element_type=\"column\" data-e-type=\"column\" data-settings=\"{&quot;background_background&quot;:&quot;classic&quot;}\">\n\t\t\t<div class=\"elementor-widget-wrap elementor-element-populated\">\n\t\t\t\t\t<div class=\"elementor-background-overlay\"><\/div>\n\t\t\t\t\t\t<section class=\"elementor-section elementor-inner-section elementor-element elementor-element-fda333a elementor-section-boxed elementor-section-height-default elementor-section-height-default\" data-id=\"fda333a\" data-element_type=\"section\" data-e-type=\"section\">\n\t\t\t\t\t\t<div class=\"elementor-container elementor-column-gap-no\">\n\t\t\t\t\t<div class=\"elementor-column elementor-col-100 elementor-inner-column elementor-element elementor-element-e1749e8\" data-id=\"e1749e8\" data-element_type=\"column\" data-e-type=\"column\">\n\t\t\t<div class=\"elementor-widget-wrap elementor-element-populated\">\n\t\t\t\t\t\t<div class=\"elementor-element elementor-element-147d1b6 elementor-widget elementor-widget-image\" data-id=\"147d1b6\" data-element_type=\"widget\" data-e-type=\"widget\" data-widget_type=\"image.default\">\n\t\t\t\t<div class=\"elementor-widget-container\">\n\t\t\t\t\t\t\t\t\t\t\t\t\t\t\t\t<a href=\"https:\/\/cultura.aupex.org\/danzaenmovimiento\/wp-content\/uploads\/2024\/11\/Performance-LAB-FacilDanza.png\" data-elementor-open-lightbox=\"yes\" data-elementor-lightbox-title=\"Performance LAB FacilDanza\" data-e-action-hash=\"#elementor-action%3Aaction%3Dlightbox%26settings%3DeyJpZCI6MjMzMiwidXJsIjoiaHR0cHM6XC9cL2N1bHR1cmEuYXVwZXgub3JnXC9kYW56YWVubW92aW1pZW50b1wvd3AtY29udGVudFwvdXBsb2Fkc1wvMjAyNFwvMTFcL1BlcmZvcm1hbmNlLUxBQi1GYWNpbERhbnphLnBuZyJ9\">\n\t\t\t\t\t\t\t<img loading=\"lazy\" decoding=\"async\" width=\"1587\" height=\"2245\" src=\"https:\/\/cultura.aupex.org\/danzaenmovimiento\/wp-content\/uploads\/2024\/11\/Performance-LAB-FacilDanza.png\" class=\"elementor-animation-grow attachment-full size-full wp-image-2332\" alt=\"\" srcset=\"https:\/\/cultura.aupex.org\/danzaenmovimiento\/wp-content\/uploads\/2024\/11\/Performance-LAB-FacilDanza.png 1587w, https:\/\/cultura.aupex.org\/danzaenmovimiento\/wp-content\/uploads\/2024\/11\/Performance-LAB-FacilDanza-212x300.png 212w, https:\/\/cultura.aupex.org\/danzaenmovimiento\/wp-content\/uploads\/2024\/11\/Performance-LAB-FacilDanza-724x1024.png 724w, https:\/\/cultura.aupex.org\/danzaenmovimiento\/wp-content\/uploads\/2024\/11\/Performance-LAB-FacilDanza-768x1086.png 768w, https:\/\/cultura.aupex.org\/danzaenmovimiento\/wp-content\/uploads\/2024\/11\/Performance-LAB-FacilDanza-1086x1536.png 1086w, https:\/\/cultura.aupex.org\/danzaenmovimiento\/wp-content\/uploads\/2024\/11\/Performance-LAB-FacilDanza-1448x2048.png 1448w, https:\/\/cultura.aupex.org\/danzaenmovimiento\/wp-content\/uploads\/2024\/11\/Performance-LAB-FacilDanza-370x523.png 370w\" sizes=\"(max-width: 1587px) 100vw, 1587px\" \/>\t\t\t\t\t\t\t\t<\/a>\n\t\t\t\t\t\t\t\t\t\t\t\t\t\t\t<\/div>\n\t\t\t\t<\/div>\n\t\t\t\t\t<\/div>\n\t\t<\/div>\n\t\t\t\t\t<\/div>\n\t\t<\/section>\n\t\t\t\t<div class=\"elementor-element elementor-element-60ed660 elementor-widget elementor-widget-spacer\" data-id=\"60ed660\" data-element_type=\"widget\" data-e-type=\"widget\" data-widget_type=\"spacer.default\">\n\t\t\t\t<div class=\"elementor-widget-container\">\n\t\t\t\t\t\t\t<div class=\"elementor-spacer\">\n\t\t\t<div class=\"elementor-spacer-inner\"><\/div>\n\t\t<\/div>\n\t\t\t\t\t\t<\/div>\n\t\t\t\t<\/div>\n\t\t\t\t<div class=\"elementor-element elementor-element-29a3800 elementor-widget elementor-widget-heading\" data-id=\"29a3800\" data-element_type=\"widget\" data-e-type=\"widget\" data-widget_type=\"heading.default\">\n\t\t\t\t<div class=\"elementor-widget-container\">\n\t\t\t\t\t<h4 class=\"elementor-heading-title elementor-size-default\">UP Valencia de Alc\u00e1ntara\n\n<\/h4>\t\t\t\t<\/div>\n\t\t\t\t<\/div>\n\t\t\t\t<div class=\"elementor-element elementor-element-cf3d7cd elementor-widget-divider--view-line elementor-widget elementor-widget-divider\" data-id=\"cf3d7cd\" data-element_type=\"widget\" data-e-type=\"widget\" data-widget_type=\"divider.default\">\n\t\t\t\t<div class=\"elementor-widget-container\">\n\t\t\t\t\t\t\t<div class=\"elementor-divider\">\n\t\t\t<span class=\"elementor-divider-separator\">\n\t\t\t\t\t\t<\/span>\n\t\t<\/div>\n\t\t\t\t\t\t<\/div>\n\t\t\t\t<\/div>\n\t\t\t\t<div class=\"elementor-element elementor-element-7fa92b3 elementor-widget elementor-widget-spacer\" data-id=\"7fa92b3\" data-element_type=\"widget\" data-e-type=\"widget\" data-widget_type=\"spacer.default\">\n\t\t\t\t<div class=\"elementor-widget-container\">\n\t\t\t\t\t\t\t<div class=\"elementor-spacer\">\n\t\t\t<div class=\"elementor-spacer-inner\"><\/div>\n\t\t<\/div>\n\t\t\t\t\t\t<\/div>\n\t\t\t\t<\/div>\n\t\t\t\t\t<\/div>\n\t\t<\/div>\n\t\t\t\t<div class=\"elementor-column elementor-col-25 elementor-inner-column elementor-element elementor-element-9b7b4d9\" data-id=\"9b7b4d9\" data-element_type=\"column\" data-e-type=\"column\" data-settings=\"{&quot;background_background&quot;:&quot;classic&quot;}\">\n\t\t\t<div class=\"elementor-widget-wrap elementor-element-populated\">\n\t\t\t\t\t<div class=\"elementor-background-overlay\"><\/div>\n\t\t\t\t\t\t<section class=\"elementor-section elementor-inner-section elementor-element elementor-element-3f58865 elementor-section-boxed elementor-section-height-default elementor-section-height-default\" data-id=\"3f58865\" data-element_type=\"section\" data-e-type=\"section\">\n\t\t\t\t\t\t<div class=\"elementor-container elementor-column-gap-no\">\n\t\t\t\t\t<div class=\"elementor-column elementor-col-100 elementor-inner-column elementor-element elementor-element-dd41fe8\" data-id=\"dd41fe8\" data-element_type=\"column\" data-e-type=\"column\">\n\t\t\t<div class=\"elementor-widget-wrap elementor-element-populated\">\n\t\t\t\t\t\t<div class=\"elementor-element elementor-element-c914910 elementor-widget elementor-widget-image\" data-id=\"c914910\" data-element_type=\"widget\" data-e-type=\"widget\" data-widget_type=\"image.default\">\n\t\t\t\t<div class=\"elementor-widget-container\">\n\t\t\t\t\t\t\t\t\t\t\t\t\t\t\t\t<a href=\"https:\/\/cultura.aupex.org\/danzaenmovimiento\/wp-content\/uploads\/2024\/09\/ALMOHARIN.png\" data-elementor-open-lightbox=\"yes\" data-elementor-lightbox-title=\"ALMOHARIN\" data-e-action-hash=\"#elementor-action%3Aaction%3Dlightbox%26settings%3DeyJpZCI6MTc1NSwidXJsIjoiaHR0cHM6XC9cL2N1bHR1cmEuYXVwZXgub3JnXC9kYW56YWVubW92aW1pZW50b1wvd3AtY29udGVudFwvdXBsb2Fkc1wvMjAyNFwvMDlcL0FMTU9IQVJJTi5wbmcifQ%3D%3D\">\n\t\t\t\t\t\t\t<img loading=\"lazy\" decoding=\"async\" width=\"848\" height=\"1200\" src=\"https:\/\/cultura.aupex.org\/danzaenmovimiento\/wp-content\/uploads\/2024\/09\/ALMOHARIN.png\" class=\"elementor-animation-grow attachment-full size-full wp-image-1755\" alt=\"\" srcset=\"https:\/\/cultura.aupex.org\/danzaenmovimiento\/wp-content\/uploads\/2024\/09\/ALMOHARIN.png 848w, https:\/\/cultura.aupex.org\/danzaenmovimiento\/wp-content\/uploads\/2024\/09\/ALMOHARIN-212x300.png 212w, https:\/\/cultura.aupex.org\/danzaenmovimiento\/wp-content\/uploads\/2024\/09\/ALMOHARIN-724x1024.png 724w, https:\/\/cultura.aupex.org\/danzaenmovimiento\/wp-content\/uploads\/2024\/09\/ALMOHARIN-768x1087.png 768w, https:\/\/cultura.aupex.org\/danzaenmovimiento\/wp-content\/uploads\/2024\/09\/ALMOHARIN-370x524.png 370w\" sizes=\"(max-width: 848px) 100vw, 848px\" \/>\t\t\t\t\t\t\t\t<\/a>\n\t\t\t\t\t\t\t\t\t\t\t\t\t\t\t<\/div>\n\t\t\t\t<\/div>\n\t\t\t\t\t<\/div>\n\t\t<\/div>\n\t\t\t\t\t<\/div>\n\t\t<\/section>\n\t\t\t\t<div class=\"elementor-element elementor-element-ed036b7 elementor-widget elementor-widget-spacer\" data-id=\"ed036b7\" data-element_type=\"widget\" data-e-type=\"widget\" data-widget_type=\"spacer.default\">\n\t\t\t\t<div class=\"elementor-widget-container\">\n\t\t\t\t\t\t\t<div class=\"elementor-spacer\">\n\t\t\t<div class=\"elementor-spacer-inner\"><\/div>\n\t\t<\/div>\n\t\t\t\t\t\t<\/div>\n\t\t\t\t<\/div>\n\t\t\t\t<div class=\"elementor-element elementor-element-3a9b2ed elementor-widget elementor-widget-heading\" data-id=\"3a9b2ed\" data-element_type=\"widget\" data-e-type=\"widget\" data-widget_type=\"heading.default\">\n\t\t\t\t<div class=\"elementor-widget-container\">\n\t\t\t\t\t<h4 class=\"elementor-heading-title elementor-size-default\">UP Almohar\u00edn\n\n<\/h4>\t\t\t\t<\/div>\n\t\t\t\t<\/div>\n\t\t\t\t<div class=\"elementor-element elementor-element-e045b16 elementor-widget-divider--view-line elementor-widget elementor-widget-divider\" data-id=\"e045b16\" data-element_type=\"widget\" data-e-type=\"widget\" data-widget_type=\"divider.default\">\n\t\t\t\t<div class=\"elementor-widget-container\">\n\t\t\t\t\t\t\t<div class=\"elementor-divider\">\n\t\t\t<span class=\"elementor-divider-separator\">\n\t\t\t\t\t\t<\/span>\n\t\t<\/div>\n\t\t\t\t\t\t<\/div>\n\t\t\t\t<\/div>\n\t\t\t\t<div class=\"elementor-element elementor-element-28a08e3 elementor-widget elementor-widget-spacer\" data-id=\"28a08e3\" data-element_type=\"widget\" data-e-type=\"widget\" data-widget_type=\"spacer.default\">\n\t\t\t\t<div class=\"elementor-widget-container\">\n\t\t\t\t\t\t\t<div class=\"elementor-spacer\">\n\t\t\t<div class=\"elementor-spacer-inner\"><\/div>\n\t\t<\/div>\n\t\t\t\t\t\t<\/div>\n\t\t\t\t<\/div>\n\t\t\t\t\t<\/div>\n\t\t<\/div>\n\t\t\t\t<div class=\"elementor-column elementor-col-25 elementor-inner-column elementor-element elementor-element-24de5bc\" data-id=\"24de5bc\" data-element_type=\"column\" data-e-type=\"column\" data-settings=\"{&quot;background_background&quot;:&quot;classic&quot;}\">\n\t\t\t<div class=\"elementor-widget-wrap elementor-element-populated\">\n\t\t\t\t\t<div class=\"elementor-background-overlay\"><\/div>\n\t\t\t\t\t\t<section class=\"elementor-section elementor-inner-section elementor-element elementor-element-feeecef elementor-section-boxed elementor-section-height-default elementor-section-height-default\" data-id=\"feeecef\" data-element_type=\"section\" data-e-type=\"section\">\n\t\t\t\t\t\t<div class=\"elementor-container elementor-column-gap-no\">\n\t\t\t\t\t<div class=\"elementor-column elementor-col-100 elementor-inner-column elementor-element elementor-element-ba8b87e\" data-id=\"ba8b87e\" data-element_type=\"column\" data-e-type=\"column\">\n\t\t\t<div class=\"elementor-widget-wrap elementor-element-populated\">\n\t\t\t\t\t\t<div class=\"elementor-element elementor-element-a91c1a5 elementor-widget elementor-widget-image\" data-id=\"a91c1a5\" data-element_type=\"widget\" data-e-type=\"widget\" data-widget_type=\"image.default\">\n\t\t\t\t<div class=\"elementor-widget-container\">\n\t\t\t\t\t\t\t\t\t\t\t\t\t\t\t\t<a href=\"https:\/\/cultura.aupex.org\/danzaenmovimiento\/wp-content\/uploads\/2024\/09\/MIAJADAS.png\" data-elementor-open-lightbox=\"yes\" data-elementor-lightbox-title=\"MIAJADAS\" data-e-action-hash=\"#elementor-action%3Aaction%3Dlightbox%26settings%3DeyJpZCI6MTc1NiwidXJsIjoiaHR0cHM6XC9cL2N1bHR1cmEuYXVwZXgub3JnXC9kYW56YWVubW92aW1pZW50b1wvd3AtY29udGVudFwvdXBsb2Fkc1wvMjAyNFwvMDlcL01JQUpBREFTLnBuZyJ9\">\n\t\t\t\t\t\t\t<img loading=\"lazy\" decoding=\"async\" width=\"848\" height=\"1200\" src=\"https:\/\/cultura.aupex.org\/danzaenmovimiento\/wp-content\/uploads\/2024\/09\/MIAJADAS.png\" class=\"elementor-animation-grow attachment-full size-full wp-image-1756\" alt=\"\" srcset=\"https:\/\/cultura.aupex.org\/danzaenmovimiento\/wp-content\/uploads\/2024\/09\/MIAJADAS.png 848w, https:\/\/cultura.aupex.org\/danzaenmovimiento\/wp-content\/uploads\/2024\/09\/MIAJADAS-212x300.png 212w, https:\/\/cultura.aupex.org\/danzaenmovimiento\/wp-content\/uploads\/2024\/09\/MIAJADAS-724x1024.png 724w, https:\/\/cultura.aupex.org\/danzaenmovimiento\/wp-content\/uploads\/2024\/09\/MIAJADAS-768x1087.png 768w, https:\/\/cultura.aupex.org\/danzaenmovimiento\/wp-content\/uploads\/2024\/09\/MIAJADAS-370x524.png 370w\" sizes=\"(max-width: 848px) 100vw, 848px\" \/>\t\t\t\t\t\t\t\t<\/a>\n\t\t\t\t\t\t\t\t\t\t\t\t\t\t\t<\/div>\n\t\t\t\t<\/div>\n\t\t\t\t\t<\/div>\n\t\t<\/div>\n\t\t\t\t\t<\/div>\n\t\t<\/section>\n\t\t\t\t<div class=\"elementor-element elementor-element-6f5161f elementor-widget elementor-widget-spacer\" data-id=\"6f5161f\" data-element_type=\"widget\" data-e-type=\"widget\" data-widget_type=\"spacer.default\">\n\t\t\t\t<div class=\"elementor-widget-container\">\n\t\t\t\t\t\t\t<div class=\"elementor-spacer\">\n\t\t\t<div class=\"elementor-spacer-inner\"><\/div>\n\t\t<\/div>\n\t\t\t\t\t\t<\/div>\n\t\t\t\t<\/div>\n\t\t\t\t<div class=\"elementor-element elementor-element-9589fbb elementor-widget elementor-widget-heading\" data-id=\"9589fbb\" data-element_type=\"widget\" data-e-type=\"widget\" data-widget_type=\"heading.default\">\n\t\t\t\t<div class=\"elementor-widget-container\">\n\t\t\t\t\t<h4 class=\"elementor-heading-title elementor-size-default\">UP Miajadas\n\n\n<\/h4>\t\t\t\t<\/div>\n\t\t\t\t<\/div>\n\t\t\t\t<div class=\"elementor-element elementor-element-e33ec31 elementor-widget-divider--view-line elementor-widget elementor-widget-divider\" data-id=\"e33ec31\" data-element_type=\"widget\" data-e-type=\"widget\" data-widget_type=\"divider.default\">\n\t\t\t\t<div class=\"elementor-widget-container\">\n\t\t\t\t\t\t\t<div class=\"elementor-divider\">\n\t\t\t<span class=\"elementor-divider-separator\">\n\t\t\t\t\t\t<\/span>\n\t\t<\/div>\n\t\t\t\t\t\t<\/div>\n\t\t\t\t<\/div>\n\t\t\t\t<div class=\"elementor-element elementor-element-335bc9b elementor-widget elementor-widget-spacer\" data-id=\"335bc9b\" data-element_type=\"widget\" data-e-type=\"widget\" data-widget_type=\"spacer.default\">\n\t\t\t\t<div class=\"elementor-widget-container\">\n\t\t\t\t\t\t\t<div class=\"elementor-spacer\">\n\t\t\t<div class=\"elementor-spacer-inner\"><\/div>\n\t\t<\/div>\n\t\t\t\t\t\t<\/div>\n\t\t\t\t<\/div>\n\t\t\t\t\t<\/div>\n\t\t<\/div>\n\t\t\t\t\t<\/div>\n\t\t<\/section>\n\t\t\t\t<section class=\"elementor-section elementor-inner-section elementor-element elementor-element-2433d7c elementor-section-boxed elementor-section-height-default elementor-section-height-default\" data-id=\"2433d7c\" data-element_type=\"section\" data-e-type=\"section\">\n\t\t\t\t\t\t<div class=\"elementor-container elementor-column-gap-default\">\n\t\t\t\t\t<div class=\"elementor-column elementor-col-25 elementor-inner-column elementor-element elementor-element-69dd417\" data-id=\"69dd417\" data-element_type=\"column\" data-e-type=\"column\" data-settings=\"{&quot;background_background&quot;:&quot;classic&quot;}\">\n\t\t\t<div class=\"elementor-widget-wrap elementor-element-populated\">\n\t\t\t\t\t<div class=\"elementor-background-overlay\"><\/div>\n\t\t\t\t\t\t<section class=\"elementor-section elementor-inner-section elementor-element elementor-element-1e18bc0 elementor-section-boxed elementor-section-height-default elementor-section-height-default\" data-id=\"1e18bc0\" data-element_type=\"section\" data-e-type=\"section\">\n\t\t\t\t\t\t<div class=\"elementor-container elementor-column-gap-no\">\n\t\t\t\t\t<div class=\"elementor-column elementor-col-100 elementor-inner-column elementor-element elementor-element-f5aead4\" data-id=\"f5aead4\" data-element_type=\"column\" data-e-type=\"column\">\n\t\t\t<div class=\"elementor-widget-wrap elementor-element-populated\">\n\t\t\t\t\t\t<div class=\"elementor-element elementor-element-d1c9150 elementor-widget elementor-widget-image\" data-id=\"d1c9150\" data-element_type=\"widget\" data-e-type=\"widget\" data-widget_type=\"image.default\">\n\t\t\t\t<div class=\"elementor-widget-container\">\n\t\t\t\t\t\t\t\t\t\t\t\t\t\t\t\t<a href=\"https:\/\/cultura.aupex.org\/danzaenmovimiento\/wp-content\/uploads\/2024\/09\/ALBURQUERQUE.png\" data-elementor-open-lightbox=\"yes\" data-elementor-lightbox-title=\"ALBURQUERQUE\" data-e-action-hash=\"#elementor-action%3Aaction%3Dlightbox%26settings%3DeyJpZCI6MTc1NCwidXJsIjoiaHR0cHM6XC9cL2N1bHR1cmEuYXVwZXgub3JnXC9kYW56YWVubW92aW1pZW50b1wvd3AtY29udGVudFwvdXBsb2Fkc1wvMjAyNFwvMDlcL0FMQlVSUVVFUlFVRS5wbmcifQ%3D%3D\">\n\t\t\t\t\t\t\t<img loading=\"lazy\" decoding=\"async\" width=\"848\" height=\"1200\" src=\"https:\/\/cultura.aupex.org\/danzaenmovimiento\/wp-content\/uploads\/2024\/09\/ALBURQUERQUE.png\" class=\"elementor-animation-grow attachment-full size-full wp-image-1754\" alt=\"\" srcset=\"https:\/\/cultura.aupex.org\/danzaenmovimiento\/wp-content\/uploads\/2024\/09\/ALBURQUERQUE.png 848w, https:\/\/cultura.aupex.org\/danzaenmovimiento\/wp-content\/uploads\/2024\/09\/ALBURQUERQUE-212x300.png 212w, https:\/\/cultura.aupex.org\/danzaenmovimiento\/wp-content\/uploads\/2024\/09\/ALBURQUERQUE-724x1024.png 724w, https:\/\/cultura.aupex.org\/danzaenmovimiento\/wp-content\/uploads\/2024\/09\/ALBURQUERQUE-768x1087.png 768w, https:\/\/cultura.aupex.org\/danzaenmovimiento\/wp-content\/uploads\/2024\/09\/ALBURQUERQUE-370x524.png 370w\" sizes=\"(max-width: 848px) 100vw, 848px\" \/>\t\t\t\t\t\t\t\t<\/a>\n\t\t\t\t\t\t\t\t\t\t\t\t\t\t\t<\/div>\n\t\t\t\t<\/div>\n\t\t\t\t\t<\/div>\n\t\t<\/div>\n\t\t\t\t\t<\/div>\n\t\t<\/section>\n\t\t\t\t<div class=\"elementor-element elementor-element-6455065 elementor-widget elementor-widget-spacer\" data-id=\"6455065\" data-element_type=\"widget\" data-e-type=\"widget\" data-widget_type=\"spacer.default\">\n\t\t\t\t<div class=\"elementor-widget-container\">\n\t\t\t\t\t\t\t<div class=\"elementor-spacer\">\n\t\t\t<div class=\"elementor-spacer-inner\"><\/div>\n\t\t<\/div>\n\t\t\t\t\t\t<\/div>\n\t\t\t\t<\/div>\n\t\t\t\t<div class=\"elementor-element elementor-element-1868e92 elementor-widget elementor-widget-heading\" data-id=\"1868e92\" data-element_type=\"widget\" data-e-type=\"widget\" data-widget_type=\"heading.default\">\n\t\t\t\t<div class=\"elementor-widget-container\">\n\t\t\t\t\t<h4 class=\"elementor-heading-title elementor-size-default\">\nUP Alburquerque\n\n\n<\/h4>\t\t\t\t<\/div>\n\t\t\t\t<\/div>\n\t\t\t\t<div class=\"elementor-element elementor-element-3c00cd8 elementor-widget-divider--view-line elementor-widget elementor-widget-divider\" data-id=\"3c00cd8\" data-element_type=\"widget\" data-e-type=\"widget\" data-widget_type=\"divider.default\">\n\t\t\t\t<div class=\"elementor-widget-container\">\n\t\t\t\t\t\t\t<div class=\"elementor-divider\">\n\t\t\t<span class=\"elementor-divider-separator\">\n\t\t\t\t\t\t<\/span>\n\t\t<\/div>\n\t\t\t\t\t\t<\/div>\n\t\t\t\t<\/div>\n\t\t\t\t<div class=\"elementor-element elementor-element-d1d3ac9 elementor-widget elementor-widget-spacer\" data-id=\"d1d3ac9\" data-element_type=\"widget\" data-e-type=\"widget\" data-widget_type=\"spacer.default\">\n\t\t\t\t<div class=\"elementor-widget-container\">\n\t\t\t\t\t\t\t<div class=\"elementor-spacer\">\n\t\t\t<div class=\"elementor-spacer-inner\"><\/div>\n\t\t<\/div>\n\t\t\t\t\t\t<\/div>\n\t\t\t\t<\/div>\n\t\t\t\t\t<\/div>\n\t\t<\/div>\n\t\t\t\t<div class=\"elementor-column elementor-col-25 elementor-inner-column elementor-element elementor-element-a093e58\" data-id=\"a093e58\" data-element_type=\"column\" data-e-type=\"column\" data-settings=\"{&quot;background_background&quot;:&quot;classic&quot;}\">\n\t\t\t<div class=\"elementor-widget-wrap elementor-element-populated\">\n\t\t\t\t\t<div class=\"elementor-background-overlay\"><\/div>\n\t\t\t\t\t\t<section class=\"elementor-section elementor-inner-section elementor-element elementor-element-8557e8d elementor-section-boxed elementor-section-height-default elementor-section-height-default\" data-id=\"8557e8d\" data-element_type=\"section\" data-e-type=\"section\">\n\t\t\t\t\t\t<div class=\"elementor-container elementor-column-gap-no\">\n\t\t\t\t\t<div class=\"elementor-column elementor-col-100 elementor-inner-column elementor-element elementor-element-2707a95\" data-id=\"2707a95\" data-element_type=\"column\" data-e-type=\"column\">\n\t\t\t<div class=\"elementor-widget-wrap elementor-element-populated\">\n\t\t\t\t\t\t<div class=\"elementor-element elementor-element-0b2c7e5 elementor-widget elementor-widget-image\" data-id=\"0b2c7e5\" data-element_type=\"widget\" data-e-type=\"widget\" data-widget_type=\"image.default\">\n\t\t\t\t<div class=\"elementor-widget-container\">\n\t\t\t\t\t\t\t\t\t\t\t\t\t\t\t\t<a href=\"https:\/\/cultura.aupex.org\/danzaenmovimiento\/wp-content\/uploads\/2024\/09\/SIRUELA.png\" data-elementor-open-lightbox=\"yes\" data-elementor-lightbox-title=\"SIRUELA\" data-e-action-hash=\"#elementor-action%3Aaction%3Dlightbox%26settings%3DeyJpZCI6MTc2MCwidXJsIjoiaHR0cHM6XC9cL2N1bHR1cmEuYXVwZXgub3JnXC9kYW56YWVubW92aW1pZW50b1wvd3AtY29udGVudFwvdXBsb2Fkc1wvMjAyNFwvMDlcL1NJUlVFTEEucG5nIn0%3D\">\n\t\t\t\t\t\t\t<img loading=\"lazy\" decoding=\"async\" width=\"848\" height=\"1200\" src=\"https:\/\/cultura.aupex.org\/danzaenmovimiento\/wp-content\/uploads\/2024\/09\/SIRUELA.png\" class=\"elementor-animation-grow attachment-full size-full wp-image-1760\" alt=\"\" srcset=\"https:\/\/cultura.aupex.org\/danzaenmovimiento\/wp-content\/uploads\/2024\/09\/SIRUELA.png 848w, https:\/\/cultura.aupex.org\/danzaenmovimiento\/wp-content\/uploads\/2024\/09\/SIRUELA-212x300.png 212w, https:\/\/cultura.aupex.org\/danzaenmovimiento\/wp-content\/uploads\/2024\/09\/SIRUELA-724x1024.png 724w, https:\/\/cultura.aupex.org\/danzaenmovimiento\/wp-content\/uploads\/2024\/09\/SIRUELA-768x1087.png 768w, https:\/\/cultura.aupex.org\/danzaenmovimiento\/wp-content\/uploads\/2024\/09\/SIRUELA-370x524.png 370w\" sizes=\"(max-width: 848px) 100vw, 848px\" \/>\t\t\t\t\t\t\t\t<\/a>\n\t\t\t\t\t\t\t\t\t\t\t\t\t\t\t<\/div>\n\t\t\t\t<\/div>\n\t\t\t\t\t<\/div>\n\t\t<\/div>\n\t\t\t\t\t<\/div>\n\t\t<\/section>\n\t\t\t\t<div class=\"elementor-element elementor-element-4aa1945 elementor-widget elementor-widget-spacer\" data-id=\"4aa1945\" data-element_type=\"widget\" data-e-type=\"widget\" data-widget_type=\"spacer.default\">\n\t\t\t\t<div class=\"elementor-widget-container\">\n\t\t\t\t\t\t\t<div class=\"elementor-spacer\">\n\t\t\t<div class=\"elementor-spacer-inner\"><\/div>\n\t\t<\/div>\n\t\t\t\t\t\t<\/div>\n\t\t\t\t<\/div>\n\t\t\t\t<div class=\"elementor-element elementor-element-2c88867 elementor-widget elementor-widget-heading\" data-id=\"2c88867\" data-element_type=\"widget\" data-e-type=\"widget\" data-widget_type=\"heading.default\">\n\t\t\t\t<div class=\"elementor-widget-container\">\n\t\t\t\t\t<h4 class=\"elementor-heading-title elementor-size-default\">\nUP Siruela\n\n\n<\/h4>\t\t\t\t<\/div>\n\t\t\t\t<\/div>\n\t\t\t\t<div class=\"elementor-element elementor-element-0a27c66 elementor-widget-divider--view-line elementor-widget elementor-widget-divider\" data-id=\"0a27c66\" data-element_type=\"widget\" data-e-type=\"widget\" data-widget_type=\"divider.default\">\n\t\t\t\t<div class=\"elementor-widget-container\">\n\t\t\t\t\t\t\t<div class=\"elementor-divider\">\n\t\t\t<span class=\"elementor-divider-separator\">\n\t\t\t\t\t\t<\/span>\n\t\t<\/div>\n\t\t\t\t\t\t<\/div>\n\t\t\t\t<\/div>\n\t\t\t\t\t<\/div>\n\t\t<\/div>\n\t\t\t\t<div class=\"elementor-column elementor-col-25 elementor-inner-column elementor-element elementor-element-295c360\" data-id=\"295c360\" data-element_type=\"column\" data-e-type=\"column\" data-settings=\"{&quot;background_background&quot;:&quot;classic&quot;}\">\n\t\t\t<div class=\"elementor-widget-wrap elementor-element-populated\">\n\t\t\t\t\t<div class=\"elementor-background-overlay\"><\/div>\n\t\t\t\t\t\t<section class=\"elementor-section elementor-inner-section elementor-element elementor-element-0c9e038 elementor-section-boxed elementor-section-height-default elementor-section-height-default\" data-id=\"0c9e038\" data-element_type=\"section\" data-e-type=\"section\">\n\t\t\t\t\t\t<div class=\"elementor-container elementor-column-gap-no\">\n\t\t\t\t\t<div class=\"elementor-column elementor-col-100 elementor-inner-column elementor-element elementor-element-e727a5c\" data-id=\"e727a5c\" data-element_type=\"column\" data-e-type=\"column\">\n\t\t\t<div class=\"elementor-widget-wrap elementor-element-populated\">\n\t\t\t\t\t\t<div class=\"elementor-element elementor-element-a9fe219 elementor-widget elementor-widget-image\" data-id=\"a9fe219\" data-element_type=\"widget\" data-e-type=\"widget\" data-widget_type=\"image.default\">\n\t\t\t\t<div class=\"elementor-widget-container\">\n\t\t\t\t\t\t\t\t\t\t\t\t\t\t\t\t<a href=\"https:\/\/cultura.aupex.org\/danzaenmovimiento\/wp-content\/uploads\/2024\/10\/valdivia-02.png\" data-elementor-open-lightbox=\"yes\" data-elementor-lightbox-title=\"valdivia-02\" data-e-action-hash=\"#elementor-action%3Aaction%3Dlightbox%26settings%3DeyJpZCI6MjMxOSwidXJsIjoiaHR0cHM6XC9cL2N1bHR1cmEuYXVwZXgub3JnXC9kYW56YWVubW92aW1pZW50b1wvd3AtY29udGVudFwvdXBsb2Fkc1wvMjAyNFwvMTBcL3ZhbGRpdmlhLTAyLnBuZyJ9\">\n\t\t\t\t\t\t\t<img loading=\"lazy\" decoding=\"async\" width=\"848\" height=\"1200\" src=\"https:\/\/cultura.aupex.org\/danzaenmovimiento\/wp-content\/uploads\/2024\/10\/valdivia-02.png\" class=\"elementor-animation-grow attachment-full size-full wp-image-2319\" alt=\"\" srcset=\"https:\/\/cultura.aupex.org\/danzaenmovimiento\/wp-content\/uploads\/2024\/10\/valdivia-02.png 848w, https:\/\/cultura.aupex.org\/danzaenmovimiento\/wp-content\/uploads\/2024\/10\/valdivia-02-212x300.png 212w, https:\/\/cultura.aupex.org\/danzaenmovimiento\/wp-content\/uploads\/2024\/10\/valdivia-02-724x1024.png 724w, https:\/\/cultura.aupex.org\/danzaenmovimiento\/wp-content\/uploads\/2024\/10\/valdivia-02-768x1087.png 768w, https:\/\/cultura.aupex.org\/danzaenmovimiento\/wp-content\/uploads\/2024\/10\/valdivia-02-370x524.png 370w\" sizes=\"(max-width: 848px) 100vw, 848px\" \/>\t\t\t\t\t\t\t\t<\/a>\n\t\t\t\t\t\t\t\t\t\t\t\t\t\t\t<\/div>\n\t\t\t\t<\/div>\n\t\t\t\t\t<\/div>\n\t\t<\/div>\n\t\t\t\t\t<\/div>\n\t\t<\/section>\n\t\t\t\t<div class=\"elementor-element elementor-element-2f6674e elementor-widget elementor-widget-spacer\" data-id=\"2f6674e\" data-element_type=\"widget\" data-e-type=\"widget\" data-widget_type=\"spacer.default\">\n\t\t\t\t<div class=\"elementor-widget-container\">\n\t\t\t\t\t\t\t<div class=\"elementor-spacer\">\n\t\t\t<div class=\"elementor-spacer-inner\"><\/div>\n\t\t<\/div>\n\t\t\t\t\t\t<\/div>\n\t\t\t\t<\/div>\n\t\t\t\t<div class=\"elementor-element elementor-element-cb91277 elementor-widget elementor-widget-heading\" data-id=\"cb91277\" data-element_type=\"widget\" data-e-type=\"widget\" data-widget_type=\"heading.default\">\n\t\t\t\t<div class=\"elementor-widget-container\">\n\t\t\t\t\t<h4 class=\"elementor-heading-title elementor-size-default\">\nUP Valdivia\n\n\n\n<\/h4>\t\t\t\t<\/div>\n\t\t\t\t<\/div>\n\t\t\t\t<div class=\"elementor-element elementor-element-52d4ccc elementor-widget-divider--view-line elementor-widget elementor-widget-divider\" data-id=\"52d4ccc\" data-element_type=\"widget\" data-e-type=\"widget\" data-widget_type=\"divider.default\">\n\t\t\t\t<div class=\"elementor-widget-container\">\n\t\t\t\t\t\t\t<div class=\"elementor-divider\">\n\t\t\t<span class=\"elementor-divider-separator\">\n\t\t\t\t\t\t<\/span>\n\t\t<\/div>\n\t\t\t\t\t\t<\/div>\n\t\t\t\t<\/div>\n\t\t\t\t\t<\/div>\n\t\t<\/div>\n\t\t\t\t<div class=\"elementor-column elementor-col-25 elementor-inner-column elementor-element elementor-element-9ca645b\" data-id=\"9ca645b\" data-element_type=\"column\" data-e-type=\"column\" data-settings=\"{&quot;background_background&quot;:&quot;classic&quot;}\">\n\t\t\t<div class=\"elementor-widget-wrap elementor-element-populated\">\n\t\t\t\t\t<div class=\"elementor-background-overlay\"><\/div>\n\t\t\t\t\t\t<section class=\"elementor-section elementor-inner-section elementor-element elementor-element-37cf6b2 elementor-section-boxed elementor-section-height-default elementor-section-height-default\" data-id=\"37cf6b2\" data-element_type=\"section\" data-e-type=\"section\">\n\t\t\t\t\t\t<div class=\"elementor-container elementor-column-gap-no\">\n\t\t\t\t\t<div class=\"elementor-column elementor-col-100 elementor-inner-column elementor-element elementor-element-7fd1780\" data-id=\"7fd1780\" data-element_type=\"column\" data-e-type=\"column\">\n\t\t\t<div class=\"elementor-widget-wrap elementor-element-populated\">\n\t\t\t\t\t\t<div class=\"elementor-element elementor-element-b51dc87 elementor-widget elementor-widget-image\" data-id=\"b51dc87\" data-element_type=\"widget\" data-e-type=\"widget\" data-widget_type=\"image.default\">\n\t\t\t\t<div class=\"elementor-widget-container\">\n\t\t\t\t\t\t\t\t\t\t\t\t\t\t\t\t<a href=\"https:\/\/cultura.aupex.org\/danzaenmovimiento\/wp-content\/uploads\/2024\/09\/OLIVENZA.png\" data-elementor-open-lightbox=\"yes\" data-elementor-lightbox-title=\"OLIVENZA\" data-e-action-hash=\"#elementor-action%3Aaction%3Dlightbox%26settings%3DeyJpZCI6MTc1OCwidXJsIjoiaHR0cHM6XC9cL2N1bHR1cmEuYXVwZXgub3JnXC9kYW56YWVubW92aW1pZW50b1wvd3AtY29udGVudFwvdXBsb2Fkc1wvMjAyNFwvMDlcL09MSVZFTlpBLnBuZyJ9\">\n\t\t\t\t\t\t\t<img loading=\"lazy\" decoding=\"async\" width=\"848\" height=\"1200\" src=\"https:\/\/cultura.aupex.org\/danzaenmovimiento\/wp-content\/uploads\/2024\/09\/OLIVENZA.png\" class=\"elementor-animation-grow attachment-full size-full wp-image-1758\" alt=\"\" srcset=\"https:\/\/cultura.aupex.org\/danzaenmovimiento\/wp-content\/uploads\/2024\/09\/OLIVENZA.png 848w, https:\/\/cultura.aupex.org\/danzaenmovimiento\/wp-content\/uploads\/2024\/09\/OLIVENZA-212x300.png 212w, https:\/\/cultura.aupex.org\/danzaenmovimiento\/wp-content\/uploads\/2024\/09\/OLIVENZA-724x1024.png 724w, https:\/\/cultura.aupex.org\/danzaenmovimiento\/wp-content\/uploads\/2024\/09\/OLIVENZA-768x1087.png 768w, https:\/\/cultura.aupex.org\/danzaenmovimiento\/wp-content\/uploads\/2024\/09\/OLIVENZA-370x524.png 370w\" sizes=\"(max-width: 848px) 100vw, 848px\" \/>\t\t\t\t\t\t\t\t<\/a>\n\t\t\t\t\t\t\t\t\t\t\t\t\t\t\t<\/div>\n\t\t\t\t<\/div>\n\t\t\t\t\t<\/div>\n\t\t<\/div>\n\t\t\t\t\t<\/div>\n\t\t<\/section>\n\t\t\t\t<div class=\"elementor-element elementor-element-488642a elementor-widget elementor-widget-spacer\" data-id=\"488642a\" data-element_type=\"widget\" data-e-type=\"widget\" data-widget_type=\"spacer.default\">\n\t\t\t\t<div class=\"elementor-widget-container\">\n\t\t\t\t\t\t\t<div class=\"elementor-spacer\">\n\t\t\t<div class=\"elementor-spacer-inner\"><\/div>\n\t\t<\/div>\n\t\t\t\t\t\t<\/div>\n\t\t\t\t<\/div>\n\t\t\t\t<div class=\"elementor-element elementor-element-da375a6 elementor-widget elementor-widget-heading\" data-id=\"da375a6\" data-element_type=\"widget\" data-e-type=\"widget\" data-widget_type=\"heading.default\">\n\t\t\t\t<div class=\"elementor-widget-container\">\n\t\t\t\t\t<h4 class=\"elementor-heading-title elementor-size-default\">\nUP Olivenza\n\n\n\n<\/h4>\t\t\t\t<\/div>\n\t\t\t\t<\/div>\n\t\t\t\t<div class=\"elementor-element elementor-element-a21bd7f elementor-widget-divider--view-line elementor-widget elementor-widget-divider\" data-id=\"a21bd7f\" data-element_type=\"widget\" data-e-type=\"widget\" data-widget_type=\"divider.default\">\n\t\t\t\t<div class=\"elementor-widget-container\">\n\t\t\t\t\t\t\t<div class=\"elementor-divider\">\n\t\t\t<span class=\"elementor-divider-separator\">\n\t\t\t\t\t\t<\/span>\n\t\t<\/div>\n\t\t\t\t\t\t<\/div>\n\t\t\t\t<\/div>\n\t\t\t\t\t<\/div>\n\t\t<\/div>\n\t\t\t\t\t<\/div>\n\t\t<\/section>\n\t\t\t\t\t<\/div>\n\t\t<\/div>\n\t\t\t\t\t<\/div>\n\t\t<\/section>\n\t\t\t\t<\/div>\n\t\t","protected":false},"excerpt":{"rendered":"<p>ACERCAdanza_Lab Facilitadoras de las ARTES del MOVIMIENTO y CREATIVIDAD Con la finalidad de apoyar y acompa\u00f1ar a personas con cierta experiencia en artes del movimiento a impulsar actividades o micro-proyectos que ayuden a fortalecer el tejido danc\u00edstico del territorio, ampliando as\u00ed contextos donde la danza tome presencia y afectando as\u00ed a lugares en los que [&hellip;]<\/p>\n","protected":false},"author":3,"featured_media":0,"parent":0,"menu_order":10,"comment_status":"closed","ping_status":"closed","template":"elementor_header_footer","meta":{"footnotes":""},"class_list":["post-1671","page","type-page","status-publish","hentry"],"_links":{"self":[{"href":"https:\/\/cultura.aupex.org\/danzaenmovimiento\/wp-json\/wp\/v2\/pages\/1671","targetHints":{"allow":["GET"]}}],"collection":[{"href":"https:\/\/cultura.aupex.org\/danzaenmovimiento\/wp-json\/wp\/v2\/pages"}],"about":[{"href":"https:\/\/cultura.aupex.org\/danzaenmovimiento\/wp-json\/wp\/v2\/types\/page"}],"author":[{"embeddable":true,"href":"https:\/\/cultura.aupex.org\/danzaenmovimiento\/wp-json\/wp\/v2\/users\/3"}],"replies":[{"embeddable":true,"href":"https:\/\/cultura.aupex.org\/danzaenmovimiento\/wp-json\/wp\/v2\/comments?post=1671"}],"version-history":[{"count":186,"href":"https:\/\/cultura.aupex.org\/danzaenmovimiento\/wp-json\/wp\/v2\/pages\/1671\/revisions"}],"predecessor-version":[{"id":2346,"href":"https:\/\/cultura.aupex.org\/danzaenmovimiento\/wp-json\/wp\/v2\/pages\/1671\/revisions\/2346"}],"wp:attachment":[{"href":"https:\/\/cultura.aupex.org\/danzaenmovimiento\/wp-json\/wp\/v2\/media?parent=1671"}],"curies":[{"name":"wp","href":"https:\/\/api.w.org\/{rel}","templated":true}]}}